{"id":10085,"date":"2018-06-11T14:45:23","date_gmt":"2018-06-11T12:45:23","guid":{"rendered":"https:\/\/www.globalong.com\/blog\/?page_id=10085"},"modified":"2022-05-06T09:47:21","modified_gmt":"2022-05-06T07:47:21","slug":"benevolat-international-inde-du-nord-enseignement-ecole-education-entraide-engagement-solidaire","status":"publish","type":"page","link":"https:\/\/www.globalong.com\/blog\/avis-temoignages-globalong\/benevolat-international-inde-du-nord-enseignement-ecole-education-entraide-engagement-solidaire\/","title":{"rendered":"Inde du Nord &#8211; Fran\u00e7oise"},"content":{"rendered":"<p style=\"text-align: center;\"><span style=\"color: #b81657;\"><strong>T\u00e9moignage de Fran\u00e7oise, b\u00e9n\u00e9vole avec GlobAlong en Inde du Nord<\/strong><\/span><\/p>\n<p style=\"text-align: justify;\"><a href=\"https:\/\/www.globalong.com\/blog\/wp-content\/uploads\/2018\/05\/B\u00e9n\u00e9volat-dans-les-orphelinats-en-Inde-GlobAlong-min.jpg\"><img loading=\"lazy\" decoding=\"async\" class=\"wp-image-10235 size-medium aligncenter\" src=\"https:\/\/www.globalong.com\/blog\/wp-content\/uploads\/2018\/05\/B\u00e9n\u00e9volat-dans-les-orphelinats-en-Inde-GlobAlong-min-300x225.jpg\" alt=\"\" width=\"300\" height=\"225\" srcset=\"https:\/\/www.globalong.com\/blog\/wp-content\/uploads\/2018\/05\/B\u00e9n\u00e9volat-dans-les-orphelinats-en-Inde-GlobAlong-min-300x225.jpg 300w, https:\/\/www.globalong.com\/blog\/wp-content\/uploads\/2018\/05\/B\u00e9n\u00e9volat-dans-les-orphelinats-en-Inde-GlobAlong-min-768x576.jpg 768w, https:\/\/www.globalong.com\/blog\/wp-content\/uploads\/2018\/05\/B\u00e9n\u00e9volat-dans-les-orphelinats-en-Inde-GlobAlong-min-150x113.jpg 150w, https:\/\/www.globalong.com\/blog\/wp-content\/uploads\/2018\/05\/B\u00e9n\u00e9volat-dans-les-orphelinats-en-Inde-GlobAlong-min.jpg 960w\" sizes=\"(max-width: 300px) 100vw, 300px\" \/><\/a>Bonjour \u00e0 tous,<\/p>\n<p style=\"text-align: justify;\">Me voil\u00e0 enfin de retour, depuis mon d\u00e9part de Tours le 17 f\u00e9vrier, pour <strong>mon s\u00e9jour de deux mois en <a href=\"https:\/\/www.globalong.com\/sejour-benevolat\/inde-du-nord-delhi-jaipur.html#b\" target=\"_blank\" rel=\"noopener\"><span style=\"text-decoration: underline; color: #b81657;\">Inde du Nord<\/span><\/a><\/strong> qui a d\u00e9but\u00e9 le lundi 19 f\u00e9vrier 2018 \u00e0 Faridabad et qui a pris fin le 16 avril au matin (retour sur Tours dans la nuit du 16 au 17 avril).<\/p>\n<p style=\"text-align: justify;\">Alors tout d\u2019abord <strong>un tr\u00e8s grand merci<\/strong> <strong>de m\u2019avoir permis, via cette exp\u00e9rience en tant que volontaire de d\u00e9couvrir une petite partie de ce pays si vaste, pays qui m\u2019a litt\u00e9ralement conquise<\/strong>. J\u2019en suis encore toute impr\u00e9gn\u00e9e et <strong>je n\u2019ai qu\u2019une envie, c\u2019est d\u2019y retourner<\/strong>.<br \/>\n<a href=\"https:\/\/www.globalong.com\/blog\/wp-content\/uploads\/2018\/06\/Enfants-indiens-sur-le-chemin-de-l\u00e9cole-GlobAlong-min.jpg\"><img loading=\"lazy\" decoding=\"async\" class=\"wp-image-10237 size-medium aligncenter\" src=\"https:\/\/www.globalong.com\/blog\/wp-content\/uploads\/2018\/06\/Enfants-indiens-sur-le-chemin-de-l\u00e9cole-GlobAlong-min-300x225.jpg\" alt=\"\" width=\"300\" height=\"225\" srcset=\"https:\/\/www.globalong.com\/blog\/wp-content\/uploads\/2018\/06\/Enfants-indiens-sur-le-chemin-de-l\u00e9cole-GlobAlong-min-300x225.jpg 300w, https:\/\/www.globalong.com\/blog\/wp-content\/uploads\/2018\/06\/Enfants-indiens-sur-le-chemin-de-l\u00e9cole-GlobAlong-min-768x576.jpg 768w, https:\/\/www.globalong.com\/blog\/wp-content\/uploads\/2018\/06\/Enfants-indiens-sur-le-chemin-de-l\u00e9cole-GlobAlong-min-150x113.jpg 150w, https:\/\/www.globalong.com\/blog\/wp-content\/uploads\/2018\/06\/Enfants-indiens-sur-le-chemin-de-l\u00e9cole-GlobAlong-min.jpg 960w\" sizes=\"(max-width: 300px) 100vw, 300px\" \/><\/a><strong>Je n\u2019ai ressenti aucune difficult\u00e9 d\u2019adaptation<\/strong> (population, rythme de vie, nourriture etc), <strong>je m\u2019y suis sentie tr\u00e8s \u00e0 l\u2019aise<\/strong>.<br \/>\n<strong>Les Indiens sont toujours dans l\u2019entraide et la solidarit\u00e9<\/strong>, enfin en tant que volontaire immerg\u00e9e dans leur vie, c\u2019est ce que j\u2019ai \u00e9prouv\u00e9 et ressenti au quotidien. <strong>Ils sont souriants et accueillants<\/strong>\u00a0&#8211; sans parler des enfants qui viennent \u00e0 votre rencontre, toujours souriants eux aussi, avenants.<br \/>\n<strong>Ils adorent chanter et danser<\/strong> &#8211; tous ! &#8211; <strong>c\u2019est un r\u00e9el plaisir de les rencontrer et de partager des moments avec eux.<\/strong><\/p>\n<p style=\"text-align: justify;\"><strong><a href=\"https:\/\/www.globalong.com\/blog\/wp-content\/uploads\/2018\/06\/Equipe-de-lorphelinat-Inde-GlobAlong-min.jpg\"><img loading=\"lazy\" decoding=\"async\" class=\"wp-image-10239 size-medium aligncenter\" src=\"https:\/\/www.globalong.com\/blog\/wp-content\/uploads\/2018\/06\/Equipe-de-lorphelinat-Inde-GlobAlong-min-300x300.jpg\" alt=\"\" width=\"300\" height=\"300\" srcset=\"https:\/\/www.globalong.com\/blog\/wp-content\/uploads\/2018\/06\/Equipe-de-lorphelinat-Inde-GlobAlong-min-300x300.jpg 300w, https:\/\/www.globalong.com\/blog\/wp-content\/uploads\/2018\/06\/Equipe-de-lorphelinat-Inde-GlobAlong-min-150x150.jpg 150w, https:\/\/www.globalong.com\/blog\/wp-content\/uploads\/2018\/06\/Equipe-de-lorphelinat-Inde-GlobAlong-min-768x768.jpg 768w, https:\/\/www.globalong.com\/blog\/wp-content\/uploads\/2018\/06\/Equipe-de-lorphelinat-Inde-GlobAlong-min.jpg 960w\" sizes=\"(max-width: 300px) 100vw, 300px\" \/><\/a>Ce pays rec\u00e8le de tr\u00e9sors, de surprises, c\u2019est un \u00e9merveillement constant.<\/strong> J\u2019\u00e9tais l\u00e0-bas dans un autre monde, passionnant, foisonnant. <strong>Un r\u00e9gal sur tous les plans !<br \/>\nJ\u2019ai beaucoup appris durant ces 2 mois<\/strong> et je sais que je suis loin de savoir tout, quant \u00e0 ce pays car je n\u2019en ai vu qu\u2019une infime partie.<\/p>\n<p style=\"text-align: justify;\"><strong>Je tiens ensuite \u00e0 exprimer ma tr\u00e8s grande satisfaction quant \u00e0 la Guest House (la qualit\u00e9 de l\u2019h\u00e9bergement)<\/strong> sise \u00e0 Faridabad, <strong>tenue par Uncle et Auntie<\/strong>.<br \/>\n<strong>Ce couple n\u2019a de cesse que de satisfaire les volontaires pr\u00e9sents. Ils sont disponibles en permanence, n\u2019h\u00e9sitent pas \u00e0 donner des conseils et informations utiles.<\/strong> <strong>Auntie est un vrai cordon bleu.<\/strong> <strong>Ils sont tous 2 tr\u00e8s sympathiques<\/strong> et leur famille (enfants et petits enfants que j\u2019ai eu le plaisir de rencontrer sont \u00e0 leur image).<br \/>\n<a href=\"https:\/\/www.globalong.com\/blog\/wp-content\/uploads\/2018\/06\/IMG_0616-min.jpg\"><img loading=\"lazy\" decoding=\"async\" class=\"wp-image-10241 aligncenter\" src=\"https:\/\/www.globalong.com\/blog\/wp-content\/uploads\/2018\/06\/IMG_0616-min-224x300.jpg\" alt=\"\" width=\"300\" height=\"402\" srcset=\"https:\/\/www.globalong.com\/blog\/wp-content\/uploads\/2018\/06\/IMG_0616-min-224x300.jpg 224w, https:\/\/www.globalong.com\/blog\/wp-content\/uploads\/2018\/06\/IMG_0616-min-768x1028.jpg 768w, https:\/\/www.globalong.com\/blog\/wp-content\/uploads\/2018\/06\/IMG_0616-min-765x1024.jpg 765w, https:\/\/www.globalong.com\/blog\/wp-content\/uploads\/2018\/06\/IMG_0616-min-112x150.jpg 112w, https:\/\/www.globalong.com\/blog\/wp-content\/uploads\/2018\/06\/IMG_0616-min.jpg 1936w\" sizes=\"(max-width: 300px) 100vw, 300px\" \/><\/a>Je garde quant \u00e0 moi pr\u00e9cieusement leurs coordonn\u00e9es si jamais j\u2019avais de nouveau \u00e0 passer par New Delhi, je sais que je peux compter sur eux. Quand je suis partie pour Jaipur, Auntie m\u2019avait dit qu\u2019il y aurait toujours une petite place pour moi si je passais par chez eux et cela s\u2019est confirm\u00e9.<\/p>\n<p style=\"text-align: justify;\">En effet, car pour mon retour, j\u2019avais pr\u00e9venu le 9 avril Sushila (responsable de l\u2019orphelinat sis sur Jaipur) que je quittais l\u2019orphelinat le samedi apr\u00e8s-midi 14 avril car mon avion d\u00e9collait le lundi 16 avril au matin de Delhi mais je souhaitais repasser par Faridabad et y passer mon dernier week-end pour dire au revoir \u00e0 Uncle et Auntie et ainsi, je pouvais \u00e9galement aller le dimanche sur Delhi pour voir 3 endroits que je n\u2019avais pas eu le temps de visiter au cours de ma premi\u00e8re semaine et demie d\u2019immersion.<br \/>\nJ\u2019ai donc demand\u00e9 \u00e0 Sushila le vendredi 13 avril de pr\u00e9venir Uncle et Auntie de mon arriv\u00e9e \u00e0 la gare routi\u00e8re le vendredi 14 avril en fin d\u2019apr\u00e8s-midi, afin qu\u2019ils ne soient pas surpris de me voir arriver et que je puisse y passer les deux derni\u00e8res nuits.<br \/>\n<a href=\"https:\/\/www.globalong.com\/blog\/wp-content\/uploads\/2018\/06\/IMG_0210-min.jpg\"><img loading=\"lazy\" decoding=\"async\" class=\"wp-image-10243 size-medium aligncenter\" src=\"https:\/\/www.globalong.com\/blog\/wp-content\/uploads\/2018\/06\/IMG_0210-min-300x169.jpg\" alt=\"\" width=\"300\" height=\"169\" srcset=\"https:\/\/www.globalong.com\/blog\/wp-content\/uploads\/2018\/06\/IMG_0210-min-300x169.jpg 300w, https:\/\/www.globalong.com\/blog\/wp-content\/uploads\/2018\/06\/IMG_0210-min-768x432.jpg 768w, https:\/\/www.globalong.com\/blog\/wp-content\/uploads\/2018\/06\/IMG_0210-min-1024x576.jpg 1024w, https:\/\/www.globalong.com\/blog\/wp-content\/uploads\/2018\/06\/IMG_0210-min-150x84.jpg 150w, https:\/\/www.globalong.com\/blog\/wp-content\/uploads\/2018\/06\/IMG_0210-min.jpg 1280w\" sizes=\"(max-width: 300px) 100vw, 300px\" \/><\/a>Mais Sushila a d\u00fb oublier car arriv\u00e9e \u00e0 la gare routi\u00e8re je n\u2019ai trouv\u00e9 personne et arriv\u00e9e \u00e0 la maison d\u2019Uncle et Auntie via un Tuk Tuk, l\u2019information ne leur \u00e9tait pas parvenue mais aucun souci pour l\u2019h\u00e9bergement, j\u2019ai pu y s\u00e9journer.<\/p>\n<p style=\"text-align: justify;\"><strong>Il en est de m\u00eame pour\u00a0 Rajan<\/strong>\u00a0&#8211; que j\u2019ai eu l\u2019occasion de solliciter directement pour r\u00e9server mon taxi\u00a0 pour l\u2019a\u00e9roport du lundi matin &#8211; <strong>personne disponible en permanence et efficace<\/strong>.<\/p>\n<p style=\"text-align: justify;\"><a href=\"https:\/\/www.globalong.com\/blog\/wp-content\/uploads\/2018\/06\/IMG_0639-min.jpg\"><img loading=\"lazy\" decoding=\"async\" class=\"wp-image-10245 aligncenter\" src=\"https:\/\/www.globalong.com\/blog\/wp-content\/uploads\/2018\/06\/IMG_0639-min-224x300.jpg\" alt=\"\" width=\"300\" height=\"402\" srcset=\"https:\/\/www.globalong.com\/blog\/wp-content\/uploads\/2018\/06\/IMG_0639-min-224x300.jpg 224w, https:\/\/www.globalong.com\/blog\/wp-content\/uploads\/2018\/06\/IMG_0639-min-768x1028.jpg 768w, https:\/\/www.globalong.com\/blog\/wp-content\/uploads\/2018\/06\/IMG_0639-min-765x1024.jpg 765w, https:\/\/www.globalong.com\/blog\/wp-content\/uploads\/2018\/06\/IMG_0639-min-112x150.jpg 112w, https:\/\/www.globalong.com\/blog\/wp-content\/uploads\/2018\/06\/IMG_0639-min.jpg 1936w\" sizes=\"(max-width: 300px) 100vw, 300px\" \/><\/a>Enfin, si je ne suis pas rest\u00e9e sur Faridabad pour mon s\u00e9jour, il y a deux raisons \u00e0 cela : tout d\u2019abord <strong>la pollution<\/strong>, qui est assez importante (l\u00e9g\u00e8rement moins que sur Delhi mais tr\u00e8s pr\u00e9sente malgr\u00e9 tout) et la seconde, c\u2019est que je consid\u00e9rais que je n\u2019avais pas une ma\u00eetrise suffisante de l\u2019anglais pour l\u2019 enseigner aux petits Indiens des \u00e9coles du slum.<br \/>\n<strong>J\u2019ai toutefois beaucoup appr\u00e9ci\u00e9 cette semaine et demie pass\u00e9e au sein de<a href=\"https:\/\/www.globalong.com\/sejour-benevolat\/inde-du-nord-delhi-jaipur\/enseignement-ecole-inde-benevolat.html\" target=\"_blank\" rel=\"noopener\"> <span style=\"text-decoration: underline; color: #b81657;\">l\u2019\u00e9cole<\/span> <\/a>\u00e0 proximit\u00e9 de la Guest House d\u2019Uncle et d\u2019Auntie, les enfants \u00e9taient super, tr\u00e8s attachants et \u00e0 l\u2019\u00e9coute.<\/strong><\/p>\n<p style=\"text-align: justify;\"><strong>J\u2019\u00e9tais, les deux premiers jours, avec les tout-petits et les petits mais il y avait d\u00e9j\u00e0 deux volontaires fran\u00e7aises qui y \u00e9taient affect\u00e9es. <\/strong>Elles se sont interrog\u00e9es de savoir ce que j\u2019allais pouvoir faire car il y avait tout juste assez de travail pour elles deux. <strong>Aussi, le troisi\u00e8me jour, je me suis vue confier une classe de plus grands<\/strong>, seule, sans consigne pr\u00e9cise, sans exemplaire de livre pour pouvoir \u00ab pr\u00e9parer \u00bb les cours (anglais, science) pour le lendemain car l\u2019\u00e9cole ne dispose pas de livres suppl\u00e9mentaires &#8211; ce que je comprends tout \u00e0 fait.<br \/>\n<img loading=\"lazy\" decoding=\"async\" class=\"wp-image-10247 aligncenter\" src=\"https:\/\/www.globalong.com\/blog\/wp-content\/uploads\/2018\/06\/IMG_0656-min-224x300.jpg\" alt=\"\" width=\"300\" height=\"402\" srcset=\"https:\/\/www.globalong.com\/blog\/wp-content\/uploads\/2018\/06\/IMG_0656-min-224x300.jpg 224w, https:\/\/www.globalong.com\/blog\/wp-content\/uploads\/2018\/06\/IMG_0656-min-768x1028.jpg 768w, https:\/\/www.globalong.com\/blog\/wp-content\/uploads\/2018\/06\/IMG_0656-min-765x1024.jpg 765w, https:\/\/www.globalong.com\/blog\/wp-content\/uploads\/2018\/06\/IMG_0656-min-112x150.jpg 112w, https:\/\/www.globalong.com\/blog\/wp-content\/uploads\/2018\/06\/IMG_0656-min.jpg 1936w\" sizes=\"(max-width: 300px) 100vw, 300px\" \/>D\u2019ailleurs, deux des enfants inscrits tardivement n\u2019avaient pas de livres du tout et travaillaient avec les livres des autres \u00e9l\u00e8ves.<\/p>\n<p style=\"text-align: justify;\">Aussi, je me suis r\u00e9ellement interrog\u00e9e sur mon utilit\u00e9 sur place pour ces enfants, je voulais leur donner plus de moi-m\u00eame.<\/p>\n<p style=\"text-align: justify;\">Qui plus est, lors de mon inscription, il avait \u00e9t\u00e9 \u00e9voqu\u00e9 la ville de Jaipur comme lieu de r\u00e9sidence, et au niveau de l\u2019\u00e9cole, il avait \u00e9t\u00e9 pr\u00e9cis\u00e9 qu\u2019il y aurait un prof d\u2019anglais et que je l\u2019assisterais. J\u2019avais ainsi dans l\u2019id\u00e9e d\u2019\u00eatre plus s\u00fbre de moi dans mes interventions et d\u2019am\u00e9liorer mon anglais, mais tel n\u2019a pas \u00e9t\u00e9 le cas.<\/p>\n<p style=\"text-align: justify;\"><strong>J\u2019ai donc sollicit\u00e9 Pawan, l\u2019intervenant sur place de Faridabad, pour l\u2019informer que je souhaitais rejoindre Jaipur et assurer l\u00e0-bas, comme pr\u00e9vu au d\u00e9part, mon intervention.<\/strong><\/p>\n<p style=\"text-align: justify;\">C\u2019est ainsi que je me suis retrouv\u00e9e \u00e0 <a href=\"https:\/\/www.globalong.com\/sejour-benevolat\/inde-du-nord-delhi-jaipur\/orphelinat-inde-benevolat.html\" target=\"_blank\" rel=\"noopener\"><span style=\"text-decoration: underline; color: #b81657;\"><strong>l&rsquo;orphelinat de Jaipur<\/strong><\/span><\/a>, o<strong>\u00f9 j\u2019ai pass\u00e9 un excellent s\u00e9jour<\/strong> partag\u00e9 entre :<a href=\"https:\/\/www.globalong.com\/blog\/wp-content\/uploads\/2018\/06\/IMG_1973-min.jpg\"><img loading=\"lazy\" decoding=\"async\" class=\"wp-image-10251 size-medium aligncenter\" src=\"https:\/\/www.globalong.com\/blog\/wp-content\/uploads\/2018\/06\/IMG_1973-min-300x225.jpg\" alt=\"\" width=\"300\" height=\"225\" srcset=\"https:\/\/www.globalong.com\/blog\/wp-content\/uploads\/2018\/06\/IMG_1973-min-300x225.jpg 300w, https:\/\/www.globalong.com\/blog\/wp-content\/uploads\/2018\/06\/IMG_1973-min-768x576.jpg 768w, https:\/\/www.globalong.com\/blog\/wp-content\/uploads\/2018\/06\/IMG_1973-min-1024x768.jpg 1024w, https:\/\/www.globalong.com\/blog\/wp-content\/uploads\/2018\/06\/IMG_1973-min-150x113.jpg 150w\" sizes=\"(max-width: 300px) 100vw, 300px\" \/><\/a><\/p>\n<ul style=\"text-align: justify;\">\n<li>le matin,\u00a0<strong>une partie des t\u00e2ches m\u00e9nag\u00e8res quotidiennes<\/strong> des femmes pr\u00e9sentes sur les lieux\u00a0: nettoyage, vaisselle, pr\u00e9paration des repas (le matin correspondant au temps d\u2019absence des enfants partis dans leurs \u00e9coles respectives)<\/li>\n<li>l\u2019apr\u00e8s midi\u00a0: <strong>travail scolaire,<\/strong> <strong>parc jardin public<\/strong> \u00e0 proximit\u00e9 de l\u2019orphelinat, o\u00f9 j\u2019allais avec les\u00a0enfants chaque apr\u00e8s-midi \u00e0 partir de 17h-17h30, puis retour \u00e0 l\u2019orphelinat et s\u00e9ance de gymnastique en commun (j\u2019ai anim\u00e9 plusieurs ateliers \u00e0 la demande du professeur)<\/li>\n<li>puis, soir\u00e9e avec repas et temps de d\u00e9tente<\/li>\n<\/ul>\n<p style=\"text-align: justify;\"><a href=\"https:\/\/www.globalong.com\/blog\/wp-content\/uploads\/2018\/06\/Moment-partag\u00e9-depuis-lInde-GlobAlong-min.jpg\"><img loading=\"lazy\" decoding=\"async\" class=\"wp-image-10254 size-medium aligncenter\" src=\"https:\/\/www.globalong.com\/blog\/wp-content\/uploads\/2018\/06\/Moment-partag\u00e9-depuis-lInde-GlobAlong-min-300x141.jpg\" alt=\"\" width=\"300\" height=\"141\" srcset=\"https:\/\/www.globalong.com\/blog\/wp-content\/uploads\/2018\/06\/Moment-partag\u00e9-depuis-lInde-GlobAlong-min-300x141.jpg 300w, https:\/\/www.globalong.com\/blog\/wp-content\/uploads\/2018\/06\/Moment-partag\u00e9-depuis-lInde-GlobAlong-min-768x360.jpg 768w, https:\/\/www.globalong.com\/blog\/wp-content\/uploads\/2018\/06\/Moment-partag\u00e9-depuis-lInde-GlobAlong-min-1024x480.jpg 1024w, https:\/\/www.globalong.com\/blog\/wp-content\/uploads\/2018\/06\/Moment-partag\u00e9-depuis-lInde-GlobAlong-min-150x70.jpg 150w, https:\/\/www.globalong.com\/blog\/wp-content\/uploads\/2018\/06\/Moment-partag\u00e9-depuis-lInde-GlobAlong-min.jpg 1364w\" sizes=\"(max-width: 300px) 100vw, 300px\" \/><\/a>Temps plein au sein de l\u2019orphelinat donc sur <strong>chacune des semaines et les week-ends, d\u00e9couverte de quelques villes<\/strong>.<\/p>\n<p style=\"text-align: justify;\">Le temps a d\u00e9fil\u00e9,<strong> je n\u2019ai pas vu passer ces 2 mois &#8211; un ravissement permanent et un immense plaisir constant<\/strong>.<strong><br \/>\n<\/strong><\/p>\n<p style=\"text-align: justify;\"><strong>Je pr\u00e9vois bien \u00e9videmment d\u2019y retourner.<\/strong><\/p>\n<p style=\"text-align: justify;\"><a href=\"https:\/\/www.globalong.com\/blog\/wp-content\/uploads\/2018\/06\/Orphelinats-pour-gar\u00e7ons-en-Inde-GlobAlong-min.jpg\"><img loading=\"lazy\" decoding=\"async\" class=\"wp-image-10257 size-medium aligncenter\" src=\"https:\/\/www.globalong.com\/blog\/wp-content\/uploads\/2018\/06\/Orphelinats-pour-gar\u00e7ons-en-Inde-GlobAlong-min-300x169.jpg\" alt=\"\" width=\"300\" height=\"169\" srcset=\"https:\/\/www.globalong.com\/blog\/wp-content\/uploads\/2018\/06\/Orphelinats-pour-gar\u00e7ons-en-Inde-GlobAlong-min-300x169.jpg 300w, https:\/\/www.globalong.com\/blog\/wp-content\/uploads\/2018\/06\/Orphelinats-pour-gar\u00e7ons-en-Inde-GlobAlong-min-768x432.jpg 768w, https:\/\/www.globalong.com\/blog\/wp-content\/uploads\/2018\/06\/Orphelinats-pour-gar\u00e7ons-en-Inde-GlobAlong-min-150x84.jpg 150w, https:\/\/www.globalong.com\/blog\/wp-content\/uploads\/2018\/06\/Orphelinats-pour-gar\u00e7ons-en-Inde-GlobAlong-min.jpg 960w\" sizes=\"(max-width: 300px) 100vw, 300px\" \/><\/a>Enfin, j\u2019ai eu l\u2019occasion durant cette p\u00e9riode de f\u00e9vrier \u00e0 avril de c\u00f4toyer <strong>des volontaires d\u2019autres pays<\/strong> (Australie, Espagne, entre autres) venus par d\u2019autres associations et ils avaient, dans leur dur\u00e9e de s\u00e9jour en Inde, des cours d\u2019anglais pr\u00e9vus sur place, quelques cours d\u2019initiation \u00e0 la cuisine indienne et diverses autres choses int\u00e9ressantes dont une visite propos\u00e9e dans un temple le jour d\u2019une f\u00eate particuli\u00e8re.<\/p>\n<p style=\"text-align: justify;\"><a href=\"https:\/\/www.globalong.com\/blog\/wp-content\/uploads\/2018\/06\/Paysages-en-Inde-du-Nord-Globalong-min.jpg\"><img loading=\"lazy\" decoding=\"async\" class=\"wp-image-10260 size-medium aligncenter\" src=\"https:\/\/www.globalong.com\/blog\/wp-content\/uploads\/2018\/06\/Paysages-en-Inde-du-Nord-Globalong-min-300x225.jpg\" alt=\"\" width=\"300\" height=\"225\" srcset=\"https:\/\/www.globalong.com\/blog\/wp-content\/uploads\/2018\/06\/Paysages-en-Inde-du-Nord-Globalong-min-300x225.jpg 300w, https:\/\/www.globalong.com\/blog\/wp-content\/uploads\/2018\/06\/Paysages-en-Inde-du-Nord-Globalong-min-768x576.jpg 768w, https:\/\/www.globalong.com\/blog\/wp-content\/uploads\/2018\/06\/Paysages-en-Inde-du-Nord-Globalong-min-1024x768.jpg 1024w, https:\/\/www.globalong.com\/blog\/wp-content\/uploads\/2018\/06\/Paysages-en-Inde-du-Nord-Globalong-min-150x113.jpg 150w\" sizes=\"(max-width: 300px) 100vw, 300px\" \/><\/a>La volontaire avait eu des explications sur, justement, le sens de cette f\u00eate, les diff\u00e9rentes divinit\u00e9s, etc. et elle avait termin\u00e9 la soir\u00e9e dans un restaurant avec l\u2019intervenante.<\/p>\n<p style=\"text-align: justify;\">Peut-\u00eatre, pour vous, des id\u00e9es \u00e0 exploiter pour les futurs volontaires\u00a0? Je ne sais pas mais j\u2019ai trouv\u00e9 cela bien pour les volontaires concern\u00e9s.<\/p>\n<p style=\"text-align: justify;\">En ce qui me concerne, d\u00e8s mon retour, j\u2019avais dans ma bo\u00eete mail un courriel d\u2019une association que j\u2019avais contact\u00e9e un peu avant la v\u00f4tre mais qui, en d\u00e9but d\u2019ann\u00e9e, n\u2019avait pas encore arr\u00eat\u00e9 la planification de ses missions en Inde.<\/p>\n<p style=\"text-align: justify;\"><a href=\"https:\/\/www.globalong.com\/blog\/wp-content\/uploads\/2018\/06\/Temps-r\u00e9cr\u00e9atifs-Globalong-min.jpg\"><img loading=\"lazy\" decoding=\"async\" class=\"wp-image-10268 size-medium aligncenter\" src=\"https:\/\/www.globalong.com\/blog\/wp-content\/uploads\/2018\/06\/Temps-r\u00e9cr\u00e9atifs-Globalong-min-300x225.jpg\" alt=\"\" width=\"300\" height=\"225\" srcset=\"https:\/\/www.globalong.com\/blog\/wp-content\/uploads\/2018\/06\/Temps-r\u00e9cr\u00e9atifs-Globalong-min-300x225.jpg 300w, https:\/\/www.globalong.com\/blog\/wp-content\/uploads\/2018\/06\/Temps-r\u00e9cr\u00e9atifs-Globalong-min-768x576.jpg 768w, https:\/\/www.globalong.com\/blog\/wp-content\/uploads\/2018\/06\/Temps-r\u00e9cr\u00e9atifs-Globalong-min-1024x768.jpg 1024w, https:\/\/www.globalong.com\/blog\/wp-content\/uploads\/2018\/06\/Temps-r\u00e9cr\u00e9atifs-Globalong-min-150x113.jpg 150w\" sizes=\"(max-width: 300px) 100vw, 300px\" \/><\/a>Dans ce courriel, j\u2019avais l\u2019information de dates et lieux des deux missions en ao\u00fbt et septembre 2018<br \/>\nen Inde du Nord dans l\u2019Himachal Pradesh &#8211; des missions d\u2019ordre m\u00e9dical.<\/p>\n<p style=\"text-align: justify;\">Ils ont besoin hormis du personnel m\u00e9dical de b\u00e9n\u00e9voles pouvant aider dans la logistique\/\u00e9pauler ce personnel, justement. J\u2019ai donc r\u00e9pondu favorablement et je repars dans ce pays qui m\u2019attire tellement, pour le 4 ao\u00fbt.<\/p>\n<p style=\"text-align: justify;\">Je reste \u00e0 votre disposition pour toute information compl\u00e9mentaire que vous souhaiteriez obtenir.<\/p>\n<p style=\"text-align: justify;\"><img loading=\"lazy\" decoding=\"async\" class=\"wp-image-10266 size-medium aligncenter\" src=\"https:\/\/www.globalong.com\/blog\/wp-content\/uploads\/2018\/06\/Taj-Mahal-avec-Globalong-min-300x225.jpg\" alt=\"\" width=\"300\" height=\"225\" srcset=\"https:\/\/www.globalong.com\/blog\/wp-content\/uploads\/2018\/06\/Taj-Mahal-avec-Globalong-min-300x225.jpg 300w, https:\/\/www.globalong.com\/blog\/wp-content\/uploads\/2018\/06\/Taj-Mahal-avec-Globalong-min-768x576.jpg 768w, https:\/\/www.globalong.com\/blog\/wp-content\/uploads\/2018\/06\/Taj-Mahal-avec-Globalong-min-1024x768.jpg 1024w, https:\/\/www.globalong.com\/blog\/wp-content\/uploads\/2018\/06\/Taj-Mahal-avec-Globalong-min-150x113.jpg 150w, https:\/\/www.globalong.com\/blog\/wp-content\/uploads\/2018\/06\/Taj-Mahal-avec-Globalong-min.jpg 1600w\" sizes=\"(max-width: 300px) 100vw, 300px\" \/><strong>Merci encore de m\u2019avoir permis de r\u00e9aliser cette premi\u00e8re exp\u00e9rience tr\u00e8s tr\u00e8s riche en Inde et, qui sait, peut-\u00eatre \u00e0 une prochaine fois pour une autre exp\u00e9dition en Inde ou ailleurs via votre Association.<\/strong><\/p>\n<p style=\"text-align: justify;\">Bonne continuation \u00e0 toute votre \u00e9quipe, bien cordialement,<\/p>\n<p style=\"text-align: justify;\">Fran\u00e7oise<\/p>\n<p style=\"text-align: justify;\">PS\u00a0: Je n\u2019avais pas de t\u00e9l\u00e9phone en Inde et pas de tablette ni de lien Internet. Je n\u2019ai donc pas aliment\u00e9 le blog cr\u00e9\u00e9 \u00e0 mon intention par vos soins.<br \/>\n<a href=\"https:\/\/www.globalong.com\/blog\/wp-content\/uploads\/2018\/06\/Tuk-tuk-pour-aller-\u00e0-la-mission-GlobAlong-min.jpg\"><img loading=\"lazy\" decoding=\"async\" class=\"wp-image-10272 aligncenter\" src=\"https:\/\/www.globalong.com\/blog\/wp-content\/uploads\/2018\/06\/Tuk-tuk-pour-aller-\u00e0-la-mission-GlobAlong-min.jpg\" alt=\"\" width=\"300\" height=\"226\" \/><\/a>Mon t\u00e9l\u00e9phone en France n\u2019a pas la WIFI, ce n\u2019est ni un Ipad ni un Iphone, c\u2019est vraiment le basique de chez basique et je suis un peu vieux jeu pour tout ce qui est nouvelles technologies, je dois l\u2019avouer.\u00a0 Cela ne m\u2019a toutefois pas emp\u00each\u00e9e de passer un tr\u00e8s tr\u00e8s agr\u00e9able s\u00e9jour.<\/p>\n<p style=\"text-align: center;\">N\u2019h\u00e9sitez pas \u00e0 nous contacter, pour plus d\u2019informations, \u00e0 l&rsquo;adresse : <span style=\"text-decoration: underline;\"><strong><span style=\"color: #b81657; text-decoration: underline;\"><a href=\"mailto:info@globalong.com\" target=\"_blank\" rel=\"noopener\">info@globalong.com<\/a>.<\/span><\/strong><\/span><\/p>\n<p>&nbsp;<\/p>\n<p>&nbsp;<\/p>\n<p style=\"text-align: center;\"><a href=\"https:\/\/www.globalong.com\/sejour-benevolat\/inde-du-nord-delhi-jaipur.html\" target=\"_blank\" rel=\"noopener\"><span style=\"text-decoration: underline; color: #b81657;\"><strong>D\u00e9couvrez le\u00a0programme en Inde du Nord ici\u00a0!<\/strong><\/span><\/a><\/p>\n<p style=\"text-align: center;\"><a href=\"https:\/\/www.flickr.com\/photos\/globalong\/sets\/72157639911593095\" target=\"_blank\" rel=\"noopener\"><span style=\"text-decoration: underline; color: #b81657;\"><strong>Pour d\u00e9couvrir plus de photos de l\u2019Inde,\u00a0cliquez ici\u00a0!<\/strong><\/span><\/a><\/p>\n<p style=\"text-align: center;\"><a href=\"https:\/\/www.globalong.com\/blog\/videos-de-nos-destinations-humanitaire-benevolat-international-volunteer-humanitarian-programme\/\" target=\"_blank\" rel=\"noopener\"><span style=\"text-decoration: underline;\"><strong><span style=\"color: #b81657; text-decoration: underline;\">Globalong en vid\u00e9os !<\/span><\/strong><\/span><\/a><\/p>\n<p style=\"text-align: center;\"><a href=\"https:\/\/www.globalong.com\/que-penser-de-globalong.html\" target=\"_blank\" rel=\"noopener\"><span style=\"text-decoration: underline;\"><strong><span style=\"color: #b81657; text-decoration: underline;\">Tout savoir sur\u00a0GlobAlong<\/span><\/strong><\/span><\/a><\/p>\n<p style=\"text-align: center;\"><a href=\"https:\/\/www.globalong.com\/services-volontariat-international.html\" target=\"_blank\" rel=\"noopener\"><span style=\"text-decoration: underline;\"><strong><span style=\"color: #b81657; text-decoration: underline;\">Volontariat international<\/span><\/strong><\/span><\/a><\/p>\n","protected":false},"excerpt":{"rendered":"<p>T\u00e9moignage de Fran\u00e7oise, b\u00e9n\u00e9vole avec GlobAlong en Inde du Nord Bonjour \u00e0 tous, Me voil\u00e0 enfin de retour, depuis mon d\u00e9part de Tours le 17 f\u00e9vrier, pour mon s\u00e9jour de deux mois en Inde du Nord qui a d\u00e9but\u00e9 le lundi 19 f\u00e9vrier 2018 \u00e0 Faridabad et qui a pris fin le 16 avril au [&hellip;]<\/p>\n","protected":false},"author":5,"featured_media":11642,"parent":883,"menu_order":0,"comment_status":"closed","ping_status":"closed","template":"","meta":{"footnotes":""},"yoast_head":"<!-- This site is optimized with the Yoast SEO Premium plugin v23.4 (Yoast SEO v23.4) - https:\/\/yoast.com\/wordpress\/plugins\/seo\/ -->\n<title>Inde du Nord - Fran\u00e7oise - Association Globalong<\/title>\n<meta name=\"robots\" content=\"index, follow, max-snippet:-1, max-image-preview:large, max-video-preview:-1\" \/>\n<link rel=\"canonical\" href=\"https:\/\/www.globalong.com\/blog\/avis-temoignages-globalong\/benevolat-international-inde-du-nord-enseignement-ecole-education-entraide-engagement-solidaire\/\" \/>\n<meta property=\"og:locale\" content=\"fr_FR\" \/>\n<meta property=\"og:type\" content=\"article\" \/>\n<meta property=\"og:title\" content=\"Inde du Nord - Fran\u00e7oise\" \/>\n<meta property=\"og:description\" content=\"T\u00e9moignage de Fran\u00e7oise, b\u00e9n\u00e9vole avec GlobAlong en Inde du Nord Bonjour \u00e0 tous, Me voil\u00e0 enfin de retour, depuis mon d\u00e9part de Tours le 17 f\u00e9vrier, pour mon s\u00e9jour de deux mois en Inde du Nord qui a d\u00e9but\u00e9 le lundi 19 f\u00e9vrier 2018 \u00e0 Faridabad et qui a pris fin le 16 avril au [&hellip;]\" \/>\n<meta property=\"og:url\" content=\"https:\/\/www.globalong.com\/blog\/avis-temoignages-globalong\/benevolat-international-inde-du-nord-enseignement-ecole-education-entraide-engagement-solidaire\/\" \/>\n<meta property=\"og:site_name\" content=\"Association Globalong\" \/>\n<meta property=\"article:publisher\" content=\"https:\/\/www.facebook.com\/globalong\" \/>\n<meta property=\"article:modified_time\" content=\"2022-05-06T07:47:21+00:00\" \/>\n<meta property=\"og:image\" content=\"https:\/\/www.globalong.com\/blog\/wp-content\/uploads\/2018\/09\/classe-de-fille-globalong-inde-min.jpg\" \/>\n\t<meta property=\"og:image:width\" content=\"960\" \/>\n\t<meta property=\"og:image:height\" content=\"720\" \/>\n\t<meta property=\"og:image:type\" content=\"image\/jpeg\" \/>\n<meta name=\"twitter:card\" content=\"summary_large_image\" \/>\n<meta name=\"twitter:label1\" content=\"Dur\u00e9e de lecture estim\u00e9e\" \/>\n\t<meta name=\"twitter:data1\" content=\"8 minutes\" \/>\n<script type=\"application\/ld+json\" class=\"yoast-schema-graph\">{\"@context\":\"https:\/\/schema.org\",\"@graph\":[{\"@type\":\"WebPage\",\"@id\":\"https:\/\/www.globalong.com\/blog\/avis-temoignages-globalong\/benevolat-international-inde-du-nord-enseignement-ecole-education-entraide-engagement-solidaire\/\",\"url\":\"https:\/\/www.globalong.com\/blog\/avis-temoignages-globalong\/benevolat-international-inde-du-nord-enseignement-ecole-education-entraide-engagement-solidaire\/\",\"name\":\"Inde du Nord - Fran\u00e7oise - Association Globalong\",\"isPartOf\":{\"@id\":\"https:\/\/www.globalong.com\/blog\/#website\"},\"primaryImageOfPage\":{\"@id\":\"https:\/\/www.globalong.com\/blog\/avis-temoignages-globalong\/benevolat-international-inde-du-nord-enseignement-ecole-education-entraide-engagement-solidaire\/#primaryimage\"},\"image\":{\"@id\":\"https:\/\/www.globalong.com\/blog\/avis-temoignages-globalong\/benevolat-international-inde-du-nord-enseignement-ecole-education-entraide-engagement-solidaire\/#primaryimage\"},\"thumbnailUrl\":\"https:\/\/www.globalong.com\/blog\/wp-content\/uploads\/2018\/09\/classe-de-fille-globalong-inde-min.jpg\",\"datePublished\":\"2018-06-11T12:45:23+00:00\",\"dateModified\":\"2022-05-06T07:47:21+00:00\",\"breadcrumb\":{\"@id\":\"https:\/\/www.globalong.com\/blog\/avis-temoignages-globalong\/benevolat-international-inde-du-nord-enseignement-ecole-education-entraide-engagement-solidaire\/#breadcrumb\"},\"inLanguage\":\"fr-FR\",\"potentialAction\":[{\"@type\":\"ReadAction\",\"target\":[\"https:\/\/www.globalong.com\/blog\/avis-temoignages-globalong\/benevolat-international-inde-du-nord-enseignement-ecole-education-entraide-engagement-solidaire\/\"]}]},{\"@type\":\"ImageObject\",\"inLanguage\":\"fr-FR\",\"@id\":\"https:\/\/www.globalong.com\/blog\/avis-temoignages-globalong\/benevolat-international-inde-du-nord-enseignement-ecole-education-entraide-engagement-solidaire\/#primaryimage\",\"url\":\"https:\/\/www.globalong.com\/blog\/wp-content\/uploads\/2018\/09\/classe-de-fille-globalong-inde-min.jpg\",\"contentUrl\":\"https:\/\/www.globalong.com\/blog\/wp-content\/uploads\/2018\/09\/classe-de-fille-globalong-inde-min.jpg\",\"width\":960,\"height\":720},{\"@type\":\"BreadcrumbList\",\"@id\":\"https:\/\/www.globalong.com\/blog\/avis-temoignages-globalong\/benevolat-international-inde-du-nord-enseignement-ecole-education-entraide-engagement-solidaire\/#breadcrumb\",\"itemListElement\":[{\"@type\":\"ListItem\",\"position\":1,\"name\":\"Accueil\",\"item\":\"https:\/\/www.globalong.com\/blog\/\"},{\"@type\":\"ListItem\",\"position\":2,\"name\":\"T\u00e9moignages et avis de volontaires Globalong\",\"item\":\"https:\/\/www.globalong.com\/blog\/avis-temoignages-globalong\/\"},{\"@type\":\"ListItem\",\"position\":3,\"name\":\"Inde du Nord &#8211; Fran\u00e7oise\"}]},{\"@type\":\"WebSite\",\"@id\":\"https:\/\/www.globalong.com\/blog\/#website\",\"url\":\"https:\/\/www.globalong.com\/blog\/\",\"name\":\"https:\/\/www.globalong.com\/\",\"description\":\"Mission humanitaire, stage \u00e9tudiant et voyage linguistique\",\"publisher\":{\"@id\":\"https:\/\/www.globalong.com\/blog\/#organization\"},\"potentialAction\":[{\"@type\":\"SearchAction\",\"target\":{\"@type\":\"EntryPoint\",\"urlTemplate\":\"https:\/\/www.globalong.com\/blog\/?s={search_term_string}\"},\"query-input\":{\"@type\":\"PropertyValueSpecification\",\"valueRequired\":true,\"valueName\":\"search_term_string\"}}],\"inLanguage\":\"fr-FR\"},{\"@type\":\"Organization\",\"@id\":\"https:\/\/www.globalong.com\/blog\/#organization\",\"name\":\"Association Globalong\",\"url\":\"https:\/\/www.globalong.com\/blog\/\",\"logo\":{\"@type\":\"ImageObject\",\"inLanguage\":\"fr-FR\",\"@id\":\"https:\/\/www.globalong.com\/blog\/#\/schema\/logo\/image\/\",\"url\":\"https:\/\/www.globalong.com\/blog\/wp-content\/uploads\/2014\/11\/cropped-cropped-Logo-et-Afrique-Globalong-petite-taille-2.jpg\",\"contentUrl\":\"https:\/\/www.globalong.com\/blog\/wp-content\/uploads\/2014\/11\/cropped-cropped-Logo-et-Afrique-Globalong-petite-taille-2.jpg\",\"width\":512,\"height\":512,\"caption\":\"Association Globalong\"},\"image\":{\"@id\":\"https:\/\/www.globalong.com\/blog\/#\/schema\/logo\/image\/\"},\"sameAs\":[\"https:\/\/www.facebook.com\/globalong\"]}]}<\/script>\n<!-- \/ Yoast SEO Premium plugin. -->","yoast_head_json":{"title":"Inde du Nord - Fran\u00e7oise - Association Globalong","robots":{"index":"index","follow":"follow","max-snippet":"max-snippet:-1","max-image-preview":"max-image-preview:large","max-video-preview":"max-video-preview:-1"},"canonical":"https:\/\/www.globalong.com\/blog\/avis-temoignages-globalong\/benevolat-international-inde-du-nord-enseignement-ecole-education-entraide-engagement-solidaire\/","og_locale":"fr_FR","og_type":"article","og_title":"Inde du Nord - Fran\u00e7oise","og_description":"T\u00e9moignage de Fran\u00e7oise, b\u00e9n\u00e9vole avec GlobAlong en Inde du Nord Bonjour \u00e0 tous, Me voil\u00e0 enfin de retour, depuis mon d\u00e9part de Tours le 17 f\u00e9vrier, pour mon s\u00e9jour de deux mois en Inde du Nord qui a d\u00e9but\u00e9 le lundi 19 f\u00e9vrier 2018 \u00e0 Faridabad et qui a pris fin le 16 avril au [&hellip;]","og_url":"https:\/\/www.globalong.com\/blog\/avis-temoignages-globalong\/benevolat-international-inde-du-nord-enseignement-ecole-education-entraide-engagement-solidaire\/","og_site_name":"Association Globalong","article_publisher":"https:\/\/www.facebook.com\/globalong","article_modified_time":"2022-05-06T07:47:21+00:00","og_image":[{"width":960,"height":720,"url":"https:\/\/www.globalong.com\/blog\/wp-content\/uploads\/2018\/09\/classe-de-fille-globalong-inde-min.jpg","type":"image\/jpeg"}],"twitter_card":"summary_large_image","twitter_misc":{"Dur\u00e9e de lecture estim\u00e9e":"8 minutes"},"schema":{"@context":"https:\/\/schema.org","@graph":[{"@type":"WebPage","@id":"https:\/\/www.globalong.com\/blog\/avis-temoignages-globalong\/benevolat-international-inde-du-nord-enseignement-ecole-education-entraide-engagement-solidaire\/","url":"https:\/\/www.globalong.com\/blog\/avis-temoignages-globalong\/benevolat-international-inde-du-nord-enseignement-ecole-education-entraide-engagement-solidaire\/","name":"Inde du Nord - Fran\u00e7oise - Association Globalong","isPartOf":{"@id":"https:\/\/www.globalong.com\/blog\/#website"},"primaryImageOfPage":{"@id":"https:\/\/www.globalong.com\/blog\/avis-temoignages-globalong\/benevolat-international-inde-du-nord-enseignement-ecole-education-entraide-engagement-solidaire\/#primaryimage"},"image":{"@id":"https:\/\/www.globalong.com\/blog\/avis-temoignages-globalong\/benevolat-international-inde-du-nord-enseignement-ecole-education-entraide-engagement-solidaire\/#primaryimage"},"thumbnailUrl":"https:\/\/www.globalong.com\/blog\/wp-content\/uploads\/2018\/09\/classe-de-fille-globalong-inde-min.jpg","datePublished":"2018-06-11T12:45:23+00:00","dateModified":"2022-05-06T07:47:21+00:00","breadcrumb":{"@id":"https:\/\/www.globalong.com\/blog\/avis-temoignages-globalong\/benevolat-international-inde-du-nord-enseignement-ecole-education-entraide-engagement-solidaire\/#breadcrumb"},"inLanguage":"fr-FR","potentialAction":[{"@type":"ReadAction","target":["https:\/\/www.globalong.com\/blog\/avis-temoignages-globalong\/benevolat-international-inde-du-nord-enseignement-ecole-education-entraide-engagement-solidaire\/"]}]},{"@type":"ImageObject","inLanguage":"fr-FR","@id":"https:\/\/www.globalong.com\/blog\/avis-temoignages-globalong\/benevolat-international-inde-du-nord-enseignement-ecole-education-entraide-engagement-solidaire\/#primaryimage","url":"https:\/\/www.globalong.com\/blog\/wp-content\/uploads\/2018\/09\/classe-de-fille-globalong-inde-min.jpg","contentUrl":"https:\/\/www.globalong.com\/blog\/wp-content\/uploads\/2018\/09\/classe-de-fille-globalong-inde-min.jpg","width":960,"height":720},{"@type":"BreadcrumbList","@id":"https:\/\/www.globalong.com\/blog\/avis-temoignages-globalong\/benevolat-international-inde-du-nord-enseignement-ecole-education-entraide-engagement-solidaire\/#breadcrumb","itemListElement":[{"@type":"ListItem","position":1,"name":"Accueil","item":"https:\/\/www.globalong.com\/blog\/"},{"@type":"ListItem","position":2,"name":"T\u00e9moignages et avis de volontaires Globalong","item":"https:\/\/www.globalong.com\/blog\/avis-temoignages-globalong\/"},{"@type":"ListItem","position":3,"name":"Inde du Nord &#8211; Fran\u00e7oise"}]},{"@type":"WebSite","@id":"https:\/\/www.globalong.com\/blog\/#website","url":"https:\/\/www.globalong.com\/blog\/","name":"https:\/\/www.globalong.com\/","description":"Mission humanitaire, stage \u00e9tudiant et voyage linguistique","publisher":{"@id":"https:\/\/www.globalong.com\/blog\/#organization"},"potentialAction":[{"@type":"SearchAction","target":{"@type":"EntryPoint","urlTemplate":"https:\/\/www.globalong.com\/blog\/?s={search_term_string}"},"query-input":{"@type":"PropertyValueSpecification","valueRequired":true,"valueName":"search_term_string"}}],"inLanguage":"fr-FR"},{"@type":"Organization","@id":"https:\/\/www.globalong.com\/blog\/#organization","name":"Association Globalong","url":"https:\/\/www.globalong.com\/blog\/","logo":{"@type":"ImageObject","inLanguage":"fr-FR","@id":"https:\/\/www.globalong.com\/blog\/#\/schema\/logo\/image\/","url":"https:\/\/www.globalong.com\/blog\/wp-content\/uploads\/2014\/11\/cropped-cropped-Logo-et-Afrique-Globalong-petite-taille-2.jpg","contentUrl":"https:\/\/www.globalong.com\/blog\/wp-content\/uploads\/2014\/11\/cropped-cropped-Logo-et-Afrique-Globalong-petite-taille-2.jpg","width":512,"height":512,"caption":"Association Globalong"},"image":{"@id":"https:\/\/www.globalong.com\/blog\/#\/schema\/logo\/image\/"},"sameAs":["https:\/\/www.facebook.com\/globalong"]}]}},"_links":{"self":[{"href":"https:\/\/www.globalong.com\/blog\/wp-json\/wp\/v2\/pages\/10085"}],"collection":[{"href":"https:\/\/www.globalong.com\/blog\/wp-json\/wp\/v2\/pages"}],"about":[{"href":"https:\/\/www.globalong.com\/blog\/wp-json\/wp\/v2\/types\/page"}],"author":[{"embeddable":true,"href":"https:\/\/www.globalong.com\/blog\/wp-json\/wp\/v2\/users\/5"}],"replies":[{"embeddable":true,"href":"https:\/\/www.globalong.com\/blog\/wp-json\/wp\/v2\/comments?post=10085"}],"version-history":[{"count":38,"href":"https:\/\/www.globalong.com\/blog\/wp-json\/wp\/v2\/pages\/10085\/revisions"}],"predecessor-version":[{"id":14485,"href":"https:\/\/www.globalong.com\/blog\/wp-json\/wp\/v2\/pages\/10085\/revisions\/14485"}],"up":[{"embeddable":true,"href":"https:\/\/www.globalong.com\/blog\/wp-json\/wp\/v2\/pages\/883"}],"wp:featuredmedia":[{"embeddable":true,"href":"https:\/\/www.globalong.com\/blog\/wp-json\/wp\/v2\/media\/11642"}],"wp:attachment":[{"href":"https:\/\/www.globalong.com\/blog\/wp-json\/wp\/v2\/media?parent=10085"}],"curies":[{"name":"wp","href":"https:\/\/api.w.org\/{rel}","templated":true}]}}