{"id":1068,"date":"2016-02-24T16:56:13","date_gmt":"2016-02-24T15:56:13","guid":{"rendered":"https:\/\/www.globalong.com\/blog\/?page_id=1068"},"modified":"2022-05-06T08:45:32","modified_gmt":"2022-05-06T06:45:32","slug":"nepal-maleka","status":"publish","type":"page","link":"https:\/\/www.globalong.com\/blog\/avis-temoignages-globalong\/nepal-maleka\/","title":{"rendered":"N\u00e9pal &#8211; Mal\u00e9ka"},"content":{"rendered":"<p class=\"p1\" style=\"text-align: center;\"><span style=\"color: #b81657;\"><strong><span class=\"s1\">T\u00e9moignage de Mal\u00e9ka, b\u00e9n\u00e9vole avec Globalong au N\u00e9pal<\/span><\/strong><\/span><\/p>\n<p class=\"p1\" style=\"text-align: justify;\"><span class=\"s1\"><a href=\"https:\/\/www.globalong.com\/blog\/wp-content\/uploads\/2016\/02\/320231_215627395168407_614085392_n.jpg\"><img loading=\"lazy\" decoding=\"async\" class=\"size-medium wp-image-1069 aligncenter\" src=\"https:\/\/www.globalong.com\/blog\/wp-content\/uploads\/2016\/02\/320231_215627395168407_614085392_n-300x225.jpg\" alt=\"320231_215627395168407_614085392_n\" width=\"300\" height=\"225\" srcset=\"https:\/\/www.globalong.com\/blog\/wp-content\/uploads\/2016\/02\/320231_215627395168407_614085392_n-300x225.jpg 300w, https:\/\/www.globalong.com\/blog\/wp-content\/uploads\/2016\/02\/320231_215627395168407_614085392_n-150x113.jpg 150w, https:\/\/www.globalong.com\/blog\/wp-content\/uploads\/2016\/02\/320231_215627395168407_614085392_n.jpg 960w\" sizes=\"(max-width: 300px) 100vw, 300px\" \/><\/a>Je suis partie avec Globalong au <span style=\"text-decoration: underline;\"><span style=\"color: #800000; text-decoration: underline;\"><a style=\"color: #800000; text-decoration: underline;\" href=\"https:\/\/www.globalong.com\/sejour-benevolat\/benevolat-au-nepal-humanitaire.html\" target=\"_blank\" rel=\"noopener\">N\u00e9pal<\/a><\/span><\/span> pour une dur\u00e9e d\u2019un mois. J&rsquo;ai pass\u00e9 la semaine d&rsquo;int\u00e9gration \u00e0 Lazimpath dans la maison d&rsquo;Arjun, le coordinateur local et 3 semaines avec les enfants de l&rsquo;orphelinat\u00a0qui se trouve \u00e0 Patan.<\/span><\/p>\n<p class=\"p1\" style=\"text-align: justify;\"><span class=\"s1\"> Pourquoi je voulais partir ? Je ne sais pas trop, j&rsquo;imagine qu&rsquo;il y a plusieurs raisons\u2026 Je travaille d\u00e9j\u00e0 en tant que b\u00e9n\u00e9vole dans une association de parrainage d&rsquo;enfants mais je ne suis pas en contact direct avec les enfants (qui habitent une autre \u00eele). Je voulais passer mes cong\u00e9s \u00e0 d\u00e9couvrir un nouvel environnement, une nouvelle culture, tout en \u00e9tant en contact avec des enfants et pouvoir passer du temps avec eux. <\/span><\/p>\n<p class=\"p1\" style=\"text-align: justify;\"><span class=\"s1\"><a href=\"https:\/\/www.globalong.com\/blog\/wp-content\/uploads\/2016\/02\/387997_246400725424407_958343738_n.jpg\"><img loading=\"lazy\" decoding=\"async\" class=\"size-medium wp-image-1070 aligncenter\" src=\"https:\/\/www.globalong.com\/blog\/wp-content\/uploads\/2016\/02\/387997_246400725424407_958343738_n-300x199.jpg\" alt=\"387997_246400725424407_958343738_n\" width=\"300\" height=\"199\" srcset=\"https:\/\/www.globalong.com\/blog\/wp-content\/uploads\/2016\/02\/387997_246400725424407_958343738_n-300x199.jpg 300w, https:\/\/www.globalong.com\/blog\/wp-content\/uploads\/2016\/02\/387997_246400725424407_958343738_n-150x99.jpg 150w, https:\/\/www.globalong.com\/blog\/wp-content\/uploads\/2016\/02\/387997_246400725424407_958343738_n.jpg 960w\" sizes=\"(max-width: 300px) 100vw, 300px\" \/><\/a>Honn\u00eatement, je n&rsquo;avais aucune attente. Je savais juste que j&rsquo;allais apprendre pleins de choses et recevoir beaucoup d&rsquo;affection et d&rsquo;amour et \u00e7a a \u00e9t\u00e9 le cas !<\/span><\/p>\n<p class=\"p1\" style=\"text-align: justify;\"><span class=\"s1\">Cette p\u00e9riode s&rsquo;est vraiment tr\u00e8s bien pass\u00e9e. J&rsquo;ai \u00e9t\u00e9 en compagnie de Bikram tous les matins sans exception pour apprendre les bases du Nepali. Mais, en dehors de cela, il restait toujours tr\u00e8s disponible et je savais que je pouvais compter sur lui en cas de besoin. Tout en \u00e9tant tr\u00e8s amical et tr\u00e8s ouvert d&rsquo;esprit, il a \u00e9t\u00e9 d\u2019un professionnalisme sans reproches. <\/span><\/p>\n<p class=\"p1\" style=\"text-align: justify;\"><span class=\"s1\"><a href=\"https:\/\/www.globalong.com\/blog\/wp-content\/uploads\/2016\/02\/Il-fait-froid.jpg\"><img loading=\"lazy\" decoding=\"async\" class=\"wp-image-1071 aligncenter\" src=\"https:\/\/www.globalong.com\/blog\/wp-content\/uploads\/2016\/02\/Il-fait-froid-225x300.jpg\" alt=\"Il fait froid\" width=\"298\" height=\"397\" srcset=\"https:\/\/www.globalong.com\/blog\/wp-content\/uploads\/2016\/02\/Il-fait-froid-225x300.jpg 225w, https:\/\/www.globalong.com\/blog\/wp-content\/uploads\/2016\/02\/Il-fait-froid-113x150.jpg 113w, https:\/\/www.globalong.com\/blog\/wp-content\/uploads\/2016\/02\/Il-fait-froid.jpg 720w\" sizes=\"(max-width: 298px) 100vw, 298px\" \/><\/a>Pour les fois o\u00f9 il n&rsquo;\u00e9tait pas l\u00e0, Arjun (le coordinateur) et sa famille \u00e9tait toujours disponible pour les conseils, l&rsquo;aide, les r\u00e9ponses aux questions\u2026<\/span><\/p>\n<p class=\"p1\" style=\"text-align: justify;\"><span class=\"s1\"> Pour moi, la p\u00e9riode de b\u00e9n\u00e9volat s&rsquo;est tr\u00e8s bien d\u00e9roul\u00e9e. Les enfants ayant \u00e9t\u00e9 en vacances toute la p\u00e9riode du b\u00e9n\u00e9volat, \u00e7a a \u00e9t\u00e9 un plaisir de passer un maximum de temps avec eux. <\/span><\/p>\n<p class=\"p1\" style=\"text-align: justify;\"><span class=\"s1\">J\u2019ai pu d\u00e9couvrir plusieurs lieux \u00e0 travers ce voyage. Pendant la semaine d&rsquo;int\u00e9gration avec Bikram, j&rsquo;ai pu visiter 3 lieux connus : Swoyambhunath Temple, Boudhanath Stupa et le monast\u00e8re Kapan Gumba. J&rsquo;ai \u00e9galement d\u00e9couvert Thamel et ses ruelles en me baladant. J&rsquo;ai visit\u00e9 Patan Durbar Square et ses environs avec les enfants, qui connaissent bien leur quartier. J&rsquo;ai \u00e9galement \u00e9t\u00e9 durant 4 nuits et 5 jours dans un centre de yoga : Himalayan Yoga Center.<\/span><\/p>\n<p><img loading=\"lazy\" decoding=\"async\" class=\"wp-image-1072 aligncenter\" style=\"text-align: justify;\" src=\"https:\/\/www.globalong.com\/blog\/wp-content\/uploads\/2016\/02\/Sourire-au-Ne\u0301pal-225x300.jpg\" alt=\"Sourire au Ne\u0301pal\" width=\"299\" height=\"399\" srcset=\"https:\/\/www.globalong.com\/blog\/wp-content\/uploads\/2016\/02\/Sourire-au-Ne\u0301pal-225x300.jpg 225w, https:\/\/www.globalong.com\/blog\/wp-content\/uploads\/2016\/02\/Sourire-au-Ne\u0301pal-113x150.jpg 113w, https:\/\/www.globalong.com\/blog\/wp-content\/uploads\/2016\/02\/Sourire-au-Ne\u0301pal.jpg 720w\" sizes=\"(max-width: 299px) 100vw, 299px\" \/><\/p>\n<p class=\"p1\" style=\"text-align: justify;\"><span class=\"s1\"> J&rsquo;imagine que j&rsquo;aurais pu me d\u00e9brouiller sans le coordinateur local mais cela reste n\u00e9anmoins tr\u00e8s appr\u00e9ciable de savoir que l&rsquo;on n&rsquo;est pas tout\u00a0<\/span><\/p>\n<p class=\"p1\" style=\"text-align: justify;\"><span class=\"s1\">seul en terrain inconnu. On garde une certaine intimit\u00e9 en restant au rez de chauss\u00e9e r\u00e9serv\u00e9 aux volontaires. Mais, on a juste un escalier \u00e0 monter pour retrouver la famille. Le coordinateur et sa famille ont \u00e9t\u00e9 l\u00e0 pour les repas, le change d&rsquo;argent les premiers jours, pour l&rsquo;achat d&rsquo;une puce, pour les indications \u00e0 suivre pour se rendre dans certains endroits, pour parler tout simplement du N\u00e9pal et de sa culture.<\/span><\/p>\n<p class=\"p1\" style=\"text-align: justify;\"><span class=\"s1\"> J\u2019y ai fais de tr\u00e8s belles rencontres. Les enfants restent incontestablement ceux qui m&rsquo;ont le plus apport\u00e9e. J\u2019ai aussi crois\u00e9 la route d\u2019une ancienne volontaire qui \u00e9tait revenue passer quelques jours avec sa soeur.<\/span><\/p>\n<p class=\"p1\" style=\"text-align: justify;\"><span class=\"s1\">J\u2019esp\u00e8re que cette aventure me servira \u00e0 prouver que j&rsquo;ai une bonne capacit\u00e9 d&rsquo;adaptation et d&rsquo;int\u00e9gration, que je suis ouverte aux autres et \u00e0 leur culture, que j&rsquo;aime \u00eatre au contact des enfants et tenter de leur apporter quelque chose m\u00eame si tr\u00e8s souvent c&rsquo;est plut\u00f4t moi qui gagne beaucoup en leur compagnie. <\/span><\/p>\n<p class=\"p1\" style=\"text-align: justify;\"><span class=\"s1\"> Je ne vois pas trop comment vous auriez pu faire plus que ce que vous avez d\u00e9j\u00e0 r\u00e9ussi \u00e0 mettre en place ! Selon moi, les informations fournies par Globalong \u00e9taient plus que suffisantes. Et quand bien m\u00eame, il manquerait des infos, les volontaires peuvent \u00e0 tout moment poser leurs questions par mail ou par t\u00e9l\u00e9phone ! <\/span><\/p>\n<p class=\"p1\" style=\"text-align: justify;\"><span class=\"s1\"><span style=\"color: #b81657;\"><strong> Mon conseil :<\/strong><\/span> Si la p\u00e9riode de volontariat se d\u00e9roule en hiver, se pr\u00e9parer psychologiquement \u00e0 affronter un froid tr\u00e8s mordant et ne pas s&rsquo;attendre au chauffage \u00e9lectrique et aux bonnes douches chaudes ! Pour les plus frileux, faire le stock de v\u00eatements chauds !<\/span><\/p>\n<p class=\"p1\" style=\"text-align: center;\">Pour d\u00e9couvrir plus de photos du N\u00e9pal, <span style=\"text-decoration: underline;\"><a href=\"https:\/\/www.flickr.com\/photos\/globalong\/albums\/72157639471477014\" target=\"_blank\" rel=\"noopener\">cliquez ici<\/a><\/span> !<\/p>\n<p class=\"p1\" style=\"text-align: center;\">Pour d\u00e9couvrir les programmes de b\u00e9n\u00e9volat au N\u00e9pal <span style=\"text-decoration: underline;\"><a href=\"https:\/\/www.globalong.com\/sejour-benevolat\/benevolat-au-nepal-humanitaire.html\" target=\"_blank\" rel=\"noopener\">cliquez ici<\/a><\/span>\u00a0!<\/p>\n<p class=\"p1\" style=\"text-align: center;\">N&rsquo;h\u00e9sitez pas \u00e0 nous contacter pour plus d&rsquo;informations \u00e0 <span style=\"text-decoration: underline; color: #b81657;\"><a style=\"color: #b81657; text-decoration: underline;\" href=\"mailto:info@globalong.com\">info@globalong.com<\/a><\/span><\/p>\n","protected":false},"excerpt":{"rendered":"<p>T\u00e9moignage de Mal\u00e9ka, b\u00e9n\u00e9vole avec Globalong au N\u00e9pal Je suis partie avec Globalong au N\u00e9pal pour une dur\u00e9e d\u2019un mois. J&rsquo;ai pass\u00e9 la semaine d&rsquo;int\u00e9gration \u00e0 Lazimpath dans la maison d&rsquo;Arjun, le coordinateur local et 3 semaines avec les enfants de l&rsquo;orphelinat\u00a0qui se trouve \u00e0 Patan. Pourquoi je voulais partir ? Je ne sais pas [&hellip;]<\/p>\n","protected":false},"author":3,"featured_media":1071,"parent":883,"menu_order":0,"comment_status":"open","ping_status":"closed","template":"","meta":{"footnotes":""},"yoast_head":"<!-- This site is optimized with the Yoast SEO Premium plugin v23.4 (Yoast SEO v23.4) - https:\/\/yoast.com\/wordpress\/plugins\/seo\/ -->\n<title>N\u00e9pal - Mal\u00e9ka - Association Globalong<\/title>\n<meta name=\"robots\" content=\"index, follow, max-snippet:-1, max-image-preview:large, max-video-preview:-1\" \/>\n<link rel=\"canonical\" href=\"https:\/\/www.globalong.com\/blog\/avis-temoignages-globalong\/nepal-maleka\/\" \/>\n<meta property=\"og:locale\" content=\"fr_FR\" \/>\n<meta property=\"og:type\" content=\"article\" \/>\n<meta property=\"og:title\" content=\"N\u00e9pal - Mal\u00e9ka\" \/>\n<meta property=\"og:description\" content=\"T\u00e9moignage de Mal\u00e9ka, b\u00e9n\u00e9vole avec Globalong au N\u00e9pal Je suis partie avec Globalong au N\u00e9pal pour une dur\u00e9e d\u2019un mois. J&rsquo;ai pass\u00e9 la semaine d&rsquo;int\u00e9gration \u00e0 Lazimpath dans la maison d&rsquo;Arjun, le coordinateur local et 3 semaines avec les enfants de l&rsquo;orphelinat\u00a0qui se trouve \u00e0 Patan. Pourquoi je voulais partir ? Je ne sais pas [&hellip;]\" \/>\n<meta property=\"og:url\" content=\"https:\/\/www.globalong.com\/blog\/avis-temoignages-globalong\/nepal-maleka\/\" \/>\n<meta property=\"og:site_name\" content=\"Association Globalong\" \/>\n<meta property=\"article:publisher\" content=\"https:\/\/www.facebook.com\/globalong\" \/>\n<meta property=\"article:modified_time\" content=\"2022-05-06T06:45:32+00:00\" \/>\n<meta property=\"og:image\" content=\"https:\/\/www.globalong.com\/blog\/wp-content\/uploads\/2016\/02\/Il-fait-froid.jpg\" \/>\n\t<meta property=\"og:image:width\" content=\"720\" \/>\n\t<meta property=\"og:image:height\" content=\"960\" \/>\n\t<meta property=\"og:image:type\" content=\"image\/jpeg\" \/>\n<meta name=\"twitter:card\" content=\"summary_large_image\" \/>\n<meta name=\"twitter:label1\" content=\"Dur\u00e9e de lecture estim\u00e9e\" \/>\n\t<meta name=\"twitter:data1\" content=\"4 minutes\" \/>\n<script type=\"application\/ld+json\" class=\"yoast-schema-graph\">{\"@context\":\"https:\/\/schema.org\",\"@graph\":[{\"@type\":\"WebPage\",\"@id\":\"https:\/\/www.globalong.com\/blog\/avis-temoignages-globalong\/nepal-maleka\/\",\"url\":\"https:\/\/www.globalong.com\/blog\/avis-temoignages-globalong\/nepal-maleka\/\",\"name\":\"N\u00e9pal - Mal\u00e9ka - Association Globalong\",\"isPartOf\":{\"@id\":\"https:\/\/www.globalong.com\/blog\/#website\"},\"primaryImageOfPage\":{\"@id\":\"https:\/\/www.globalong.com\/blog\/avis-temoignages-globalong\/nepal-maleka\/#primaryimage\"},\"image\":{\"@id\":\"https:\/\/www.globalong.com\/blog\/avis-temoignages-globalong\/nepal-maleka\/#primaryimage\"},\"thumbnailUrl\":\"https:\/\/www.globalong.com\/blog\/wp-content\/uploads\/2016\/02\/Il-fait-froid.jpg\",\"datePublished\":\"2016-02-24T15:56:13+00:00\",\"dateModified\":\"2022-05-06T06:45:32+00:00\",\"breadcrumb\":{\"@id\":\"https:\/\/www.globalong.com\/blog\/avis-temoignages-globalong\/nepal-maleka\/#breadcrumb\"},\"inLanguage\":\"fr-FR\",\"potentialAction\":[{\"@type\":\"ReadAction\",\"target\":[\"https:\/\/www.globalong.com\/blog\/avis-temoignages-globalong\/nepal-maleka\/\"]}]},{\"@type\":\"ImageObject\",\"inLanguage\":\"fr-FR\",\"@id\":\"https:\/\/www.globalong.com\/blog\/avis-temoignages-globalong\/nepal-maleka\/#primaryimage\",\"url\":\"https:\/\/www.globalong.com\/blog\/wp-content\/uploads\/2016\/02\/Il-fait-froid.jpg\",\"contentUrl\":\"https:\/\/www.globalong.com\/blog\/wp-content\/uploads\/2016\/02\/Il-fait-froid.jpg\",\"width\":720,\"height\":960},{\"@type\":\"BreadcrumbList\",\"@id\":\"https:\/\/www.globalong.com\/blog\/avis-temoignages-globalong\/nepal-maleka\/#breadcrumb\",\"itemListElement\":[{\"@type\":\"ListItem\",\"position\":1,\"name\":\"Accueil\",\"item\":\"https:\/\/www.globalong.com\/blog\/\"},{\"@type\":\"ListItem\",\"position\":2,\"name\":\"T\u00e9moignages et avis de volontaires Globalong\",\"item\":\"https:\/\/www.globalong.com\/blog\/avis-temoignages-globalong\/\"},{\"@type\":\"ListItem\",\"position\":3,\"name\":\"N\u00e9pal &#8211; Mal\u00e9ka\"}]},{\"@type\":\"WebSite\",\"@id\":\"https:\/\/www.globalong.com\/blog\/#website\",\"url\":\"https:\/\/www.globalong.com\/blog\/\",\"name\":\"https:\/\/www.globalong.com\/\",\"description\":\"Mission humanitaire, stage \u00e9tudiant et voyage linguistique\",\"publisher\":{\"@id\":\"https:\/\/www.globalong.com\/blog\/#organization\"},\"potentialAction\":[{\"@type\":\"SearchAction\",\"target\":{\"@type\":\"EntryPoint\",\"urlTemplate\":\"https:\/\/www.globalong.com\/blog\/?s={search_term_string}\"},\"query-input\":{\"@type\":\"PropertyValueSpecification\",\"valueRequired\":true,\"valueName\":\"search_term_string\"}}],\"inLanguage\":\"fr-FR\"},{\"@type\":\"Organization\",\"@id\":\"https:\/\/www.globalong.com\/blog\/#organization\",\"name\":\"Association Globalong\",\"url\":\"https:\/\/www.globalong.com\/blog\/\",\"logo\":{\"@type\":\"ImageObject\",\"inLanguage\":\"fr-FR\",\"@id\":\"https:\/\/www.globalong.com\/blog\/#\/schema\/logo\/image\/\",\"url\":\"https:\/\/www.globalong.com\/blog\/wp-content\/uploads\/2014\/11\/cropped-cropped-Logo-et-Afrique-Globalong-petite-taille-2.jpg\",\"contentUrl\":\"https:\/\/www.globalong.com\/blog\/wp-content\/uploads\/2014\/11\/cropped-cropped-Logo-et-Afrique-Globalong-petite-taille-2.jpg\",\"width\":512,\"height\":512,\"caption\":\"Association Globalong\"},\"image\":{\"@id\":\"https:\/\/www.globalong.com\/blog\/#\/schema\/logo\/image\/\"},\"sameAs\":[\"https:\/\/www.facebook.com\/globalong\"]}]}<\/script>\n<!-- \/ Yoast SEO Premium plugin. -->","yoast_head_json":{"title":"N\u00e9pal - Mal\u00e9ka - Association Globalong","robots":{"index":"index","follow":"follow","max-snippet":"max-snippet:-1","max-image-preview":"max-image-preview:large","max-video-preview":"max-video-preview:-1"},"canonical":"https:\/\/www.globalong.com\/blog\/avis-temoignages-globalong\/nepal-maleka\/","og_locale":"fr_FR","og_type":"article","og_title":"N\u00e9pal - Mal\u00e9ka","og_description":"T\u00e9moignage de Mal\u00e9ka, b\u00e9n\u00e9vole avec Globalong au N\u00e9pal Je suis partie avec Globalong au N\u00e9pal pour une dur\u00e9e d\u2019un mois. J&rsquo;ai pass\u00e9 la semaine d&rsquo;int\u00e9gration \u00e0 Lazimpath dans la maison d&rsquo;Arjun, le coordinateur local et 3 semaines avec les enfants de l&rsquo;orphelinat\u00a0qui se trouve \u00e0 Patan. Pourquoi je voulais partir ? Je ne sais pas [&hellip;]","og_url":"https:\/\/www.globalong.com\/blog\/avis-temoignages-globalong\/nepal-maleka\/","og_site_name":"Association Globalong","article_publisher":"https:\/\/www.facebook.com\/globalong","article_modified_time":"2022-05-06T06:45:32+00:00","og_image":[{"width":720,"height":960,"url":"https:\/\/www.globalong.com\/blog\/wp-content\/uploads\/2016\/02\/Il-fait-froid.jpg","type":"image\/jpeg"}],"twitter_card":"summary_large_image","twitter_misc":{"Dur\u00e9e de lecture estim\u00e9e":"4 minutes"},"schema":{"@context":"https:\/\/schema.org","@graph":[{"@type":"WebPage","@id":"https:\/\/www.globalong.com\/blog\/avis-temoignages-globalong\/nepal-maleka\/","url":"https:\/\/www.globalong.com\/blog\/avis-temoignages-globalong\/nepal-maleka\/","name":"N\u00e9pal - Mal\u00e9ka - Association Globalong","isPartOf":{"@id":"https:\/\/www.globalong.com\/blog\/#website"},"primaryImageOfPage":{"@id":"https:\/\/www.globalong.com\/blog\/avis-temoignages-globalong\/nepal-maleka\/#primaryimage"},"image":{"@id":"https:\/\/www.globalong.com\/blog\/avis-temoignages-globalong\/nepal-maleka\/#primaryimage"},"thumbnailUrl":"https:\/\/www.globalong.com\/blog\/wp-content\/uploads\/2016\/02\/Il-fait-froid.jpg","datePublished":"2016-02-24T15:56:13+00:00","dateModified":"2022-05-06T06:45:32+00:00","breadcrumb":{"@id":"https:\/\/www.globalong.com\/blog\/avis-temoignages-globalong\/nepal-maleka\/#breadcrumb"},"inLanguage":"fr-FR","potentialAction":[{"@type":"ReadAction","target":["https:\/\/www.globalong.com\/blog\/avis-temoignages-globalong\/nepal-maleka\/"]}]},{"@type":"ImageObject","inLanguage":"fr-FR","@id":"https:\/\/www.globalong.com\/blog\/avis-temoignages-globalong\/nepal-maleka\/#primaryimage","url":"https:\/\/www.globalong.com\/blog\/wp-content\/uploads\/2016\/02\/Il-fait-froid.jpg","contentUrl":"https:\/\/www.globalong.com\/blog\/wp-content\/uploads\/2016\/02\/Il-fait-froid.jpg","width":720,"height":960},{"@type":"BreadcrumbList","@id":"https:\/\/www.globalong.com\/blog\/avis-temoignages-globalong\/nepal-maleka\/#breadcrumb","itemListElement":[{"@type":"ListItem","position":1,"name":"Accueil","item":"https:\/\/www.globalong.com\/blog\/"},{"@type":"ListItem","position":2,"name":"T\u00e9moignages et avis de volontaires Globalong","item":"https:\/\/www.globalong.com\/blog\/avis-temoignages-globalong\/"},{"@type":"ListItem","position":3,"name":"N\u00e9pal &#8211; Mal\u00e9ka"}]},{"@type":"WebSite","@id":"https:\/\/www.globalong.com\/blog\/#website","url":"https:\/\/www.globalong.com\/blog\/","name":"https:\/\/www.globalong.com\/","description":"Mission humanitaire, stage \u00e9tudiant et voyage linguistique","publisher":{"@id":"https:\/\/www.globalong.com\/blog\/#organization"},"potentialAction":[{"@type":"SearchAction","target":{"@type":"EntryPoint","urlTemplate":"https:\/\/www.globalong.com\/blog\/?s={search_term_string}"},"query-input":{"@type":"PropertyValueSpecification","valueRequired":true,"valueName":"search_term_string"}}],"inLanguage":"fr-FR"},{"@type":"Organization","@id":"https:\/\/www.globalong.com\/blog\/#organization","name":"Association Globalong","url":"https:\/\/www.globalong.com\/blog\/","logo":{"@type":"ImageObject","inLanguage":"fr-FR","@id":"https:\/\/www.globalong.com\/blog\/#\/schema\/logo\/image\/","url":"https:\/\/www.globalong.com\/blog\/wp-content\/uploads\/2014\/11\/cropped-cropped-Logo-et-Afrique-Globalong-petite-taille-2.jpg","contentUrl":"https:\/\/www.globalong.com\/blog\/wp-content\/uploads\/2014\/11\/cropped-cropped-Logo-et-Afrique-Globalong-petite-taille-2.jpg","width":512,"height":512,"caption":"Association Globalong"},"image":{"@id":"https:\/\/www.globalong.com\/blog\/#\/schema\/logo\/image\/"},"sameAs":["https:\/\/www.facebook.com\/globalong"]}]}},"_links":{"self":[{"href":"https:\/\/www.globalong.com\/blog\/wp-json\/wp\/v2\/pages\/1068"}],"collection":[{"href":"https:\/\/www.globalong.com\/blog\/wp-json\/wp\/v2\/pages"}],"about":[{"href":"https:\/\/www.globalong.com\/blog\/wp-json\/wp\/v2\/types\/page"}],"author":[{"embeddable":true,"href":"https:\/\/www.globalong.com\/blog\/wp-json\/wp\/v2\/users\/3"}],"replies":[{"embeddable":true,"href":"https:\/\/www.globalong.com\/blog\/wp-json\/wp\/v2\/comments?post=1068"}],"version-history":[{"count":19,"href":"https:\/\/www.globalong.com\/blog\/wp-json\/wp\/v2\/pages\/1068\/revisions"}],"predecessor-version":[{"id":14468,"href":"https:\/\/www.globalong.com\/blog\/wp-json\/wp\/v2\/pages\/1068\/revisions\/14468"}],"up":[{"embeddable":true,"href":"https:\/\/www.globalong.com\/blog\/wp-json\/wp\/v2\/pages\/883"}],"wp:featuredmedia":[{"embeddable":true,"href":"https:\/\/www.globalong.com\/blog\/wp-json\/wp\/v2\/media\/1071"}],"wp:attachment":[{"href":"https:\/\/www.globalong.com\/blog\/wp-json\/wp\/v2\/media?parent=1068"}],"curies":[{"name":"wp","href":"https:\/\/api.w.org\/{rel}","templated":true}]}}