{"id":15293,"date":"2023-04-03T15:50:48","date_gmt":"2023-04-03T13:50:48","guid":{"rendered":"https:\/\/www.globalong.com\/blog\/?page_id=15293"},"modified":"2025-10-29T16:22:52","modified_gmt":"2025-10-29T15:22:52","slug":"bolivie-jean-christophe","status":"publish","type":"page","link":"https:\/\/www.globalong.com\/blog\/avis-temoignages-globalong\/bolivie-jean-christophe\/","title":{"rendered":"Bolivie &#8211; Jean-Christophe"},"content":{"rendered":"<p><strong>Apr\u00e8s une premi\u00e8re mission d\u2019enseignement en Colombie avant la pand\u00e9mie, Jean-Christophe a d\u00e9cid\u00e9 de repartir en mission d\u2019enseignement, mais cette fois-ci en Bolivie !<\/strong><\/p>\n<p><a href=\"https:\/\/www.globalong.com\/blog\/wp-content\/uploads\/2023\/04\/jc-en-bolivie.png\" target=\"_blank\" rel=\"noopener\"><img loading=\"lazy\" decoding=\"async\" class=\"alignnone wp-image-15294 size-full\" src=\"https:\/\/www.globalong.com\/blog\/wp-content\/uploads\/2023\/04\/jc-en-bolivie.png\" alt=\"\" width=\"2376\" height=\"846\" srcset=\"https:\/\/www.globalong.com\/blog\/wp-content\/uploads\/2023\/04\/jc-en-bolivie.png 2376w, https:\/\/www.globalong.com\/blog\/wp-content\/uploads\/2023\/04\/jc-en-bolivie-300x107.png 300w, https:\/\/www.globalong.com\/blog\/wp-content\/uploads\/2023\/04\/jc-en-bolivie-1024x365.png 1024w, https:\/\/www.globalong.com\/blog\/wp-content\/uploads\/2023\/04\/jc-en-bolivie-768x273.png 768w, https:\/\/www.globalong.com\/blog\/wp-content\/uploads\/2023\/04\/jc-en-bolivie-1536x547.png 1536w, https:\/\/www.globalong.com\/blog\/wp-content\/uploads\/2023\/04\/jc-en-bolivie-2048x729.png 2048w\" sizes=\"(max-width: 2376px) 100vw, 2376px\" \/><\/a><\/p>\n<p class=\"p1\" style=\"text-align: justify;\"><strong>Son objectif \u00e9tait d\u2019essayer d\u2019accompagner des enfants scolaris\u00e9s vers l\u2019apprentissage de l\u2019anglais et de partager ses connaissances.<\/strong><\/p>\n<p class=\"p1\" style=\"text-align: justify;\"><strong>Jean-Christophe a donc choisi de s\u2019engager dans un centre d\u2019accueil pour enfants et adolescents d\u00e9favoris\u00e9s. Ce projet a \u00e9t\u00e9 cr\u00e9\u00e9 pour venir en aide aux enfants et adolescents qui ont v\u00e9cu ou travaill\u00e9 dans les rues de Sucre. Il y a deux centres d\u2019accueil \u2013 un pour les gar\u00e7ons et un pour les filles. Au total, 120 enfants et adolescents \u00e2g\u00e9s de 6 \u00e0 17 ans sont actuellement accueillis.<\/strong><\/p>\n<p class=\"p1\" style=\"text-align: justify;\"><strong>Pour des raisons diff\u00e9rentes, ils ont \u00e9t\u00e9 forc\u00e9s ou ont choisi d\u2019affronter les dangers et de vivre ou travailler dans la rue,\u00a0mais avec l\u2019aide du centre, ils peuvent esp\u00e9rer \u00e0 un avenir meilleur.\u00a0Tous les enfants du centre sont scolaris\u00e9s\u00a0\u2013 cela permet \u00e9galement de mettre en place des ateliers afin de compl\u00e9ter leur formation et \u00e9ducation.\u00a0Les enfants re\u00e7oivent trois repas par jour, toutes les fournitures scolaires et un endroit confortable pour dormir.\u00a0<\/strong><\/p>\n<p><a href=\"https:\/\/www.globalong.com\/blog\/wp-content\/uploads\/2023\/04\/bolivie-avec-jc.png\" target=\"_blank\" rel=\"noopener\"><img loading=\"lazy\" decoding=\"async\" class=\"alignnone wp-image-15296 size-full\" src=\"https:\/\/www.globalong.com\/blog\/wp-content\/uploads\/2023\/04\/bolivie-avec-jc.png\" alt=\"\" width=\"2376\" height=\"846\" srcset=\"https:\/\/www.globalong.com\/blog\/wp-content\/uploads\/2023\/04\/bolivie-avec-jc.png 2376w, https:\/\/www.globalong.com\/blog\/wp-content\/uploads\/2023\/04\/bolivie-avec-jc-300x107.png 300w, https:\/\/www.globalong.com\/blog\/wp-content\/uploads\/2023\/04\/bolivie-avec-jc-1024x365.png 1024w, https:\/\/www.globalong.com\/blog\/wp-content\/uploads\/2023\/04\/bolivie-avec-jc-768x273.png 768w, https:\/\/www.globalong.com\/blog\/wp-content\/uploads\/2023\/04\/bolivie-avec-jc-1536x547.png 1536w, https:\/\/www.globalong.com\/blog\/wp-content\/uploads\/2023\/04\/bolivie-avec-jc-2048x729.png 2048w\" sizes=\"(max-width: 2376px) 100vw, 2376px\" \/><\/a><\/p>\n<p class=\"p1\" style=\"text-align: justify;\"><strong>La mission de Jean-Christophe s\u2019est tr\u00e8s bien d\u00e9roul\u00e9e, mais il n\u2019\u00e9tait pas \u00e0 son coup d\u2019essai, alors son conseil pour les futurs adh\u00e9rents est le suivant :\u00a0<em>\u00ab\u00a0Avoir une capacit\u00e9 d\u2019adaptation rapide car autant \u00e0 l\u2019arriv\u00e9e qu\u2019au d\u00e9part les changements (environnement, climat, habitudes, bruit, etc\u2026) seront directs.\u00a0\u00bb<\/em><\/strong><\/p>\n<p class=\"p1\" style=\"text-align: justify;\"><strong>Jean-Christophe nous a confi\u00e9 que ce qui a \u00e9galement fa\u00e7onn\u00e9 sa mission, ce sont les rencontres avec la population locale, qui sont parfois inattendues ! On vous laisse sur une anecdote qu\u2019il nous a racont\u00e9 et qui nous a fait sourire !<\/strong><\/p>\n<p class=\"p1\" style=\"text-align: justify;\"><strong><em>\u00ab\u00a0Les missions de Globalong sont pour moi une aventure humaine extraordinaire car elles nous mettent directement en contact avec la population locale. Une anecdote par exemple, le premier jour de mission, le 27 f\u00e9vrier 2023. Je cherchais le bon micro-bus pour me rendre au centre social de l\u2019autre cot\u00e9 de Sucre. J\u2019ai demand\u00e9 \u00e0 une personne qui m\u2019a indiqu\u00e9 le bon bus qu\u2019elle prenait aussi. Nous avons chemin\u00e9 vers l\u2019arr\u00eat et je lui ai dit que je donnais des cours d\u2019anglais \u00e9l\u00e9mentaire aux enfants en difficult\u00e9. Et donc, pendant le trajet, j\u2019en suis venu \u00e0 faire un cours public d\u2019anglais au fond du bus avec 3 autres personnes int\u00e9ress\u00e9es !\u00a0\u00bb<\/em><\/strong><\/p>\n<p class=\"p1\" style=\"text-align: justify;\"><strong>L\u2019\u00e9quipe de Globalong remercie vivement Jean-Christophe pour son engagement pour am\u00e9liorer le quotidien de ces enfants.<\/strong><\/p>\n<p class=\"p1\" style=\"text-align: justify;\"><strong>Si vous aussi vous souhaitez vous engager sur la <a href=\"https:\/\/www.globalong.com\/blog\/missions-humanitaires-en-bolivie\/\" target=\"_blank\" rel=\"noopener\">mission d\u2019enseignement en Bolivie<\/a> et souhaitait avoir plus de d\u00e9tails, n\u2019h\u00e9sitez pas \u00e0 nous contacter \u00e0\u00a0<span style=\"text-decoration: underline;\"><a href=\"mailto:info@globalong.com\"><span class=\"s1\">info@globalong.com<\/span><\/a><\/span><\/strong><\/p>\n<p><a href=\"https:\/\/www.globalong.com\/blog\/wp-content\/uploads\/2023\/04\/mission-en-bolivie-jc.png\" target=\"_blank\" rel=\"noopener\"><img loading=\"lazy\" decoding=\"async\" class=\"alignnone wp-image-15295 size-full\" src=\"https:\/\/www.globalong.com\/blog\/wp-content\/uploads\/2023\/04\/mission-en-bolivie-jc.png\" alt=\"\" width=\"2376\" height=\"846\" srcset=\"https:\/\/www.globalong.com\/blog\/wp-content\/uploads\/2023\/04\/mission-en-bolivie-jc.png 2376w, https:\/\/www.globalong.com\/blog\/wp-content\/uploads\/2023\/04\/mission-en-bolivie-jc-300x107.png 300w, https:\/\/www.globalong.com\/blog\/wp-content\/uploads\/2023\/04\/mission-en-bolivie-jc-1024x365.png 1024w, https:\/\/www.globalong.com\/blog\/wp-content\/uploads\/2023\/04\/mission-en-bolivie-jc-768x273.png 768w, https:\/\/www.globalong.com\/blog\/wp-content\/uploads\/2023\/04\/mission-en-bolivie-jc-1536x547.png 1536w, https:\/\/www.globalong.com\/blog\/wp-content\/uploads\/2023\/04\/mission-en-bolivie-jc-2048x729.png 2048w\" sizes=\"(max-width: 2376px) 100vw, 2376px\" \/><\/a><\/p>\n","protected":false},"excerpt":{"rendered":"<p>Apr\u00e8s une premi\u00e8re mission d\u2019enseignement en Colombie avant la pand\u00e9mie, Jean-Christophe a d\u00e9cid\u00e9 de repartir en mission d\u2019enseignement, mais cette fois-ci en Bolivie ! Son objectif \u00e9tait d\u2019essayer d\u2019accompagner des enfants scolaris\u00e9s vers l\u2019apprentissage de l\u2019anglais et de partager ses connaissances. Jean-Christophe a donc choisi de s\u2019engager dans un centre d\u2019accueil pour enfants et adolescents [&hellip;]<\/p>\n","protected":false},"author":9,"featured_media":12348,"parent":883,"menu_order":0,"comment_status":"closed","ping_status":"closed","template":"","meta":{"footnotes":""},"yoast_head":"<!-- This site is optimized with the Yoast SEO Premium plugin v23.4 (Yoast SEO v23.4) - https:\/\/yoast.com\/wordpress\/plugins\/seo\/ -->\n<title>Bolivie - Jean-Christophe - Association Globalong<\/title>\n<meta name=\"robots\" content=\"index, follow, max-snippet:-1, max-image-preview:large, max-video-preview:-1\" \/>\n<link rel=\"canonical\" href=\"https:\/\/www.globalong.com\/blog\/avis-temoignages-globalong\/bolivie-jean-christophe\/\" \/>\n<meta property=\"og:locale\" content=\"fr_FR\" \/>\n<meta property=\"og:type\" content=\"article\" \/>\n<meta property=\"og:title\" content=\"Bolivie - Jean-Christophe\" \/>\n<meta property=\"og:description\" content=\"Apr\u00e8s une premi\u00e8re mission d\u2019enseignement en Colombie avant la pand\u00e9mie, Jean-Christophe a d\u00e9cid\u00e9 de repartir en mission d\u2019enseignement, mais cette fois-ci en Bolivie ! Son objectif \u00e9tait d\u2019essayer d\u2019accompagner des enfants scolaris\u00e9s vers l\u2019apprentissage de l\u2019anglais et de partager ses connaissances. Jean-Christophe a donc choisi de s\u2019engager dans un centre d\u2019accueil pour enfants et adolescents [&hellip;]\" \/>\n<meta property=\"og:url\" content=\"https:\/\/www.globalong.com\/blog\/avis-temoignages-globalong\/bolivie-jean-christophe\/\" \/>\n<meta property=\"og:site_name\" content=\"Association Globalong\" \/>\n<meta property=\"article:publisher\" content=\"https:\/\/www.facebook.com\/globalong\" \/>\n<meta property=\"article:modified_time\" content=\"2025-10-29T15:22:52+00:00\" \/>\n<meta property=\"og:image\" content=\"https:\/\/www.globalong.com\/blog\/wp-content\/uploads\/2019\/01\/1-Rurrenabaque-San-Miguel-Voyage-Rurrenabaque-17.59-23.mars2015-1-min.jpg\" \/>\n\t<meta property=\"og:image:width\" content=\"1600\" \/>\n\t<meta property=\"og:image:height\" content=\"1067\" \/>\n\t<meta property=\"og:image:type\" content=\"image\/jpeg\" \/>\n<meta name=\"twitter:card\" content=\"summary_large_image\" \/>\n<meta name=\"twitter:label1\" content=\"Dur\u00e9e de lecture estim\u00e9e\" \/>\n\t<meta name=\"twitter:data1\" content=\"3 minutes\" \/>\n<script type=\"application\/ld+json\" class=\"yoast-schema-graph\">{\"@context\":\"https:\/\/schema.org\",\"@graph\":[{\"@type\":\"WebPage\",\"@id\":\"https:\/\/www.globalong.com\/blog\/avis-temoignages-globalong\/bolivie-jean-christophe\/\",\"url\":\"https:\/\/www.globalong.com\/blog\/avis-temoignages-globalong\/bolivie-jean-christophe\/\",\"name\":\"Bolivie - Jean-Christophe - Association Globalong\",\"isPartOf\":{\"@id\":\"https:\/\/www.globalong.com\/blog\/#website\"},\"primaryImageOfPage\":{\"@id\":\"https:\/\/www.globalong.com\/blog\/avis-temoignages-globalong\/bolivie-jean-christophe\/#primaryimage\"},\"image\":{\"@id\":\"https:\/\/www.globalong.com\/blog\/avis-temoignages-globalong\/bolivie-jean-christophe\/#primaryimage\"},\"thumbnailUrl\":\"https:\/\/www.globalong.com\/blog\/wp-content\/uploads\/2019\/01\/1-Rurrenabaque-San-Miguel-Voyage-Rurrenabaque-17.59-23.mars2015-1-min.jpg\",\"datePublished\":\"2023-04-03T13:50:48+00:00\",\"dateModified\":\"2025-10-29T15:22:52+00:00\",\"breadcrumb\":{\"@id\":\"https:\/\/www.globalong.com\/blog\/avis-temoignages-globalong\/bolivie-jean-christophe\/#breadcrumb\"},\"inLanguage\":\"fr-FR\",\"potentialAction\":[{\"@type\":\"ReadAction\",\"target\":[\"https:\/\/www.globalong.com\/blog\/avis-temoignages-globalong\/bolivie-jean-christophe\/\"]}]},{\"@type\":\"ImageObject\",\"inLanguage\":\"fr-FR\",\"@id\":\"https:\/\/www.globalong.com\/blog\/avis-temoignages-globalong\/bolivie-jean-christophe\/#primaryimage\",\"url\":\"https:\/\/www.globalong.com\/blog\/wp-content\/uploads\/2019\/01\/1-Rurrenabaque-San-Miguel-Voyage-Rurrenabaque-17.59-23.mars2015-1-min.jpg\",\"contentUrl\":\"https:\/\/www.globalong.com\/blog\/wp-content\/uploads\/2019\/01\/1-Rurrenabaque-San-Miguel-Voyage-Rurrenabaque-17.59-23.mars2015-1-min.jpg\",\"width\":1600,\"height\":1067,\"caption\":\"bolivie volontariat\"},{\"@type\":\"BreadcrumbList\",\"@id\":\"https:\/\/www.globalong.com\/blog\/avis-temoignages-globalong\/bolivie-jean-christophe\/#breadcrumb\",\"itemListElement\":[{\"@type\":\"ListItem\",\"position\":1,\"name\":\"Accueil\",\"item\":\"https:\/\/www.globalong.com\/blog\/\"},{\"@type\":\"ListItem\",\"position\":2,\"name\":\"T\u00e9moignages et avis de volontaires Globalong\",\"item\":\"https:\/\/www.globalong.com\/blog\/avis-temoignages-globalong\/\"},{\"@type\":\"ListItem\",\"position\":3,\"name\":\"Bolivie &#8211; Jean-Christophe\"}]},{\"@type\":\"WebSite\",\"@id\":\"https:\/\/www.globalong.com\/blog\/#website\",\"url\":\"https:\/\/www.globalong.com\/blog\/\",\"name\":\"https:\/\/www.globalong.com\/\",\"description\":\"Mission humanitaire, stage \u00e9tudiant et voyage linguistique\",\"publisher\":{\"@id\":\"https:\/\/www.globalong.com\/blog\/#organization\"},\"potentialAction\":[{\"@type\":\"SearchAction\",\"target\":{\"@type\":\"EntryPoint\",\"urlTemplate\":\"https:\/\/www.globalong.com\/blog\/?s={search_term_string}\"},\"query-input\":{\"@type\":\"PropertyValueSpecification\",\"valueRequired\":true,\"valueName\":\"search_term_string\"}}],\"inLanguage\":\"fr-FR\"},{\"@type\":\"Organization\",\"@id\":\"https:\/\/www.globalong.com\/blog\/#organization\",\"name\":\"Association Globalong\",\"url\":\"https:\/\/www.globalong.com\/blog\/\",\"logo\":{\"@type\":\"ImageObject\",\"inLanguage\":\"fr-FR\",\"@id\":\"https:\/\/www.globalong.com\/blog\/#\/schema\/logo\/image\/\",\"url\":\"https:\/\/www.globalong.com\/blog\/wp-content\/uploads\/2014\/11\/cropped-cropped-Logo-et-Afrique-Globalong-petite-taille-2.jpg\",\"contentUrl\":\"https:\/\/www.globalong.com\/blog\/wp-content\/uploads\/2014\/11\/cropped-cropped-Logo-et-Afrique-Globalong-petite-taille-2.jpg\",\"width\":512,\"height\":512,\"caption\":\"Association Globalong\"},\"image\":{\"@id\":\"https:\/\/www.globalong.com\/blog\/#\/schema\/logo\/image\/\"},\"sameAs\":[\"https:\/\/www.facebook.com\/globalong\"]}]}<\/script>\n<!-- \/ Yoast SEO Premium plugin. -->","yoast_head_json":{"title":"Bolivie - Jean-Christophe - Association Globalong","robots":{"index":"index","follow":"follow","max-snippet":"max-snippet:-1","max-image-preview":"max-image-preview:large","max-video-preview":"max-video-preview:-1"},"canonical":"https:\/\/www.globalong.com\/blog\/avis-temoignages-globalong\/bolivie-jean-christophe\/","og_locale":"fr_FR","og_type":"article","og_title":"Bolivie - Jean-Christophe","og_description":"Apr\u00e8s une premi\u00e8re mission d\u2019enseignement en Colombie avant la pand\u00e9mie, Jean-Christophe a d\u00e9cid\u00e9 de repartir en mission d\u2019enseignement, mais cette fois-ci en Bolivie ! Son objectif \u00e9tait d\u2019essayer d\u2019accompagner des enfants scolaris\u00e9s vers l\u2019apprentissage de l\u2019anglais et de partager ses connaissances. Jean-Christophe a donc choisi de s\u2019engager dans un centre d\u2019accueil pour enfants et adolescents [&hellip;]","og_url":"https:\/\/www.globalong.com\/blog\/avis-temoignages-globalong\/bolivie-jean-christophe\/","og_site_name":"Association Globalong","article_publisher":"https:\/\/www.facebook.com\/globalong","article_modified_time":"2025-10-29T15:22:52+00:00","og_image":[{"width":1600,"height":1067,"url":"https:\/\/www.globalong.com\/blog\/wp-content\/uploads\/2019\/01\/1-Rurrenabaque-San-Miguel-Voyage-Rurrenabaque-17.59-23.mars2015-1-min.jpg","type":"image\/jpeg"}],"twitter_card":"summary_large_image","twitter_misc":{"Dur\u00e9e de lecture estim\u00e9e":"3 minutes"},"schema":{"@context":"https:\/\/schema.org","@graph":[{"@type":"WebPage","@id":"https:\/\/www.globalong.com\/blog\/avis-temoignages-globalong\/bolivie-jean-christophe\/","url":"https:\/\/www.globalong.com\/blog\/avis-temoignages-globalong\/bolivie-jean-christophe\/","name":"Bolivie - Jean-Christophe - Association Globalong","isPartOf":{"@id":"https:\/\/www.globalong.com\/blog\/#website"},"primaryImageOfPage":{"@id":"https:\/\/www.globalong.com\/blog\/avis-temoignages-globalong\/bolivie-jean-christophe\/#primaryimage"},"image":{"@id":"https:\/\/www.globalong.com\/blog\/avis-temoignages-globalong\/bolivie-jean-christophe\/#primaryimage"},"thumbnailUrl":"https:\/\/www.globalong.com\/blog\/wp-content\/uploads\/2019\/01\/1-Rurrenabaque-San-Miguel-Voyage-Rurrenabaque-17.59-23.mars2015-1-min.jpg","datePublished":"2023-04-03T13:50:48+00:00","dateModified":"2025-10-29T15:22:52+00:00","breadcrumb":{"@id":"https:\/\/www.globalong.com\/blog\/avis-temoignages-globalong\/bolivie-jean-christophe\/#breadcrumb"},"inLanguage":"fr-FR","potentialAction":[{"@type":"ReadAction","target":["https:\/\/www.globalong.com\/blog\/avis-temoignages-globalong\/bolivie-jean-christophe\/"]}]},{"@type":"ImageObject","inLanguage":"fr-FR","@id":"https:\/\/www.globalong.com\/blog\/avis-temoignages-globalong\/bolivie-jean-christophe\/#primaryimage","url":"https:\/\/www.globalong.com\/blog\/wp-content\/uploads\/2019\/01\/1-Rurrenabaque-San-Miguel-Voyage-Rurrenabaque-17.59-23.mars2015-1-min.jpg","contentUrl":"https:\/\/www.globalong.com\/blog\/wp-content\/uploads\/2019\/01\/1-Rurrenabaque-San-Miguel-Voyage-Rurrenabaque-17.59-23.mars2015-1-min.jpg","width":1600,"height":1067,"caption":"bolivie volontariat"},{"@type":"BreadcrumbList","@id":"https:\/\/www.globalong.com\/blog\/avis-temoignages-globalong\/bolivie-jean-christophe\/#breadcrumb","itemListElement":[{"@type":"ListItem","position":1,"name":"Accueil","item":"https:\/\/www.globalong.com\/blog\/"},{"@type":"ListItem","position":2,"name":"T\u00e9moignages et avis de volontaires Globalong","item":"https:\/\/www.globalong.com\/blog\/avis-temoignages-globalong\/"},{"@type":"ListItem","position":3,"name":"Bolivie &#8211; Jean-Christophe"}]},{"@type":"WebSite","@id":"https:\/\/www.globalong.com\/blog\/#website","url":"https:\/\/www.globalong.com\/blog\/","name":"https:\/\/www.globalong.com\/","description":"Mission humanitaire, stage \u00e9tudiant et voyage linguistique","publisher":{"@id":"https:\/\/www.globalong.com\/blog\/#organization"},"potentialAction":[{"@type":"SearchAction","target":{"@type":"EntryPoint","urlTemplate":"https:\/\/www.globalong.com\/blog\/?s={search_term_string}"},"query-input":{"@type":"PropertyValueSpecification","valueRequired":true,"valueName":"search_term_string"}}],"inLanguage":"fr-FR"},{"@type":"Organization","@id":"https:\/\/www.globalong.com\/blog\/#organization","name":"Association Globalong","url":"https:\/\/www.globalong.com\/blog\/","logo":{"@type":"ImageObject","inLanguage":"fr-FR","@id":"https:\/\/www.globalong.com\/blog\/#\/schema\/logo\/image\/","url":"https:\/\/www.globalong.com\/blog\/wp-content\/uploads\/2014\/11\/cropped-cropped-Logo-et-Afrique-Globalong-petite-taille-2.jpg","contentUrl":"https:\/\/www.globalong.com\/blog\/wp-content\/uploads\/2014\/11\/cropped-cropped-Logo-et-Afrique-Globalong-petite-taille-2.jpg","width":512,"height":512,"caption":"Association Globalong"},"image":{"@id":"https:\/\/www.globalong.com\/blog\/#\/schema\/logo\/image\/"},"sameAs":["https:\/\/www.facebook.com\/globalong"]}]}},"_links":{"self":[{"href":"https:\/\/www.globalong.com\/blog\/wp-json\/wp\/v2\/pages\/15293"}],"collection":[{"href":"https:\/\/www.globalong.com\/blog\/wp-json\/wp\/v2\/pages"}],"about":[{"href":"https:\/\/www.globalong.com\/blog\/wp-json\/wp\/v2\/types\/page"}],"author":[{"embeddable":true,"href":"https:\/\/www.globalong.com\/blog\/wp-json\/wp\/v2\/users\/9"}],"replies":[{"embeddable":true,"href":"https:\/\/www.globalong.com\/blog\/wp-json\/wp\/v2\/comments?post=15293"}],"version-history":[{"count":2,"href":"https:\/\/www.globalong.com\/blog\/wp-json\/wp\/v2\/pages\/15293\/revisions"}],"predecessor-version":[{"id":22157,"href":"https:\/\/www.globalong.com\/blog\/wp-json\/wp\/v2\/pages\/15293\/revisions\/22157"}],"up":[{"embeddable":true,"href":"https:\/\/www.globalong.com\/blog\/wp-json\/wp\/v2\/pages\/883"}],"wp:featuredmedia":[{"embeddable":true,"href":"https:\/\/www.globalong.com\/blog\/wp-json\/wp\/v2\/media\/12348"}],"wp:attachment":[{"href":"https:\/\/www.globalong.com\/blog\/wp-json\/wp\/v2\/media?parent=15293"}],"curies":[{"name":"wp","href":"https:\/\/api.w.org\/{rel}","templated":true}]}}