{"id":15516,"date":"2023-07-26T17:47:03","date_gmt":"2023-07-26T15:47:03","guid":{"rendered":"https:\/\/www.globalong.com\/blog\/?page_id=15516"},"modified":"2025-11-12T16:04:46","modified_gmt":"2025-11-12T15:04:46","slug":"colombie-iris","status":"publish","type":"page","link":"https:\/\/www.globalong.com\/blog\/avis-temoignages-globalong\/colombie-iris\/","title":{"rendered":"Colombie &#8211; Iris"},"content":{"rendered":"<p class=\"p2\" style=\"text-align: center;\"><strong>Iris, adh\u00e9rente de l\u2019<span style=\"text-decoration: underline;\"><a href=\"https:\/\/www.globalong.com\/association-globalong.html\" target=\"_blank\" rel=\"noopener\">Association Globalong<\/a><\/span> et r\u00e9cemment engag\u00e9e sur une <span style=\"text-decoration: underline;\"><a href=\"https:\/\/www.globalong.com\/sejour-benevolat\/colombie-volontariat-international-globalong-avis-service\/association-ONG-benevolat-social-colombie-enfants-animation.html\" target=\"_blank\" rel=\"noopener\">mission de soutien social en Colombie<\/a><\/span>, nous livre son t\u00e9moignage :<\/strong><\/p>\n<p class=\"p2\">\u00ab\u00a0J\u2019ai souhait\u00e9 partir pour pouvoir d\u00e9couvrir un autre pays d\u2019une mani\u00e8re diff\u00e9rente et faire du b\u00e9n\u00e9volat.<\/p>\n<p class=\"p2\">Je n\u2019ai rien \u00e0 redire concernant l\u2019encadrement de Globalong.<\/p>\n<p class=\"p2\">Concernant le planning en <a href=\"https:\/\/www.globalong.com\/blog\/mission-humanitaire-colombie-2026\/\" target=\"_blank\" rel=\"noopener\">Colombie<\/a> : Pendant la premi\u00e8re semaine, le matin, j&rsquo;allais \u00e0 la maison de retraite et l\u2019apr\u00e8s-midi dans le centre des jeunes. Pendant la deuxi\u00e8me semaine, le matin, j&rsquo;\u00e9tais au coll\u00e8ge pour des activit\u00e9s en sciences et l\u2019apr\u00e8s-midi au centre pour les jeunes.<\/p>\n<p class=\"p3\">Comme mat\u00e9riel, j\u2019avais \u00e0 ma disposition Des cartes, des jeux de m\u00e9moires, des ballons, des crayons\u2026<\/p>\n<p class=\"p3\">J\u2019ai pu acqu\u00e9rir de nouvelles connaissances telles que des mani\u00e8res \u00e9ducatives diff\u00e9rentes ou encore des mots typiques colombiens.<\/p>\n<p class=\"p3\">Mon conseil pour les futurs b\u00e9n\u00e9voles est de venir en Colombie, car Blanca la coordinatrice est une femme g\u00e9niale pour d\u00e9couvrir le volontariat !<\/p>\n<p class=\"p3\">Cette mission a \u00e9t\u00e9 au-dessus de mes attentes parce que je n\u2019avais jamais fait de mission humanitaire.<\/p>\n<p class=\"p3\">Elle m\u2019a apport\u00e9 une vision diff\u00e9rente de la Colombie, des connaissances diff\u00e9rentes sur l\u2019\u00e9ducation et la culture et des rencontres inoubliables.<\/p>\n<p class=\"p3\">Pour se pr\u00e9parer, tout est \u00e9crit dans le guide de voyage de Globalong et la coordinatrice locale Blanca explique tout aussi pour se d\u00e9placer etc..<\/p>\n<p class=\"p3\">Pour moi, la d\u00e9finition de l&rsquo;engagement b\u00e9n\u00e9vole \u00e0 l\u2019international, c&rsquo;est donner de son temps personnel pour venir en aide \u00e0 d\u2019autres personnes d\u2019un autre pays, plus au moins vuln\u00e9rables.<\/p>\n<p class=\"p3\">Cette mission aura un impact pour mon futur m\u00e9tier en tant que CPE.\u00a0\u00bb<\/p>\n<p class=\"p3\"><strong>Encore merci \u00e0 Iris pour son engagement ! D\u00e9couvrez sa mission en Colombie en photos !<\/strong><\/p>\n<p><a href=\"https:\/\/www.globalong.com\/blog\/wp-content\/uploads\/2023\/08\/benevolat-en-colombie-1.jpeg\" target=\"_blank\" rel=\"noopener\"><img loading=\"lazy\" decoding=\"async\" class=\"wp-image-15592 size-full aligncenter\" src=\"https:\/\/www.globalong.com\/blog\/wp-content\/uploads\/2023\/08\/benevolat-en-colombie-1.jpeg\" alt=\"\" width=\"1200\" height=\"1600\" srcset=\"https:\/\/www.globalong.com\/blog\/wp-content\/uploads\/2023\/08\/benevolat-en-colombie-1.jpeg 1200w, https:\/\/www.globalong.com\/blog\/wp-content\/uploads\/2023\/08\/benevolat-en-colombie-1-225x300.jpeg 225w, https:\/\/www.globalong.com\/blog\/wp-content\/uploads\/2023\/08\/benevolat-en-colombie-1-768x1024.jpeg 768w, https:\/\/www.globalong.com\/blog\/wp-content\/uploads\/2023\/08\/benevolat-en-colombie-1-1152x1536.jpeg 1152w\" sizes=\"(max-width: 1200px) 100vw, 1200px\" \/><\/a><\/p>\n<p><a href=\"https:\/\/www.globalong.com\/blog\/wp-content\/uploads\/2023\/08\/volontariat-en-colombie.jpeg\" target=\"_blank\" rel=\"noopener\"><img loading=\"lazy\" decoding=\"async\" class=\"wp-image-15594 size-full aligncenter\" src=\"https:\/\/www.globalong.com\/blog\/wp-content\/uploads\/2023\/08\/volontariat-en-colombie.jpeg\" alt=\"\" width=\"1200\" height=\"1600\" srcset=\"https:\/\/www.globalong.com\/blog\/wp-content\/uploads\/2023\/08\/volontariat-en-colombie.jpeg 1200w, https:\/\/www.globalong.com\/blog\/wp-content\/uploads\/2023\/08\/volontariat-en-colombie-225x300.jpeg 225w, https:\/\/www.globalong.com\/blog\/wp-content\/uploads\/2023\/08\/volontariat-en-colombie-768x1024.jpeg 768w, https:\/\/www.globalong.com\/blog\/wp-content\/uploads\/2023\/08\/volontariat-en-colombie-1152x1536.jpeg 1152w\" sizes=\"(max-width: 1200px) 100vw, 1200px\" \/><\/a> <a href=\"https:\/\/www.globalong.com\/blog\/wp-content\/uploads\/2023\/08\/volontariat-humanitaire-colombie.jpeg\" target=\"_blank\" rel=\"noopener\"><img loading=\"lazy\" decoding=\"async\" class=\"alignnone wp-image-15595 size-full\" src=\"https:\/\/www.globalong.com\/blog\/wp-content\/uploads\/2023\/08\/volontariat-humanitaire-colombie.jpeg\" alt=\"\" width=\"1600\" height=\"1200\" srcset=\"https:\/\/www.globalong.com\/blog\/wp-content\/uploads\/2023\/08\/volontariat-humanitaire-colombie.jpeg 1600w, https:\/\/www.globalong.com\/blog\/wp-content\/uploads\/2023\/08\/volontariat-humanitaire-colombie-300x225.jpeg 300w, https:\/\/www.globalong.com\/blog\/wp-content\/uploads\/2023\/08\/volontariat-humanitaire-colombie-1024x768.jpeg 1024w, https:\/\/www.globalong.com\/blog\/wp-content\/uploads\/2023\/08\/volontariat-humanitaire-colombie-768x576.jpeg 768w, https:\/\/www.globalong.com\/blog\/wp-content\/uploads\/2023\/08\/volontariat-humanitaire-colombie-1536x1152.jpeg 1536w\" sizes=\"(max-width: 1600px) 100vw, 1600px\" \/><\/a><\/p>\n<p class=\"p4\" style=\"text-align: center;\"><b>Pour plus d\u2019informations, n\u2019h\u00e9sitez pas \u00e0 nous contacter \u00e0 l\u2019adresse\u00a0<\/b><a href=\"mailto:info@globalong.com\"><span class=\"s2\"><b>info@globalong.com<\/b><\/span><\/a><\/p>\n<p class=\"p4\" style=\"text-align: center;\"><b>Pour en savoir plus sur l\u2019Association Globalong et ses adh\u00e9rents, rendez-vous sur\u00a0<\/b><a href=\"https:\/\/www.instagram.com\/globalongofficiel\/\"><span class=\"s2\"><b>Instagram<\/b><\/span><\/a><b>,\u00a0<\/b><a href=\"https:\/\/www.facebook.com\/globalong\"><span class=\"s2\"><b>Facebook<\/b><\/span><\/a><b>,\u00a0<\/b><a href=\"https:\/\/www.linkedin.com\/company\/5113177\/admin\/feed\/posts\/\"><span class=\"s2\"><b>LinkedIn<\/b><\/span><\/a><b>\u00a0et\u00a0<\/b><a href=\"https:\/\/www.youtube.com\/c\/globalong\/videos\"><span class=\"s2\"><b>Youtube<\/b><\/span><\/a><b>\u00a0!\u00a0<\/b><\/p>\n","protected":false},"excerpt":{"rendered":"<p>Iris, adh\u00e9rente de l\u2019Association Globalong et r\u00e9cemment engag\u00e9e sur une mission de soutien social en Colombie, nous livre son t\u00e9moignage : \u00ab\u00a0J\u2019ai souhait\u00e9 partir pour pouvoir d\u00e9couvrir un autre pays d\u2019une mani\u00e8re diff\u00e9rente et faire du b\u00e9n\u00e9volat. Je n\u2019ai rien \u00e0 redire concernant l\u2019encadrement de Globalong. Concernant le planning en Colombie : Pendant la premi\u00e8re [&hellip;]<\/p>\n","protected":false},"author":9,"featured_media":15591,"parent":883,"menu_order":0,"comment_status":"closed","ping_status":"closed","template":"","meta":{"footnotes":""},"yoast_head":"<!-- This site is optimized with the Yoast SEO Premium plugin v23.4 (Yoast SEO v23.4) - https:\/\/yoast.com\/wordpress\/plugins\/seo\/ -->\n<title>Colombie - Iris - Association Globalong<\/title>\n<meta name=\"robots\" content=\"index, follow, max-snippet:-1, max-image-preview:large, max-video-preview:-1\" \/>\n<link rel=\"canonical\" href=\"https:\/\/www.globalong.com\/blog\/avis-temoignages-globalong\/colombie-iris\/\" \/>\n<meta property=\"og:locale\" content=\"fr_FR\" \/>\n<meta property=\"og:type\" content=\"article\" \/>\n<meta property=\"og:title\" content=\"Colombie - Iris\" \/>\n<meta property=\"og:description\" content=\"Iris, adh\u00e9rente de l\u2019Association Globalong et r\u00e9cemment engag\u00e9e sur une mission de soutien social en Colombie, nous livre son t\u00e9moignage : \u00ab\u00a0J\u2019ai souhait\u00e9 partir pour pouvoir d\u00e9couvrir un autre pays d\u2019une mani\u00e8re diff\u00e9rente et faire du b\u00e9n\u00e9volat. Je n\u2019ai rien \u00e0 redire concernant l\u2019encadrement de Globalong. Concernant le planning en Colombie : Pendant la premi\u00e8re [&hellip;]\" \/>\n<meta property=\"og:url\" content=\"https:\/\/www.globalong.com\/blog\/avis-temoignages-globalong\/colombie-iris\/\" \/>\n<meta property=\"og:site_name\" content=\"Association Globalong\" \/>\n<meta property=\"article:publisher\" content=\"https:\/\/www.facebook.com\/globalong\" \/>\n<meta property=\"article:modified_time\" content=\"2025-11-12T15:04:46+00:00\" \/>\n<meta property=\"og:image\" content=\"https:\/\/www.globalong.com\/blog\/wp-content\/uploads\/2023\/08\/mission-humanitaire-en-colombie.jpeg\" \/>\n\t<meta property=\"og:image:width\" content=\"1600\" \/>\n\t<meta property=\"og:image:height\" content=\"1200\" \/>\n\t<meta property=\"og:image:type\" content=\"image\/jpeg\" \/>\n<meta name=\"twitter:card\" content=\"summary_large_image\" \/>\n<meta name=\"twitter:label1\" content=\"Dur\u00e9e de lecture estim\u00e9e\" \/>\n\t<meta name=\"twitter:data1\" content=\"3 minutes\" \/>\n<script type=\"application\/ld+json\" class=\"yoast-schema-graph\">{\"@context\":\"https:\/\/schema.org\",\"@graph\":[{\"@type\":\"WebPage\",\"@id\":\"https:\/\/www.globalong.com\/blog\/avis-temoignages-globalong\/colombie-iris\/\",\"url\":\"https:\/\/www.globalong.com\/blog\/avis-temoignages-globalong\/colombie-iris\/\",\"name\":\"Colombie - Iris - Association Globalong\",\"isPartOf\":{\"@id\":\"https:\/\/www.globalong.com\/blog\/#website\"},\"primaryImageOfPage\":{\"@id\":\"https:\/\/www.globalong.com\/blog\/avis-temoignages-globalong\/colombie-iris\/#primaryimage\"},\"image\":{\"@id\":\"https:\/\/www.globalong.com\/blog\/avis-temoignages-globalong\/colombie-iris\/#primaryimage\"},\"thumbnailUrl\":\"https:\/\/www.globalong.com\/blog\/wp-content\/uploads\/2023\/08\/mission-humanitaire-en-colombie.jpeg\",\"datePublished\":\"2023-07-26T15:47:03+00:00\",\"dateModified\":\"2025-11-12T15:04:46+00:00\",\"breadcrumb\":{\"@id\":\"https:\/\/www.globalong.com\/blog\/avis-temoignages-globalong\/colombie-iris\/#breadcrumb\"},\"inLanguage\":\"fr-FR\",\"potentialAction\":[{\"@type\":\"ReadAction\",\"target\":[\"https:\/\/www.globalong.com\/blog\/avis-temoignages-globalong\/colombie-iris\/\"]}]},{\"@type\":\"ImageObject\",\"inLanguage\":\"fr-FR\",\"@id\":\"https:\/\/www.globalong.com\/blog\/avis-temoignages-globalong\/colombie-iris\/#primaryimage\",\"url\":\"https:\/\/www.globalong.com\/blog\/wp-content\/uploads\/2023\/08\/mission-humanitaire-en-colombie.jpeg\",\"contentUrl\":\"https:\/\/www.globalong.com\/blog\/wp-content\/uploads\/2023\/08\/mission-humanitaire-en-colombie.jpeg\",\"width\":1600,\"height\":1200,\"caption\":\"Mission de b\u00e9n\u00e9volat en Colombie\"},{\"@type\":\"BreadcrumbList\",\"@id\":\"https:\/\/www.globalong.com\/blog\/avis-temoignages-globalong\/colombie-iris\/#breadcrumb\",\"itemListElement\":[{\"@type\":\"ListItem\",\"position\":1,\"name\":\"Accueil\",\"item\":\"https:\/\/www.globalong.com\/blog\/\"},{\"@type\":\"ListItem\",\"position\":2,\"name\":\"T\u00e9moignages et avis de volontaires Globalong\",\"item\":\"https:\/\/www.globalong.com\/blog\/avis-temoignages-globalong\/\"},{\"@type\":\"ListItem\",\"position\":3,\"name\":\"Colombie &#8211; Iris\"}]},{\"@type\":\"WebSite\",\"@id\":\"https:\/\/www.globalong.com\/blog\/#website\",\"url\":\"https:\/\/www.globalong.com\/blog\/\",\"name\":\"https:\/\/www.globalong.com\/\",\"description\":\"Mission humanitaire, stage \u00e9tudiant et voyage linguistique\",\"publisher\":{\"@id\":\"https:\/\/www.globalong.com\/blog\/#organization\"},\"potentialAction\":[{\"@type\":\"SearchAction\",\"target\":{\"@type\":\"EntryPoint\",\"urlTemplate\":\"https:\/\/www.globalong.com\/blog\/?s={search_term_string}\"},\"query-input\":{\"@type\":\"PropertyValueSpecification\",\"valueRequired\":true,\"valueName\":\"search_term_string\"}}],\"inLanguage\":\"fr-FR\"},{\"@type\":\"Organization\",\"@id\":\"https:\/\/www.globalong.com\/blog\/#organization\",\"name\":\"Association Globalong\",\"url\":\"https:\/\/www.globalong.com\/blog\/\",\"logo\":{\"@type\":\"ImageObject\",\"inLanguage\":\"fr-FR\",\"@id\":\"https:\/\/www.globalong.com\/blog\/#\/schema\/logo\/image\/\",\"url\":\"https:\/\/www.globalong.com\/blog\/wp-content\/uploads\/2014\/11\/cropped-cropped-Logo-et-Afrique-Globalong-petite-taille-2.jpg\",\"contentUrl\":\"https:\/\/www.globalong.com\/blog\/wp-content\/uploads\/2014\/11\/cropped-cropped-Logo-et-Afrique-Globalong-petite-taille-2.jpg\",\"width\":512,\"height\":512,\"caption\":\"Association Globalong\"},\"image\":{\"@id\":\"https:\/\/www.globalong.com\/blog\/#\/schema\/logo\/image\/\"},\"sameAs\":[\"https:\/\/www.facebook.com\/globalong\"]}]}<\/script>\n<!-- \/ Yoast SEO Premium plugin. -->","yoast_head_json":{"title":"Colombie - Iris - Association Globalong","robots":{"index":"index","follow":"follow","max-snippet":"max-snippet:-1","max-image-preview":"max-image-preview:large","max-video-preview":"max-video-preview:-1"},"canonical":"https:\/\/www.globalong.com\/blog\/avis-temoignages-globalong\/colombie-iris\/","og_locale":"fr_FR","og_type":"article","og_title":"Colombie - Iris","og_description":"Iris, adh\u00e9rente de l\u2019Association Globalong et r\u00e9cemment engag\u00e9e sur une mission de soutien social en Colombie, nous livre son t\u00e9moignage : \u00ab\u00a0J\u2019ai souhait\u00e9 partir pour pouvoir d\u00e9couvrir un autre pays d\u2019une mani\u00e8re diff\u00e9rente et faire du b\u00e9n\u00e9volat. Je n\u2019ai rien \u00e0 redire concernant l\u2019encadrement de Globalong. Concernant le planning en Colombie : Pendant la premi\u00e8re [&hellip;]","og_url":"https:\/\/www.globalong.com\/blog\/avis-temoignages-globalong\/colombie-iris\/","og_site_name":"Association Globalong","article_publisher":"https:\/\/www.facebook.com\/globalong","article_modified_time":"2025-11-12T15:04:46+00:00","og_image":[{"width":1600,"height":1200,"url":"https:\/\/www.globalong.com\/blog\/wp-content\/uploads\/2023\/08\/mission-humanitaire-en-colombie.jpeg","type":"image\/jpeg"}],"twitter_card":"summary_large_image","twitter_misc":{"Dur\u00e9e de lecture estim\u00e9e":"3 minutes"},"schema":{"@context":"https:\/\/schema.org","@graph":[{"@type":"WebPage","@id":"https:\/\/www.globalong.com\/blog\/avis-temoignages-globalong\/colombie-iris\/","url":"https:\/\/www.globalong.com\/blog\/avis-temoignages-globalong\/colombie-iris\/","name":"Colombie - Iris - Association Globalong","isPartOf":{"@id":"https:\/\/www.globalong.com\/blog\/#website"},"primaryImageOfPage":{"@id":"https:\/\/www.globalong.com\/blog\/avis-temoignages-globalong\/colombie-iris\/#primaryimage"},"image":{"@id":"https:\/\/www.globalong.com\/blog\/avis-temoignages-globalong\/colombie-iris\/#primaryimage"},"thumbnailUrl":"https:\/\/www.globalong.com\/blog\/wp-content\/uploads\/2023\/08\/mission-humanitaire-en-colombie.jpeg","datePublished":"2023-07-26T15:47:03+00:00","dateModified":"2025-11-12T15:04:46+00:00","breadcrumb":{"@id":"https:\/\/www.globalong.com\/blog\/avis-temoignages-globalong\/colombie-iris\/#breadcrumb"},"inLanguage":"fr-FR","potentialAction":[{"@type":"ReadAction","target":["https:\/\/www.globalong.com\/blog\/avis-temoignages-globalong\/colombie-iris\/"]}]},{"@type":"ImageObject","inLanguage":"fr-FR","@id":"https:\/\/www.globalong.com\/blog\/avis-temoignages-globalong\/colombie-iris\/#primaryimage","url":"https:\/\/www.globalong.com\/blog\/wp-content\/uploads\/2023\/08\/mission-humanitaire-en-colombie.jpeg","contentUrl":"https:\/\/www.globalong.com\/blog\/wp-content\/uploads\/2023\/08\/mission-humanitaire-en-colombie.jpeg","width":1600,"height":1200,"caption":"Mission de b\u00e9n\u00e9volat en Colombie"},{"@type":"BreadcrumbList","@id":"https:\/\/www.globalong.com\/blog\/avis-temoignages-globalong\/colombie-iris\/#breadcrumb","itemListElement":[{"@type":"ListItem","position":1,"name":"Accueil","item":"https:\/\/www.globalong.com\/blog\/"},{"@type":"ListItem","position":2,"name":"T\u00e9moignages et avis de volontaires Globalong","item":"https:\/\/www.globalong.com\/blog\/avis-temoignages-globalong\/"},{"@type":"ListItem","position":3,"name":"Colombie &#8211; Iris"}]},{"@type":"WebSite","@id":"https:\/\/www.globalong.com\/blog\/#website","url":"https:\/\/www.globalong.com\/blog\/","name":"https:\/\/www.globalong.com\/","description":"Mission humanitaire, stage \u00e9tudiant et voyage linguistique","publisher":{"@id":"https:\/\/www.globalong.com\/blog\/#organization"},"potentialAction":[{"@type":"SearchAction","target":{"@type":"EntryPoint","urlTemplate":"https:\/\/www.globalong.com\/blog\/?s={search_term_string}"},"query-input":{"@type":"PropertyValueSpecification","valueRequired":true,"valueName":"search_term_string"}}],"inLanguage":"fr-FR"},{"@type":"Organization","@id":"https:\/\/www.globalong.com\/blog\/#organization","name":"Association Globalong","url":"https:\/\/www.globalong.com\/blog\/","logo":{"@type":"ImageObject","inLanguage":"fr-FR","@id":"https:\/\/www.globalong.com\/blog\/#\/schema\/logo\/image\/","url":"https:\/\/www.globalong.com\/blog\/wp-content\/uploads\/2014\/11\/cropped-cropped-Logo-et-Afrique-Globalong-petite-taille-2.jpg","contentUrl":"https:\/\/www.globalong.com\/blog\/wp-content\/uploads\/2014\/11\/cropped-cropped-Logo-et-Afrique-Globalong-petite-taille-2.jpg","width":512,"height":512,"caption":"Association Globalong"},"image":{"@id":"https:\/\/www.globalong.com\/blog\/#\/schema\/logo\/image\/"},"sameAs":["https:\/\/www.facebook.com\/globalong"]}]}},"_links":{"self":[{"href":"https:\/\/www.globalong.com\/blog\/wp-json\/wp\/v2\/pages\/15516"}],"collection":[{"href":"https:\/\/www.globalong.com\/blog\/wp-json\/wp\/v2\/pages"}],"about":[{"href":"https:\/\/www.globalong.com\/blog\/wp-json\/wp\/v2\/types\/page"}],"author":[{"embeddable":true,"href":"https:\/\/www.globalong.com\/blog\/wp-json\/wp\/v2\/users\/9"}],"replies":[{"embeddable":true,"href":"https:\/\/www.globalong.com\/blog\/wp-json\/wp\/v2\/comments?post=15516"}],"version-history":[{"count":6,"href":"https:\/\/www.globalong.com\/blog\/wp-json\/wp\/v2\/pages\/15516\/revisions"}],"predecessor-version":[{"id":22489,"href":"https:\/\/www.globalong.com\/blog\/wp-json\/wp\/v2\/pages\/15516\/revisions\/22489"}],"up":[{"embeddable":true,"href":"https:\/\/www.globalong.com\/blog\/wp-json\/wp\/v2\/pages\/883"}],"wp:featuredmedia":[{"embeddable":true,"href":"https:\/\/www.globalong.com\/blog\/wp-json\/wp\/v2\/media\/15591"}],"wp:attachment":[{"href":"https:\/\/www.globalong.com\/blog\/wp-json\/wp\/v2\/media?parent=15516"}],"curies":[{"name":"wp","href":"https:\/\/api.w.org\/{rel}","templated":true}]}}