{"id":15599,"date":"2023-08-16T12:12:39","date_gmt":"2023-08-16T10:12:39","guid":{"rendered":"https:\/\/www.globalong.com\/blog\/?page_id=15599"},"modified":"2025-03-08T12:59:04","modified_gmt":"2025-03-08T11:59:04","slug":"irlande-alberto-mineurs","status":"publish","type":"page","link":"https:\/\/www.globalong.com\/blog\/avis-temoignages-globalong\/irlande-alberto-mineurs\/","title":{"rendered":"Irlande &#8211; Alberto (mineurs)"},"content":{"rendered":"<p class=\"p1\" style=\"text-align: center;\"><b>Alberto, adh\u00e9rent de l\u2019<a href=\"https:\/\/www.globalong.com\/association-globalong.html\" target=\"_blank\" rel=\"noopener\">Association Globalong<\/a> et r\u00e9cemment engag\u00e9 sur la <a href=\"https:\/\/www.globalong.com\/sejour-benevolat\/association-globalong-volontariat-mission-stage-benevole-irlande\/volontariat-international-stage-europe-jeune-mineur-15-17-ans-globalong-irlande.html\" target=\"_blank\" rel=\"noopener\">mission d\u2019\u00e9co-volontariat pour les mineurs en Irlande<\/a>, nous livre son t\u00e9moignage :\u00a0<\/b><\/p>\n<p class=\"p3\">\u00ab\u00a0Je voulais partir pour tenter une nouvelle exp\u00e9rience de volontariat tout en pratiquant l&rsquo;anglais. Mes attentes \u00e9taient d&rsquo;am\u00e9liorer mon anglais et d&rsquo;aider la plan\u00e8te.<\/p>\n<p class=\"p3\">Tout \u00e9tait \u00e0 la hauteur de mes attentes ! Concernant le planning, le matin, nous avions \u00e9cole (cours d&rsquo;anglais). L\u2019apr\u00e8s-midi nous faisions des activit\u00e9s avec l\u2019\u00e9cole et le weekend nous partions en excursions ou en activit\u00e9s de <a href=\"https:\/\/www.globalong.com\/blog\/partir-a-letranger-quand-on-est-mineur\/\" target=\"_blank\" rel=\"noopener\">volontariat pour les mineurs<\/a>. Il y avait aussi des journ\u00e9es o\u00f9 des demi-journ\u00e9es dans la semaine consacr\u00e9es \u00e0 l\u2019\u00e9co-volontariat.<\/p>\n<p class=\"p3\">Les t\u00e2ches quotidiennes lors des journ\u00e9es de volontariat \u00e9taient le jardinage, \u00e9liminer les plantes invasives pour pr\u00e9server le d\u00e9veloppement des plantes natives du pays, la construction d&rsquo;un sentier de pierre ou encore le ramassage de d\u00e9chets le long d&rsquo;une rivi\u00e8re.<\/p>\n<p class=\"p3\">Comme mat\u00e9riel, nous avions \u00e0 disposition des gants, une pince t\u00e9lescopique, des gilets, des pelles et des r\u00e2teaux.<\/p>\n<p class=\"p3\">J&rsquo;ai beaucoup appris sur les plantes en Irlande et sur l&rsquo;impact des d\u00e9chets (notamment le fait de jeter n&rsquo;importe quoi dans les WC qui se retrouve ensuite dans la mer). Il y avait pour chaque activit\u00e9 de volontariat un professionnel qui nous donnait des explications.<\/p>\n<p class=\"p3\">Mes conseils pour les futurs b\u00e9n\u00e9voles sont d&rsquo;avoir vraiment envie de participer \u00e0 cette exp\u00e9rience et communiquer avec les autres.<\/p>\n<p class=\"p3\">Comme budget par semaine, je conseille 30\u20ac (moi, j&rsquo;ai d\u00e9pens\u00e9 43\u20ac en deux semaines pour des souvenirs, un go\u00fbter et un repas dans l&rsquo;avion, car tout le reste est compris : nourriture, tickets du bus, etc.)<\/p>\n<p class=\"p3\">Cette mission m&rsquo;a apport\u00e9 de l&rsquo;ind\u00e9pendance, des connaissances, du plaisir et de l\u2019\u00e9panouissement.<\/p>\n<p class=\"p3\">Elle a \u00e9t\u00e9 conforme \u00e0 mes attentes car je m&rsquo;attendais \u00e0 faire des cours d&rsquo;anglais, des activit\u00e9s, du volontariat, de vivre avec une famille d&rsquo;accueil et de rencontrer d&rsquo;autres personnes de diff\u00e9rentes nationalit\u00e9s.<\/p>\n<p class=\"p3\">J\u2019aurais aim\u00e9 avoir le programme d\u00e9taill\u00e9 des activit\u00e9s et des activit\u00e9s de volontariat (m\u00eame si tout nous a \u00e9t\u00e9 expliqu\u00e9 d\u00e8s le premier jour).<\/p>\n<p class=\"p3\">Pour moi, la d\u00e9finition de l&rsquo;engagement b\u00e9n\u00e9vole \u00e0 l\u2019international, c&rsquo;est<span class=\"Apple-converted-space\">\u00a0\u00a0<\/span>d\u2019aider les autres et l&rsquo;environnement dans une culture diff\u00e9rente de la sienne.<\/p>\n<p class=\"p3\">Cette mission m&rsquo;a permis de me faire de nouveaux amis, d&rsquo;avoir de nouvelles connaissances donc d&rsquo;\u00eatre plus \u00e9co-responsable et d&rsquo;am\u00e9liorer mon anglais.<\/p>\n<p class=\"p3\">Les bonnes adresses d\u2019Alberto : Nous avons visit\u00e9 Killarney dans une cal\u00e8che avec des chevaux en faisant le tour du parc naturel, nous sommes all\u00e9s pr\u00eat du \u00ab\u00a0Ross castle\u00a0\u00bb etvsur une petite \u00eele, nous avons fait une randonn\u00e9e un peu en montagne, nous avons fait du sport dans un ventre avec des experts et nous sommes all\u00e9s 2 fois \u00e0 Cork.\u00a0\u00bb<\/p>\n<p>Merci \u00e0 Alberto pour son engagement ! D\u00e9couvrez sa mission en photos !<\/p>\n<p><a href=\"https:\/\/www.globalong.com\/blog\/wp-content\/uploads\/2023\/08\/mission-humanitaire-en-irlande.jpeg\" target=\"_blank\" rel=\"noopener\"><img loading=\"lazy\" decoding=\"async\" class=\"aligncenter wp-image-15600 size-full\" src=\"https:\/\/www.globalong.com\/blog\/wp-content\/uploads\/2023\/08\/mission-humanitaire-en-irlande.jpeg\" alt=\"\" width=\"768\" height=\"768\" srcset=\"https:\/\/www.globalong.com\/blog\/wp-content\/uploads\/2023\/08\/mission-humanitaire-en-irlande.jpeg 768w, https:\/\/www.globalong.com\/blog\/wp-content\/uploads\/2023\/08\/mission-humanitaire-en-irlande-300x300.jpeg 300w, https:\/\/www.globalong.com\/blog\/wp-content\/uploads\/2023\/08\/mission-humanitaire-en-irlande-150x150.jpeg 150w\" sizes=\"(max-width: 768px) 100vw, 768px\" \/><\/a> <a href=\"https:\/\/www.globalong.com\/blog\/wp-content\/uploads\/2023\/08\/mission-eco-volontariat-mineur.jpeg\" target=\"_blank\" rel=\"noopener\"><img loading=\"lazy\" decoding=\"async\" class=\"aligncenter wp-image-15601 size-full\" src=\"https:\/\/www.globalong.com\/blog\/wp-content\/uploads\/2023\/08\/mission-eco-volontariat-mineur.jpeg\" alt=\"\" width=\"1530\" height=\"1530\" srcset=\"https:\/\/www.globalong.com\/blog\/wp-content\/uploads\/2023\/08\/mission-eco-volontariat-mineur.jpeg 1530w, https:\/\/www.globalong.com\/blog\/wp-content\/uploads\/2023\/08\/mission-eco-volontariat-mineur-300x300.jpeg 300w, https:\/\/www.globalong.com\/blog\/wp-content\/uploads\/2023\/08\/mission-eco-volontariat-mineur-1024x1024.jpeg 1024w, https:\/\/www.globalong.com\/blog\/wp-content\/uploads\/2023\/08\/mission-eco-volontariat-mineur-150x150.jpeg 150w, https:\/\/www.globalong.com\/blog\/wp-content\/uploads\/2023\/08\/mission-eco-volontariat-mineur-768x768.jpeg 768w\" sizes=\"(max-width: 1530px) 100vw, 1530px\" \/><\/a> <a href=\"https:\/\/www.globalong.com\/blog\/wp-content\/uploads\/2023\/08\/mission-mineurs-europe.jpeg\" target=\"_blank\" rel=\"noopener\"><img loading=\"lazy\" decoding=\"async\" class=\"aligncenter wp-image-15602 size-full\" src=\"https:\/\/www.globalong.com\/blog\/wp-content\/uploads\/2023\/08\/mission-mineurs-europe.jpeg\" alt=\"\" width=\"768\" height=\"768\" srcset=\"https:\/\/www.globalong.com\/blog\/wp-content\/uploads\/2023\/08\/mission-mineurs-europe.jpeg 768w, https:\/\/www.globalong.com\/blog\/wp-content\/uploads\/2023\/08\/mission-mineurs-europe-300x300.jpeg 300w, https:\/\/www.globalong.com\/blog\/wp-content\/uploads\/2023\/08\/mission-mineurs-europe-150x150.jpeg 150w\" sizes=\"(max-width: 768px) 100vw, 768px\" \/><\/a> <a href=\"https:\/\/www.globalong.com\/blog\/wp-content\/uploads\/2023\/08\/mission-humanitaire-mineur.jpeg\" target=\"_blank\" rel=\"noopener\"><img loading=\"lazy\" decoding=\"async\" class=\"aligncenter wp-image-15603 size-full\" src=\"https:\/\/www.globalong.com\/blog\/wp-content\/uploads\/2023\/08\/mission-humanitaire-mineur.jpeg\" alt=\"\" width=\"768\" height=\"768\" srcset=\"https:\/\/www.globalong.com\/blog\/wp-content\/uploads\/2023\/08\/mission-humanitaire-mineur.jpeg 768w, https:\/\/www.globalong.com\/blog\/wp-content\/uploads\/2023\/08\/mission-humanitaire-mineur-300x300.jpeg 300w, https:\/\/www.globalong.com\/blog\/wp-content\/uploads\/2023\/08\/mission-humanitaire-mineur-150x150.jpeg 150w\" sizes=\"(max-width: 768px) 100vw, 768px\" \/><\/a> <a href=\"https:\/\/www.globalong.com\/blog\/wp-content\/uploads\/2023\/08\/camp-ete-mineurs-europe.jpeg\" target=\"_blank\" rel=\"noopener\"><img loading=\"lazy\" decoding=\"async\" class=\"aligncenter wp-image-15604 size-full\" src=\"https:\/\/www.globalong.com\/blog\/wp-content\/uploads\/2023\/08\/camp-ete-mineurs-europe.jpeg\" alt=\"\" width=\"900\" height=\"900\" srcset=\"https:\/\/www.globalong.com\/blog\/wp-content\/uploads\/2023\/08\/camp-ete-mineurs-europe.jpeg 900w, https:\/\/www.globalong.com\/blog\/wp-content\/uploads\/2023\/08\/camp-ete-mineurs-europe-300x300.jpeg 300w, https:\/\/www.globalong.com\/blog\/wp-content\/uploads\/2023\/08\/camp-ete-mineurs-europe-150x150.jpeg 150w, https:\/\/www.globalong.com\/blog\/wp-content\/uploads\/2023\/08\/camp-ete-mineurs-europe-768x768.jpeg 768w\" sizes=\"(max-width: 900px) 100vw, 900px\" \/><\/a><\/p>\n<p class=\"p4\" style=\"text-align: center;\"><b>Pour plus d\u2019informations, n\u2019h\u00e9sitez pas \u00e0 nous contacter \u00e0 l\u2019adresse\u00a0<\/b><a href=\"mailto:info@globalong.com\"><span class=\"s1\"><b>info@globalong.com<\/b><\/span><\/a><b>.<\/b><\/p>\n<p class=\"p4\" style=\"text-align: center;\"><b>Pour en savoir plus sur l\u2019Association Globalong et ses adh\u00e9rents, rendez-vous sur\u00a0<\/b><a href=\"https:\/\/www.instagram.com\/globalongofficiel\/\"><span class=\"s2\"><b>Instagram<\/b><\/span><\/a><b>,\u00a0<\/b><a href=\"https:\/\/www.facebook.com\/globalong\"><span class=\"s2\"><b>Facebook<\/b><\/span><\/a><b>,\u00a0<\/b><a href=\"https:\/\/www.linkedin.com\/company\/5113177\/admin\/feed\/posts\/\"><span class=\"s2\"><b>LinkedIn<\/b><\/span><\/a><b>\u00a0et\u00a0<\/b><a href=\"https:\/\/www.youtube.com\/c\/globalong\/videos\"><span class=\"s2\"><b>Youtube<\/b><\/span><\/a><b>\u00a0!\u00a0<\/b><\/p>\n","protected":false},"excerpt":{"rendered":"<p>Alberto, adh\u00e9rent de l\u2019Association Globalong et r\u00e9cemment engag\u00e9 sur la mission d\u2019\u00e9co-volontariat pour les mineurs en Irlande, nous livre son t\u00e9moignage :\u00a0 \u00ab\u00a0Je voulais partir pour tenter une nouvelle exp\u00e9rience de volontariat tout en pratiquant l&rsquo;anglais. Mes attentes \u00e9taient d&rsquo;am\u00e9liorer mon anglais et d&rsquo;aider la plan\u00e8te. Tout \u00e9tait \u00e0 la hauteur de mes attentes ! [&hellip;]<\/p>\n","protected":false},"author":9,"featured_media":15605,"parent":883,"menu_order":0,"comment_status":"closed","ping_status":"closed","template":"","meta":{"footnotes":""},"yoast_head":"<!-- This site is optimized with the Yoast SEO Premium plugin v23.4 (Yoast SEO v23.4) - https:\/\/yoast.com\/wordpress\/plugins\/seo\/ -->\n<title>Irlande - Alberto (mineurs) - Association Globalong<\/title>\n<meta name=\"robots\" content=\"index, follow, max-snippet:-1, max-image-preview:large, max-video-preview:-1\" \/>\n<link rel=\"canonical\" href=\"https:\/\/www.globalong.com\/blog\/avis-temoignages-globalong\/irlande-alberto-mineurs\/\" \/>\n<meta property=\"og:locale\" content=\"fr_FR\" \/>\n<meta property=\"og:type\" content=\"article\" \/>\n<meta property=\"og:title\" content=\"Irlande - Alberto (mineurs)\" \/>\n<meta property=\"og:description\" content=\"Alberto, adh\u00e9rent de l\u2019Association Globalong et r\u00e9cemment engag\u00e9 sur la mission d\u2019\u00e9co-volontariat pour les mineurs en Irlande, nous livre son t\u00e9moignage :\u00a0 \u00ab\u00a0Je voulais partir pour tenter une nouvelle exp\u00e9rience de volontariat tout en pratiquant l&rsquo;anglais. Mes attentes \u00e9taient d&rsquo;am\u00e9liorer mon anglais et d&rsquo;aider la plan\u00e8te. Tout \u00e9tait \u00e0 la hauteur de mes attentes ! [&hellip;]\" \/>\n<meta property=\"og:url\" content=\"https:\/\/www.globalong.com\/blog\/avis-temoignages-globalong\/irlande-alberto-mineurs\/\" \/>\n<meta property=\"og:site_name\" content=\"Association Globalong\" \/>\n<meta property=\"article:publisher\" content=\"https:\/\/www.facebook.com\/globalong\" \/>\n<meta property=\"article:modified_time\" content=\"2025-03-08T11:59:04+00:00\" \/>\n<meta property=\"og:image\" content=\"https:\/\/www.globalong.com\/blog\/wp-content\/uploads\/2023\/08\/alberto-en-mission.jpeg\" \/>\n\t<meta property=\"og:image:width\" content=\"768\" \/>\n\t<meta property=\"og:image:height\" content=\"768\" \/>\n\t<meta property=\"og:image:type\" content=\"image\/jpeg\" \/>\n<meta name=\"twitter:card\" content=\"summary_large_image\" \/>\n<meta name=\"twitter:label1\" content=\"Dur\u00e9e de lecture estim\u00e9e\" \/>\n\t<meta name=\"twitter:data1\" content=\"4 minutes\" \/>\n<script type=\"application\/ld+json\" class=\"yoast-schema-graph\">{\"@context\":\"https:\/\/schema.org\",\"@graph\":[{\"@type\":\"WebPage\",\"@id\":\"https:\/\/www.globalong.com\/blog\/avis-temoignages-globalong\/irlande-alberto-mineurs\/\",\"url\":\"https:\/\/www.globalong.com\/blog\/avis-temoignages-globalong\/irlande-alberto-mineurs\/\",\"name\":\"Irlande - Alberto (mineurs) - Association Globalong\",\"isPartOf\":{\"@id\":\"https:\/\/www.globalong.com\/blog\/#website\"},\"primaryImageOfPage\":{\"@id\":\"https:\/\/www.globalong.com\/blog\/avis-temoignages-globalong\/irlande-alberto-mineurs\/#primaryimage\"},\"image\":{\"@id\":\"https:\/\/www.globalong.com\/blog\/avis-temoignages-globalong\/irlande-alberto-mineurs\/#primaryimage\"},\"thumbnailUrl\":\"https:\/\/www.globalong.com\/blog\/wp-content\/uploads\/2023\/08\/alberto-en-mission.jpeg\",\"datePublished\":\"2023-08-16T10:12:39+00:00\",\"dateModified\":\"2025-03-08T11:59:04+00:00\",\"breadcrumb\":{\"@id\":\"https:\/\/www.globalong.com\/blog\/avis-temoignages-globalong\/irlande-alberto-mineurs\/#breadcrumb\"},\"inLanguage\":\"fr-FR\",\"potentialAction\":[{\"@type\":\"ReadAction\",\"target\":[\"https:\/\/www.globalong.com\/blog\/avis-temoignages-globalong\/irlande-alberto-mineurs\/\"]}]},{\"@type\":\"ImageObject\",\"inLanguage\":\"fr-FR\",\"@id\":\"https:\/\/www.globalong.com\/blog\/avis-temoignages-globalong\/irlande-alberto-mineurs\/#primaryimage\",\"url\":\"https:\/\/www.globalong.com\/blog\/wp-content\/uploads\/2023\/08\/alberto-en-mission.jpeg\",\"contentUrl\":\"https:\/\/www.globalong.com\/blog\/wp-content\/uploads\/2023\/08\/alberto-en-mission.jpeg\",\"width\":768,\"height\":768},{\"@type\":\"BreadcrumbList\",\"@id\":\"https:\/\/www.globalong.com\/blog\/avis-temoignages-globalong\/irlande-alberto-mineurs\/#breadcrumb\",\"itemListElement\":[{\"@type\":\"ListItem\",\"position\":1,\"name\":\"Accueil\",\"item\":\"https:\/\/www.globalong.com\/blog\/\"},{\"@type\":\"ListItem\",\"position\":2,\"name\":\"T\u00e9moignages et avis de volontaires Globalong\",\"item\":\"https:\/\/www.globalong.com\/blog\/avis-temoignages-globalong\/\"},{\"@type\":\"ListItem\",\"position\":3,\"name\":\"Irlande &#8211; Alberto (mineurs)\"}]},{\"@type\":\"WebSite\",\"@id\":\"https:\/\/www.globalong.com\/blog\/#website\",\"url\":\"https:\/\/www.globalong.com\/blog\/\",\"name\":\"https:\/\/www.globalong.com\/\",\"description\":\"Mission humanitaire, stage \u00e9tudiant et voyage linguistique\",\"publisher\":{\"@id\":\"https:\/\/www.globalong.com\/blog\/#organization\"},\"potentialAction\":[{\"@type\":\"SearchAction\",\"target\":{\"@type\":\"EntryPoint\",\"urlTemplate\":\"https:\/\/www.globalong.com\/blog\/?s={search_term_string}\"},\"query-input\":{\"@type\":\"PropertyValueSpecification\",\"valueRequired\":true,\"valueName\":\"search_term_string\"}}],\"inLanguage\":\"fr-FR\"},{\"@type\":\"Organization\",\"@id\":\"https:\/\/www.globalong.com\/blog\/#organization\",\"name\":\"Association Globalong\",\"url\":\"https:\/\/www.globalong.com\/blog\/\",\"logo\":{\"@type\":\"ImageObject\",\"inLanguage\":\"fr-FR\",\"@id\":\"https:\/\/www.globalong.com\/blog\/#\/schema\/logo\/image\/\",\"url\":\"https:\/\/www.globalong.com\/blog\/wp-content\/uploads\/2014\/11\/cropped-cropped-Logo-et-Afrique-Globalong-petite-taille-2.jpg\",\"contentUrl\":\"https:\/\/www.globalong.com\/blog\/wp-content\/uploads\/2014\/11\/cropped-cropped-Logo-et-Afrique-Globalong-petite-taille-2.jpg\",\"width\":512,\"height\":512,\"caption\":\"Association Globalong\"},\"image\":{\"@id\":\"https:\/\/www.globalong.com\/blog\/#\/schema\/logo\/image\/\"},\"sameAs\":[\"https:\/\/www.facebook.com\/globalong\"]}]}<\/script>\n<!-- \/ Yoast SEO Premium plugin. -->","yoast_head_json":{"title":"Irlande - Alberto (mineurs) - Association Globalong","robots":{"index":"index","follow":"follow","max-snippet":"max-snippet:-1","max-image-preview":"max-image-preview:large","max-video-preview":"max-video-preview:-1"},"canonical":"https:\/\/www.globalong.com\/blog\/avis-temoignages-globalong\/irlande-alberto-mineurs\/","og_locale":"fr_FR","og_type":"article","og_title":"Irlande - Alberto (mineurs)","og_description":"Alberto, adh\u00e9rent de l\u2019Association Globalong et r\u00e9cemment engag\u00e9 sur la mission d\u2019\u00e9co-volontariat pour les mineurs en Irlande, nous livre son t\u00e9moignage :\u00a0 \u00ab\u00a0Je voulais partir pour tenter une nouvelle exp\u00e9rience de volontariat tout en pratiquant l&rsquo;anglais. Mes attentes \u00e9taient d&rsquo;am\u00e9liorer mon anglais et d&rsquo;aider la plan\u00e8te. Tout \u00e9tait \u00e0 la hauteur de mes attentes ! [&hellip;]","og_url":"https:\/\/www.globalong.com\/blog\/avis-temoignages-globalong\/irlande-alberto-mineurs\/","og_site_name":"Association Globalong","article_publisher":"https:\/\/www.facebook.com\/globalong","article_modified_time":"2025-03-08T11:59:04+00:00","og_image":[{"width":768,"height":768,"url":"https:\/\/www.globalong.com\/blog\/wp-content\/uploads\/2023\/08\/alberto-en-mission.jpeg","type":"image\/jpeg"}],"twitter_card":"summary_large_image","twitter_misc":{"Dur\u00e9e de lecture estim\u00e9e":"4 minutes"},"schema":{"@context":"https:\/\/schema.org","@graph":[{"@type":"WebPage","@id":"https:\/\/www.globalong.com\/blog\/avis-temoignages-globalong\/irlande-alberto-mineurs\/","url":"https:\/\/www.globalong.com\/blog\/avis-temoignages-globalong\/irlande-alberto-mineurs\/","name":"Irlande - Alberto (mineurs) - Association Globalong","isPartOf":{"@id":"https:\/\/www.globalong.com\/blog\/#website"},"primaryImageOfPage":{"@id":"https:\/\/www.globalong.com\/blog\/avis-temoignages-globalong\/irlande-alberto-mineurs\/#primaryimage"},"image":{"@id":"https:\/\/www.globalong.com\/blog\/avis-temoignages-globalong\/irlande-alberto-mineurs\/#primaryimage"},"thumbnailUrl":"https:\/\/www.globalong.com\/blog\/wp-content\/uploads\/2023\/08\/alberto-en-mission.jpeg","datePublished":"2023-08-16T10:12:39+00:00","dateModified":"2025-03-08T11:59:04+00:00","breadcrumb":{"@id":"https:\/\/www.globalong.com\/blog\/avis-temoignages-globalong\/irlande-alberto-mineurs\/#breadcrumb"},"inLanguage":"fr-FR","potentialAction":[{"@type":"ReadAction","target":["https:\/\/www.globalong.com\/blog\/avis-temoignages-globalong\/irlande-alberto-mineurs\/"]}]},{"@type":"ImageObject","inLanguage":"fr-FR","@id":"https:\/\/www.globalong.com\/blog\/avis-temoignages-globalong\/irlande-alberto-mineurs\/#primaryimage","url":"https:\/\/www.globalong.com\/blog\/wp-content\/uploads\/2023\/08\/alberto-en-mission.jpeg","contentUrl":"https:\/\/www.globalong.com\/blog\/wp-content\/uploads\/2023\/08\/alberto-en-mission.jpeg","width":768,"height":768},{"@type":"BreadcrumbList","@id":"https:\/\/www.globalong.com\/blog\/avis-temoignages-globalong\/irlande-alberto-mineurs\/#breadcrumb","itemListElement":[{"@type":"ListItem","position":1,"name":"Accueil","item":"https:\/\/www.globalong.com\/blog\/"},{"@type":"ListItem","position":2,"name":"T\u00e9moignages et avis de volontaires Globalong","item":"https:\/\/www.globalong.com\/blog\/avis-temoignages-globalong\/"},{"@type":"ListItem","position":3,"name":"Irlande &#8211; Alberto (mineurs)"}]},{"@type":"WebSite","@id":"https:\/\/www.globalong.com\/blog\/#website","url":"https:\/\/www.globalong.com\/blog\/","name":"https:\/\/www.globalong.com\/","description":"Mission humanitaire, stage \u00e9tudiant et voyage linguistique","publisher":{"@id":"https:\/\/www.globalong.com\/blog\/#organization"},"potentialAction":[{"@type":"SearchAction","target":{"@type":"EntryPoint","urlTemplate":"https:\/\/www.globalong.com\/blog\/?s={search_term_string}"},"query-input":{"@type":"PropertyValueSpecification","valueRequired":true,"valueName":"search_term_string"}}],"inLanguage":"fr-FR"},{"@type":"Organization","@id":"https:\/\/www.globalong.com\/blog\/#organization","name":"Association Globalong","url":"https:\/\/www.globalong.com\/blog\/","logo":{"@type":"ImageObject","inLanguage":"fr-FR","@id":"https:\/\/www.globalong.com\/blog\/#\/schema\/logo\/image\/","url":"https:\/\/www.globalong.com\/blog\/wp-content\/uploads\/2014\/11\/cropped-cropped-Logo-et-Afrique-Globalong-petite-taille-2.jpg","contentUrl":"https:\/\/www.globalong.com\/blog\/wp-content\/uploads\/2014\/11\/cropped-cropped-Logo-et-Afrique-Globalong-petite-taille-2.jpg","width":512,"height":512,"caption":"Association Globalong"},"image":{"@id":"https:\/\/www.globalong.com\/blog\/#\/schema\/logo\/image\/"},"sameAs":["https:\/\/www.facebook.com\/globalong"]}]}},"_links":{"self":[{"href":"https:\/\/www.globalong.com\/blog\/wp-json\/wp\/v2\/pages\/15599"}],"collection":[{"href":"https:\/\/www.globalong.com\/blog\/wp-json\/wp\/v2\/pages"}],"about":[{"href":"https:\/\/www.globalong.com\/blog\/wp-json\/wp\/v2\/types\/page"}],"author":[{"embeddable":true,"href":"https:\/\/www.globalong.com\/blog\/wp-json\/wp\/v2\/users\/9"}],"replies":[{"embeddable":true,"href":"https:\/\/www.globalong.com\/blog\/wp-json\/wp\/v2\/comments?post=15599"}],"version-history":[{"count":4,"href":"https:\/\/www.globalong.com\/blog\/wp-json\/wp\/v2\/pages\/15599\/revisions"}],"predecessor-version":[{"id":20909,"href":"https:\/\/www.globalong.com\/blog\/wp-json\/wp\/v2\/pages\/15599\/revisions\/20909"}],"up":[{"embeddable":true,"href":"https:\/\/www.globalong.com\/blog\/wp-json\/wp\/v2\/pages\/883"}],"wp:featuredmedia":[{"embeddable":true,"href":"https:\/\/www.globalong.com\/blog\/wp-json\/wp\/v2\/media\/15605"}],"wp:attachment":[{"href":"https:\/\/www.globalong.com\/blog\/wp-json\/wp\/v2\/media?parent=15599"}],"curies":[{"name":"wp","href":"https:\/\/api.w.org\/{rel}","templated":true}]}}