{"id":19304,"date":"2022-03-14T08:40:17","date_gmt":"2022-03-14T07:40:17","guid":{"rendered":"https:\/\/www.globalong.com\/blog\/?page_id=19304"},"modified":"2025-11-12T15:58:22","modified_gmt":"2025-11-12T14:58:22","slug":"colombie","status":"publish","type":"page","link":"https:\/\/www.globalong.com\/blog\/colombie\/","title":{"rendered":"Rapport officiel de Mission en Colombie"},"content":{"rendered":"<p><strong>F\u00e9vrier 2022<\/strong><br \/>\n<strong>Association Globalong<\/strong><\/p>\n<h3>Pour une lecture plus fluide, nous proposons \u00e0 nos adh\u00e9rents cet extrait condens\u00e9 du rapport.<\/h3>\n<div class=\"ti-widget ti-goog\" data-layout-id=\"4\" data-set-id=\"light-background\" data-pid=\"\" data-language=\"fr\" data-version=\"2\" data-review-target-width=\"300\" data-review-text-mode=\"readmore\" data-pager-autoplay-timeout=\"6\" > <div class=\"ti-widget-container ti-col-3\"> <div class=\"ti-reviews-container\"> <div class=\"ti-controls\"> <div class=\"ti-next\" aria-label=\"Avis suivante\" role=\"button\"><\/div> <div class=\"ti-prev\" aria-label=\"Avis pr\u00e9c\u00e9dent\" role=\"button\"><\/div> <\/div> <div class=\"ti-reviews-container-wrapper\">  <div data-empty=\"0\" class=\"ti-review-item source-Google ti-image-layout-thumbnail\" data-id=\"cfcd208495d565ef66e7dff9f98764da\" > <div class=\"ti-inner\"> <div class=\"ti-review-header\"> <div class=\"ti-profile-img\"> <img decoding=\"async\" src=\"https:\/\/lh3.googleusercontent.com\/a\/ACg8ocKpaoKe37CD0_POxO97KqB60GsWQRsIuG2vmCfXT-W_FY44vw=s120-c-rp-mo-br100\" srcset=\"https:\/\/lh3.googleusercontent.com\/a\/ACg8ocKpaoKe37CD0_POxO97KqB60GsWQRsIuG2vmCfXT-W_FY44vw=s120-c-rp-mo-br100 2x\" alt=\"Lucie Correia\" loading=\"lazy\" \/> <\/div> <div class=\"ti-profile-details\"> <div class=\"ti-name\"> Lucie Correia <\/div> <div class=\"ti-date\">2024-10-17<\/div> <\/div> <\/div> <span class=\"ti-stars\"><span class=\"ti-star f\"><\/span><span class=\"ti-star f\"><\/span><span class=\"ti-star f\"><\/span><span class=\"ti-star f\"><\/span><span class=\"ti-star f\"><\/span><\/span> <div class=\"ti-review-text-container ti-review-content\"><!-- R-CONTENT -->La communication avec Globalong est super, personnes tr\u00e8s pr\u00e9sentes pour les b\u00e9n\u00e9voles et \u00e9tudiants partant avec cette association. Elles r\u00e9pondent \u00e0 toutes nos questions et sont tr\u00e8s accessibles au t\u00e9l\u00e9phone.<!-- R-CONTENT --><\/div> <span class=\"ti-read-more\" data-container=\".ti-review-content\" data-collapse-text=\"Cacher\" data-open-text=\"Lire la suite\" ><\/span> <\/div> <\/div>  <div data-empty=\"0\" class=\"ti-review-item source-Google ti-image-layout-thumbnail\" data-id=\"cfcd208495d565ef66e7dff9f98764da\" > <div class=\"ti-inner\"> <div class=\"ti-review-header\"> <div class=\"ti-profile-img\"> <img decoding=\"async\" src=\"https:\/\/lh3.googleusercontent.com\/a-\/ALV-UjWqnnzM7-7c9BDqeTDF-a7pOgNjvLkJ3WshRd_Tn7z0Eu-AGQwo=s120-c-rp-mo-br100\" srcset=\"https:\/\/lh3.googleusercontent.com\/a-\/ALV-UjWqnnzM7-7c9BDqeTDF-a7pOgNjvLkJ3WshRd_Tn7z0Eu-AGQwo=s120-c-rp-mo-br100 2x\" alt=\"Ra\u00efssa Frisch\" loading=\"lazy\" \/> <\/div> <div class=\"ti-profile-details\"> <div class=\"ti-name\"> Ra\u00efssa Frisch <\/div> <div class=\"ti-date\">2024-10-14<\/div> <\/div> <\/div> <span class=\"ti-stars\"><span class=\"ti-star f\"><\/span><span class=\"ti-star f\"><\/span><span class=\"ti-star f\"><\/span><span class=\"ti-star f\"><\/span><span class=\"ti-star f\"><\/span><\/span> <div class=\"ti-review-text-container ti-review-content\"><!-- R-CONTENT -->J\u2019ai d\u00e9j\u00e0 eu l\u2019opportunit\u00e9 de r\u00e9aliser deux projets humanitaires avec l\u2019association Globalong. Je ne peux que la recommander, car j\u2019ai toujours b\u00e9n\u00e9fici\u00e9 d\u2019un excellent accompagnement, aussi bien avant que pendant le voyage. On ne vous laisse pas vous d\u00e9brouiller seuls, bien au contraire, vous \u00eates tr\u00e8s bien encadr\u00e9s pour accomplir toutes les d\u00e9marches dans les d\u00e9lais.\n\nAu-del\u00e0 du suivi, les exp\u00e9riences humanitaires propos\u00e9es par Globalong ne peuvent que transformer votre vie de mani\u00e8re positive. Elles vous apportent une richesse humaine inestimable.<!-- R-CONTENT --><\/div> <span class=\"ti-read-more\" data-container=\".ti-review-content\" data-collapse-text=\"Cacher\" data-open-text=\"Lire la suite\" ><\/span> <\/div> <\/div>  <div data-empty=\"0\" class=\"ti-review-item source-Google ti-image-layout-thumbnail\" data-id=\"cfcd208495d565ef66e7dff9f98764da\" > <div class=\"ti-inner\"> <div class=\"ti-review-header\"> <div class=\"ti-profile-img\"> <img decoding=\"async\" src=\"https:\/\/lh3.googleusercontent.com\/a\/ACg8ocJL-Dxv25YkXK2QwWPNRxTVqZCv5uTmDQDFg5qslKra3vRZew=s120-c-rp-mo-br100\" srcset=\"https:\/\/lh3.googleusercontent.com\/a\/ACg8ocJL-Dxv25YkXK2QwWPNRxTVqZCv5uTmDQDFg5qslKra3vRZew=s120-c-rp-mo-br100 2x\" alt=\"Tara Turan\" loading=\"lazy\" \/> <\/div> <div class=\"ti-profile-details\"> <div class=\"ti-name\"> Tara Turan <\/div> <div class=\"ti-date\">2024-10-14<\/div> <\/div> <\/div> <span class=\"ti-stars\"><span class=\"ti-star f\"><\/span><span class=\"ti-star f\"><\/span><span class=\"ti-star f\"><\/span><span class=\"ti-star f\"><\/span><span class=\"ti-star f\"><\/span><\/span> <div class=\"ti-review-text-container ti-review-content\"><!-- R-CONTENT -->Une des meilleures associations que j\u2019ai pu faire !\nUne organisation et un suivi vraiment parfait, c\u2019est avec grand plaisir que je referai un projet avec eux.<!-- R-CONTENT --><\/div> <span class=\"ti-read-more\" data-container=\".ti-review-content\" data-collapse-text=\"Cacher\" data-open-text=\"Lire la suite\" ><\/span> <\/div> <\/div>  <div data-empty=\"0\" class=\"ti-review-item source-Google ti-image-layout-thumbnail\" data-id=\"cfcd208495d565ef66e7dff9f98764da\" > <div class=\"ti-inner\"> <div class=\"ti-review-header\"> <div class=\"ti-profile-img\"> <img decoding=\"async\" src=\"https:\/\/lh3.googleusercontent.com\/a\/ACg8ocLctTPNovSk3eKM0b_MIPOfcFEQsz2135Cdu59_BWRVsIYC7Q=s120-c-rp-mo-br100\" srcset=\"https:\/\/lh3.googleusercontent.com\/a\/ACg8ocLctTPNovSk3eKM0b_MIPOfcFEQsz2135Cdu59_BWRVsIYC7Q=s120-c-rp-mo-br100 2x\" alt=\"Repiquet Julie\" loading=\"lazy\" \/> <\/div> <div class=\"ti-profile-details\"> <div class=\"ti-name\"> Repiquet Julie <\/div> <div class=\"ti-date\">2024-10-13<\/div> <\/div> <\/div> <span class=\"ti-stars\"><span class=\"ti-star f\"><\/span><span class=\"ti-star f\"><\/span><span class=\"ti-star f\"><\/span><span class=\"ti-star f\"><\/span><span class=\"ti-star f\"><\/span><\/span> <div class=\"ti-review-text-container ti-review-content\"><!-- R-CONTENT -->Tr\u00e8s bon accompagnement de la part de Globalong, du premier jour avec toutes mes interrogations, jusqu'au d\u00e9part dans quelques jours. Le dossier transmis apr\u00e8s validation de la mission est plus que complet, les webmaster tr\u00e8s int\u00e9ressantes et permettent de d\u00e9charger mentalement ce genre de pr\u00e9paration, tout est pr\u00e9vu il n'y a plus qu'\u00e0 suivre ! Merci \u00e0 Florence de r\u00e9pondre \u00e0 toutes mes questions avec gentillesse et bienveillance, cela m'a permis de passer le cap!\nMaintenant, il n'y a plus qu'\u00e0 \ud83d\ude00<!-- R-CONTENT --><\/div> <span class=\"ti-read-more\" data-container=\".ti-review-content\" data-collapse-text=\"Cacher\" data-open-text=\"Lire la suite\" ><\/span> <\/div> <\/div>  <div data-empty=\"0\" class=\"ti-review-item source-Google ti-image-layout-thumbnail\" data-id=\"cfcd208495d565ef66e7dff9f98764da\" > <div class=\"ti-inner\"> <div class=\"ti-review-header\"> <div class=\"ti-profile-img\"> <img decoding=\"async\" src=\"https:\/\/lh3.googleusercontent.com\/a\/ACg8ocJJTdmTWs8nAA0yuH_cKOUgzc6GFAkHBiXhpnnVYXaWMBZsHw=s120-c-rp-mo-br100\" srcset=\"https:\/\/lh3.googleusercontent.com\/a\/ACg8ocJJTdmTWs8nAA0yuH_cKOUgzc6GFAkHBiXhpnnVYXaWMBZsHw=s120-c-rp-mo-br100 2x\" alt=\"Marine Guilhamat\" loading=\"lazy\" \/> <\/div> <div class=\"ti-profile-details\"> <div class=\"ti-name\"> Marine Guilhamat <\/div> <div class=\"ti-date\">2024-10-09<\/div> <\/div> <\/div> <span class=\"ti-stars\"><span class=\"ti-star f\"><\/span><span class=\"ti-star f\"><\/span><span class=\"ti-star f\"><\/span><span class=\"ti-star f\"><\/span><span class=\"ti-star f\"><\/span><\/span> <div class=\"ti-review-text-container ti-review-content\"><!-- R-CONTENT -->Tr\u00e8s belle association qui offre un cadre super s\u00e9curisant et permet de s\u2019investir dans des projets qui ont du sens. Merci \u00e0 l\u2019\u00e9quipe Globalong pour votre disponibilit\u00e9, gentillesse et accompagnement !<!-- R-CONTENT --><\/div> <span class=\"ti-read-more\" data-container=\".ti-review-content\" data-collapse-text=\"Cacher\" data-open-text=\"Lire la suite\" ><\/span> <\/div> <\/div>  <div data-empty=\"0\" class=\"ti-review-item source-Google ti-image-layout-thumbnail\" data-id=\"cfcd208495d565ef66e7dff9f98764da\" > <div class=\"ti-inner\"> <div class=\"ti-review-header\"> <div class=\"ti-profile-img\"> <img decoding=\"async\" src=\"https:\/\/lh3.googleusercontent.com\/a\/ACg8ocIgITHXKo46qgJyPqlJeAcxz11gCKUJpGIk2qauiIe2O3iZ6w=s120-c-rp-mo-br100\" srcset=\"https:\/\/lh3.googleusercontent.com\/a\/ACg8ocIgITHXKo46qgJyPqlJeAcxz11gCKUJpGIk2qauiIe2O3iZ6w=s120-c-rp-mo-br100 2x\" alt=\"Laura Mercier\" loading=\"lazy\" \/> <\/div> <div class=\"ti-profile-details\"> <div class=\"ti-name\"> Laura Mercier <\/div> <div class=\"ti-date\">2024-10-08<\/div> <\/div> <\/div> <span class=\"ti-stars\"><span class=\"ti-star f\"><\/span><span class=\"ti-star f\"><\/span><span class=\"ti-star f\"><\/span><span class=\"ti-star f\"><\/span><span class=\"ti-star f\"><\/span><\/span> <div class=\"ti-review-text-container ti-review-content\"><!-- R-CONTENT -->Mon d\u00e9part approche, je pars dans une semaine, et depuis le d\u00e9but de mon inscription je suis tr\u00e8s satisfaite du suivi effectu\u00e9 par l\u2019association. Ils sont tr\u00e8s disponibles et r\u00e9pondent rapidement \u00e0 l\u2019ensemble des questions. Je suis tr\u00e8s contente de partir faire cette mission humanitaire encadr\u00e9e par cette association. Je recommande vraiment.<!-- R-CONTENT --><\/div> <span class=\"ti-read-more\" data-container=\".ti-review-content\" data-collapse-text=\"Cacher\" data-open-text=\"Lire la suite\" ><\/span> <\/div> <\/div>  <div data-empty=\"0\" class=\"ti-review-item source-Google ti-image-layout-thumbnail\" data-id=\"cfcd208495d565ef66e7dff9f98764da\" > <div class=\"ti-inner\"> <div class=\"ti-review-header\"> <div class=\"ti-profile-img\"> <img decoding=\"async\" src=\"https:\/\/lh3.googleusercontent.com\/a-\/ALV-UjVVr0YMQhXl8QNEEB32l-rnoaYwvRZUjIEX9OEwPE_1fQwzIyk=s120-c-rp-mo-br100\" srcset=\"https:\/\/lh3.googleusercontent.com\/a-\/ALV-UjVVr0YMQhXl8QNEEB32l-rnoaYwvRZUjIEX9OEwPE_1fQwzIyk=s120-c-rp-mo-br100 2x\" alt=\"Anouk Rzkt\" loading=\"lazy\" \/> <\/div> <div class=\"ti-profile-details\"> <div class=\"ti-name\"> Anouk Rzkt <\/div> <div class=\"ti-date\">2024-10-02<\/div> <\/div> <\/div> <span class=\"ti-stars\"><span class=\"ti-star f\"><\/span><span class=\"ti-star f\"><\/span><span class=\"ti-star f\"><\/span><span class=\"ti-star f\"><\/span><span class=\"ti-star f\"><\/span><\/span> <div class=\"ti-review-text-container ti-review-content\"><!-- R-CONTENT -->Globalong est l'association parfaite. L'\u00e9quipe offre un v\u00e9ritable accompagnement rythm\u00e9 par beaucoup de conseils et d'\u00e9coute. Le site est tr\u00e8s bien fait avec des dossiers complets allant des sujets tr\u00e8s pratiques a d'autres plus th\u00e9oriques (tels que le choc culturel par exemple). Je recommande vivement et remercie sinc\u00e8rement toute l'\u00e9quipe pour leur gentillesse et investissement !<!-- R-CONTENT --><\/div> <span class=\"ti-read-more\" data-container=\".ti-review-content\" data-collapse-text=\"Cacher\" data-open-text=\"Lire la suite\" ><\/span> <\/div> <\/div>  <\/div> <div class=\"ti-controls-line\"> <div class=\"dot\"><\/div> <\/div> <\/div> <div class=\"ti-footer\"> <div class=\"ti-rating-text\"> <span class=\"nowrap\">\u00c9valuation <strong>Google<\/strong> : <\/span><span class=\"nowrap\"><strong>4.8<\/strong> sur 5, <\/span><span class=\"nowrap\">Bas\u00e9e sur <strong>240 avis<\/strong><\/span> <\/div> <\/div>  <\/div> <\/div> \n<h3><strong>Introduction\u00a0<\/strong><\/h3>\n<p style=\"text-align: justify;\">En f\u00e9vrier 2022, une d\u00e9l\u00e9gation de l\u2019association Globalong a effectu\u00e9 une mission strat\u00e9gique en <a href=\"https:\/\/www.globalong.com\/blog\/mission-humanitaire-colombie-2026\/\" target=\"_blank\" rel=\"noopener\">Colombie<\/a>. Cette intervention, essentielle dans le contexte post-pand\u00e9mie, avait pour ambition d\u2019\u00e9valuer les avanc\u00e9es des projets d\u00e9j\u00e0 mis en place, de renforcer les partenariats locaux et de proposer des ajustements pour p\u00e9renniser les actions sur le terrain.<\/p>\n<p>Cette mission s\u2019inscrit dans le cadre de l\u2019engagement de Globalong en faveur du d\u00e9veloppement durable et de la solidarit\u00e9 internationale. Face aux d\u00e9fis socio-\u00e9conomiques exacerb\u00e9s par la pand\u00e9mie de COVID-19, les initiatives \u00e9ducatives, sanitaires et environnementales d\u00e9ploy\u00e9es en Colombie ont pris une importance cruciale pour soutenir les populations vuln\u00e9rables.<\/p>\n<p><strong>R\u00e9gions d\u2019intervention :<\/strong><\/p>\n<ol>\n<li><strong>Bogot\u00e1,<\/strong> la capitale, centre n\u00e9vralgique des initiatives \u00e9ducatives et psychosociales, o\u00f9 les quartiers p\u00e9riph\u00e9riques abritent des familles d\u00e9plac\u00e9es par le conflit arm\u00e9 interne.<\/li>\n<li><strong>La Mesa,<\/strong> une r\u00e9gion rurale aux prises avec des d\u00e9fis environnementaux et agricoles, o\u00f9 l\u2019accent est mis sur l\u2019agriculture durable et la s\u00e9curit\u00e9 alimentaire.<\/li>\n<li><strong>Carthag\u00e8ne des Indes,<\/strong> joyau culturel et historique, o\u00f9 des projets ax\u00e9s sur l\u2019insertion sociale par l\u2019art et le tourisme responsable contribuent \u00e0 pr\u00e9server le patrimoine tout en renfor\u00e7ant les communaut\u00e9s locales.<\/li>\n<\/ol>\n<p style=\"text-align: justify;\">Ces trois r\u00e9gions offrent un panorama repr\u00e9sentatif des r\u00e9alit\u00e9s vari\u00e9es auxquelles font face les b\u00e9n\u00e9ficiaires des projets, tant en milieu urbain que rural.<\/p>\n<p><img loading=\"lazy\" decoding=\"async\" class=\"aligncenter wp-image-19307 size-medium\" src=\"https:\/\/www.globalong.com\/blog\/wp-content\/uploads\/2024\/11\/27442034179_31d6851a37-300x225.jpg\" alt=\"Volontariat humanitaire en Colombie\" width=\"300\" height=\"225\" srcset=\"https:\/\/www.globalong.com\/blog\/wp-content\/uploads\/2024\/11\/27442034179_31d6851a37-300x225.jpg 300w, https:\/\/www.globalong.com\/blog\/wp-content\/uploads\/2024\/11\/27442034179_31d6851a37.jpg 500w\" sizes=\"(max-width: 300px) 100vw, 300px\" \/><\/p>\n<hr \/>\n<h3><strong>Objectifs de la mission<\/strong><\/h3>\n<h4><strong>1. V\u00e9rification des investissements r\u00e9alis\u00e9s<\/strong><\/h4>\n<ul>\n<li><strong>Pourquoi ?<\/strong><br \/>\nLa transparence et l\u2019efficacit\u00e9 des projets exigent un suivi rigoureux des ressources allou\u00e9es. Il s\u2019agissait d\u2019analyser comment les financements avaient \u00e9t\u00e9 utilis\u00e9s et d\u2019\u00e9valuer leur impact r\u00e9el sur les b\u00e9n\u00e9ficiaires.<\/li>\n<li><strong>Focus :<\/strong>\n<ul>\n<li>Examens des infrastructures mises en place (centres \u00e9ducatifs, cliniques mobiles).<\/li>\n<li>Analyse de l\u2019utilisation des fonds pour des actions concr\u00e8tes comme la distribution de mat\u00e9riel p\u00e9dagogique ou les formations en agro\u00e9cologie.<\/li>\n<li>Mesure des retomb\u00e9es sociales\u202f: augmentation de la fr\u00e9quentation des centres, am\u00e9lioration de la qualit\u00e9 de vie des b\u00e9n\u00e9ficiaires.<\/li>\n<\/ul>\n<\/li>\n<\/ul>\n<hr \/>\n<h3><strong>2. Renforcement des partenariats locaux<\/strong><\/h3>\n<ul>\n<li><strong>Pourquoi ?<\/strong><br \/>\nLes partenariats avec les ONG locales, les autorit\u00e9s municipales et les communaut\u00e9s sont la cl\u00e9 d\u2019une intervention r\u00e9ussie et p\u00e9renne. La mission visait \u00e0 consolider ces relations pour assurer la continuit\u00e9 et l\u2019expansion des projets.<\/li>\n<li><strong>Focus :<\/strong>\n<ul>\n<li>R\u00e9unions avec les parties prenantes locales pour identifier les succ\u00e8s et les points d\u2019am\u00e9lioration des programmes existants.<\/li>\n<li>Signature de nouveaux protocoles d\u2019accord pour officialiser des collaborations sur le long terme.<\/li>\n<li>\u00c9changes sur les d\u00e9fis li\u00e9s \u00e0 la pand\u00e9mie\u202f: r\u00e9silience \u00e9conomique, gestion des infrastructures locales et participation communautaire.<\/li>\n<\/ul>\n<\/li>\n<\/ul>\n<p><img loading=\"lazy\" decoding=\"async\" class=\"aligncenter wp-image-19308 size-full\" src=\"https:\/\/www.globalong.com\/blog\/wp-content\/uploads\/2024\/11\/28882406997_fc0e607652_n.jpg\" alt=\"Stage environnemental en Colombie\" width=\"320\" height=\"240\" srcset=\"https:\/\/www.globalong.com\/blog\/wp-content\/uploads\/2024\/11\/28882406997_fc0e607652_n.jpg 320w, https:\/\/www.globalong.com\/blog\/wp-content\/uploads\/2024\/11\/28882406997_fc0e607652_n-300x225.jpg 300w\" sizes=\"(max-width: 320px) 100vw, 320px\" \/><\/p>\n<hr \/>\n<h3><strong>3. Adaptation strat\u00e9gique aux r\u00e9alit\u00e9s post-pand\u00e9miques<\/strong><\/h3>\n<ul>\n<li><strong>Pourquoi ?<\/strong><br \/>\nLa pand\u00e9mie a profond\u00e9ment transform\u00e9 les r\u00e9alit\u00e9s \u00e9conomiques, sociales et sanitaires. Cette mission avait pour but d\u2019ajuster les approches des projets en cours pour r\u00e9pondre \u00e0 ces nouvelles contraintes.<\/li>\n<li><strong>Focus :<\/strong>\n<ul>\n<li>Int\u00e9gration de solutions num\u00e9riques dans les programmes \u00e9ducatifs (plateformes d\u2019apprentissage en ligne).<\/li>\n<li>Ajout de modules sp\u00e9cifiques sur la sant\u00e9 publique dans les formations communautaires.<\/li>\n<li>Identification des besoins mat\u00e9riels urgents, comme l\u2019approvisionnement en m\u00e9dicaments pour les cliniques mobiles ou en \u00e9quipements num\u00e9riques pour les centres \u00e9ducatifs.<\/li>\n<\/ul>\n<\/li>\n<\/ul>\n<hr \/>\n<h3><strong>M\u00e9thode employ\u00e9e<\/strong><\/h3>\n<p>Pour atteindre ces objectifs, la mission a suivi une approche en trois \u00e9tapes :<\/p>\n<ol>\n<li><strong>Collecte de donn\u00e9es qualitatives :<\/strong>\n<ul>\n<li>Observation directe sur les sites d\u2019intervention.<\/li>\n<li>Entretiens semi-dirig\u00e9s avec les b\u00e9n\u00e9ficiaires, volontaires et partenaires locaux.<\/li>\n<\/ul>\n<\/li>\n<li><strong>Analyse quantitative :<\/strong>\n<ul>\n<li>\u00c9valuation des indicateurs de performance des projets (fr\u00e9quentation, satisfaction des b\u00e9n\u00e9ficiaires, impact financier).<\/li>\n<\/ul>\n<\/li>\n<li><strong>Ateliers participatifs :<\/strong>\n<ul>\n<li>R\u00e9flexions collectives pour co-construire des solutions avec les parties prenantes.<\/li>\n<\/ul>\n<\/li>\n<\/ol>\n<hr \/>\n<h3><strong>Impact de la mission<\/strong><\/h3>\n<p>Cette mission a permis de\u202f:<\/p>\n<ol>\n<li><strong>Recueillir des donn\u00e9es pr\u00e9cieuses<\/strong> pour ajuster les projets aux besoins r\u00e9els des communaut\u00e9s.<\/li>\n<li><strong>Renforcer la confiance mutuelle<\/strong> entre Globalong et ses partenaires locaux, en montrant l\u2019impact positif des initiatives soutenues.<\/li>\n<li><strong>\u00c9laborer des recommandations concr\u00e8tes<\/strong> pour maximiser l\u2019efficacit\u00e9 des interventions futures.<\/li>\n<\/ol>\n<p style=\"text-align: justify;\">En Colombie, les enjeux restent immenses, mais cette mission a marqu\u00e9 un pas d\u00e9cisif vers une action plus cibl\u00e9e, durable et inclusive.<\/p>\n<h3 style=\"text-align: justify;\"><strong>I. V\u00e9rification des investissements et \u00e9valuation des projets<\/strong><\/h3>\n<p style=\"text-align: justify;\">Dans le cadre de la mission men\u00e9e \u00e0 Bogot\u00e1, deux projets phares ont \u00e9t\u00e9 examin\u00e9s\u202f: le <strong>programme d\u2019\u00e9ducation alternative dans les quartiers d\u00e9favoris\u00e9s<\/strong>\u00a0et le <strong>projet de soutien psychosocial pour les victimes du conflit arm\u00e9<\/strong>. Ces initiatives visent \u00e0 r\u00e9pondre \u00e0 des besoins fondamentaux dans des zones marqu\u00e9es par la pauvret\u00e9, l\u2019exclusion sociale et les cons\u00e9quences du conflit arm\u00e9 interne.<\/p>\n<p><img loading=\"lazy\" decoding=\"async\" class=\"aligncenter wp-image-19309 size-medium\" src=\"https:\/\/www.globalong.com\/blog\/wp-content\/uploads\/2024\/11\/29949402438_e9492b2e8c_w-300x225.jpg\" alt=\"Stage \u00e9tudiant en Colombie\" width=\"300\" height=\"225\" srcset=\"https:\/\/www.globalong.com\/blog\/wp-content\/uploads\/2024\/11\/29949402438_e9492b2e8c_w-300x225.jpg 300w, https:\/\/www.globalong.com\/blog\/wp-content\/uploads\/2024\/11\/29949402438_e9492b2e8c_w.jpg 400w\" sizes=\"(max-width: 300px) 100vw, 300px\" \/><\/p>\n<hr \/>\n<h3><strong>1.1 Programme d\u2019\u00e9ducation alternative dans les quartiers d\u00e9favoris\u00e9s<\/strong><\/h3>\n<h4><strong>Description<\/strong><\/h4>\n<p style=\"text-align: justify;\">Ce projet est con\u00e7u pour offrir une \u00e9ducation alternative et compl\u00e9mentaire aux enfants et adolescents des quartiers les plus vuln\u00e9rables de Bogot\u00e1, notamment Ciudad Bol\u00edvar, Usme, et San Crist\u00f3bal. En s\u2019appuyant sur des activit\u00e9s artistiques et culturelles, l\u2019objectif est de promouvoir leur d\u00e9veloppement personnel, d\u2019encourager leur cr\u00e9ativit\u00e9, et de renforcer leur estime de soi dans un environnement s\u00fbr et bienveillant.<\/p>\n<p style=\"text-align: justify;\"><strong>Objectif Principal :<\/strong> Offrir un acc\u00e8s \u00e0 l\u2019\u00e9ducation et \u00e0 des opportunit\u00e9s culturelles aux enfants en dehors du syst\u00e8me scolaire classique, en mettant l\u2019accent sur l\u2019expression artistique comme outil de transformation sociale.<\/p>\n<hr \/>\n<h2><strong>Activit\u00e9s men\u00e9es<\/strong><\/h2>\n<ol>\n<li>\n<h3><strong>Visites de trois centres \u00e9ducatifs partenaires :<\/strong><\/h3>\n<ul>\n<li>Observation des infrastructures et des activit\u00e9s en cours.<\/li>\n<li>Identification des points forts et des besoins sp\u00e9cifiques de chaque centre.<\/li>\n<\/ul>\n<\/li>\n<li>\n<h3><strong>Observation des cours et ateliers :<\/strong><\/h3>\n<ul>\n<li>Participation \u00e0 des sessions de th\u00e9\u00e2tre, de musique, et d\u2019ateliers de lecture interactifs.<\/li>\n<li>\u00c9valuation des interactions entre \u00e9ducateurs et \u00e9l\u00e8ves.<\/li>\n<\/ul>\n<\/li>\n<li>\n<h3><strong>Entretiens qualitatifs :<\/strong><\/h3>\n<ul>\n<li><strong>15 \u00e9ducateurs :<\/strong> Pour comprendre leurs approches p\u00e9dagogiques et leurs d\u00e9fis.<\/li>\n<li><strong>25 b\u00e9n\u00e9ficiaires :<\/strong> T\u00e9moignages sur leur exp\u00e9rience et leur appr\u00e9ciation des activit\u00e9s propos\u00e9es.<\/li>\n<li><strong>10 volontaires :<\/strong> Analyse de leur r\u00f4le dans la mise en \u0153uvre des programmes et leurs suggestions d\u2019am\u00e9lioration.<\/li>\n<\/ul>\n<\/li>\n<\/ol>\n<hr \/>\n<h3><strong>Observations<\/strong><\/h3>\n<ol>\n<li>\n<h3><strong>Participation des enfants :<\/strong><\/h3>\n<ul>\n<li>Les centres accueillent en moyenne <strong>120 enfants par mois<\/strong>, dont <strong>60 %<\/strong> proviennent de familles monoparentales.<\/li>\n<li>Une participation r\u00e9guli\u00e8re et enthousiaste a \u00e9t\u00e9 not\u00e9e, notamment pour les activit\u00e9s artistiques\u202f: <strong>80 % des enfants<\/strong> participent activement aux ateliers de th\u00e9\u00e2tre et de musique.<\/li>\n<\/ul>\n<\/li>\n<li>\n<h3><strong>Impact des activit\u00e9s :<\/strong><\/h3>\n<ul>\n<li>Les ateliers contribuent \u00e0 am\u00e9liorer la confiance en soi et les comp\u00e9tences interpersonnelles des enfants.<\/li>\n<li>Une am\u00e9lioration des performances scolaires a \u00e9t\u00e9 observ\u00e9e chez 30 % des participants, en particulier dans les mati\u00e8res cr\u00e9atives.<\/li>\n<\/ul>\n<\/li>\n<li>\n<h3><strong>Infrastructures :<\/strong><\/h3>\n<ul>\n<li><strong>70 % des salles<\/strong> sont mal \u00e9quip\u00e9es ou ne disposent pas d\u2019acc\u00e8s stable \u00e0 l\u2019\u00e9lectricit\u00e9.<\/li>\n<li>Manque d\u2019outils p\u00e9dagogiques essentiels\u202f: tableaux, chaises et ordinateurs pour l\u2019apprentissage num\u00e9rique.<\/li>\n<\/ul>\n<\/li>\n<\/ol>\n<p><img loading=\"lazy\" decoding=\"async\" class=\"aligncenter wp-image-19310 size-medium\" src=\"https:\/\/www.globalong.com\/blog\/wp-content\/uploads\/2024\/11\/40820310053_4f9d7c0b57_w-300x225.jpg\" alt=\"Voyage humanitaire en famille en Colombie\" width=\"300\" height=\"225\" srcset=\"https:\/\/www.globalong.com\/blog\/wp-content\/uploads\/2024\/11\/40820310053_4f9d7c0b57_w-300x225.jpg 300w, https:\/\/www.globalong.com\/blog\/wp-content\/uploads\/2024\/11\/40820310053_4f9d7c0b57_w.jpg 400w\" sizes=\"(max-width: 300px) 100vw, 300px\" \/><\/p>\n<hr \/>\n<h3><strong>Recommandations<\/strong><\/h3>\n<ol>\n<li><strong>Am\u00e9lioration des infrastructures \u00e9ducatives :<\/strong>\n<ul>\n<li>Objectif : r\u00e9nover <strong>deux salles par centre d&rsquo;ici \u00e0 2030<\/strong>, avec un budget estim\u00e9 \u00e0 10 000 USD par site.<\/li>\n<li>Installation de panneaux solaires pour pallier les probl\u00e8mes d\u2019acc\u00e8s \u00e0 l\u2019\u00e9lectricit\u00e9.<\/li>\n<\/ul>\n<\/li>\n<li><strong>Renforcement des activit\u00e9s culturelles :<\/strong>\n<ul>\n<li>\u00c9tablir des partenariats avec des institutions culturelles locales pour diversifier les ateliers (peinture, danse, etc.).<\/li>\n<li>Organiser des \u00e9v\u00e9nements communautaires, tels que des spectacles et des expositions, pour renforcer l\u2019engagement des familles et promouvoir le travail des enfants.<\/li>\n<\/ul>\n<\/li>\n<li><strong>Formation continue des \u00e9ducateurs :<\/strong>\n<ul>\n<li>Mettre en place des <strong>sessions trimestrielles<\/strong> ax\u00e9es sur les nouvelles approches p\u00e9dagogiques et l\u2019int\u00e9gration d\u2019outils num\u00e9riques.<\/li>\n<\/ul>\n<\/li>\n<\/ol>\n<hr \/>\n<h3><strong>1.2 Projet de soutien psychosocial pour les victimes du conflit arm\u00e9<\/strong><\/h3>\n<h4><strong>Description<\/strong><\/h4>\n<p style=\"text-align: justify;\">Ce projet r\u00e9pond aux besoins criants des familles d\u00e9plac\u00e9es \u00e0 Bogot\u00e1, principalement en raison du conflit arm\u00e9 interne qui a touch\u00e9 des milliers de personnes. En collaboration avec des psychologues et des travailleurs sociaux, le projet offre un soutien psychosocial ax\u00e9 sur la th\u00e9rapie expressive (art-th\u00e9rapie, musicoth\u00e9rapie) pour aider les participants \u00e0 surmonter leurs traumatismes et \u00e0 reconstruire leur r\u00e9silience \u00e9motionnelle.<\/p>\n<p style=\"text-align: justify;\"><strong>Objectif principal :<\/strong> fournir un espace s\u00fbr et structur\u00e9 o\u00f9 les familles peuvent exprimer leurs \u00e9motions, recevoir un soutien psychologique et retrouver un \u00e9quilibre mental.<\/p>\n<hr \/>\n<h3><strong>Activit\u00e9s men\u00e9es<\/strong><\/h3>\n<ol>\n<li>\n<h4><strong>Sessions de groupe :<\/strong><\/h4>\n<ul>\n<li>Deux sessions collectives ont \u00e9t\u00e9 organis\u00e9es, r\u00e9unissant <strong>25 familles b\u00e9n\u00e9ficiaires<\/strong>.<\/li>\n<li>Ces rencontres ont permis de dresser un diagnostic des besoins \u00e9motionnels et mat\u00e9riels les plus urgents.<\/li>\n<\/ul>\n<\/li>\n<li>\n<h4><strong>Ateliers de th\u00e9rapie expressive :<\/strong><\/h4>\n<ul>\n<li>Activit\u00e9s de musicoth\u00e9rapie\u202f: utilisation de la musique pour r\u00e9duire l\u2019anxi\u00e9t\u00e9 et favoriser la communication.<\/li>\n<li>Ateliers d\u2019art-th\u00e9rapie\u202f: peinture et dessin pour permettre une expression non verbale des \u00e9motions.<\/li>\n<\/ul>\n<\/li>\n<li>\n<h4><strong>Coordination avec les autorit\u00e9s locales :<\/strong><\/h4>\n<ul>\n<li>Collaboration avec les services sociaux pour un suivi \u00e0 long terme des familles identifi\u00e9es comme prioritaires.<\/li>\n<li>\u00c9change de donn\u00e9es pour aligner les efforts des diff\u00e9rentes organisations intervenant dans les quartiers cibl\u00e9s.<\/li>\n<\/ul>\n<\/li>\n<\/ol>\n<p><img loading=\"lazy\" decoding=\"async\" class=\"aligncenter wp-image-19311 size-full\" src=\"https:\/\/www.globalong.com\/blog\/wp-content\/uploads\/2024\/11\/42010469190_8e450950c8_n.jpg\" alt=\"Mission d'enseignement en Colombie\" width=\"320\" height=\"240\" srcset=\"https:\/\/www.globalong.com\/blog\/wp-content\/uploads\/2024\/11\/42010469190_8e450950c8_n.jpg 320w, https:\/\/www.globalong.com\/blog\/wp-content\/uploads\/2024\/11\/42010469190_8e450950c8_n-300x225.jpg 300w\" sizes=\"(max-width: 320px) 100vw, 320px\" \/><\/p>\n<hr \/>\n<h3><strong>Observations<\/strong><\/h3>\n<ol>\n<li>\n<h4><strong>Besoin croissant de soutien :<\/strong><\/h4>\n<ul>\n<li>Les familles ont exprim\u00e9 un <strong>besoin urgent<\/strong> non seulement de soutien \u00e9motionnel, mais aussi d\u2019assistance mat\u00e9rielle (logement, nourriture, v\u00eatements).<\/li>\n<li>Les femmes et les enfants, en particulier, font face \u00e0 un <strong>stress post-traumatique \u00e9lev\u00e9<\/strong> en raison de leurs exp\u00e9riences pass\u00e9es.<\/li>\n<\/ul>\n<\/li>\n<li>\n<h4><strong>Impact des ateliers :<\/strong><\/h4>\n<ul>\n<li><strong>80 % des participants<\/strong> ont d\u00e9clar\u00e9 ressentir une am\u00e9lioration de leur bien-\u00eatre apr\u00e8s trois sessions.<\/li>\n<li>Une meilleure communication au sein des familles a \u00e9t\u00e9 observ\u00e9e, renfor\u00e7ant les liens interg\u00e9n\u00e9rationnels.<\/li>\n<\/ul>\n<\/li>\n<li>\n<h4><strong>D\u00e9ficit en ressources humaines :<\/strong><\/h4>\n<ul>\n<li>Seulement <strong>2 psychologues<\/strong> sont disponibles pour accompagner environ 100 familles, ce qui limite la fr\u00e9quence des consultations individuelles et collectives.<\/li>\n<\/ul>\n<\/li>\n<\/ol>\n<hr \/>\n<h3><strong>Recommandations<\/strong><\/h3>\n<ol>\n<li><strong>Renforcement des ressources humaines :<\/strong>\n<ul>\n<li>Former <strong>10 nouveaux professionnels locaux<\/strong> en th\u00e9rapie expressive d&rsquo;ici \u00e0 2030. Cette formation pourrait inclure des modules sur les pratiques innovantes comme le th\u00e9\u00e2tre th\u00e9rapeutique et les techniques de pleine conscience.<\/li>\n<\/ul>\n<\/li>\n<li><strong>Extension g\u00e9ographique du programme :<\/strong>\n<ul>\n<li>\u00c9tendre l\u2019intervention aux quartiers voisins pour couvrir un total de <strong>150 familles par an<\/strong>, avec un budget suppl\u00e9mentaire de 15 000 USD par an d&rsquo;ici 2030.<\/li>\n<\/ul>\n<\/li>\n<li><strong>Recherche de financements internationaux :<\/strong>\n<ul>\n<li>Identifier des organismes ou des fondations priv\u00e9es pour financer l\u2019embauche de personnel qualifi\u00e9 et l\u2019achat de mat\u00e9riel (instruments de musique, fournitures d\u2019art).<\/li>\n<\/ul>\n<\/li>\n<\/ol>\n<hr \/>\n<p>Ces projets \u00e0 Bogot\u00e1 d\u00e9montrent l\u2019impact transformateur des initiatives de Globalong sur les populations vuln\u00e9rables. Cependant, des am\u00e9liorations structurelles et organisationnelles sont essentielles pour r\u00e9pondre aux besoins croissants et garantir la durabilit\u00e9 des interventions.<\/p>\n<div class=\"flex-1 overflow-hidden\">\n<div class=\"h-full\">\n<div class=\"react-scroll-to-bottom--css-ungpe-79elbk h-full\">\n<div class=\"react-scroll-to-bottom--css-ungpe-1n7m0yu\">\n<div class=\"flex flex-col text-sm md:pb-9\">\n<article class=\"w-full scroll-mb-[var(--thread-trailing-height,150px)] text-token-text-primary focus-visible:outline-2 focus-visible:outline-offset-[-4px]\" dir=\"auto\" data-testid=\"conversation-turn-155\" data-scroll-anchor=\"true\">\n<div class=\"m-auto text-base py-[18px] px-3 md:px-4 w-full md:px-5 lg:px-4 xl:px-5\">\n<div class=\"mx-auto flex flex-1 gap-4 text-base md:gap-5 lg:gap-6 md:max-w-3xl lg:max-w-[40rem] xl:max-w-[48rem]\">\n<div class=\"group\/conversation-turn relative flex w-full min-w-0 flex-col agent-turn\">\n<div class=\"flex-col gap-1 md:gap-3\">\n<div class=\"flex max-w-full flex-col flex-grow\">\n<div class=\"min-h-8 text-message flex w-full flex-col items-end gap-2 whitespace-normal break-words [.text-message+&amp;]:mt-5\" dir=\"auto\" data-message-author-role=\"assistant\" data-message-id=\"c739ddff-9e02-4447-baa9-d63870573d9d\" data-message-model-slug=\"gpt-4o\">\n<div class=\"flex w-full flex-col gap-1 empty:hidden first:pt-[3px]\">\n<div class=\"markdown prose w-full break-words dark:prose-invert light\">\n<h3><strong>2. Projets \u00e0 La Mesa<\/strong><\/h3>\n<p style=\"text-align: justify;\">Dans la r\u00e9gion de La Mesa, deux projets majeurs ont \u00e9t\u00e9 \u00e9valu\u00e9s lors de la mission\u202f: l\u2019<strong>Initiative d\u2019agriculture durable et de s\u00e9curit\u00e9 alimentaire<\/strong> et le <strong>Programme d\u2019\u00c9cotourisme communautaire<\/strong>. Ces initiatives visent \u00e0 r\u00e9pondre aux d\u00e9fis environnementaux et \u00e9conomiques des communaut\u00e9s locales, tout en promouvant des pratiques durables et inclusives.<\/p>\n<\/div>\n<p><img loading=\"lazy\" decoding=\"async\" class=\"aligncenter wp-image-15185 size-medium\" src=\"https:\/\/www.globalong.com\/blog\/wp-content\/uploads\/2023\/02\/Colombie-avce-Globalong-300x225.jpeg\" alt=\"Projet humanitaire \u00e0 la Mesa en Colombie\" width=\"300\" height=\"225\" srcset=\"https:\/\/www.globalong.com\/blog\/wp-content\/uploads\/2023\/02\/Colombie-avce-Globalong-300x225.jpeg 300w, https:\/\/www.globalong.com\/blog\/wp-content\/uploads\/2023\/02\/Colombie-avce-Globalong-768x577.jpeg 768w, https:\/\/www.globalong.com\/blog\/wp-content\/uploads\/2023\/02\/Colombie-avce-Globalong.jpeg 1024w\" sizes=\"(max-width: 300px) 100vw, 300px\" \/><\/p>\n<div class=\"markdown prose w-full break-words dark:prose-invert light\">\n<hr \/>\n<h3><strong>2.1 Initiative d\u2019agriculture durable et de s\u00e9curit\u00e9 alimentaire<\/strong><\/h3>\n<h4><strong>Description<\/strong><\/h4>\n<p style=\"text-align: justify;\">Ce projet accompagne 50 agriculteurs locaux dans leur transition vers des pratiques agricoles durables, respectueuses de l\u2019environnement et adapt\u00e9es au climat local. L\u2019objectif principal est de renforcer la s\u00e9curit\u00e9 alimentaire des familles tout en r\u00e9duisant l\u2019impact environnemental des exploitations agricoles gr\u00e2ce \u00e0 des m\u00e9thodes innovantes et \u00e9cologiques.<\/p>\n<p style=\"text-align: justify;\"><strong>Objectif principal :<\/strong> am\u00e9liorer la r\u00e9silience des agriculteurs face aux changements climatiques, diversifier leurs cultures et r\u00e9duire leur d\u00e9pendance aux intrants chimiques.<\/p>\n<hr \/>\n<h3><strong>Activit\u00e9s men\u00e9es<\/strong><\/h3>\n<ol>\n<li>\n<h4><strong>Visites de cinq exploitations agricoles :<\/strong><\/h4>\n<ul>\n<li>Inspection des m\u00e9thodes agricoles actuelles et identification des opportunit\u00e9s d\u2019am\u00e9lioration.<\/li>\n<li>Dialogue avec les agriculteurs pour comprendre leurs besoins et leurs contraintes sp\u00e9cifiques.<\/li>\n<\/ul>\n<\/li>\n<li>\n<h3><strong>Ateliers sur l\u2019agro\u00e9cologie :<\/strong><\/h3>\n<ul>\n<li>\n<h4><strong>Th\u00e8mes abord\u00e9s :<\/strong><\/h4>\n<ul>\n<li>Compostage pour enrichir les sols sans engrais chimiques.<\/li>\n<li>Gestion durable de l\u2019eau, notamment via des techniques de r\u00e9tention et d\u2019irrigation.<\/li>\n<li>Rotation des cultures pour pr\u00e9server la fertilit\u00e9 des sols et r\u00e9duire les infestations de ravageurs.<\/li>\n<\/ul>\n<\/li>\n<\/ul>\n<\/li>\n<li>\n<h3><strong>Distribution de semences biologiques :<\/strong><\/h3>\n<ul>\n<li>Fourniture de vari\u00e9t\u00e9s r\u00e9sistantes au climat local, incluant des l\u00e9gumes, des fruits tropicaux et des plantes m\u00e9dicinales.<\/li>\n<li>Formation sur leur utilisation optimale et leur entretien.<\/li>\n<\/ul>\n<\/li>\n<\/ol>\n<hr \/>\n<h3><strong>Observations<\/strong><\/h3>\n<ol>\n<li>\n<h4><strong>Adoption des pratiques durables :<\/strong><\/h4>\n<ul>\n<li><strong>80 % des agriculteurs<\/strong> ont adopt\u00e9 au moins une technique agro\u00e9cologique (compostage, rotation des cultures).<\/li>\n<li>Une r\u00e9duction notable de l\u2019utilisation des pesticides chimiques a \u00e9t\u00e9 observ\u00e9e, avec une baisse moyenne de 30 % en un an.<\/li>\n<\/ul>\n<\/li>\n<li>\n<h4><strong>Diversification des cultures :<\/strong><\/h4>\n<ul>\n<li>Ajout de nouvelles productions telles que des l\u00e9gumes bio, des fruits tropicaux et des plantes m\u00e9dicinales, augmentant ainsi la r\u00e9silience des exploitations face aux al\u00e9as climatiques.<\/li>\n<\/ul>\n<\/li>\n<li>\n<h4><strong>Probl\u00e8mes d\u2019acc\u00e8s aux march\u00e9s :<\/strong><\/h4>\n<ul>\n<li>Seulement <strong>40 % des surplus<\/strong> de production trouvent preneur, en raison de l\u2019absence d\u2019infrastructures de stockage et de canaux de commercialisation efficaces.<\/li>\n<\/ul>\n<\/li>\n<\/ol>\n<p><img loading=\"lazy\" decoding=\"async\" class=\"aligncenter wp-image-15591 size-medium\" src=\"https:\/\/www.globalong.com\/blog\/wp-content\/uploads\/2023\/08\/mission-humanitaire-en-colombie-300x225.jpeg\" alt=\"Mission de b\u00e9n\u00e9volat en Colombie\" width=\"300\" height=\"225\" srcset=\"https:\/\/www.globalong.com\/blog\/wp-content\/uploads\/2023\/08\/mission-humanitaire-en-colombie-300x225.jpeg 300w, https:\/\/www.globalong.com\/blog\/wp-content\/uploads\/2023\/08\/mission-humanitaire-en-colombie-1024x768.jpeg 1024w, https:\/\/www.globalong.com\/blog\/wp-content\/uploads\/2023\/08\/mission-humanitaire-en-colombie-768x576.jpeg 768w, https:\/\/www.globalong.com\/blog\/wp-content\/uploads\/2023\/08\/mission-humanitaire-en-colombie-1536x1152.jpeg 1536w, https:\/\/www.globalong.com\/blog\/wp-content\/uploads\/2023\/08\/mission-humanitaire-en-colombie.jpeg 1600w\" sizes=\"(max-width: 300px) 100vw, 300px\" \/><\/p>\n<hr \/>\n<h3><strong>Recommandations<\/strong><\/h3>\n<ol>\n<li>\n<h4><strong>Faciliter la cr\u00e9ation d\u2019une coop\u00e9rative agricole :<\/strong><\/h4>\n<ul>\n<li>Une coop\u00e9rative permettrait aux agriculteurs de mutualiser leurs ressources, d\u2019augmenter leur pouvoir de n\u00e9gociation et de garantir un acc\u00e8s facilit\u00e9 aux march\u00e9s locaux et r\u00e9gionaux.<\/li>\n<\/ul>\n<\/li>\n<li>\n<h4><strong>Introduire des technologies modernes :<\/strong><\/h4>\n<ul>\n<li><strong>Objectif :<\/strong> installer des syst\u00e8mes d\u2019irrigation goutte-\u00e0-goutte dans 50 % des exploitations d&rsquo;ici \u00e0 2030, pour optimiser la gestion de l\u2019eau et augmenter les rendements.<\/li>\n<\/ul>\n<\/li>\n<li>\n<h4><strong>Sensibiliser les communaut\u00e9s locales :<\/strong><\/h4>\n<ul>\n<li>Lancer une campagne de sensibilisation pour encourager la consommation locale des produits issus de l\u2019agriculture durable.<\/li>\n<\/ul>\n<\/li>\n<\/ol>\n<hr \/>\n<h3><strong>2.2 Programme d\u2019\u00e9cotourisme communautaire<\/strong><\/h3>\n<h4><strong>Description<\/strong><\/h4>\n<p style=\"text-align: justify;\">Ce projet vise \u00e0 d\u00e9velopper un \u00e9cotourisme durable dans la r\u00e9gion de La Mesa, en capitalisant sur sa biodiversit\u00e9 exceptionnelle et son riche patrimoine culturel. L\u2019objectif est de g\u00e9n\u00e9rer des revenus alternatifs pour les communaut\u00e9s locales tout en pr\u00e9servant les \u00e9cosyst\u00e8mes naturels.<\/p>\n<p style=\"text-align: justify;\"><strong>Objectif principal :<\/strong> cr\u00e9er une source de revenus compl\u00e9mentaire et durable pour les habitants, tout en \u00e9duquant les visiteurs sur l\u2019importance de la conservation environnementale.<\/p>\n<hr \/>\n<h3><strong>Activit\u00e9s men\u00e9es<\/strong><\/h3>\n<ol>\n<li>\n<h4><strong>\u00c9valuation des sites touristiques potentiels :<\/strong><\/h4>\n<ul>\n<li>Identification de sentiers de randonn\u00e9e, de cascades et de zones prot\u00e9g\u00e9es pr\u00e9sentant un int\u00e9r\u00eat pour les visiteurs.<\/li>\n<li>Analyse de la capacit\u00e9 de ces sites \u00e0 accueillir des touristes tout en minimisant leur impact environnemental.<\/li>\n<\/ul>\n<\/li>\n<li>\n<h4><strong>Formation des habitants comme guides locaux :<\/strong><\/h4>\n<ul>\n<li><strong>20 habitants<\/strong> ont suivi une formation compl\u00e8te couvrant :\n<ul>\n<li>Les techniques de guidage touristique.<\/li>\n<li>Les bonnes pratiques en mati\u00e8re de conservation environnementale.<\/li>\n<li>L\u2019accueil et la gestion des visiteurs.<\/li>\n<\/ul>\n<\/li>\n<\/ul>\n<\/li>\n<li>\n<h4><strong>Cr\u00e9ation de supports promotionnels :<\/strong><\/h4>\n<ul>\n<li>\u00c9laboration de brochures touristiques mettant en valeur les offres \u00e9cotouristiques et insistant sur le respect de l\u2019environnement.<\/li>\n<li>D\u00e9veloppement d\u2019une strat\u00e9gie num\u00e9rique pour promouvoir les activit\u00e9s sur les r\u00e9seaux sociaux et les plateformes sp\u00e9cialis\u00e9es.<\/li>\n<\/ul>\n<\/li>\n<\/ol>\n<p><img loading=\"lazy\" decoding=\"async\" class=\"aligncenter wp-image-9055 size-medium\" src=\"https:\/\/www.globalong.com\/blog\/wp-content\/uploads\/2018\/03\/singing-min-300x169.jpg\" alt=\"Voyage solidaire en Colombie\" width=\"300\" height=\"169\" srcset=\"https:\/\/www.globalong.com\/blog\/wp-content\/uploads\/2018\/03\/singing-min-300x169.jpg 300w, https:\/\/www.globalong.com\/blog\/wp-content\/uploads\/2018\/03\/singing-min-768x432.jpg 768w, https:\/\/www.globalong.com\/blog\/wp-content\/uploads\/2018\/03\/singing-min-1024x576.jpg 1024w, https:\/\/www.globalong.com\/blog\/wp-content\/uploads\/2018\/03\/singing-min-150x84.jpg 150w\" sizes=\"(max-width: 300px) 100vw, 300px\" \/><\/p>\n<hr \/>\n<h3><strong>Observations<\/strong><\/h3>\n<ol>\n<li>\n<h4><strong>Potentiel touristique \u00e9lev\u00e9 :<\/strong><\/h4>\n<ul>\n<li>La r\u00e9gion offre une biodiversit\u00e9 unique et un patrimoine culturel riche, attirant des visiteurs int\u00e9ress\u00e9s par des exp\u00e9riences authentiques et respectueuses de l\u2019environnement.<\/li>\n<\/ul>\n<\/li>\n<li>\n<h4><strong>Enthousiasme des communaut\u00e9s locales :<\/strong><\/h4>\n<ul>\n<li>Les habitants ont montr\u00e9 un fort int\u00e9r\u00eat pour le projet et une volont\u00e9 de s\u2019impliquer activement dans sa mise en \u0153uvre.<\/li>\n<\/ul>\n<\/li>\n<li>\n<h4><strong>Probl\u00e8mes d\u2019infrastructures :<\/strong><\/h4>\n<ul>\n<li>L\u2019absence d\u2019h\u00e9bergements \u00e9cologiques, de toilettes publiques et d\u2019aires de repos limite la capacit\u00e9 de la r\u00e9gion \u00e0 accueillir des touristes de mani\u00e8re professionnelle et durable.<\/li>\n<\/ul>\n<\/li>\n<li>\n<h4><strong>Faible visibilit\u00e9 :<\/strong><\/h4>\n<ul>\n<li>Les offres \u00e9cotouristiques de La Mesa restent peu connues en raison d\u2019une pr\u00e9sence limit\u00e9e sur les plateformes num\u00e9riques.<\/li>\n<\/ul>\n<\/li>\n<\/ol>\n<hr \/>\n<h3><strong>Recommandations<\/strong><\/h3>\n<ol>\n<li>\n<h4><strong>Investir dans les infrastructures \u00e9cologiques :<\/strong><\/h4>\n<ul>\n<li>Construction de <strong>lodges \u00e9cologiques<\/strong> et d\u2019aires de repos le long des sentiers pour am\u00e9liorer l\u2019exp\u00e9rience des visiteurs tout en minimisant l\u2019impact environnemental.<\/li>\n<\/ul>\n<\/li>\n<li>\n<h4><strong>Collaborer avec des agences de voyage \u00e9thiques :<\/strong><\/h4>\n<ul>\n<li>\u00c9tablir des partenariats avec des agences sp\u00e9cialis\u00e9es dans l\u2019\u00e9cotourisme pour promouvoir La Mesa aupr\u00e8s des voyageurs internationaux.<\/li>\n<\/ul>\n<\/li>\n<li>\n<h4><strong>Former les habitants aux outils num\u00e9riques :<\/strong><\/h4>\n<ul>\n<li>Organiser des ateliers sur l\u2019utilisation des r\u00e9seaux sociaux et des plateformes de r\u00e9servation pour augmenter la visibilit\u00e9 des offres locales.<\/li>\n<\/ul>\n<\/li>\n<\/ol>\n<p style=\"text-align: justify;\">Les projets men\u00e9s \u00e0 La Mesa illustrent le potentiel immense de la r\u00e9gion en mati\u00e8re de d\u00e9veloppement durable. L\u2019i<strong>nitiative d\u2019agriculture durable<\/strong>\u00a0a permis de renforcer les capacit\u00e9s des agriculteurs tout en pr\u00e9servant les ressources naturelles, tandis que le <strong>programme d\u2019\u00e9cotourisme communautaire<\/strong> ouvre de nouvelles perspectives \u00e9conomiques pour les communaut\u00e9s locales.<\/p>\n<p style=\"text-align: justify;\">Cependant, des d\u00e9fis subsistent, notamment en termes d&rsquo;infrastructures et de commercialisation. Un soutien financier accru et une collaboration renforc\u00e9e avec des partenaires nationaux et internationaux seront essentiels pour maximiser l\u2019impact de ces initiatives dans les ann\u00e9es \u00e0 venir.<\/p>\n<div class=\"flex-1 overflow-hidden\">\n<div class=\"h-full\">\n<div class=\"react-scroll-to-bottom--css-ungpe-79elbk h-full\">\n<div class=\"react-scroll-to-bottom--css-ungpe-1n7m0yu\">\n<div class=\"flex flex-col text-sm md:pb-9\">\n<article class=\"w-full scroll-mb-[var(--thread-trailing-height,150px)] text-token-text-primary focus-visible:outline-2 focus-visible:outline-offset-[-4px]\" dir=\"auto\" data-testid=\"conversation-turn-157\" data-scroll-anchor=\"true\">\n<div class=\"m-auto text-base py-[18px] px-3 md:px-4 w-full md:px-5 lg:px-4 xl:px-5\">\n<div class=\"mx-auto flex flex-1 gap-4 text-base md:gap-5 lg:gap-6 md:max-w-3xl lg:max-w-[40rem] xl:max-w-[48rem]\">\n<div class=\"group\/conversation-turn relative flex w-full min-w-0 flex-col agent-turn\">\n<div class=\"flex-col gap-1 md:gap-3\">\n<div class=\"flex max-w-full flex-col flex-grow\">\n<div class=\"min-h-8 text-message flex w-full flex-col items-end gap-2 whitespace-normal break-words [.text-message+&amp;]:mt-5\" dir=\"auto\" data-message-author-role=\"assistant\" data-message-id=\"245a7aba-59d8-4eb4-9e91-d6c38a937314\" data-message-model-slug=\"gpt-4o\">\n<div class=\"flex w-full flex-col gap-1 empty:hidden first:pt-[3px]\">\n<div class=\"markdown prose w-full break-words dark:prose-invert light\">\n<h3><strong>3. Projets \u00e0 Carthag\u00e8ne des Indes<\/strong><\/h3>\n<p style=\"text-align: justify;\">Dans la r\u00e9gion embl\u00e9matique de Carthag\u00e8ne des Indes, deux projets phares ont \u00e9t\u00e9 \u00e9valu\u00e9s\u202f: le <strong>programme d\u2019insertion sociale par l\u2019art et la culture <\/strong>ainsi que\u00a0le <strong>projet de pr\u00e9servation du patrimoine et de tourisme responsable<\/strong>. Ces initiatives se concentrent sur l\u2019autonomisation des jeunes des quartiers marginalis\u00e9s et la protection du riche patrimoine historique et culturel de la ville, tout en favorisant un d\u00e9veloppement durable et \u00e9quitable.<\/p>\n<p><img loading=\"lazy\" decoding=\"async\" class=\"aligncenter wp-image-19312 size-medium\" src=\"https:\/\/www.globalong.com\/blog\/wp-content\/uploads\/2024\/11\/274589833_289875063215314_6945030536238357_n-225x300.jpg\" alt=\"Team Globalong en Colombie\" width=\"225\" height=\"300\" srcset=\"https:\/\/www.globalong.com\/blog\/wp-content\/uploads\/2024\/11\/274589833_289875063215314_6945030536238357_n-225x300.jpg 225w, https:\/\/www.globalong.com\/blog\/wp-content\/uploads\/2024\/11\/274589833_289875063215314_6945030536238357_n-768x1024.jpg 768w, https:\/\/www.globalong.com\/blog\/wp-content\/uploads\/2024\/11\/274589833_289875063215314_6945030536238357_n-1152x1536.jpg 1152w, https:\/\/www.globalong.com\/blog\/wp-content\/uploads\/2024\/11\/274589833_289875063215314_6945030536238357_n.jpg 1536w\" sizes=\"(max-width: 225px) 100vw, 225px\" \/><\/p>\n<hr \/>\n<h3><strong>3.1 Programme d\u2019insertion sociale par l\u2019art et la culture<\/strong><\/h3>\n<h4><strong>Description<\/strong><\/h4>\n<p style=\"text-align: justify;\">Ce programme utilise l\u2019art et la culture comme outils d\u2019insertion sociale pour les jeunes des quartiers d\u00e9favoris\u00e9s de Carthag\u00e8ne. L\u2019objectif principal est de les \u00e9loigner des risques li\u00e9s \u00e0 la marginalisation (violence, criminalit\u00e9) et de leur offrir une opportunit\u00e9 de d\u00e9veloppement personnel et professionnel \u00e0 travers des activit\u00e9s artistiques.<\/p>\n<p style=\"text-align: justify;\"><strong>Objectif principal :<\/strong> cr\u00e9er un espace s\u00e9curis\u00e9 o\u00f9 les jeunes peuvent d\u00e9velopper leurs talents artistiques, renforcer leur estime de soi, et s\u2019int\u00e9grer dans la soci\u00e9t\u00e9 de mani\u00e8re positive.<\/p>\n<hr \/>\n<h3><strong>Activit\u00e9s men\u00e9es<\/strong><\/h3>\n<ol>\n<li>\n<h4><strong>Ateliers artistiques :<\/strong><\/h4>\n<ul>\n<li>Sessions hebdomadaires de danse, de peinture, de th\u00e9\u00e2tre et de musique, rassemblant environ <strong>80 jeunes participants<\/strong>.<\/li>\n<li>Collaboration avec <strong>10 artistes locaux<\/strong> pour superviser les ateliers et offrir une expertise professionnelle.<\/li>\n<\/ul>\n<\/li>\n<li>\n<h4><strong>Organisation d\u2019\u00e9v\u00e9nements culturels :<\/strong><\/h4>\n<ul>\n<li><strong>Deux spectacles<\/strong> ont \u00e9t\u00e9 organis\u00e9s, attirant plus de <strong>300 spectateurs<\/strong>, pour valoriser les talents des participants et renforcer leur confiance en eux.<\/li>\n<li>Expositions d\u2019\u0153uvres r\u00e9alis\u00e9es par les jeunes dans des galeries et espaces publics de Carthag\u00e8ne.<\/li>\n<\/ul>\n<\/li>\n<li>\n<h4><strong>Mentorat et suivi individuel :<\/strong><\/h4>\n<ul>\n<li>Chaque participant est suivi par un mentor pour travailler sur ses projets artistiques et son d\u00e9veloppement personnel.<\/li>\n<\/ul>\n<\/li>\n<\/ol>\n<hr \/>\n<h3><strong>Observations<\/strong><\/h3>\n<ol>\n<li>\n<h4><strong>Engagement des participants :<\/strong><\/h4>\n<ul>\n<li>Une participation r\u00e9guli\u00e8re et enthousiaste a \u00e9t\u00e9 not\u00e9e, avec <strong>95 % des jeunes<\/strong> pr\u00e9sents aux ateliers chaque semaine.<\/li>\n<li>Les activit\u00e9s artistiques ont un impact direct sur l\u2019estime de soi et la capacit\u00e9 des jeunes \u00e0 s\u2019exprimer.<\/li>\n<\/ul>\n<\/li>\n<li>\n<h4><strong>Visibilit\u00e9 accrue des jeunes artistes :<\/strong><\/h4>\n<ul>\n<li>Les \u00e9v\u00e9nements culturels attirent l\u2019attention des m\u00e9dias locaux et des institutions culturelles, offrant aux participants des opportunit\u00e9s de r\u00e9seautage.<\/li>\n<\/ul>\n<\/li>\n<li>\n<h4><strong>Manque d\u2019infrastructures d\u00e9di\u00e9es :<\/strong><\/h4>\n<ul>\n<li>Les ateliers se d\u00e9roulent dans des espaces non adapt\u00e9s (salles temporaires ou espaces en plein air), limitant la qualit\u00e9 des sessions.<\/li>\n<\/ul>\n<\/li>\n<\/ol>\n<p><img loading=\"lazy\" decoding=\"async\" class=\"aligncenter wp-image-19313 size-medium\" src=\"https:\/\/www.globalong.com\/blog\/wp-content\/uploads\/2024\/11\/274704176_10159346104131487_7539803438515950641_n-300x225.jpg\" alt=\"la team Globalong \u00e0 Carthag\u00e8ne en Colombie\" width=\"300\" height=\"225\" srcset=\"https:\/\/www.globalong.com\/blog\/wp-content\/uploads\/2024\/11\/274704176_10159346104131487_7539803438515950641_n-300x225.jpg 300w, https:\/\/www.globalong.com\/blog\/wp-content\/uploads\/2024\/11\/274704176_10159346104131487_7539803438515950641_n-768x576.jpg 768w, https:\/\/www.globalong.com\/blog\/wp-content\/uploads\/2024\/11\/274704176_10159346104131487_7539803438515950641_n.jpg 960w\" sizes=\"(max-width: 300px) 100vw, 300px\" \/><\/p>\n<hr \/>\n<h3><strong>Recommandations<\/strong><\/h3>\n<ol>\n<li><strong>Cr\u00e9er un centre culturel d\u00e9di\u00e9 :<\/strong>\n<ul>\n<li>Objectif : construire ou r\u00e9nover un espace qui puisse accueillir des ateliers artistiques, des expositions et des spectacles, avec un budget estim\u00e9 \u00e0 30 000 USD<strong> d&rsquo;ici \u00e0 2030.<\/strong><\/li>\n<\/ul>\n<\/li>\n<li><strong>\u00c9largir le programme :<\/strong>\n<ul>\n<li>Ajouter des formations professionnelles en production audiovisuelle, gestion culturelle ou techniques artistiques avanc\u00e9es.<\/li>\n<\/ul>\n<\/li>\n<li>\n<h4><strong>Renforcer les partenariats culturels :<\/strong><\/h4>\n<ul>\n<li>Collaborer avec des institutions culturelles de Carthag\u00e8ne et des organisations internationales pour obtenir des financements et diversifier les activit\u00e9s.<\/li>\n<\/ul>\n<\/li>\n<\/ol>\n<hr \/>\n<h3><strong>3.2 Projet de pr\u00e9servation du patrimoine et de tourisme responsable<\/strong><\/h3>\n<h4><strong>Description<\/strong><\/h4>\n<p style=\"text-align: justify;\">Carthag\u00e8ne, c\u00e9l\u00e8bre pour son patrimoine historique class\u00e9 au patrimoine mondial de l\u2019UNESCO, est confront\u00e9e \u00e0 des d\u00e9fis li\u00e9s au tourisme de masse, qui menace ses monuments et l\u2019\u00e9quilibre des communaut\u00e9s locales. Ce projet vise \u00e0 prot\u00e9ger le patrimoine architectural et culturel tout en d\u00e9veloppant un tourisme responsable qui profite directement aux habitants.<\/p>\n<p><strong>Objectif principal :<\/strong> pr\u00e9server l\u2019h\u00e9ritage historique de Carthag\u00e8ne tout en cr\u00e9ant des opportunit\u00e9s \u00e9conomiques durables pour les communaut\u00e9s locales.<\/p>\n<hr \/>\n<h3><strong>Activit\u00e9s men\u00e9es<\/strong><\/h3>\n<ol>\n<li>\n<h4><strong>Identification des sites patrimoniaux n\u00e9cessitant une restauration :<\/strong><\/h4>\n<ul>\n<li>Une liste de <strong>10 sites prioritaires<\/strong> a \u00e9t\u00e9 \u00e9tablie, incluant des fortifications coloniales, des \u00e9glises et des ruelles embl\u00e9matiques.<\/li>\n<\/ul>\n<\/li>\n<li>\n<h4><strong>Sensibilisation des touristes :<\/strong><\/h4>\n<ul>\n<li>Installation de panneaux d\u2019information dans les principaux sites touristiques pour \u00e9duquer les visiteurs sur les bonnes pratiques (r\u00e9duction des d\u00e9chets, respect des lieux).<\/li>\n<li>Distribution de brochures expliquant les impacts du tourisme sur l\u2019environnement et la culture locale.<\/li>\n<\/ul>\n<\/li>\n<li>\n<h4><strong>Formation des habitants en guidage touristique :<\/strong><\/h4>\n<ul>\n<li><strong>15 r\u00e9sidents locaux<\/strong> ont \u00e9t\u00e9 form\u00e9s pour devenir guides certifi\u00e9s, mettant en avant l\u2019histoire, les traditions et la culture de Carthag\u00e8ne.<\/li>\n<\/ul>\n<\/li>\n<\/ol>\n<p><img loading=\"lazy\" decoding=\"async\" class=\"aligncenter wp-image-19314 size-medium\" src=\"https:\/\/www.globalong.com\/blog\/wp-content\/uploads\/2024\/11\/274671894_10159346103291487_786940241147261862_n-225x300.jpg\" alt=\"Carthag\u00e8ne des Indes en Colombie\" width=\"225\" height=\"300\" srcset=\"https:\/\/www.globalong.com\/blog\/wp-content\/uploads\/2024\/11\/274671894_10159346103291487_786940241147261862_n-225x300.jpg 225w, https:\/\/www.globalong.com\/blog\/wp-content\/uploads\/2024\/11\/274671894_10159346103291487_786940241147261862_n.jpg 720w\" sizes=\"(max-width: 225px) 100vw, 225px\" \/><\/p>\n<hr \/>\n<h3><strong>Observations<\/strong><\/h3>\n<ol>\n<li>\n<h3><strong>Menaces li\u00e9es au tourisme de masse :<\/strong><\/h3>\n<ul>\n<li>Certains sites, comme les remparts et la vieille ville, subissent une <strong>usure importante<\/strong> due \u00e0 la surfr\u00e9quentation.<\/li>\n<li>L\u2019accumulation de d\u00e9chets autour des zones touristiques affecte la propret\u00e9 et l\u2019image de la ville.<\/li>\n<\/ul>\n<\/li>\n<li><strong>Implacabilit\u00e9 limit\u00e9e des communaut\u00e9s locales :<\/strong>\n<ul>\n<li>Bien que vivant \u00e0 proximit\u00e9 des sites patrimoniaux, les r\u00e9sidents tirent peu de b\u00e9n\u00e9fices \u00e9conomiques du tourisme.<\/li>\n<\/ul>\n<\/li>\n<li><strong>Potentiel inexploit\u00e9 pour des circuits alternatifs :<\/strong>\n<ul>\n<li>Des quartiers comme Getseman\u00ed offrent une richesse culturelle et artistique qui pourrait \u00eatre mise en avant pour diversifier l\u2019offre touristique.<\/li>\n<\/ul>\n<\/li>\n<\/ol>\n<hr \/>\n<h3><strong>Recommandations<\/strong><\/h3>\n<ol>\n<li>\n<h4><strong>R\u00e9glementer le tourisme de masse :<\/strong><\/h4>\n<ul>\n<li>Imposer des quotas de visiteurs sur certains sites pour limiter l\u2019impact environnemental et pr\u00e9server les monuments.<\/li>\n<\/ul>\n<\/li>\n<li>\n<h4><strong>Promouvoir le tourisme communautaire :<\/strong><\/h4>\n<ul>\n<li>D\u00e9velopper des circuits g\u00e9r\u00e9s par les communaut\u00e9s locales, mettant en valeur leur artisanat, leur cuisine et leurs traditions.<\/li>\n<\/ul>\n<\/li>\n<li>\n<h4><strong>Cr\u00e9er des infrastructures durables :<\/strong><\/h4>\n<ul>\n<li>Construire des infrastructures respectueuses de l\u2019environnement, comme des points de collecte des d\u00e9chets et des centres d\u2019information pour les visiteurs.<\/li>\n<\/ul>\n<\/li>\n<\/ol>\n<hr \/>\n<h3><strong>Conclusion<\/strong><\/h3>\n<p style=\"text-align: justify;\">Les initiatives men\u00e9es \u00e0 Carthag\u00e8ne d\u00e9montrent un \u00e9quilibre r\u00e9ussi entre la pr\u00e9servation du patrimoine culturel et le d\u00e9veloppement humain. Le <strong>programme d\u2019insertion sociale par l\u2019art et la culture<\/strong> transforme les jeunes marginalis\u00e9s en acteurs cr\u00e9atifs et confiants, tandis que le <strong>projet de pr\u00e9servation du patrimoine<\/strong> jette les bases d\u2019un tourisme responsable et b\u00e9n\u00e9fique pour les communaut\u00e9s locales.<\/p>\n<p>Cependant, les d\u00e9fis li\u00e9s aux infrastructures, au tourisme de masse et au financement exigent une action concert\u00e9e. En collaborant avec les autorit\u00e9s locales et des partenaires internationaux, ces projets peuvent \u00e9voluer pour r\u00e9pondre pleinement aux besoins de Carthag\u00e8ne et de ses habitants.<\/p>\n<p><img loading=\"lazy\" decoding=\"async\" class=\"aligncenter wp-image-19315 size-medium\" src=\"https:\/\/www.globalong.com\/blog\/wp-content\/uploads\/2024\/11\/274544557_289874959881991_2671739354971574583_n-300x225.jpg\" alt=\"Stage humanitaire en Colombie \" width=\"300\" height=\"225\" srcset=\"https:\/\/www.globalong.com\/blog\/wp-content\/uploads\/2024\/11\/274544557_289874959881991_2671739354971574583_n-300x225.jpg 300w, https:\/\/www.globalong.com\/blog\/wp-content\/uploads\/2024\/11\/274544557_289874959881991_2671739354971574583_n-1024x768.jpg 1024w, https:\/\/www.globalong.com\/blog\/wp-content\/uploads\/2024\/11\/274544557_289874959881991_2671739354971574583_n-768x576.jpg 768w, https:\/\/www.globalong.com\/blog\/wp-content\/uploads\/2024\/11\/274544557_289874959881991_2671739354971574583_n-1536x1152.jpg 1536w, https:\/\/www.globalong.com\/blog\/wp-content\/uploads\/2024\/11\/274544557_289874959881991_2671739354971574583_n.jpg 2048w\" sizes=\"(max-width: 300px) 100vw, 300px\" \/><\/p>\n<h3>Annexes pr\u00e9visionnelles :<\/h3>\n<h3>1. Pr\u00e9visions d\u2019investissement par secteur d&rsquo;ici \u00e0 2030<\/h3>\n<table style=\"width: 97.1421%; height: 120px;\">\n<thead>\n<tr style=\"height: 24px;\">\n<th style=\"height: 24px; width: 44.1011%;\">Secteur<\/th>\n<th style=\"height: 24px; width: 12.9213%;\">2026<\/th>\n<th style=\"height: 24px; width: 12.9213%;\">2027<\/th>\n<th style=\"height: 24px; width: 12.9213%;\">2028<\/th>\n<th style=\"height: 24px; width: 97.5683%;\">2030<\/th>\n<\/tr>\n<\/thead>\n<tbody>\n<tr style=\"height: 24px;\">\n<td style=\"height: 24px; width: 44.1011%;\">\u00c9ducation<\/td>\n<td style=\"height: 24px; width: 12.9213%;\">30%<\/td>\n<td style=\"height: 24px; width: 12.9213%;\">35%<\/td>\n<td style=\"height: 24px; width: 12.9213%;\">38%<\/td>\n<td style=\"height: 24px; width: 97.5683%;\">40%<\/td>\n<\/tr>\n<tr style=\"height: 24px;\">\n<td style=\"height: 24px; width: 44.1011%;\">Sant\u00e9<\/td>\n<td style=\"height: 24px; width: 12.9213%;\">30%<\/td>\n<td style=\"height: 24px; width: 12.9213%;\">28%<\/td>\n<td style=\"height: 24px; width: 12.9213%;\">25%<\/td>\n<td style=\"height: 24px; width: 97.5683%;\">25%<\/td>\n<\/tr>\n<tr style=\"height: 24px;\">\n<td style=\"height: 24px; width: 44.1011%;\">Environnement<\/td>\n<td style=\"height: 24px; width: 12.9213%;\">25%<\/td>\n<td style=\"height: 24px; width: 12.9213%;\">27%<\/td>\n<td style=\"height: 24px; width: 12.9213%;\">30%<\/td>\n<td style=\"height: 24px; width: 97.5683%;\">30%<\/td>\n<\/tr>\n<tr style=\"height: 24px;\">\n<td style=\"height: 24px; width: 44.1011%;\">Culture et patrimoine<\/td>\n<td style=\"height: 24px; width: 12.9213%;\">15%<\/td>\n<td style=\"height: 24px; width: 12.9213%;\">10%<\/td>\n<td style=\"height: 24px; width: 12.9213%;\">7%<\/td>\n<td style=\"height: 24px; width: 97.5683%;\">5%<\/td>\n<\/tr>\n<\/tbody>\n<\/table>\n<h3><\/h3>\n<h3><strong>2. R\u00e9partition des investissements r\u00e9gionaux pour 2026-2030<\/strong><\/h3>\n<table style=\"width: 96.8718%;\">\n<thead>\n<tr>\n<th style=\"width: 49.3711%;\">R\u00e9gion<\/th>\n<th style=\"width: 176.438%;\">Budget allou\u00e9<\/th>\n<\/tr>\n<\/thead>\n<tbody>\n<tr>\n<td style=\"width: 49.3711%;\">Bogot\u00e1<\/td>\n<td style=\"width: 176.438%;\">50%<\/td>\n<\/tr>\n<tr>\n<td style=\"width: 49.3711%;\">La Mesa<\/td>\n<td style=\"width: 176.438%;\">30%<\/td>\n<\/tr>\n<tr>\n<td style=\"width: 49.3711%;\">Carthag\u00e8ne des Indes<\/td>\n<td style=\"width: 176.438%;\">20%<\/td>\n<\/tr>\n<\/tbody>\n<\/table>\n<h3><\/h3>\n<h3><strong>3. \u00c9volution du nombre de b\u00e9n\u00e9ficiaires par secteur (2019-2030)<\/strong><\/h3>\n<table style=\"width: 96.4945%;\">\n<thead>\n<tr>\n<th style=\"width: 13.9364%;\">Ann\u00e9e<\/th>\n<th style=\"width: 21.5159%;\">\u00c9ducation<\/th>\n<th style=\"width: 12.2249%;\">Sant\u00e9<\/th>\n<th style=\"width: 32.7628%;\">Environnement<\/th>\n<th style=\"width: 94.5081%;\">Culture<\/th>\n<\/tr>\n<\/thead>\n<tbody>\n<tr>\n<td style=\"width: 13.9364%;\">2019<\/td>\n<td style=\"width: 21.5159%;\">200<\/td>\n<td style=\"width: 12.2249%;\">700<\/td>\n<td style=\"width: 32.7628%;\">150<\/td>\n<td style=\"width: 94.5081%;\">100<\/td>\n<\/tr>\n<tr>\n<td style=\"width: 13.9364%;\">2024<\/td>\n<td style=\"width: 21.5159%;\">350<\/td>\n<td style=\"width: 12.2249%;\">1 200<\/td>\n<td style=\"width: 32.7628%;\">500<\/td>\n<td style=\"width: 94.5081%;\">300<\/td>\n<\/tr>\n<tr>\n<td style=\"width: 13.9364%;\">2026<\/td>\n<td style=\"width: 21.5159%;\">450<\/td>\n<td style=\"width: 12.2249%;\">1 300<\/td>\n<td style=\"width: 32.7628%;\">800<\/td>\n<td style=\"width: 94.5081%;\">350<\/td>\n<\/tr>\n<tr>\n<td style=\"width: 13.9364%;\">2030<\/td>\n<td style=\"width: 21.5159%;\">600<\/td>\n<td style=\"width: 12.2249%;\">1 500<\/td>\n<td style=\"width: 32.7628%;\">1 000<\/td>\n<td style=\"width: 94.5081%;\">500<\/td>\n<\/tr>\n<\/tbody>\n<\/table>\n<h3><\/h3>\n<h3><strong>4. R\u00e9partition du temps de travail des volontaires (2023)<\/strong><\/h3>\n<table style=\"width: 96.1874%;\">\n<thead>\n<tr>\n<th style=\"width: 49.3711%;\">Secteur<\/th>\n<th style=\"width: 176.73%;\">Temps Investi (%)<\/th>\n<\/tr>\n<\/thead>\n<tbody>\n<tr>\n<td style=\"width: 49.3711%;\">\u00c9ducation<\/td>\n<td style=\"width: 176.73%;\">40%<\/td>\n<\/tr>\n<tr>\n<td style=\"width: 49.3711%;\">Sant\u00e9<\/td>\n<td style=\"width: 176.73%;\">30%<\/td>\n<\/tr>\n<tr>\n<td style=\"width: 49.3711%;\">Environnement<\/td>\n<td style=\"width: 176.73%;\">20%<\/td>\n<\/tr>\n<tr>\n<td style=\"width: 49.3711%;\">Culture et patrimoine<\/td>\n<td style=\"width: 176.73%;\">10%<\/td>\n<\/tr>\n<\/tbody>\n<\/table>\n<p><a title=\"Colombie\" href=\"https:\/\/www.flickr.com\/photos\/globalong\/albums\/72157667672689909\" data-flickr-embed=\"true\" data-footer=\"true\"><img loading=\"lazy\" decoding=\"async\" class=\"aligncenter\" src=\"https:\/\/live.staticflickr.com\/4596\/27442027919_7978936a88_w.jpg\" alt=\"Colombie\" width=\"400\" height=\"300\" \/><\/a><script async src=\"\/\/embedr.flickr.com\/assets\/client-code.js\" charset=\"utf-8\"><\/script><\/p>\n<div class=\"contain-inline-size rounded-md border-[0.5px] border-token-border-medium relative bg-token-sidebar-surface-primary dark:bg-gray-950\">\n<div class=\"overflow-y-auto p-4\" dir=\"ltr\"><\/div>\n<\/div>\n<\/div>\n<\/div>\n<\/div>\n<\/div>\n<\/div>\n<\/div>\n<\/div>\n<\/div>\n<\/article>\n<\/div>\n<\/div>\n<\/div>\n<\/div>\n<\/div>\n<\/div>\n<\/div>\n<\/div>\n<\/div>\n<\/div>\n<\/div>\n<\/div>\n<\/div>\n<\/article>\n<\/div>\n<\/div>\n<\/div>\n<\/div>\n<\/div>\n","protected":false},"excerpt":{"rendered":"<p>F\u00e9vrier 2022 Association Globalong Pour une lecture plus fluide, nous proposons \u00e0 nos adh\u00e9rents cet extrait condens\u00e9 du rapport. Introduction\u00a0 En f\u00e9vrier 2022, une d\u00e9l\u00e9gation de l\u2019association Globalong a effectu\u00e9 une mission strat\u00e9gique en Colombie. Cette intervention, essentielle dans le contexte post-pand\u00e9mie, avait pour ambition d\u2019\u00e9valuer les avanc\u00e9es des projets d\u00e9j\u00e0 mis en place, de [&hellip;]<\/p>\n","protected":false},"author":7,"featured_media":19305,"parent":0,"menu_order":0,"comment_status":"closed","ping_status":"closed","template":"","meta":{"footnotes":""},"yoast_head":"<!-- This site is optimized with the Yoast SEO Premium plugin v23.4 (Yoast SEO v23.4) - https:\/\/yoast.com\/wordpress\/plugins\/seo\/ -->\n<title>Colombie : Avanc\u00e9es et partenariats de l&#039;association Globalong - Association Globalong<\/title>\n<meta name=\"description\" content=\"Mission strat\u00e9gique en Colombie : \u00e9valuation des projets, partenariats renforc\u00e9s et ajustements propos\u00e9s pour le d\u00e9veloppement durable.\" \/>\n<meta name=\"robots\" content=\"index, follow, max-snippet:-1, max-image-preview:large, max-video-preview:-1\" \/>\n<link rel=\"canonical\" href=\"https:\/\/www.globalong.com\/blog\/colombie\/\" \/>\n<meta property=\"og:locale\" content=\"fr_FR\" \/>\n<meta property=\"og:type\" content=\"article\" \/>\n<meta property=\"og:title\" content=\"Rapport officiel de Mission en Colombie\" \/>\n<meta property=\"og:description\" content=\"Mission strat\u00e9gique en Colombie : \u00e9valuation des projets, partenariats renforc\u00e9s et ajustements propos\u00e9s pour le d\u00e9veloppement durable.\" \/>\n<meta property=\"og:url\" content=\"https:\/\/www.globalong.com\/blog\/colombie\/\" \/>\n<meta property=\"og:site_name\" content=\"Association Globalong\" \/>\n<meta property=\"article:publisher\" content=\"https:\/\/www.facebook.com\/globalong\" \/>\n<meta property=\"article:modified_time\" content=\"2025-11-12T14:58:22+00:00\" \/>\n<meta property=\"og:image\" content=\"https:\/\/www.globalong.com\/blog\/wp-content\/uploads\/2024\/11\/25352183268_3b80667f11_z.jpg\" \/>\n\t<meta property=\"og:image:width\" content=\"639\" \/>\n\t<meta property=\"og:image:height\" content=\"270\" \/>\n\t<meta property=\"og:image:type\" content=\"image\/jpeg\" \/>\n<meta name=\"twitter:card\" content=\"summary_large_image\" \/>\n<meta name=\"twitter:label1\" content=\"Dur\u00e9e de lecture estim\u00e9e\" \/>\n\t<meta name=\"twitter:data1\" content=\"20 minutes\" \/>\n<script type=\"application\/ld+json\" class=\"yoast-schema-graph\">{\"@context\":\"https:\/\/schema.org\",\"@graph\":[{\"@type\":\"WebPage\",\"@id\":\"https:\/\/www.globalong.com\/blog\/colombie\/\",\"url\":\"https:\/\/www.globalong.com\/blog\/colombie\/\",\"name\":\"Colombie : Avanc\u00e9es et partenariats de l'association Globalong - Association Globalong\",\"isPartOf\":{\"@id\":\"https:\/\/www.globalong.com\/blog\/#website\"},\"primaryImageOfPage\":{\"@id\":\"https:\/\/www.globalong.com\/blog\/colombie\/#primaryimage\"},\"image\":{\"@id\":\"https:\/\/www.globalong.com\/blog\/colombie\/#primaryimage\"},\"thumbnailUrl\":\"https:\/\/www.globalong.com\/blog\/wp-content\/uploads\/2024\/11\/25352183268_3b80667f11_z.jpg\",\"datePublished\":\"2022-03-14T07:40:17+00:00\",\"dateModified\":\"2025-11-12T14:58:22+00:00\",\"description\":\"Mission strat\u00e9gique en Colombie : \u00e9valuation des projets, partenariats renforc\u00e9s et ajustements propos\u00e9s pour le d\u00e9veloppement durable.\",\"breadcrumb\":{\"@id\":\"https:\/\/www.globalong.com\/blog\/colombie\/#breadcrumb\"},\"inLanguage\":\"fr-FR\",\"potentialAction\":[{\"@type\":\"ReadAction\",\"target\":[\"https:\/\/www.globalong.com\/blog\/colombie\/\"]}]},{\"@type\":\"ImageObject\",\"inLanguage\":\"fr-FR\",\"@id\":\"https:\/\/www.globalong.com\/blog\/colombie\/#primaryimage\",\"url\":\"https:\/\/www.globalong.com\/blog\/wp-content\/uploads\/2024\/11\/25352183268_3b80667f11_z.jpg\",\"contentUrl\":\"https:\/\/www.globalong.com\/blog\/wp-content\/uploads\/2024\/11\/25352183268_3b80667f11_z.jpg\",\"width\":639,\"height\":270,\"caption\":\"Voyage humanitaire en Colombie\"},{\"@type\":\"BreadcrumbList\",\"@id\":\"https:\/\/www.globalong.com\/blog\/colombie\/#breadcrumb\",\"itemListElement\":[{\"@type\":\"ListItem\",\"position\":1,\"name\":\"Accueil\",\"item\":\"https:\/\/www.globalong.com\/blog\/\"},{\"@type\":\"ListItem\",\"position\":2,\"name\":\"Rapport officiel de Mission en Colombie\"}]},{\"@type\":\"WebSite\",\"@id\":\"https:\/\/www.globalong.com\/blog\/#website\",\"url\":\"https:\/\/www.globalong.com\/blog\/\",\"name\":\"https:\/\/www.globalong.com\/\",\"description\":\"Mission humanitaire, stage \u00e9tudiant et voyage linguistique\",\"publisher\":{\"@id\":\"https:\/\/www.globalong.com\/blog\/#organization\"},\"potentialAction\":[{\"@type\":\"SearchAction\",\"target\":{\"@type\":\"EntryPoint\",\"urlTemplate\":\"https:\/\/www.globalong.com\/blog\/?s={search_term_string}\"},\"query-input\":{\"@type\":\"PropertyValueSpecification\",\"valueRequired\":true,\"valueName\":\"search_term_string\"}}],\"inLanguage\":\"fr-FR\"},{\"@type\":\"Organization\",\"@id\":\"https:\/\/www.globalong.com\/blog\/#organization\",\"name\":\"Association Globalong\",\"url\":\"https:\/\/www.globalong.com\/blog\/\",\"logo\":{\"@type\":\"ImageObject\",\"inLanguage\":\"fr-FR\",\"@id\":\"https:\/\/www.globalong.com\/blog\/#\/schema\/logo\/image\/\",\"url\":\"https:\/\/www.globalong.com\/blog\/wp-content\/uploads\/2014\/11\/cropped-cropped-Logo-et-Afrique-Globalong-petite-taille-2.jpg\",\"contentUrl\":\"https:\/\/www.globalong.com\/blog\/wp-content\/uploads\/2014\/11\/cropped-cropped-Logo-et-Afrique-Globalong-petite-taille-2.jpg\",\"width\":512,\"height\":512,\"caption\":\"Association Globalong\"},\"image\":{\"@id\":\"https:\/\/www.globalong.com\/blog\/#\/schema\/logo\/image\/\"},\"sameAs\":[\"https:\/\/www.facebook.com\/globalong\"]}]}<\/script>\n<!-- \/ Yoast SEO Premium plugin. -->","yoast_head_json":{"title":"Colombie : Avanc\u00e9es et partenariats de l'association Globalong - Association Globalong","description":"Mission strat\u00e9gique en Colombie : \u00e9valuation des projets, partenariats renforc\u00e9s et ajustements propos\u00e9s pour le d\u00e9veloppement durable.","robots":{"index":"index","follow":"follow","max-snippet":"max-snippet:-1","max-image-preview":"max-image-preview:large","max-video-preview":"max-video-preview:-1"},"canonical":"https:\/\/www.globalong.com\/blog\/colombie\/","og_locale":"fr_FR","og_type":"article","og_title":"Rapport officiel de Mission en Colombie","og_description":"Mission strat\u00e9gique en Colombie : \u00e9valuation des projets, partenariats renforc\u00e9s et ajustements propos\u00e9s pour le d\u00e9veloppement durable.","og_url":"https:\/\/www.globalong.com\/blog\/colombie\/","og_site_name":"Association Globalong","article_publisher":"https:\/\/www.facebook.com\/globalong","article_modified_time":"2025-11-12T14:58:22+00:00","og_image":[{"width":639,"height":270,"url":"https:\/\/www.globalong.com\/blog\/wp-content\/uploads\/2024\/11\/25352183268_3b80667f11_z.jpg","type":"image\/jpeg"}],"twitter_card":"summary_large_image","twitter_misc":{"Dur\u00e9e de lecture estim\u00e9e":"20 minutes"},"schema":{"@context":"https:\/\/schema.org","@graph":[{"@type":"WebPage","@id":"https:\/\/www.globalong.com\/blog\/colombie\/","url":"https:\/\/www.globalong.com\/blog\/colombie\/","name":"Colombie : Avanc\u00e9es et partenariats de l'association Globalong - Association Globalong","isPartOf":{"@id":"https:\/\/www.globalong.com\/blog\/#website"},"primaryImageOfPage":{"@id":"https:\/\/www.globalong.com\/blog\/colombie\/#primaryimage"},"image":{"@id":"https:\/\/www.globalong.com\/blog\/colombie\/#primaryimage"},"thumbnailUrl":"https:\/\/www.globalong.com\/blog\/wp-content\/uploads\/2024\/11\/25352183268_3b80667f11_z.jpg","datePublished":"2022-03-14T07:40:17+00:00","dateModified":"2025-11-12T14:58:22+00:00","description":"Mission strat\u00e9gique en Colombie : \u00e9valuation des projets, partenariats renforc\u00e9s et ajustements propos\u00e9s pour le d\u00e9veloppement durable.","breadcrumb":{"@id":"https:\/\/www.globalong.com\/blog\/colombie\/#breadcrumb"},"inLanguage":"fr-FR","potentialAction":[{"@type":"ReadAction","target":["https:\/\/www.globalong.com\/blog\/colombie\/"]}]},{"@type":"ImageObject","inLanguage":"fr-FR","@id":"https:\/\/www.globalong.com\/blog\/colombie\/#primaryimage","url":"https:\/\/www.globalong.com\/blog\/wp-content\/uploads\/2024\/11\/25352183268_3b80667f11_z.jpg","contentUrl":"https:\/\/www.globalong.com\/blog\/wp-content\/uploads\/2024\/11\/25352183268_3b80667f11_z.jpg","width":639,"height":270,"caption":"Voyage humanitaire en Colombie"},{"@type":"BreadcrumbList","@id":"https:\/\/www.globalong.com\/blog\/colombie\/#breadcrumb","itemListElement":[{"@type":"ListItem","position":1,"name":"Accueil","item":"https:\/\/www.globalong.com\/blog\/"},{"@type":"ListItem","position":2,"name":"Rapport officiel de Mission en Colombie"}]},{"@type":"WebSite","@id":"https:\/\/www.globalong.com\/blog\/#website","url":"https:\/\/www.globalong.com\/blog\/","name":"https:\/\/www.globalong.com\/","description":"Mission humanitaire, stage \u00e9tudiant et voyage linguistique","publisher":{"@id":"https:\/\/www.globalong.com\/blog\/#organization"},"potentialAction":[{"@type":"SearchAction","target":{"@type":"EntryPoint","urlTemplate":"https:\/\/www.globalong.com\/blog\/?s={search_term_string}"},"query-input":{"@type":"PropertyValueSpecification","valueRequired":true,"valueName":"search_term_string"}}],"inLanguage":"fr-FR"},{"@type":"Organization","@id":"https:\/\/www.globalong.com\/blog\/#organization","name":"Association Globalong","url":"https:\/\/www.globalong.com\/blog\/","logo":{"@type":"ImageObject","inLanguage":"fr-FR","@id":"https:\/\/www.globalong.com\/blog\/#\/schema\/logo\/image\/","url":"https:\/\/www.globalong.com\/blog\/wp-content\/uploads\/2014\/11\/cropped-cropped-Logo-et-Afrique-Globalong-petite-taille-2.jpg","contentUrl":"https:\/\/www.globalong.com\/blog\/wp-content\/uploads\/2014\/11\/cropped-cropped-Logo-et-Afrique-Globalong-petite-taille-2.jpg","width":512,"height":512,"caption":"Association Globalong"},"image":{"@id":"https:\/\/www.globalong.com\/blog\/#\/schema\/logo\/image\/"},"sameAs":["https:\/\/www.facebook.com\/globalong"]}]}},"_links":{"self":[{"href":"https:\/\/www.globalong.com\/blog\/wp-json\/wp\/v2\/pages\/19304"}],"collection":[{"href":"https:\/\/www.globalong.com\/blog\/wp-json\/wp\/v2\/pages"}],"about":[{"href":"https:\/\/www.globalong.com\/blog\/wp-json\/wp\/v2\/types\/page"}],"author":[{"embeddable":true,"href":"https:\/\/www.globalong.com\/blog\/wp-json\/wp\/v2\/users\/7"}],"replies":[{"embeddable":true,"href":"https:\/\/www.globalong.com\/blog\/wp-json\/wp\/v2\/comments?post=19304"}],"version-history":[{"count":5,"href":"https:\/\/www.globalong.com\/blog\/wp-json\/wp\/v2\/pages\/19304\/revisions"}],"predecessor-version":[{"id":22488,"href":"https:\/\/www.globalong.com\/blog\/wp-json\/wp\/v2\/pages\/19304\/revisions\/22488"}],"wp:featuredmedia":[{"embeddable":true,"href":"https:\/\/www.globalong.com\/blog\/wp-json\/wp\/v2\/media\/19305"}],"wp:attachment":[{"href":"https:\/\/www.globalong.com\/blog\/wp-json\/wp\/v2\/media?parent=19304"}],"curies":[{"name":"wp","href":"https:\/\/api.w.org\/{rel}","templated":true}]}}