{"id":2768,"date":"2016-03-25T15:35:09","date_gmt":"2016-03-25T14:35:09","guid":{"rendered":"https:\/\/www.globalong.com\/blog\/?page_id=2768"},"modified":"2022-05-06T09:04:27","modified_gmt":"2022-05-06T07:04:27","slug":"temoignage-sejour-linguistique-espagnol-guatemala-benevolat-international","status":"publish","type":"page","link":"https:\/\/www.globalong.com\/blog\/avis-temoignages-globalong\/temoignage-sejour-linguistique-espagnol-guatemala-benevolat-international\/","title":{"rendered":"Guatemala &#8211; Val\u00e9rie"},"content":{"rendered":"<p style=\"text-align: center;\"><span style=\"color: #b81657;\"><strong>T\u00e9moignage de Val\u00e9rie, b\u00e9n\u00e9vole avec Globalong au Guatemala<\/strong><\/span><\/p>\n<p style=\"text-align: justify;\">4 semaines \u00e0 Antigua au Guatemala<\/p>\n<p style=\"text-align: justify;\"><a href=\"https:\/\/www.globalong.com\/blog\/wp-content\/uploads\/2016\/03\/Cours-particuliers.jpg\" rel=\"attachment wp-att-2772\"><img loading=\"lazy\" decoding=\"async\" class=\"size-medium wp-image-2772 aligncenter\" src=\"https:\/\/www.globalong.com\/blog\/wp-content\/uploads\/2016\/03\/Cours-particuliers-300x225.jpg\" alt=\"Cours particuliers\" width=\"300\" height=\"225\" srcset=\"https:\/\/www.globalong.com\/blog\/wp-content\/uploads\/2016\/03\/Cours-particuliers-300x225.jpg 300w, https:\/\/www.globalong.com\/blog\/wp-content\/uploads\/2016\/03\/Cours-particuliers-768x575.jpg 768w, https:\/\/www.globalong.com\/blog\/wp-content\/uploads\/2016\/03\/Cours-particuliers-150x112.jpg 150w, https:\/\/www.globalong.com\/blog\/wp-content\/uploads\/2016\/03\/Cours-particuliers.jpg 792w\" sizes=\"(max-width: 300px) 100vw, 300px\" \/><\/a>Pendant quatre semaines, j\u2019ai v\u00e9cu dans une famille \u00e0 Antigua, l\u2019ancienne capitale du <span style=\"text-decoration: underline;\"><a href=\"https:\/\/www.globalong.com\/sejour-langues-et-benevolat\/sejour-benevolat-guatemala.html\" target=\"_blank\" rel=\"noopener\">Guatemala.<\/a><\/span> C\u2019est une ville splendide au niveau architectural, pleines de couleurs et de vie. J\u2019ai pass\u00e9 des heures \u00e0 arpenter les rues et prendre des photos.<\/p>\n<p style=\"text-align: justify;\">Les deux premi\u00e8res semaines, j\u2019ai pris des cours d\u2019espagnol avec Marcela, une prof choisie sp\u00e9cialement pour moi par le partenaire local de Globalong. L\u2019avantage du Guatemala c\u2019est que tous les cours sont priv\u00e9s. Par cons\u00e9quent j\u2019ai fait \u00e9norm\u00e9ment de progr\u00e8s en espagnol gr\u00e2ce \u00e0 Marcela.<\/p>\n<p style=\"text-align: justify;\"><a href=\"https:\/\/www.globalong.com\/blog\/wp-content\/uploads\/2016\/03\/Montagne-Guatemala.jpg\" rel=\"attachment wp-att-2775\"><img loading=\"lazy\" decoding=\"async\" class=\"size-medium wp-image-2775 aligncenter\" src=\"https:\/\/www.globalong.com\/blog\/wp-content\/uploads\/2016\/03\/Montagne-Guatemala-300x225.jpg\" alt=\"Montagne Guatemala\" width=\"300\" height=\"225\" srcset=\"https:\/\/www.globalong.com\/blog\/wp-content\/uploads\/2016\/03\/Montagne-Guatemala-300x225.jpg 300w, https:\/\/www.globalong.com\/blog\/wp-content\/uploads\/2016\/03\/Montagne-Guatemala-768x575.jpg 768w, https:\/\/www.globalong.com\/blog\/wp-content\/uploads\/2016\/03\/Montagne-Guatemala-150x112.jpg 150w, https:\/\/www.globalong.com\/blog\/wp-content\/uploads\/2016\/03\/Montagne-Guatemala.jpg 938w\" sizes=\"(max-width: 300px) 100vw, 300px\" \/><\/a>De plus, elle a eu la gentillesse de partager avec moi sa culture. Elle m\u2019a expliqu\u00e9 la culture guat\u00e9malt\u00e8que au travers de son histoire, de sa vie. Ces moments d\u2019\u00e9change m\u2019ont \u00e9norm\u00e9ment touch\u00e9.<\/p>\n<p style=\"text-align: justify;\">Les deux semaines suivantes, j\u2019ai assist\u00e9 un prof de classe au sein de l\u2019\u00e9cole La Esperanza \u00e0 Jocotenango, un village situ\u00e9 aux portes d\u2019Antigua. Cette \u00e9cole est un projet soutenu par une ONG anglaise et accueille les enfants d\u00e9favoris\u00e9s du village. Gr\u00e2ce \u00e0 cette \u00e9cole, ces enfants ont la possibilit\u00e9 d\u2019apprendre, de s\u2019amuser et d\u2019\u00eatre nourri. Ces deux semaines ont \u00e9t\u00e9 merveilleuses, magiques.<\/p>\n<p style=\"text-align: justify;\"><a href=\"https:\/\/www.globalong.com\/blog\/wp-content\/uploads\/2016\/03\/Sourire-enfants.jpg\" rel=\"attachment wp-att-2777\"><img loading=\"lazy\" decoding=\"async\" class=\"size-medium wp-image-2777 aligncenter\" src=\"https:\/\/www.globalong.com\/blog\/wp-content\/uploads\/2016\/03\/Sourire-enfants-300x225.jpg\" alt=\"Sourire enfants\" width=\"300\" height=\"225\" srcset=\"https:\/\/www.globalong.com\/blog\/wp-content\/uploads\/2016\/03\/Sourire-enfants-300x225.jpg 300w, https:\/\/www.globalong.com\/blog\/wp-content\/uploads\/2016\/03\/Sourire-enfants-768x576.jpg 768w, https:\/\/www.globalong.com\/blog\/wp-content\/uploads\/2016\/03\/Sourire-enfants-150x112.jpg 150w, https:\/\/www.globalong.com\/blog\/wp-content\/uploads\/2016\/03\/Sourire-enfants.jpg 787w\" sizes=\"(max-width: 300px) 100vw, 300px\" \/><\/a>J\u2019\u00e9tais dans une classe de quatri\u00e8me primaire. Au d\u00e9but je ne me sentais pas tr\u00e8s utile mais tr\u00e8s rapidement le prof m\u2019a donn\u00e9 quelques t\u00e2ches \u00e0 faire et je suis all\u00e9e vers les enfants, discuter avec eux, les aider quand ils en avaient besoin.<\/p>\n<p style=\"text-align: justify;\">Travailler avec des enfants est tr\u00e8s ressour\u00e7ant car cela m\u2019a permis de vivre au jour le jour et d\u2019appr\u00e9cier chaque moment de partage et d\u2019\u00e9change avec eux. Le dernier jour j\u2019ai montr\u00e9 le petit film que j\u2019avais fait avec les photos et les films que j\u2019avais pris d\u2019eux. Et surtout j\u2019avais eu la bonne id\u00e9e de faire une photo de classe que j\u2019ai donn\u00e9 ensuite \u00e0 chaque enfant avec un petit mot au dos de la photo.<\/p>\n<p style=\"text-align: justify;\"><a href=\"https:\/\/www.globalong.com\/blog\/wp-content\/uploads\/2016\/03\/Maya-Gutamala.jpg\" rel=\"attachment wp-att-2779\"><img loading=\"lazy\" decoding=\"async\" class=\"size-medium wp-image-2779 aligncenter\" src=\"https:\/\/www.globalong.com\/blog\/wp-content\/uploads\/2016\/03\/Maya-Gutamala-300x225.jpg\" alt=\"Maya Gutamala\" width=\"300\" height=\"225\" srcset=\"https:\/\/www.globalong.com\/blog\/wp-content\/uploads\/2016\/03\/Maya-Gutamala-300x225.jpg 300w, https:\/\/www.globalong.com\/blog\/wp-content\/uploads\/2016\/03\/Maya-Gutamala-768x576.jpg 768w, https:\/\/www.globalong.com\/blog\/wp-content\/uploads\/2016\/03\/Maya-Gutamala-150x113.jpg 150w, https:\/\/www.globalong.com\/blog\/wp-content\/uploads\/2016\/03\/Maya-Gutamala.jpg 848w\" sizes=\"(max-width: 300px) 100vw, 300px\" \/><\/a>Ils \u00e9taient tellement contents\u00a0!!! C\u2019est un petit truc mais qui fait tellement plaisir \ud83d\ude42<\/p>\n<p style=\"text-align: justify;\">Leur dire au revoir a \u00e9t\u00e9 difficile car je m\u2019\u00e9tais attach\u00e9e \u00e0 eux. Et d\u2019ailleurs ils ne voulaient pas me laisser partir\u2026Mais je suis rentr\u00e9e avec le sourire et pleins de souvenirs joyeux de ces enfants pleins de vie\u00a0!<\/p>\n<p style=\"text-align: justify;\">J\u2019ai profit\u00e9 de chaque week end pour faire des escapades gr\u00e2ce notamment \u00e0 Mundo Guatemala. J\u2019ai fait l\u2019ascension de deux volcans (l\u2019Acatenango et le Pacaya), j\u2019ai visit\u00e9 les villages mayas situ\u00e9s autour du lac Atitl\u00e1n, je suis all\u00e9e \u00e0 Tikal, un site maya majestueux et j\u2019ai visit\u00e9 les alentours de Antigua.<\/p>\n<p style=\"text-align: justify;\">Ce s\u00e9jour s\u2019est parfaitement d\u00e9roul\u00e9 gr\u00e2ce \u00e0 Sophie de Globalong et Elke la coordinatrice du Guatemala. Un grand merci \u00e0 vous deux pour ce magnifique s\u00e9jour et cette parfaite organisation sans fausse note.<\/p>\n<p>&nbsp;<\/p>\n<p style=\"text-align: center;\">Pour d\u00e9couvrir plus de photos du Guatemala, <span style=\"text-decoration: underline;\"><a href=\"https:\/\/www.flickr.com\/photos\/globalong\/albums\/72157640871478254\" target=\"_blank\" rel=\"noopener\">cliquez ici<\/a><\/span> !<\/p>\n<p style=\"text-align: center;\">Pour d\u00e9couvrir les programmes de cours d&rsquo;espagnol\u00a0et b\u00e9n\u00e9volat au Guatemala, <span style=\"text-decoration: underline;\"><a href=\"https:\/\/www.globalong.com\/sejour-langues-et-benevolat\/sejour-benevolat-guatemala.html\" target=\"_blank\" rel=\"noopener\">cliquez ici<\/a><\/span> !<\/p>\n<p style=\"text-align: center;\">N&rsquo;h\u00e9sitez pas \u00e0 nous contacter pour plus d&rsquo;informations \u00e0 <span style=\"text-decoration: underline; color: #b81657;\"><a style=\"color: #b81657; text-decoration: underline;\" href=\"mailto:info@globalong.com\">info@globalong.com<\/a><\/span><\/p>\n<p>&nbsp;<\/p>\n","protected":false},"excerpt":{"rendered":"<p>T\u00e9moignage de Val\u00e9rie, b\u00e9n\u00e9vole avec Globalong au Guatemala 4 semaines \u00e0 Antigua au Guatemala Pendant quatre semaines, j\u2019ai v\u00e9cu dans une famille \u00e0 Antigua, l\u2019ancienne capitale du Guatemala. C\u2019est une ville splendide au niveau architectural, pleines de couleurs et de vie. J\u2019ai pass\u00e9 des heures \u00e0 arpenter les rues et prendre des photos. Les deux [&hellip;]<\/p>\n","protected":false},"author":3,"featured_media":2775,"parent":883,"menu_order":0,"comment_status":"open","ping_status":"closed","template":"","meta":{"footnotes":""},"yoast_head":"<!-- This site is optimized with the Yoast SEO Premium plugin v23.4 (Yoast SEO v23.4) - https:\/\/yoast.com\/wordpress\/plugins\/seo\/ -->\n<title>Guatemala - Val\u00e9rie - Association Globalong<\/title>\n<meta name=\"robots\" content=\"index, follow, max-snippet:-1, max-image-preview:large, max-video-preview:-1\" \/>\n<link rel=\"canonical\" href=\"https:\/\/www.globalong.com\/blog\/avis-temoignages-globalong\/temoignage-sejour-linguistique-espagnol-guatemala-benevolat-international\/\" \/>\n<meta property=\"og:locale\" content=\"fr_FR\" \/>\n<meta property=\"og:type\" content=\"article\" \/>\n<meta property=\"og:title\" content=\"Guatemala - Val\u00e9rie\" \/>\n<meta property=\"og:description\" content=\"T\u00e9moignage de Val\u00e9rie, b\u00e9n\u00e9vole avec Globalong au Guatemala 4 semaines \u00e0 Antigua au Guatemala Pendant quatre semaines, j\u2019ai v\u00e9cu dans une famille \u00e0 Antigua, l\u2019ancienne capitale du Guatemala. C\u2019est une ville splendide au niveau architectural, pleines de couleurs et de vie. J\u2019ai pass\u00e9 des heures \u00e0 arpenter les rues et prendre des photos. Les deux [&hellip;]\" \/>\n<meta property=\"og:url\" content=\"https:\/\/www.globalong.com\/blog\/avis-temoignages-globalong\/temoignage-sejour-linguistique-espagnol-guatemala-benevolat-international\/\" \/>\n<meta property=\"og:site_name\" content=\"Association Globalong\" \/>\n<meta property=\"article:publisher\" content=\"https:\/\/www.facebook.com\/globalong\" \/>\n<meta property=\"article:modified_time\" content=\"2022-05-06T07:04:27+00:00\" \/>\n<meta property=\"og:image\" content=\"https:\/\/www.globalong.com\/blog\/wp-content\/uploads\/2016\/03\/Montagne-Guatemala.jpg\" \/>\n\t<meta property=\"og:image:width\" content=\"938\" \/>\n\t<meta property=\"og:image:height\" content=\"702\" \/>\n\t<meta property=\"og:image:type\" content=\"image\/jpeg\" \/>\n<meta name=\"twitter:card\" content=\"summary_large_image\" \/>\n<meta name=\"twitter:label1\" content=\"Dur\u00e9e de lecture estim\u00e9e\" \/>\n\t<meta name=\"twitter:data1\" content=\"3 minutes\" \/>\n<script type=\"application\/ld+json\" class=\"yoast-schema-graph\">{\"@context\":\"https:\/\/schema.org\",\"@graph\":[{\"@type\":\"WebPage\",\"@id\":\"https:\/\/www.globalong.com\/blog\/avis-temoignages-globalong\/temoignage-sejour-linguistique-espagnol-guatemala-benevolat-international\/\",\"url\":\"https:\/\/www.globalong.com\/blog\/avis-temoignages-globalong\/temoignage-sejour-linguistique-espagnol-guatemala-benevolat-international\/\",\"name\":\"Guatemala - Val\u00e9rie - Association Globalong\",\"isPartOf\":{\"@id\":\"https:\/\/www.globalong.com\/blog\/#website\"},\"primaryImageOfPage\":{\"@id\":\"https:\/\/www.globalong.com\/blog\/avis-temoignages-globalong\/temoignage-sejour-linguistique-espagnol-guatemala-benevolat-international\/#primaryimage\"},\"image\":{\"@id\":\"https:\/\/www.globalong.com\/blog\/avis-temoignages-globalong\/temoignage-sejour-linguistique-espagnol-guatemala-benevolat-international\/#primaryimage\"},\"thumbnailUrl\":\"https:\/\/www.globalong.com\/blog\/wp-content\/uploads\/2016\/03\/Montagne-Guatemala.jpg\",\"datePublished\":\"2016-03-25T14:35:09+00:00\",\"dateModified\":\"2022-05-06T07:04:27+00:00\",\"breadcrumb\":{\"@id\":\"https:\/\/www.globalong.com\/blog\/avis-temoignages-globalong\/temoignage-sejour-linguistique-espagnol-guatemala-benevolat-international\/#breadcrumb\"},\"inLanguage\":\"fr-FR\",\"potentialAction\":[{\"@type\":\"ReadAction\",\"target\":[\"https:\/\/www.globalong.com\/blog\/avis-temoignages-globalong\/temoignage-sejour-linguistique-espagnol-guatemala-benevolat-international\/\"]}]},{\"@type\":\"ImageObject\",\"inLanguage\":\"fr-FR\",\"@id\":\"https:\/\/www.globalong.com\/blog\/avis-temoignages-globalong\/temoignage-sejour-linguistique-espagnol-guatemala-benevolat-international\/#primaryimage\",\"url\":\"https:\/\/www.globalong.com\/blog\/wp-content\/uploads\/2016\/03\/Montagne-Guatemala.jpg\",\"contentUrl\":\"https:\/\/www.globalong.com\/blog\/wp-content\/uploads\/2016\/03\/Montagne-Guatemala.jpg\",\"width\":938,\"height\":702},{\"@type\":\"BreadcrumbList\",\"@id\":\"https:\/\/www.globalong.com\/blog\/avis-temoignages-globalong\/temoignage-sejour-linguistique-espagnol-guatemala-benevolat-international\/#breadcrumb\",\"itemListElement\":[{\"@type\":\"ListItem\",\"position\":1,\"name\":\"Accueil\",\"item\":\"https:\/\/www.globalong.com\/blog\/\"},{\"@type\":\"ListItem\",\"position\":2,\"name\":\"T\u00e9moignages et avis de volontaires Globalong\",\"item\":\"https:\/\/www.globalong.com\/blog\/avis-temoignages-globalong\/\"},{\"@type\":\"ListItem\",\"position\":3,\"name\":\"Guatemala &#8211; Val\u00e9rie\"}]},{\"@type\":\"WebSite\",\"@id\":\"https:\/\/www.globalong.com\/blog\/#website\",\"url\":\"https:\/\/www.globalong.com\/blog\/\",\"name\":\"https:\/\/www.globalong.com\/\",\"description\":\"Mission humanitaire, stage \u00e9tudiant et voyage linguistique\",\"publisher\":{\"@id\":\"https:\/\/www.globalong.com\/blog\/#organization\"},\"potentialAction\":[{\"@type\":\"SearchAction\",\"target\":{\"@type\":\"EntryPoint\",\"urlTemplate\":\"https:\/\/www.globalong.com\/blog\/?s={search_term_string}\"},\"query-input\":{\"@type\":\"PropertyValueSpecification\",\"valueRequired\":true,\"valueName\":\"search_term_string\"}}],\"inLanguage\":\"fr-FR\"},{\"@type\":\"Organization\",\"@id\":\"https:\/\/www.globalong.com\/blog\/#organization\",\"name\":\"Association Globalong\",\"url\":\"https:\/\/www.globalong.com\/blog\/\",\"logo\":{\"@type\":\"ImageObject\",\"inLanguage\":\"fr-FR\",\"@id\":\"https:\/\/www.globalong.com\/blog\/#\/schema\/logo\/image\/\",\"url\":\"https:\/\/www.globalong.com\/blog\/wp-content\/uploads\/2014\/11\/cropped-cropped-Logo-et-Afrique-Globalong-petite-taille-2.jpg\",\"contentUrl\":\"https:\/\/www.globalong.com\/blog\/wp-content\/uploads\/2014\/11\/cropped-cropped-Logo-et-Afrique-Globalong-petite-taille-2.jpg\",\"width\":512,\"height\":512,\"caption\":\"Association Globalong\"},\"image\":{\"@id\":\"https:\/\/www.globalong.com\/blog\/#\/schema\/logo\/image\/\"},\"sameAs\":[\"https:\/\/www.facebook.com\/globalong\"]}]}<\/script>\n<!-- \/ Yoast SEO Premium plugin. -->","yoast_head_json":{"title":"Guatemala - Val\u00e9rie - Association Globalong","robots":{"index":"index","follow":"follow","max-snippet":"max-snippet:-1","max-image-preview":"max-image-preview:large","max-video-preview":"max-video-preview:-1"},"canonical":"https:\/\/www.globalong.com\/blog\/avis-temoignages-globalong\/temoignage-sejour-linguistique-espagnol-guatemala-benevolat-international\/","og_locale":"fr_FR","og_type":"article","og_title":"Guatemala - Val\u00e9rie","og_description":"T\u00e9moignage de Val\u00e9rie, b\u00e9n\u00e9vole avec Globalong au Guatemala 4 semaines \u00e0 Antigua au Guatemala Pendant quatre semaines, j\u2019ai v\u00e9cu dans une famille \u00e0 Antigua, l\u2019ancienne capitale du Guatemala. C\u2019est une ville splendide au niveau architectural, pleines de couleurs et de vie. J\u2019ai pass\u00e9 des heures \u00e0 arpenter les rues et prendre des photos. Les deux [&hellip;]","og_url":"https:\/\/www.globalong.com\/blog\/avis-temoignages-globalong\/temoignage-sejour-linguistique-espagnol-guatemala-benevolat-international\/","og_site_name":"Association Globalong","article_publisher":"https:\/\/www.facebook.com\/globalong","article_modified_time":"2022-05-06T07:04:27+00:00","og_image":[{"width":938,"height":702,"url":"https:\/\/www.globalong.com\/blog\/wp-content\/uploads\/2016\/03\/Montagne-Guatemala.jpg","type":"image\/jpeg"}],"twitter_card":"summary_large_image","twitter_misc":{"Dur\u00e9e de lecture estim\u00e9e":"3 minutes"},"schema":{"@context":"https:\/\/schema.org","@graph":[{"@type":"WebPage","@id":"https:\/\/www.globalong.com\/blog\/avis-temoignages-globalong\/temoignage-sejour-linguistique-espagnol-guatemala-benevolat-international\/","url":"https:\/\/www.globalong.com\/blog\/avis-temoignages-globalong\/temoignage-sejour-linguistique-espagnol-guatemala-benevolat-international\/","name":"Guatemala - Val\u00e9rie - Association Globalong","isPartOf":{"@id":"https:\/\/www.globalong.com\/blog\/#website"},"primaryImageOfPage":{"@id":"https:\/\/www.globalong.com\/blog\/avis-temoignages-globalong\/temoignage-sejour-linguistique-espagnol-guatemala-benevolat-international\/#primaryimage"},"image":{"@id":"https:\/\/www.globalong.com\/blog\/avis-temoignages-globalong\/temoignage-sejour-linguistique-espagnol-guatemala-benevolat-international\/#primaryimage"},"thumbnailUrl":"https:\/\/www.globalong.com\/blog\/wp-content\/uploads\/2016\/03\/Montagne-Guatemala.jpg","datePublished":"2016-03-25T14:35:09+00:00","dateModified":"2022-05-06T07:04:27+00:00","breadcrumb":{"@id":"https:\/\/www.globalong.com\/blog\/avis-temoignages-globalong\/temoignage-sejour-linguistique-espagnol-guatemala-benevolat-international\/#breadcrumb"},"inLanguage":"fr-FR","potentialAction":[{"@type":"ReadAction","target":["https:\/\/www.globalong.com\/blog\/avis-temoignages-globalong\/temoignage-sejour-linguistique-espagnol-guatemala-benevolat-international\/"]}]},{"@type":"ImageObject","inLanguage":"fr-FR","@id":"https:\/\/www.globalong.com\/blog\/avis-temoignages-globalong\/temoignage-sejour-linguistique-espagnol-guatemala-benevolat-international\/#primaryimage","url":"https:\/\/www.globalong.com\/blog\/wp-content\/uploads\/2016\/03\/Montagne-Guatemala.jpg","contentUrl":"https:\/\/www.globalong.com\/blog\/wp-content\/uploads\/2016\/03\/Montagne-Guatemala.jpg","width":938,"height":702},{"@type":"BreadcrumbList","@id":"https:\/\/www.globalong.com\/blog\/avis-temoignages-globalong\/temoignage-sejour-linguistique-espagnol-guatemala-benevolat-international\/#breadcrumb","itemListElement":[{"@type":"ListItem","position":1,"name":"Accueil","item":"https:\/\/www.globalong.com\/blog\/"},{"@type":"ListItem","position":2,"name":"T\u00e9moignages et avis de volontaires Globalong","item":"https:\/\/www.globalong.com\/blog\/avis-temoignages-globalong\/"},{"@type":"ListItem","position":3,"name":"Guatemala &#8211; Val\u00e9rie"}]},{"@type":"WebSite","@id":"https:\/\/www.globalong.com\/blog\/#website","url":"https:\/\/www.globalong.com\/blog\/","name":"https:\/\/www.globalong.com\/","description":"Mission humanitaire, stage \u00e9tudiant et voyage linguistique","publisher":{"@id":"https:\/\/www.globalong.com\/blog\/#organization"},"potentialAction":[{"@type":"SearchAction","target":{"@type":"EntryPoint","urlTemplate":"https:\/\/www.globalong.com\/blog\/?s={search_term_string}"},"query-input":{"@type":"PropertyValueSpecification","valueRequired":true,"valueName":"search_term_string"}}],"inLanguage":"fr-FR"},{"@type":"Organization","@id":"https:\/\/www.globalong.com\/blog\/#organization","name":"Association Globalong","url":"https:\/\/www.globalong.com\/blog\/","logo":{"@type":"ImageObject","inLanguage":"fr-FR","@id":"https:\/\/www.globalong.com\/blog\/#\/schema\/logo\/image\/","url":"https:\/\/www.globalong.com\/blog\/wp-content\/uploads\/2014\/11\/cropped-cropped-Logo-et-Afrique-Globalong-petite-taille-2.jpg","contentUrl":"https:\/\/www.globalong.com\/blog\/wp-content\/uploads\/2014\/11\/cropped-cropped-Logo-et-Afrique-Globalong-petite-taille-2.jpg","width":512,"height":512,"caption":"Association Globalong"},"image":{"@id":"https:\/\/www.globalong.com\/blog\/#\/schema\/logo\/image\/"},"sameAs":["https:\/\/www.facebook.com\/globalong"]}]}},"_links":{"self":[{"href":"https:\/\/www.globalong.com\/blog\/wp-json\/wp\/v2\/pages\/2768"}],"collection":[{"href":"https:\/\/www.globalong.com\/blog\/wp-json\/wp\/v2\/pages"}],"about":[{"href":"https:\/\/www.globalong.com\/blog\/wp-json\/wp\/v2\/types\/page"}],"author":[{"embeddable":true,"href":"https:\/\/www.globalong.com\/blog\/wp-json\/wp\/v2\/users\/3"}],"replies":[{"embeddable":true,"href":"https:\/\/www.globalong.com\/blog\/wp-json\/wp\/v2\/comments?post=2768"}],"version-history":[{"count":14,"href":"https:\/\/www.globalong.com\/blog\/wp-json\/wp\/v2\/pages\/2768\/revisions"}],"predecessor-version":[{"id":14478,"href":"https:\/\/www.globalong.com\/blog\/wp-json\/wp\/v2\/pages\/2768\/revisions\/14478"}],"up":[{"embeddable":true,"href":"https:\/\/www.globalong.com\/blog\/wp-json\/wp\/v2\/pages\/883"}],"wp:featuredmedia":[{"embeddable":true,"href":"https:\/\/www.globalong.com\/blog\/wp-json\/wp\/v2\/media\/2775"}],"wp:attachment":[{"href":"https:\/\/www.globalong.com\/blog\/wp-json\/wp\/v2\/media?parent=2768"}],"curies":[{"name":"wp","href":"https:\/\/api.w.org\/{rel}","templated":true}]}}