{"id":3276,"date":"2016-03-30T15:17:14","date_gmt":"2016-03-30T13:17:14","guid":{"rendered":"https:\/\/www.globalong.com\/blog\/?page_id=3276"},"modified":"2022-04-28T16:43:04","modified_gmt":"2022-04-28T14:43:04","slug":"bolivie-elsa-temoignage-globalong-voyager-autrement-change-la-vie-humanitaire-amerique-latine-voyager-humanitariat","status":"publish","type":"page","link":"https:\/\/www.globalong.com\/blog\/avis-temoignages-globalong\/bolivie-elsa-temoignage-globalong-voyager-autrement-change-la-vie-humanitaire-amerique-latine-voyager-humanitariat\/","title":{"rendered":"Bolivie &#8211; Elsa"},"content":{"rendered":"<h4 style=\"text-align: center;\"><span style=\"color: #b81657;\">T\u00e9moignage d&rsquo;Elsa, b\u00e9n\u00e9vole en Bolivie avec Globalong<\/span><\/h4>\n<p style=\"text-align: justify;\"><a href=\"https:\/\/www.globalong.com\/blog\/wp-content\/uploads\/2016\/03\/Enfants-Bolivie-Globalong.jpg\" rel=\"attachment wp-att-3277\"><img loading=\"lazy\" decoding=\"async\" class=\"wp-image-3277 aligncenter\" src=\"https:\/\/www.globalong.com\/blog\/wp-content\/uploads\/2016\/03\/Enfants-Bolivie-Globalong-225x300.jpg\" alt=\"B\u00e9n\u00e9volat en Bolivie avec Globalong \" width=\"250\" height=\"333\" srcset=\"https:\/\/www.globalong.com\/blog\/wp-content\/uploads\/2016\/03\/Enfants-Bolivie-Globalong-225x300.jpg 225w, https:\/\/www.globalong.com\/blog\/wp-content\/uploads\/2016\/03\/Enfants-Bolivie-Globalong-768x1024.jpg 768w, https:\/\/www.globalong.com\/blog\/wp-content\/uploads\/2016\/03\/Enfants-Bolivie-Globalong-113x150.jpg 113w\" sizes=\"(max-width: 250px) 100vw, 250px\" \/><\/a>Je suis partie \u00e0 Sucre en Bolivie pendant un mois et demi afin d\u2019am\u00e9liorer mon espagnol et par la m\u00eame occasion, pour faire du b\u00e9n\u00e9volat.<\/p>\n<p style=\"text-align: justify;\">Lors de mon s\u00e9jour en Bolivie, j\u2019ai eu la chance de participer \u00e0 diff\u00e9rentes activit\u00e9s propos\u00e9es comme de la danse, de la cuisine et un sport bolivien appel\u00e9 \u00ab wally \u00bb.<br \/>\nLorsque j\u2019avais un peu de temps lors de mes week-ends, j\u2019en profitais pour partir en excursions.<br \/>\nJ\u2019ai visit\u00e9 la ville, je suis partie d\u00e9couvrir diff\u00e9rents lieux en VTT, \u00e0 cheval ou bien m\u00eame \u00e0 pieds en me promenant.<br \/>\nMon s\u00e9jour en Bolivie s\u2019est bien pass\u00e9. Globalong et l\u2019organisme qui m\u2019ont accueilli \u00e9taient ordonn\u00e9s. Lorsque j\u2019ai suivi les cours de langues j\u2019ai pu faire des rencontres int\u00e9ressantes et internationales.<\/p>\n<p style=\"text-align: justify;\">La diversit\u00e9 et la multiplicit\u00e9 des points de vue \u00e9tait donc au rendez-vous.<\/p>\n<p style=\"text-align: justify;\"><a href=\"https:\/\/www.globalong.com\/blog\/wp-content\/uploads\/2016\/03\/Eglise-bolivienne-Globalong.jpg\" rel=\"attachment wp-att-3281\"><img loading=\"lazy\" decoding=\"async\" class=\"wp-image-3281 aligncenter\" src=\"https:\/\/www.globalong.com\/blog\/wp-content\/uploads\/2016\/03\/Eglise-bolivienne-Globalong-225x300.jpg\" alt=\"b\u00e2timent bolivie Globalong b\u00e9n\u00e9volat\" width=\"250\" height=\"333\" srcset=\"https:\/\/www.globalong.com\/blog\/wp-content\/uploads\/2016\/03\/Eglise-bolivienne-Globalong-225x300.jpg 225w, https:\/\/www.globalong.com\/blog\/wp-content\/uploads\/2016\/03\/Eglise-bolivienne-Globalong-768x1024.jpg 768w, https:\/\/www.globalong.com\/blog\/wp-content\/uploads\/2016\/03\/Eglise-bolivienne-Globalong-113x150.jpg 113w\" sizes=\"(max-width: 250px) 100vw, 250px\" \/><\/a>Je suis partie dans le but de d\u00e9couvrir un nouveau pays, faire des rencontres mais aussi pour conna\u00eetre le fonctionnement d\u2019une association comme Globalong.<\/p>\n<p style=\"text-align: justify;\">Je voulais aussi agir, m\u2019impliquer au jour le jour avec les autres b\u00e9n\u00e9voles.<br \/>\nJ\u2019aime le principe d\u2019avoir des cours de langues d\u2019espagnol pour commencer le s\u00e9jour. Cela m\u2019a permis de me mettre \u00e0 niveau et de comprendre le fonctionnement de l\u2019\u00e9cole, des activit\u00e9s et de rencontrer les autres \u00e9tudiants.<br \/>\nEn ce qui concerne ma p\u00e9riode de b\u00e9n\u00e9volat, le d\u00e9but a \u00e9t\u00e9 quelque peu chaotique car le centre p\u00e9riscolaire dans lequel je devais \u00eatre b\u00e9n\u00e9vole a prolong\u00e9 les vacances d\u2019une semaine. Avec l\u2019aide du coordinateur local j\u2019ai trouv\u00e9 un autre lieu. Le reste du b\u00e9n\u00e9volat s\u2019est super bien pass\u00e9. L\u2019\u00e9quipe a \u00e9t\u00e9 r\u00e9active et a su trouver des solutions ad\u00e9quates afin que j\u2019effectue ma p\u00e9riode de volontariat comme convenu. Du coup, je suis partie dans un orphelinat en Bolivie.<\/p>\n<p style=\"text-align: justify;\">Je me suis occup\u00e9e des enfants en essayant de leur apporter le maximum. J\u2019ai eu l\u2019occasion de parler avec une dame qui y travaillait, elle m\u2019a expliqu\u00e9 les difficult\u00e9s de financements, les aides du gouvernement qui permettent de g\u00e9rer l\u2019orphelinat au quotidien.<\/p>\n<p style=\"text-align: justify;\">Cette exp\u00e9rience de b\u00e9n\u00e9volat en Bolivie me sert aujourd\u2019hui et me servira dans un futur proche. Je poursuis actuellement des \u00e9tudes en action humanitaire et coop\u00e9ration internationale. Cette p\u00e9riode de b\u00e9n\u00e9volat me servira car j\u2019ai acquis une exp\u00e9rience sur le terrain, des connaissances relativement approfondies sur la Bolivie. D\u2019un point de vue humain, cette exp\u00e9rience m\u2019a permis de rencontrer de nombreuses personnes qui m\u2019ont chacune apport\u00e9 quelque chose de diff\u00e9rent mais tout aussi enrichissant.<br \/>\nLe retour chez moi n\u2019a pas \u00e9t\u00e9 aussi difficile que je l\u2019imaginais. Je n\u2019ai pas trouv\u00e9 un grand d\u00e9calage entre l\u2019Europe et la Bolivie. Evidemment il y a de grandes diff\u00e9rences : vendeurs de popcorns, de jus de fruits dans la rue, des dames aux longues tresses noires <a href=\"https:\/\/www.globalong.com\/blog\/wp-content\/uploads\/2016\/03\/Paysage-bolivien-Globalong.jpg\" rel=\"attachment wp-att-3287\"><img loading=\"lazy\" decoding=\"async\" class=\"wp-image-3287 aligncenter\" src=\"https:\/\/www.globalong.com\/blog\/wp-content\/uploads\/2016\/03\/Paysage-bolivien-Globalong-300x225.jpg\" alt=\"B\u00e9n\u00e9volat ELsa Globalong Bolivie paysage\" width=\"250\" height=\"188\" srcset=\"https:\/\/www.globalong.com\/blog\/wp-content\/uploads\/2016\/03\/Paysage-bolivien-Globalong-300x225.jpg 300w, https:\/\/www.globalong.com\/blog\/wp-content\/uploads\/2016\/03\/Paysage-bolivien-Globalong-768x576.jpg 768w, https:\/\/www.globalong.com\/blog\/wp-content\/uploads\/2016\/03\/Paysage-bolivien-Globalong-1024x768.jpg 1024w, https:\/\/www.globalong.com\/blog\/wp-content\/uploads\/2016\/03\/Paysage-bolivien-Globalong-150x113.jpg 150w\" sizes=\"(max-width: 250px) 100vw, 250px\" \/><\/a>et des tissus color\u00e9s mais en ville, les habitants sont tous \u00e9quip\u00e9s du dernier smartphone, ils sont tous connect\u00e9s \u00e0 internet et marche vite comme \u00e0 Paris.<\/p>\n<p style=\"text-align: justify;\">Mon conseil au futur participant dans n\u2019importe quelle mission de b\u00e9n\u00e9volat c\u2019est :<\/p>\n<ul style=\"text-align: justify;\">\n<li>Ne pas stresser, ni avoir peur. C\u2019est s\u00fbr que partir dans un pays \u00e9tranger \u00e0 l\u2019autre bout du monde est effrayant mais les gens sont bienveillants et Globalong ainsi que l\u2019\u00e9quipe sur place nous encadre parfaitement.<\/li>\n<li>Ne fa\u00eetes pas de plans pr\u00e9cis, laissez-vous porter par les \u00e9v\u00e9nements et surtout PROFITEZ au maximum !!<br \/>\nGlobalong est un organisme tr\u00e8s complet et professionnel. Sophie est rest\u00e9e en contact avec moi tout le long de mon s\u00e9jour. Je sais que si j\u2019avais eu le moindre probl\u00e8me, elle m\u2019aurait aid\u00e9. En plus, Globalong propose des s\u00e9jours diverses et \u00e9quilibr\u00e9s donc je suis s\u00fbr que \u00e7a peut plaire \u00e0 tout le monde ! Je conseille \u00e0 tous de partir avec Globalong.<\/li>\n<\/ul>\n<p style=\"text-align: justify;\">C\u2019\u00e9tait une exp\u00e9rience formidable !!!!<\/p>\n<p style=\"text-align: justify;\">Elsa.<\/p>\n<p style=\"text-align: center;\"><span style=\"text-decoration: underline; color: #b81657;\"><a style=\"color: #b81657; text-decoration: underline;\" href=\"https:\/\/www.globalong.com\/sejour-langues-et-benevolat\/espagnol-benevolat-bolivie.html\" target=\"_blank\" rel=\"noopener\">D\u00e9couvrez les cours de langue et missions de b\u00e9n\u00e9volat propos\u00e9es par Globalong en Bolivie ici\u00a0<\/a><\/span><\/p>\n<p style=\"text-align: center;\">Envie de voir plus phots sur la Bolivie ? <span style=\"text-decoration: underline; color: #b81657;\"><a style=\"color: #b81657; text-decoration: underline;\" href=\"https:\/\/www.flickr.com\/photos\/globalong\/albums\/72157645730534132\/page2\" target=\"_blank\" rel=\"noopener\">C&rsquo;est par l\u00e0 !<\/a><\/span><\/p>\n<p style=\"text-align: center;\">Pour plus d&rsquo;informations, n&rsquo;h\u00e9sitez pas \u00e0 nous contacter \u00e0 <span style=\"text-decoration: underline; color: #b81657;\"><a style=\"color: #b81657; text-decoration: underline;\" href=\"mailto:info@globalong.com\">info@globalong.com<\/a><\/span><\/p>\n","protected":false},"excerpt":{"rendered":"<p>T\u00e9moignage d&rsquo;Elsa, b\u00e9n\u00e9vole en Bolivie avec Globalong Je suis partie \u00e0 Sucre en Bolivie pendant un mois et demi afin d\u2019am\u00e9liorer mon espagnol et par la m\u00eame occasion, pour faire du b\u00e9n\u00e9volat. Lors de mon s\u00e9jour en Bolivie, j\u2019ai eu la chance de participer \u00e0 diff\u00e9rentes activit\u00e9s propos\u00e9es comme de la danse, de la cuisine [&hellip;]<\/p>\n","protected":false},"author":3,"featured_media":3283,"parent":883,"menu_order":0,"comment_status":"open","ping_status":"closed","template":"","meta":{"footnotes":""},"yoast_head":"<!-- This site is optimized with the Yoast SEO Premium plugin v23.4 (Yoast SEO v23.4) - https:\/\/yoast.com\/wordpress\/plugins\/seo\/ -->\n<title>Bolivie - Elsa - Association Globalong<\/title>\n<meta name=\"robots\" content=\"index, follow, max-snippet:-1, max-image-preview:large, max-video-preview:-1\" \/>\n<link rel=\"canonical\" href=\"https:\/\/www.globalong.com\/blog\/avis-temoignages-globalong\/bolivie-elsa-temoignage-globalong-voyager-autrement-change-la-vie-humanitaire-amerique-latine-voyager-humanitariat\/\" \/>\n<meta property=\"og:locale\" content=\"fr_FR\" \/>\n<meta property=\"og:type\" content=\"article\" \/>\n<meta property=\"og:title\" content=\"Bolivie - Elsa\" \/>\n<meta property=\"og:description\" content=\"T\u00e9moignage d&rsquo;Elsa, b\u00e9n\u00e9vole en Bolivie avec Globalong Je suis partie \u00e0 Sucre en Bolivie pendant un mois et demi afin d\u2019am\u00e9liorer mon espagnol et par la m\u00eame occasion, pour faire du b\u00e9n\u00e9volat. Lors de mon s\u00e9jour en Bolivie, j\u2019ai eu la chance de participer \u00e0 diff\u00e9rentes activit\u00e9s propos\u00e9es comme de la danse, de la cuisine [&hellip;]\" \/>\n<meta property=\"og:url\" content=\"https:\/\/www.globalong.com\/blog\/avis-temoignages-globalong\/bolivie-elsa-temoignage-globalong-voyager-autrement-change-la-vie-humanitaire-amerique-latine-voyager-humanitariat\/\" \/>\n<meta property=\"og:site_name\" content=\"Association Globalong\" \/>\n<meta property=\"article:publisher\" content=\"https:\/\/www.facebook.com\/globalong\" \/>\n<meta property=\"article:modified_time\" content=\"2022-04-28T14:43:04+00:00\" \/>\n<meta property=\"og:image\" content=\"https:\/\/www.globalong.com\/blog\/wp-content\/uploads\/2016\/03\/B\u00e9n\u00e9volat-en-Bolivie-avec-Globalong-768x1024.jpg\" \/>\n\t<meta property=\"og:image:width\" content=\"768\" \/>\n\t<meta property=\"og:image:height\" content=\"1024\" \/>\n\t<meta property=\"og:image:type\" content=\"image\/jpeg\" \/>\n<meta name=\"twitter:card\" content=\"summary_large_image\" \/>\n<meta name=\"twitter:label1\" content=\"Dur\u00e9e de lecture estim\u00e9e\" \/>\n\t<meta name=\"twitter:data1\" content=\"4 minutes\" \/>\n<script type=\"application\/ld+json\" class=\"yoast-schema-graph\">{\"@context\":\"https:\/\/schema.org\",\"@graph\":[{\"@type\":\"WebPage\",\"@id\":\"https:\/\/www.globalong.com\/blog\/avis-temoignages-globalong\/bolivie-elsa-temoignage-globalong-voyager-autrement-change-la-vie-humanitaire-amerique-latine-voyager-humanitariat\/\",\"url\":\"https:\/\/www.globalong.com\/blog\/avis-temoignages-globalong\/bolivie-elsa-temoignage-globalong-voyager-autrement-change-la-vie-humanitaire-amerique-latine-voyager-humanitariat\/\",\"name\":\"Bolivie - Elsa - Association Globalong\",\"isPartOf\":{\"@id\":\"https:\/\/www.globalong.com\/blog\/#website\"},\"primaryImageOfPage\":{\"@id\":\"https:\/\/www.globalong.com\/blog\/avis-temoignages-globalong\/bolivie-elsa-temoignage-globalong-voyager-autrement-change-la-vie-humanitaire-amerique-latine-voyager-humanitariat\/#primaryimage\"},\"image\":{\"@id\":\"https:\/\/www.globalong.com\/blog\/avis-temoignages-globalong\/bolivie-elsa-temoignage-globalong-voyager-autrement-change-la-vie-humanitaire-amerique-latine-voyager-humanitariat\/#primaryimage\"},\"thumbnailUrl\":\"https:\/\/www.globalong.com\/blog\/wp-content\/uploads\/2016\/03\/B\u00e9n\u00e9volat-en-Bolivie-avec-Globalong.jpg\",\"datePublished\":\"2016-03-30T13:17:14+00:00\",\"dateModified\":\"2022-04-28T14:43:04+00:00\",\"breadcrumb\":{\"@id\":\"https:\/\/www.globalong.com\/blog\/avis-temoignages-globalong\/bolivie-elsa-temoignage-globalong-voyager-autrement-change-la-vie-humanitaire-amerique-latine-voyager-humanitariat\/#breadcrumb\"},\"inLanguage\":\"fr-FR\",\"potentialAction\":[{\"@type\":\"ReadAction\",\"target\":[\"https:\/\/www.globalong.com\/blog\/avis-temoignages-globalong\/bolivie-elsa-temoignage-globalong-voyager-autrement-change-la-vie-humanitaire-amerique-latine-voyager-humanitariat\/\"]}]},{\"@type\":\"ImageObject\",\"inLanguage\":\"fr-FR\",\"@id\":\"https:\/\/www.globalong.com\/blog\/avis-temoignages-globalong\/bolivie-elsa-temoignage-globalong-voyager-autrement-change-la-vie-humanitaire-amerique-latine-voyager-humanitariat\/#primaryimage\",\"url\":\"https:\/\/www.globalong.com\/blog\/wp-content\/uploads\/2016\/03\/B\u00e9n\u00e9volat-en-Bolivie-avec-Globalong.jpg\",\"contentUrl\":\"https:\/\/www.globalong.com\/blog\/wp-content\/uploads\/2016\/03\/B\u00e9n\u00e9volat-en-Bolivie-avec-Globalong.jpg\",\"width\":3216,\"height\":4288,\"caption\":\"Globalong en Am\u00e9rique latine Bolivie B\u00e9n\u00e9volat\"},{\"@type\":\"BreadcrumbList\",\"@id\":\"https:\/\/www.globalong.com\/blog\/avis-temoignages-globalong\/bolivie-elsa-temoignage-globalong-voyager-autrement-change-la-vie-humanitaire-amerique-latine-voyager-humanitariat\/#breadcrumb\",\"itemListElement\":[{\"@type\":\"ListItem\",\"position\":1,\"name\":\"Accueil\",\"item\":\"https:\/\/www.globalong.com\/blog\/\"},{\"@type\":\"ListItem\",\"position\":2,\"name\":\"T\u00e9moignages et avis de volontaires Globalong\",\"item\":\"https:\/\/www.globalong.com\/blog\/avis-temoignages-globalong\/\"},{\"@type\":\"ListItem\",\"position\":3,\"name\":\"Bolivie &#8211; Elsa\"}]},{\"@type\":\"WebSite\",\"@id\":\"https:\/\/www.globalong.com\/blog\/#website\",\"url\":\"https:\/\/www.globalong.com\/blog\/\",\"name\":\"https:\/\/www.globalong.com\/\",\"description\":\"Mission humanitaire, stage \u00e9tudiant et voyage linguistique\",\"publisher\":{\"@id\":\"https:\/\/www.globalong.com\/blog\/#organization\"},\"potentialAction\":[{\"@type\":\"SearchAction\",\"target\":{\"@type\":\"EntryPoint\",\"urlTemplate\":\"https:\/\/www.globalong.com\/blog\/?s={search_term_string}\"},\"query-input\":{\"@type\":\"PropertyValueSpecification\",\"valueRequired\":true,\"valueName\":\"search_term_string\"}}],\"inLanguage\":\"fr-FR\"},{\"@type\":\"Organization\",\"@id\":\"https:\/\/www.globalong.com\/blog\/#organization\",\"name\":\"Association Globalong\",\"url\":\"https:\/\/www.globalong.com\/blog\/\",\"logo\":{\"@type\":\"ImageObject\",\"inLanguage\":\"fr-FR\",\"@id\":\"https:\/\/www.globalong.com\/blog\/#\/schema\/logo\/image\/\",\"url\":\"https:\/\/www.globalong.com\/blog\/wp-content\/uploads\/2014\/11\/cropped-cropped-Logo-et-Afrique-Globalong-petite-taille-2.jpg\",\"contentUrl\":\"https:\/\/www.globalong.com\/blog\/wp-content\/uploads\/2014\/11\/cropped-cropped-Logo-et-Afrique-Globalong-petite-taille-2.jpg\",\"width\":512,\"height\":512,\"caption\":\"Association Globalong\"},\"image\":{\"@id\":\"https:\/\/www.globalong.com\/blog\/#\/schema\/logo\/image\/\"},\"sameAs\":[\"https:\/\/www.facebook.com\/globalong\"]}]}<\/script>\n<!-- \/ Yoast SEO Premium plugin. -->","yoast_head_json":{"title":"Bolivie - Elsa - Association Globalong","robots":{"index":"index","follow":"follow","max-snippet":"max-snippet:-1","max-image-preview":"max-image-preview:large","max-video-preview":"max-video-preview:-1"},"canonical":"https:\/\/www.globalong.com\/blog\/avis-temoignages-globalong\/bolivie-elsa-temoignage-globalong-voyager-autrement-change-la-vie-humanitaire-amerique-latine-voyager-humanitariat\/","og_locale":"fr_FR","og_type":"article","og_title":"Bolivie - Elsa","og_description":"T\u00e9moignage d&rsquo;Elsa, b\u00e9n\u00e9vole en Bolivie avec Globalong Je suis partie \u00e0 Sucre en Bolivie pendant un mois et demi afin d\u2019am\u00e9liorer mon espagnol et par la m\u00eame occasion, pour faire du b\u00e9n\u00e9volat. Lors de mon s\u00e9jour en Bolivie, j\u2019ai eu la chance de participer \u00e0 diff\u00e9rentes activit\u00e9s propos\u00e9es comme de la danse, de la cuisine [&hellip;]","og_url":"https:\/\/www.globalong.com\/blog\/avis-temoignages-globalong\/bolivie-elsa-temoignage-globalong-voyager-autrement-change-la-vie-humanitaire-amerique-latine-voyager-humanitariat\/","og_site_name":"Association Globalong","article_publisher":"https:\/\/www.facebook.com\/globalong","article_modified_time":"2022-04-28T14:43:04+00:00","og_image":[{"width":768,"height":1024,"url":"https:\/\/www.globalong.com\/blog\/wp-content\/uploads\/2016\/03\/B\u00e9n\u00e9volat-en-Bolivie-avec-Globalong-768x1024.jpg","type":"image\/jpeg"}],"twitter_card":"summary_large_image","twitter_misc":{"Dur\u00e9e de lecture estim\u00e9e":"4 minutes"},"schema":{"@context":"https:\/\/schema.org","@graph":[{"@type":"WebPage","@id":"https:\/\/www.globalong.com\/blog\/avis-temoignages-globalong\/bolivie-elsa-temoignage-globalong-voyager-autrement-change-la-vie-humanitaire-amerique-latine-voyager-humanitariat\/","url":"https:\/\/www.globalong.com\/blog\/avis-temoignages-globalong\/bolivie-elsa-temoignage-globalong-voyager-autrement-change-la-vie-humanitaire-amerique-latine-voyager-humanitariat\/","name":"Bolivie - Elsa - Association Globalong","isPartOf":{"@id":"https:\/\/www.globalong.com\/blog\/#website"},"primaryImageOfPage":{"@id":"https:\/\/www.globalong.com\/blog\/avis-temoignages-globalong\/bolivie-elsa-temoignage-globalong-voyager-autrement-change-la-vie-humanitaire-amerique-latine-voyager-humanitariat\/#primaryimage"},"image":{"@id":"https:\/\/www.globalong.com\/blog\/avis-temoignages-globalong\/bolivie-elsa-temoignage-globalong-voyager-autrement-change-la-vie-humanitaire-amerique-latine-voyager-humanitariat\/#primaryimage"},"thumbnailUrl":"https:\/\/www.globalong.com\/blog\/wp-content\/uploads\/2016\/03\/B\u00e9n\u00e9volat-en-Bolivie-avec-Globalong.jpg","datePublished":"2016-03-30T13:17:14+00:00","dateModified":"2022-04-28T14:43:04+00:00","breadcrumb":{"@id":"https:\/\/www.globalong.com\/blog\/avis-temoignages-globalong\/bolivie-elsa-temoignage-globalong-voyager-autrement-change-la-vie-humanitaire-amerique-latine-voyager-humanitariat\/#breadcrumb"},"inLanguage":"fr-FR","potentialAction":[{"@type":"ReadAction","target":["https:\/\/www.globalong.com\/blog\/avis-temoignages-globalong\/bolivie-elsa-temoignage-globalong-voyager-autrement-change-la-vie-humanitaire-amerique-latine-voyager-humanitariat\/"]}]},{"@type":"ImageObject","inLanguage":"fr-FR","@id":"https:\/\/www.globalong.com\/blog\/avis-temoignages-globalong\/bolivie-elsa-temoignage-globalong-voyager-autrement-change-la-vie-humanitaire-amerique-latine-voyager-humanitariat\/#primaryimage","url":"https:\/\/www.globalong.com\/blog\/wp-content\/uploads\/2016\/03\/B\u00e9n\u00e9volat-en-Bolivie-avec-Globalong.jpg","contentUrl":"https:\/\/www.globalong.com\/blog\/wp-content\/uploads\/2016\/03\/B\u00e9n\u00e9volat-en-Bolivie-avec-Globalong.jpg","width":3216,"height":4288,"caption":"Globalong en Am\u00e9rique latine Bolivie B\u00e9n\u00e9volat"},{"@type":"BreadcrumbList","@id":"https:\/\/www.globalong.com\/blog\/avis-temoignages-globalong\/bolivie-elsa-temoignage-globalong-voyager-autrement-change-la-vie-humanitaire-amerique-latine-voyager-humanitariat\/#breadcrumb","itemListElement":[{"@type":"ListItem","position":1,"name":"Accueil","item":"https:\/\/www.globalong.com\/blog\/"},{"@type":"ListItem","position":2,"name":"T\u00e9moignages et avis de volontaires Globalong","item":"https:\/\/www.globalong.com\/blog\/avis-temoignages-globalong\/"},{"@type":"ListItem","position":3,"name":"Bolivie &#8211; Elsa"}]},{"@type":"WebSite","@id":"https:\/\/www.globalong.com\/blog\/#website","url":"https:\/\/www.globalong.com\/blog\/","name":"https:\/\/www.globalong.com\/","description":"Mission humanitaire, stage \u00e9tudiant et voyage linguistique","publisher":{"@id":"https:\/\/www.globalong.com\/blog\/#organization"},"potentialAction":[{"@type":"SearchAction","target":{"@type":"EntryPoint","urlTemplate":"https:\/\/www.globalong.com\/blog\/?s={search_term_string}"},"query-input":{"@type":"PropertyValueSpecification","valueRequired":true,"valueName":"search_term_string"}}],"inLanguage":"fr-FR"},{"@type":"Organization","@id":"https:\/\/www.globalong.com\/blog\/#organization","name":"Association Globalong","url":"https:\/\/www.globalong.com\/blog\/","logo":{"@type":"ImageObject","inLanguage":"fr-FR","@id":"https:\/\/www.globalong.com\/blog\/#\/schema\/logo\/image\/","url":"https:\/\/www.globalong.com\/blog\/wp-content\/uploads\/2014\/11\/cropped-cropped-Logo-et-Afrique-Globalong-petite-taille-2.jpg","contentUrl":"https:\/\/www.globalong.com\/blog\/wp-content\/uploads\/2014\/11\/cropped-cropped-Logo-et-Afrique-Globalong-petite-taille-2.jpg","width":512,"height":512,"caption":"Association Globalong"},"image":{"@id":"https:\/\/www.globalong.com\/blog\/#\/schema\/logo\/image\/"},"sameAs":["https:\/\/www.facebook.com\/globalong"]}]}},"_links":{"self":[{"href":"https:\/\/www.globalong.com\/blog\/wp-json\/wp\/v2\/pages\/3276"}],"collection":[{"href":"https:\/\/www.globalong.com\/blog\/wp-json\/wp\/v2\/pages"}],"about":[{"href":"https:\/\/www.globalong.com\/blog\/wp-json\/wp\/v2\/types\/page"}],"author":[{"embeddable":true,"href":"https:\/\/www.globalong.com\/blog\/wp-json\/wp\/v2\/users\/3"}],"replies":[{"embeddable":true,"href":"https:\/\/www.globalong.com\/blog\/wp-json\/wp\/v2\/comments?post=3276"}],"version-history":[{"count":20,"href":"https:\/\/www.globalong.com\/blog\/wp-json\/wp\/v2\/pages\/3276\/revisions"}],"predecessor-version":[{"id":14417,"href":"https:\/\/www.globalong.com\/blog\/wp-json\/wp\/v2\/pages\/3276\/revisions\/14417"}],"up":[{"embeddable":true,"href":"https:\/\/www.globalong.com\/blog\/wp-json\/wp\/v2\/pages\/883"}],"wp:featuredmedia":[{"embeddable":true,"href":"https:\/\/www.globalong.com\/blog\/wp-json\/wp\/v2\/media\/3283"}],"wp:attachment":[{"href":"https:\/\/www.globalong.com\/blog\/wp-json\/wp\/v2\/media?parent=3276"}],"curies":[{"name":"wp","href":"https:\/\/api.w.org\/{rel}","templated":true}]}}