{"id":3428,"date":"2016-05-03T12:30:26","date_gmt":"2016-05-03T10:30:26","guid":{"rendered":"https:\/\/www.globalong.com\/blog\/?page_id=3428"},"modified":"2022-05-07T11:05:07","modified_gmt":"2022-05-07T09:05:07","slug":"temoignage-amandine-sri-lanka-asie-gap-year-annee-enfants-orphelinat-asie","status":"publish","type":"page","link":"https:\/\/www.globalong.com\/blog\/avis-temoignages-globalong\/temoignage-amandine-sri-lanka-asie-gap-year-annee-enfants-orphelinat-asie\/","title":{"rendered":"Sri Lanka &#8211; Amandine"},"content":{"rendered":"<h4 style=\"text-align: center;\"><span style=\"color: #b81657;\">T\u00e9moignage d&rsquo;Amandine, b\u00e9n\u00e9vole au Sri Lanka\u00a0avec Globalong.<\/span><\/h4>\n<p style=\"text-align: justify;\"><a href=\"https:\/\/www.globalong.com\/blog\/wp-content\/uploads\/2016\/05\/image14-1.jpeg\" rel=\"attachment wp-att-3884\"><img loading=\"lazy\" decoding=\"async\" class=\"wp-image-3884 aligncenter\" src=\"https:\/\/www.globalong.com\/blog\/wp-content\/uploads\/2016\/05\/image14-1-225x300.jpeg\" alt=\"B\u00e9n\u00e9volat au Sri Lanka avec Globalong\" width=\"300\" height=\"400\" srcset=\"https:\/\/www.globalong.com\/blog\/wp-content\/uploads\/2016\/05\/image14-1-225x300.jpeg 225w, https:\/\/www.globalong.com\/blog\/wp-content\/uploads\/2016\/05\/image14-1-113x150.jpeg 113w, https:\/\/www.globalong.com\/blog\/wp-content\/uploads\/2016\/05\/image14-1.jpeg 240w\" sizes=\"(max-width: 300px) 100vw, 300px\" \/><\/a><\/p>\n<p style=\"text-align: justify;\">Je m\u2019appelle Amandine, je suis partie au <span style=\"text-decoration: underline;\"><a href=\"https:\/\/www.globalong.com\/sejour-benevolat\/sri-lanka.html\" target=\"_blank\" rel=\"noopener\">Sri Lanka<\/a><\/span> dans un orphelinat pendant 3 semaines et c\u2019\u00e9tait court.<\/p>\n<p style=\"text-align: justify;\">J\u2019ai visiter les alentours sans trop m\u2019\u00e9loigner pendant le week-end. Je ne me suis aventurer qu\u2019\u00e0 une 50 aine de kms car la p\u00e9riode est trop courte pour aller plus loin.<\/p>\n<p style=\"text-align: justify;\">Je voulais partir car j&rsquo;avais besoin d&rsquo;un retour aux sources, de sortir de mon environnement professionnel et de relativiser les conditions de vie dans lesquelles nous \u00e9voluons.<\/p>\n<p style=\"text-align: justify;\">Ma p\u00e9riode d\u2019intro \u00e9tait bien, mais je pense que 3 jours sont suffisants ou sinon il faudrait peut \u00eatre la jumel\u00e9e avec une p\u00e9riode d\u2019int\u00e9gration progressive \u00e0 l&rsquo;orphelinat.<\/p>\n<p style=\"text-align: justify;\">Il faut pendant la p\u00e9riode de b\u00e9n\u00e9volat savoir \u00eatre autonome et ne pas h\u00e9siter \u00e0 prendre les devants et \u00e0 s&rsquo;investir dans l&rsquo;orphelinat.<\/p>\n<p style=\"text-align: justify;\">Les conditions de vie et d&rsquo;hygi\u00e8ne des enfants d\u00e9passent par moment l&rsquo;entendement et je pense qu&rsquo;il faut \u00eatre psychologiquement arm\u00e9 pour affronter certaines situations.<a href=\"https:\/\/www.globalong.com\/blog\/wp-content\/uploads\/2016\/05\/image2.jpeg\" rel=\"attachment wp-att-3889\"><img loading=\"lazy\" decoding=\"async\" class=\"size-medium wp-image-3889 aligncenter\" src=\"https:\/\/www.globalong.com\/blog\/wp-content\/uploads\/2016\/05\/image2-300x300.jpeg\" alt=\"Mission de b\u00e9n\u00e9volat au Sri Lanka avec Globalong\" width=\"300\" height=\"300\" srcset=\"https:\/\/www.globalong.com\/blog\/wp-content\/uploads\/2016\/05\/image2-300x300.jpeg 300w, https:\/\/www.globalong.com\/blog\/wp-content\/uploads\/2016\/05\/image2-150x150.jpeg 150w, https:\/\/www.globalong.com\/blog\/wp-content\/uploads\/2016\/05\/image2.jpeg 320w\" sizes=\"(max-width: 300px) 100vw, 300px\" \/><\/a><\/p>\n<p style=\"text-align: justify;\">Le coordinateur m\u2019a soutenu dans l\u2019organisation de mon d\u00e9part !<\/p>\n<p style=\"text-align: justify;\">Cette exp\u00e9rience m\u2019a servie. J&rsquo;ai (commencer \ud83d\ude42 ) \u00e0 apprendre la patience! Cette mission ouvre l&rsquo;esprit , nous apprend \u00e0 nous d\u00e9passer \u00e0 relativiser \u00e0 se surpasser aussi.<\/p>\n<p style=\"text-align: justify;\">Quand je suis rentr\u00e9e, et qu&rsquo;on m&rsquo;a demand\u00e9 comment je me sentais j&rsquo;ai r\u00e9pondu : je suis revenue mais un morceau de mon c\u0153ur est encore l\u00e0 bas.<\/p>\n<p style=\"text-align: justify;\">Je pense que cela r\u00e9sume mon \u00e9tat d&rsquo;esprit. Je ne dirais pas que mon retour \u00e0 la maison \u00e9tait difficile mais diff\u00e9rent des autres retours, avec le sentiment d&rsquo;avoir quelque chose de chang\u00e9 sans savoir exactement quoi. Je suis s\u00fbre de vouloir repartir !<a href=\"https:\/\/www.globalong.com\/blog\/wp-content\/uploads\/2016\/05\/image5.jpeg\" rel=\"attachment wp-att-3892\"><img loading=\"lazy\" decoding=\"async\" class=\"size-medium wp-image-3892 aligncenter\" src=\"https:\/\/www.globalong.com\/blog\/wp-content\/uploads\/2016\/05\/image5-300x300.jpeg\" alt=\"Mission b\u00e9n\u00e9vole Globalong Sri Lanka Asie\" width=\"300\" height=\"300\" srcset=\"https:\/\/www.globalong.com\/blog\/wp-content\/uploads\/2016\/05\/image5-300x300.jpeg 300w, https:\/\/www.globalong.com\/blog\/wp-content\/uploads\/2016\/05\/image5-150x150.jpeg 150w, https:\/\/www.globalong.com\/blog\/wp-content\/uploads\/2016\/05\/image5.jpeg 320w\" sizes=\"(max-width: 300px) 100vw, 300px\" \/><\/a><\/p>\n<p style=\"text-align: justify;\">Conseil: Choisissez une mission humanitaire pour vous y investir. La mission choisie doit aussi \u00eatre un choix personnel.<\/p>\n<p style=\"text-align: justify;\">Les enfants ont une capacit\u00e9 d&rsquo;adaptation \u00e9norme. Ils n&rsquo;ont pas connu autre chose et leur ressenti n&rsquo;est pas le n\u00f4tre. Il faut n\u00e9anmoins se pr\u00e9parer \u00e0 un environnement et \u00e0 un syst\u00e8me \u00e9ducatif oppos\u00e9 du notre.<\/p>\n<p style=\"text-align: justify;\">Amandine.<\/p>\n<p style=\"text-align: left;\">Pour d\u00e9couvrir plus de photos du Sri Lanka, <a href=\"https:\/\/www.flickr.com\/photos\/globalong\/albums\/72157641528910795\" target=\"_blank\" rel=\"noopener\"><span style=\"text-decoration: underline;\">cliquez ici <\/span>!<\/a><\/p>\n<p style=\"text-align: left;\">Pour d\u00e9couvrir les programmes de b\u00e9n\u00e9volat au Sri Lanka\u00a0<span style=\"text-decoration: underline;\"><a href=\"https:\/\/www.globalong.com\/sejour-benevolat\/sri-lanka.html\" target=\"_blank\" rel=\"noopener\">cliquez ici<\/a><\/span> !<\/p>\n<p style=\"text-align: left;\">N\u2019h\u00e9sitez pas \u00e0 nous contacter pour plus d\u2019informations \u00e0 <span style=\"text-decoration: underline;\"><a href=\"mailto:info@globalong.com\">info@globalong.com<\/a><\/span><\/p>\n","protected":false},"excerpt":{"rendered":"<p>T\u00e9moignage d&rsquo;Amandine, b\u00e9n\u00e9vole au Sri Lanka\u00a0avec Globalong. Je m\u2019appelle Amandine, je suis partie au Sri Lanka dans un orphelinat pendant 3 semaines et c\u2019\u00e9tait court. J\u2019ai visiter les alentours sans trop m\u2019\u00e9loigner pendant le week-end. Je ne me suis aventurer qu\u2019\u00e0 une 50 aine de kms car la p\u00e9riode est trop courte pour aller plus [&hellip;]<\/p>\n","protected":false},"author":3,"featured_media":3884,"parent":883,"menu_order":0,"comment_status":"closed","ping_status":"closed","template":"","meta":{"footnotes":""},"yoast_head":"<!-- This site is optimized with the Yoast SEO Premium plugin v23.4 (Yoast SEO v23.4) - https:\/\/yoast.com\/wordpress\/plugins\/seo\/ -->\n<title>Sri Lanka - Amandine - Association Globalong<\/title>\n<meta name=\"robots\" content=\"index, follow, max-snippet:-1, max-image-preview:large, max-video-preview:-1\" \/>\n<link rel=\"canonical\" href=\"https:\/\/www.globalong.com\/blog\/avis-temoignages-globalong\/temoignage-amandine-sri-lanka-asie-gap-year-annee-enfants-orphelinat-asie\/\" \/>\n<meta property=\"og:locale\" content=\"fr_FR\" \/>\n<meta property=\"og:type\" content=\"article\" \/>\n<meta property=\"og:title\" content=\"Sri Lanka - Amandine\" \/>\n<meta property=\"og:description\" content=\"T\u00e9moignage d&rsquo;Amandine, b\u00e9n\u00e9vole au Sri Lanka\u00a0avec Globalong. Je m\u2019appelle Amandine, je suis partie au Sri Lanka dans un orphelinat pendant 3 semaines et c\u2019\u00e9tait court. J\u2019ai visiter les alentours sans trop m\u2019\u00e9loigner pendant le week-end. Je ne me suis aventurer qu\u2019\u00e0 une 50 aine de kms car la p\u00e9riode est trop courte pour aller plus [&hellip;]\" \/>\n<meta property=\"og:url\" content=\"https:\/\/www.globalong.com\/blog\/avis-temoignages-globalong\/temoignage-amandine-sri-lanka-asie-gap-year-annee-enfants-orphelinat-asie\/\" \/>\n<meta property=\"og:site_name\" content=\"Association Globalong\" \/>\n<meta property=\"article:publisher\" content=\"https:\/\/www.facebook.com\/globalong\" \/>\n<meta property=\"article:modified_time\" content=\"2022-05-07T09:05:07+00:00\" \/>\n<meta property=\"og:image\" content=\"https:\/\/www.globalong.com\/blog\/wp-content\/uploads\/2016\/05\/image14-1.jpeg\" \/>\n\t<meta property=\"og:image:width\" content=\"240\" \/>\n\t<meta property=\"og:image:height\" content=\"320\" \/>\n\t<meta property=\"og:image:type\" content=\"image\/jpeg\" \/>\n<meta name=\"twitter:card\" content=\"summary_large_image\" \/>\n<meta name=\"twitter:label1\" content=\"Dur\u00e9e de lecture estim\u00e9e\" \/>\n\t<meta name=\"twitter:data1\" content=\"2 minutes\" \/>\n<script type=\"application\/ld+json\" class=\"yoast-schema-graph\">{\"@context\":\"https:\/\/schema.org\",\"@graph\":[{\"@type\":\"WebPage\",\"@id\":\"https:\/\/www.globalong.com\/blog\/avis-temoignages-globalong\/temoignage-amandine-sri-lanka-asie-gap-year-annee-enfants-orphelinat-asie\/\",\"url\":\"https:\/\/www.globalong.com\/blog\/avis-temoignages-globalong\/temoignage-amandine-sri-lanka-asie-gap-year-annee-enfants-orphelinat-asie\/\",\"name\":\"Sri Lanka - Amandine - Association Globalong\",\"isPartOf\":{\"@id\":\"https:\/\/www.globalong.com\/blog\/#website\"},\"primaryImageOfPage\":{\"@id\":\"https:\/\/www.globalong.com\/blog\/avis-temoignages-globalong\/temoignage-amandine-sri-lanka-asie-gap-year-annee-enfants-orphelinat-asie\/#primaryimage\"},\"image\":{\"@id\":\"https:\/\/www.globalong.com\/blog\/avis-temoignages-globalong\/temoignage-amandine-sri-lanka-asie-gap-year-annee-enfants-orphelinat-asie\/#primaryimage\"},\"thumbnailUrl\":\"https:\/\/www.globalong.com\/blog\/wp-content\/uploads\/2016\/05\/image14-1.jpeg\",\"datePublished\":\"2016-05-03T10:30:26+00:00\",\"dateModified\":\"2022-05-07T09:05:07+00:00\",\"breadcrumb\":{\"@id\":\"https:\/\/www.globalong.com\/blog\/avis-temoignages-globalong\/temoignage-amandine-sri-lanka-asie-gap-year-annee-enfants-orphelinat-asie\/#breadcrumb\"},\"inLanguage\":\"fr-FR\",\"potentialAction\":[{\"@type\":\"ReadAction\",\"target\":[\"https:\/\/www.globalong.com\/blog\/avis-temoignages-globalong\/temoignage-amandine-sri-lanka-asie-gap-year-annee-enfants-orphelinat-asie\/\"]}]},{\"@type\":\"ImageObject\",\"inLanguage\":\"fr-FR\",\"@id\":\"https:\/\/www.globalong.com\/blog\/avis-temoignages-globalong\/temoignage-amandine-sri-lanka-asie-gap-year-annee-enfants-orphelinat-asie\/#primaryimage\",\"url\":\"https:\/\/www.globalong.com\/blog\/wp-content\/uploads\/2016\/05\/image14-1.jpeg\",\"contentUrl\":\"https:\/\/www.globalong.com\/blog\/wp-content\/uploads\/2016\/05\/image14-1.jpeg\",\"width\":240,\"height\":320},{\"@type\":\"BreadcrumbList\",\"@id\":\"https:\/\/www.globalong.com\/blog\/avis-temoignages-globalong\/temoignage-amandine-sri-lanka-asie-gap-year-annee-enfants-orphelinat-asie\/#breadcrumb\",\"itemListElement\":[{\"@type\":\"ListItem\",\"position\":1,\"name\":\"Accueil\",\"item\":\"https:\/\/www.globalong.com\/blog\/\"},{\"@type\":\"ListItem\",\"position\":2,\"name\":\"T\u00e9moignages et avis de volontaires Globalong\",\"item\":\"https:\/\/www.globalong.com\/blog\/avis-temoignages-globalong\/\"},{\"@type\":\"ListItem\",\"position\":3,\"name\":\"Sri Lanka &#8211; Amandine\"}]},{\"@type\":\"WebSite\",\"@id\":\"https:\/\/www.globalong.com\/blog\/#website\",\"url\":\"https:\/\/www.globalong.com\/blog\/\",\"name\":\"https:\/\/www.globalong.com\/\",\"description\":\"Mission humanitaire, stage \u00e9tudiant et voyage linguistique\",\"publisher\":{\"@id\":\"https:\/\/www.globalong.com\/blog\/#organization\"},\"potentialAction\":[{\"@type\":\"SearchAction\",\"target\":{\"@type\":\"EntryPoint\",\"urlTemplate\":\"https:\/\/www.globalong.com\/blog\/?s={search_term_string}\"},\"query-input\":{\"@type\":\"PropertyValueSpecification\",\"valueRequired\":true,\"valueName\":\"search_term_string\"}}],\"inLanguage\":\"fr-FR\"},{\"@type\":\"Organization\",\"@id\":\"https:\/\/www.globalong.com\/blog\/#organization\",\"name\":\"Association Globalong\",\"url\":\"https:\/\/www.globalong.com\/blog\/\",\"logo\":{\"@type\":\"ImageObject\",\"inLanguage\":\"fr-FR\",\"@id\":\"https:\/\/www.globalong.com\/blog\/#\/schema\/logo\/image\/\",\"url\":\"https:\/\/www.globalong.com\/blog\/wp-content\/uploads\/2014\/11\/cropped-cropped-Logo-et-Afrique-Globalong-petite-taille-2.jpg\",\"contentUrl\":\"https:\/\/www.globalong.com\/blog\/wp-content\/uploads\/2014\/11\/cropped-cropped-Logo-et-Afrique-Globalong-petite-taille-2.jpg\",\"width\":512,\"height\":512,\"caption\":\"Association Globalong\"},\"image\":{\"@id\":\"https:\/\/www.globalong.com\/blog\/#\/schema\/logo\/image\/\"},\"sameAs\":[\"https:\/\/www.facebook.com\/globalong\"]}]}<\/script>\n<!-- \/ Yoast SEO Premium plugin. -->","yoast_head_json":{"title":"Sri Lanka - Amandine - Association Globalong","robots":{"index":"index","follow":"follow","max-snippet":"max-snippet:-1","max-image-preview":"max-image-preview:large","max-video-preview":"max-video-preview:-1"},"canonical":"https:\/\/www.globalong.com\/blog\/avis-temoignages-globalong\/temoignage-amandine-sri-lanka-asie-gap-year-annee-enfants-orphelinat-asie\/","og_locale":"fr_FR","og_type":"article","og_title":"Sri Lanka - Amandine","og_description":"T\u00e9moignage d&rsquo;Amandine, b\u00e9n\u00e9vole au Sri Lanka\u00a0avec Globalong. Je m\u2019appelle Amandine, je suis partie au Sri Lanka dans un orphelinat pendant 3 semaines et c\u2019\u00e9tait court. J\u2019ai visiter les alentours sans trop m\u2019\u00e9loigner pendant le week-end. Je ne me suis aventurer qu\u2019\u00e0 une 50 aine de kms car la p\u00e9riode est trop courte pour aller plus [&hellip;]","og_url":"https:\/\/www.globalong.com\/blog\/avis-temoignages-globalong\/temoignage-amandine-sri-lanka-asie-gap-year-annee-enfants-orphelinat-asie\/","og_site_name":"Association Globalong","article_publisher":"https:\/\/www.facebook.com\/globalong","article_modified_time":"2022-05-07T09:05:07+00:00","og_image":[{"width":240,"height":320,"url":"https:\/\/www.globalong.com\/blog\/wp-content\/uploads\/2016\/05\/image14-1.jpeg","type":"image\/jpeg"}],"twitter_card":"summary_large_image","twitter_misc":{"Dur\u00e9e de lecture estim\u00e9e":"2 minutes"},"schema":{"@context":"https:\/\/schema.org","@graph":[{"@type":"WebPage","@id":"https:\/\/www.globalong.com\/blog\/avis-temoignages-globalong\/temoignage-amandine-sri-lanka-asie-gap-year-annee-enfants-orphelinat-asie\/","url":"https:\/\/www.globalong.com\/blog\/avis-temoignages-globalong\/temoignage-amandine-sri-lanka-asie-gap-year-annee-enfants-orphelinat-asie\/","name":"Sri Lanka - Amandine - Association Globalong","isPartOf":{"@id":"https:\/\/www.globalong.com\/blog\/#website"},"primaryImageOfPage":{"@id":"https:\/\/www.globalong.com\/blog\/avis-temoignages-globalong\/temoignage-amandine-sri-lanka-asie-gap-year-annee-enfants-orphelinat-asie\/#primaryimage"},"image":{"@id":"https:\/\/www.globalong.com\/blog\/avis-temoignages-globalong\/temoignage-amandine-sri-lanka-asie-gap-year-annee-enfants-orphelinat-asie\/#primaryimage"},"thumbnailUrl":"https:\/\/www.globalong.com\/blog\/wp-content\/uploads\/2016\/05\/image14-1.jpeg","datePublished":"2016-05-03T10:30:26+00:00","dateModified":"2022-05-07T09:05:07+00:00","breadcrumb":{"@id":"https:\/\/www.globalong.com\/blog\/avis-temoignages-globalong\/temoignage-amandine-sri-lanka-asie-gap-year-annee-enfants-orphelinat-asie\/#breadcrumb"},"inLanguage":"fr-FR","potentialAction":[{"@type":"ReadAction","target":["https:\/\/www.globalong.com\/blog\/avis-temoignages-globalong\/temoignage-amandine-sri-lanka-asie-gap-year-annee-enfants-orphelinat-asie\/"]}]},{"@type":"ImageObject","inLanguage":"fr-FR","@id":"https:\/\/www.globalong.com\/blog\/avis-temoignages-globalong\/temoignage-amandine-sri-lanka-asie-gap-year-annee-enfants-orphelinat-asie\/#primaryimage","url":"https:\/\/www.globalong.com\/blog\/wp-content\/uploads\/2016\/05\/image14-1.jpeg","contentUrl":"https:\/\/www.globalong.com\/blog\/wp-content\/uploads\/2016\/05\/image14-1.jpeg","width":240,"height":320},{"@type":"BreadcrumbList","@id":"https:\/\/www.globalong.com\/blog\/avis-temoignages-globalong\/temoignage-amandine-sri-lanka-asie-gap-year-annee-enfants-orphelinat-asie\/#breadcrumb","itemListElement":[{"@type":"ListItem","position":1,"name":"Accueil","item":"https:\/\/www.globalong.com\/blog\/"},{"@type":"ListItem","position":2,"name":"T\u00e9moignages et avis de volontaires Globalong","item":"https:\/\/www.globalong.com\/blog\/avis-temoignages-globalong\/"},{"@type":"ListItem","position":3,"name":"Sri Lanka &#8211; Amandine"}]},{"@type":"WebSite","@id":"https:\/\/www.globalong.com\/blog\/#website","url":"https:\/\/www.globalong.com\/blog\/","name":"https:\/\/www.globalong.com\/","description":"Mission humanitaire, stage \u00e9tudiant et voyage linguistique","publisher":{"@id":"https:\/\/www.globalong.com\/blog\/#organization"},"potentialAction":[{"@type":"SearchAction","target":{"@type":"EntryPoint","urlTemplate":"https:\/\/www.globalong.com\/blog\/?s={search_term_string}"},"query-input":{"@type":"PropertyValueSpecification","valueRequired":true,"valueName":"search_term_string"}}],"inLanguage":"fr-FR"},{"@type":"Organization","@id":"https:\/\/www.globalong.com\/blog\/#organization","name":"Association Globalong","url":"https:\/\/www.globalong.com\/blog\/","logo":{"@type":"ImageObject","inLanguage":"fr-FR","@id":"https:\/\/www.globalong.com\/blog\/#\/schema\/logo\/image\/","url":"https:\/\/www.globalong.com\/blog\/wp-content\/uploads\/2014\/11\/cropped-cropped-Logo-et-Afrique-Globalong-petite-taille-2.jpg","contentUrl":"https:\/\/www.globalong.com\/blog\/wp-content\/uploads\/2014\/11\/cropped-cropped-Logo-et-Afrique-Globalong-petite-taille-2.jpg","width":512,"height":512,"caption":"Association Globalong"},"image":{"@id":"https:\/\/www.globalong.com\/blog\/#\/schema\/logo\/image\/"},"sameAs":["https:\/\/www.facebook.com\/globalong"]}]}},"_links":{"self":[{"href":"https:\/\/www.globalong.com\/blog\/wp-json\/wp\/v2\/pages\/3428"}],"collection":[{"href":"https:\/\/www.globalong.com\/blog\/wp-json\/wp\/v2\/pages"}],"about":[{"href":"https:\/\/www.globalong.com\/blog\/wp-json\/wp\/v2\/types\/page"}],"author":[{"embeddable":true,"href":"https:\/\/www.globalong.com\/blog\/wp-json\/wp\/v2\/users\/3"}],"replies":[{"embeddable":true,"href":"https:\/\/www.globalong.com\/blog\/wp-json\/wp\/v2\/comments?post=3428"}],"version-history":[{"count":17,"href":"https:\/\/www.globalong.com\/blog\/wp-json\/wp\/v2\/pages\/3428\/revisions"}],"predecessor-version":[{"id":14564,"href":"https:\/\/www.globalong.com\/blog\/wp-json\/wp\/v2\/pages\/3428\/revisions\/14564"}],"up":[{"embeddable":true,"href":"https:\/\/www.globalong.com\/blog\/wp-json\/wp\/v2\/pages\/883"}],"wp:featuredmedia":[{"embeddable":true,"href":"https:\/\/www.globalong.com\/blog\/wp-json\/wp\/v2\/media\/3884"}],"wp:attachment":[{"href":"https:\/\/www.globalong.com\/blog\/wp-json\/wp\/v2\/media?parent=3428"}],"curies":[{"name":"wp","href":"https:\/\/api.w.org\/{rel}","templated":true}]}}