{"id":4210,"date":"2016-05-20T10:49:55","date_gmt":"2016-05-20T08:49:55","guid":{"rendered":"https:\/\/www.globalong.com\/blog\/?page_id=4210"},"modified":"2022-05-07T10:50:59","modified_gmt":"2022-05-07T08:50:59","slug":"humanitaire-temoignage-ecole-senegal-afrique-globalong-enfants-enseignement-professeurs-stage-mission-benevolat","status":"publish","type":"page","link":"https:\/\/www.globalong.com\/blog\/avis-temoignages-globalong\/humanitaire-temoignage-ecole-senegal-afrique-globalong-enfants-enseignement-professeurs-stage-mission-benevolat\/","title":{"rendered":"S\u00e9n\u00e9gal &#8211; Aliz\u00e9e"},"content":{"rendered":"<h4 style=\"text-align: center;\"><span style=\"color: #b81657;\">T\u00e9moignage d&rsquo;Aliz\u00e9e, b\u00e9n\u00e9vole avec Globalong au S\u00e9n\u00e9gal.\u00a0<\/span><\/h4>\n<p style=\"text-align: justify;\"><a href=\"https:\/\/www.globalong.com\/blog\/wp-content\/uploads\/2016\/05\/Alize\u0301e-et-Aurore-au-Se\u0301negal-avec-Globalong.jpg\" rel=\"attachment wp-att-4216\"><img loading=\"lazy\" decoding=\"async\" class=\"wp-image-4216 size-medium aligncenter\" src=\"https:\/\/www.globalong.com\/blog\/wp-content\/uploads\/2016\/05\/Alize\u0301e-et-Aurore-au-Se\u0301negal-avec-Globalong-300x225.jpg\" alt=\"Mission de b\u00e9n\u00e9volat au S\u00e9n\u00e9gal Globalong\" width=\"300\" height=\"225\" srcset=\"https:\/\/www.globalong.com\/blog\/wp-content\/uploads\/2016\/05\/Alize\u0301e-et-Aurore-au-Se\u0301negal-avec-Globalong-300x225.jpg 300w, https:\/\/www.globalong.com\/blog\/wp-content\/uploads\/2016\/05\/Alize\u0301e-et-Aurore-au-Se\u0301negal-avec-Globalong-768x576.jpg 768w, https:\/\/www.globalong.com\/blog\/wp-content\/uploads\/2016\/05\/Alize\u0301e-et-Aurore-au-Se\u0301negal-avec-Globalong-1024x768.jpg 1024w, https:\/\/www.globalong.com\/blog\/wp-content\/uploads\/2016\/05\/Alize\u0301e-et-Aurore-au-Se\u0301negal-avec-Globalong-150x113.jpg 150w\" sizes=\"(max-width: 300px) 100vw, 300px\" \/><\/a>Bonjour, je m\u2019appelle Aliz\u00e9e, je suis partie au <strong><span style=\"text-decoration: underline;\"><a href=\"https:\/\/www.globalong.com\/sejour-benevolat\/senegal-benevolat-humanitaire-mission.html\" target=\"_blank\" rel=\"noopener\">S\u00e9n\u00e9gal<\/a><\/span> pendant 4 semaines. <\/strong>Je voulais partir pour d\u00e9couvrir les us et coutumes des S\u00e9n\u00e9galais et pouvoir apporter une aide p\u00e9dagogique aux enfants en difficult\u00e9s. J\u2019ai connu <strong>Globalong<\/strong> gr\u00e2ce \u00e0 Internet et je suis tr\u00e8s satisfaite des \u00e9changes que j\u2019ai eu avec eux. Je conseillerais <strong>Globalong<\/strong> pour une premi\u00e8re exp\u00e9rience de b\u00e9n\u00e9volat. Mon accueil s\u2019est tr\u00e8s bien pass\u00e9 tant \u00e0 l\u2019a\u00e9roport qu\u2019au logement. C\u2019\u00e9tait un tr\u00e8s bon avant-go\u00fbt avant une super p\u00e9riode de b\u00e9n\u00e9volat.<\/p>\n<p style=\"text-align: justify;\"><a href=\"https:\/\/www.globalong.com\/blog\/wp-content\/uploads\/2016\/05\/Aurore-Alize\u0301e-Se\u0301ne\u0301gal-Globalong.jpg\" rel=\"attachment wp-att-4218\"><img loading=\"lazy\" decoding=\"async\" class=\"size-medium wp-image-4218 aligncenter\" src=\"https:\/\/www.globalong.com\/blog\/wp-content\/uploads\/2016\/05\/Aurore-Alize\u0301e-Se\u0301ne\u0301gal-Globalong-300x225.jpg\" alt=\"Mission dans les \u00e9coles africaines avec Globalong S\u00e9n\u00e9gal\" width=\"300\" height=\"225\" srcset=\"https:\/\/www.globalong.com\/blog\/wp-content\/uploads\/2016\/05\/Aurore-Alize\u0301e-Se\u0301ne\u0301gal-Globalong-300x225.jpg 300w, https:\/\/www.globalong.com\/blog\/wp-content\/uploads\/2016\/05\/Aurore-Alize\u0301e-Se\u0301ne\u0301gal-Globalong-768x576.jpg 768w, https:\/\/www.globalong.com\/blog\/wp-content\/uploads\/2016\/05\/Aurore-Alize\u0301e-Se\u0301ne\u0301gal-Globalong-1024x768.jpg 1024w, https:\/\/www.globalong.com\/blog\/wp-content\/uploads\/2016\/05\/Aurore-Alize\u0301e-Se\u0301ne\u0301gal-Globalong-150x113.jpg 150w\" sizes=\"(max-width: 300px) 100vw, 300px\" \/><\/a>L<strong>e S\u00e9n\u00e9gal est le pays de la Teranga<\/strong> et tous le monde nous apprend tr\u00e8s vite les nombreux dialectes du pays ! Immersion imm\u00e9diate et au top ! Pour une premi\u00e8re exp\u00e9rience, il est tr\u00e8s difficile de faire la transition entre notre pays et le leur. Les premiers jours sont un peu \u00ab\u00a0inqui\u00e9tants\u00a0\u00bb car le fait d&rsquo;\u00eatre d\u00e9pourvu de notre confort habituel peu faire peur. Il faut s&rsquo;habituer \u00e0 l&rsquo;environnement et aux habitants. En revanche l&rsquo;accueil remarquable de nos h\u00f4tes nous permet tr\u00e8s rapidement d&rsquo;\u00eatre \u00e0 l&rsquo;aise, ils prennent vraiment \u00e9norm\u00e9ment soin de nous.<a href=\"https:\/\/www.globalong.com\/blog\/wp-content\/uploads\/2016\/05\/Classe-avec-Globalong-au-Se\u0301negal.jpg\" rel=\"attachment wp-att-4220\"><img loading=\"lazy\" decoding=\"async\" class=\"size-medium wp-image-4220 aligncenter\" src=\"https:\/\/www.globalong.com\/blog\/wp-content\/uploads\/2016\/05\/Classe-avec-Globalong-au-Se\u0301negal-300x225.jpg\" alt=\"Enfants et b\u00e9n\u00e9vole au S\u00e9n\u00e9gal avec Globalong\" width=\"300\" height=\"225\" srcset=\"https:\/\/www.globalong.com\/blog\/wp-content\/uploads\/2016\/05\/Classe-avec-Globalong-au-Se\u0301negal-300x225.jpg 300w, https:\/\/www.globalong.com\/blog\/wp-content\/uploads\/2016\/05\/Classe-avec-Globalong-au-Se\u0301negal-768x576.jpg 768w, https:\/\/www.globalong.com\/blog\/wp-content\/uploads\/2016\/05\/Classe-avec-Globalong-au-Se\u0301negal-1024x768.jpg 1024w, https:\/\/www.globalong.com\/blog\/wp-content\/uploads\/2016\/05\/Classe-avec-Globalong-au-Se\u0301negal-150x113.jpg 150w\" sizes=\"(max-width: 300px) 100vw, 300px\" \/><\/a>Ils nous apportent tout ce qui pourrait nous manquer \u00ab\u00a0de chez nous\u00a0\u00bb ! On se sent vraiment chez soi apr\u00e8s quelque temps\u2026 mais rester 4 semaines est vraiment trop court ! Si je n&rsquo;avais pas eu de contraintes en France j&rsquo;aurais largement prolong\u00e9 mon voyage \u00e0 Thiaroye !<\/p>\n<p style=\"text-align: justify;\">Djibril, le coordinateur est un p\u00e8re pour tous les b\u00e9n\u00e9voles qu&rsquo;il accueille chez lui, un homme rempli de gentillesse et de bienveillance qui fait toujours de son mieux pour nous. Je suis partie en excursion plusieurs fois. Voici les bonnes adresses : Ile de Gor\u00e9e \/ Mbour (h\u00f4tel Safari Club) \/ Lac Rose (h\u00f4tel du lac pour boire un verre et se baigner dans la piscine) \/ Plages de BCAO \/ R\u00e9serve de Bandia.<\/p>\n<p style=\"text-align: justify;\">Au S\u00e9n\u00e9gal on fait pleiiiiin de rencontres ! Toutes les plus enrichissantes les unes que les autres. Les parents d&rsquo;\u00e9l\u00e8ves, les vendeurs du march\u00e9, les amis de la famille, les jeunes femmes analphab\u00e8tes, les enfants &#8230;J&rsquo;ai eu la chance d&rsquo;aller dans une \u00e9cole proche de la notre lors d&rsquo;une journ\u00e9e de Carnaval, c&rsquo;\u00e9tait tr\u00e8s beau de voir danser les enfants de l&rsquo;\u00e9cole et de voir leur tradition lors d&rsquo;une f\u00eate d&rsquo;\u00e9cole. J&rsquo;ai aussi eu la chance de rencontrer un Pasteur\u00a0qui apporte un grand soutient \u00e0 l&rsquo;\u00e9cole, nous avons d&rsquo;ailleurs distribu\u00e9 plein de cadeaux aux enfants.<\/p>\n<p style=\"text-align: justify;\">Nous avons d\u00eener chez une coordinatrice et nous avons pu \u00e9changer avec elle et les autres b\u00e9n\u00e9voles pr\u00e9sents chez elle.<\/p>\n<p style=\"text-align: justify;\"><a href=\"https:\/\/www.globalong.com\/blog\/wp-content\/uploads\/2016\/05\/globalong-equipe-senegal.jpg\" rel=\"attachment wp-att-4225\"><img loading=\"lazy\" decoding=\"async\" class=\"wp-image-4225 aligncenter\" src=\"https:\/\/www.globalong.com\/blog\/wp-content\/uploads\/2016\/05\/globalong-equipe-senegal.jpg\" alt=\"equipe locale s\u00e9n\u00e9gal Globalong b\u00e9n\u00e9voles\" width=\"302\" height=\"227\" srcset=\"https:\/\/www.globalong.com\/blog\/wp-content\/uploads\/2016\/05\/globalong-equipe-senegal.jpg 220w, https:\/\/www.globalong.com\/blog\/wp-content\/uploads\/2016\/05\/globalong-equipe-senegal-150x113.jpg 150w\" sizes=\"(max-width: 302px) 100vw, 302px\" \/><\/a>Les membres de la famille du coordinateur sont tous plus gentils les uns que les autres et je me suis fait des amis qui resteront dans mon coeur. Les professeurs sont \u00e9galement d&rsquo;un accueil et d&rsquo;un soutient remarquable.<\/p>\n<p style=\"text-align: justify;\">Cette exp\u00e9rience me permettra d\u00e9j\u00e0 de relativiser, de voir plus loin que le bout de mon nez dans notre vie si superficielle mais cela me donne surtout envie de repartir viiiiiite \u00e0 Thiaroye et partout dans le monde ! On apporte une si petite pi\u00e8ce \u00e0 l&rsquo;\u00e9difice pour en recevoir 1000 fois plus. On en ressort combl\u00e9 et grandit.<\/p>\n<p style=\"text-align: justify;\">Mon retour \u00e0 la maison ?<\/p>\n<p style=\"text-align: justify;\"><img loading=\"lazy\" decoding=\"async\" class=\"wp-image-4227 aligncenter\" src=\"https:\/\/www.globalong.com\/blog\/wp-content\/uploads\/2016\/05\/Aurore-et-Alize\u0301e-au-Senegal-avec-Globalong.jpg\" alt=\"Remise de certificat Globalong Senegal\" width=\"300\" height=\"400\" srcset=\"https:\/\/www.globalong.com\/blog\/wp-content\/uploads\/2016\/05\/Aurore-et-Alize\u0301e-au-Senegal-avec-Globalong.jpg 168w, https:\/\/www.globalong.com\/blog\/wp-content\/uploads\/2016\/05\/Aurore-et-Alize\u0301e-au-Senegal-avec-Globalong-113x150.jpg 113w\" sizes=\"(max-width: 300px) 100vw, 300px\" \/><\/p>\n<p style=\"text-align: justify;\">J\u2019ai eu beaucoup de mal m\u00eame si j&rsquo;ai tent\u00e9 de vite m&rsquo;occuper pour ne pas avoir le blues du retour ! J&rsquo;ai beaucoup pleur\u00e9 et j&rsquo;aimerais vite repartir &#8230; Mon conseil aux futurs participants : Ne partez avec aucune question, aucune appr\u00e9hension car vous n&rsquo;aurez pas les r\u00e9ponses avant d&rsquo;arriver sur place M\u00eame si les premiers jours sont durs il faut prendre sur soi et relativiser (des milliers de personnes vivent tous les jours l\u00e0 o\u00f9 vous allez vous retrouver donc tout se passera bien). Ne partez pas 4 semaines ou moins c&rsquo;est vraiment trop court pour s&rsquo;adapter et profiter. Dernier conseil : Vivez chaque seconde \u00e0 FONNNNNNNND !!!!<\/p>\n<p style=\"text-align: justify;\">Envie de conna\u00eetre quelques anecdotes de mon s\u00e9jour ?<\/p>\n<p style=\"text-align: justify;\">N\u00b01 : Avant de partir en voyage, j&rsquo;ai vu plein de photos des enfants, car un projet men\u00e9 par une b\u00e9n\u00e9vole \u00e9tait sur ce th\u00e8me.<\/p>\n<p style=\"text-align: justify;\"><img loading=\"lazy\" decoding=\"async\" class=\"size-medium wp-image-4229 aligncenter\" src=\"https:\/\/www.globalong.com\/blog\/wp-content\/uploads\/2016\/05\/Be\u0301ne\u0301vole-avec-Globalong-au-Se\u0301negal-300x225.jpg\" alt=\"Enseignememnt au S\u00e9n\u00e9gal avec Globalong\" width=\"300\" height=\"225\" srcset=\"https:\/\/www.globalong.com\/blog\/wp-content\/uploads\/2016\/05\/Be\u0301ne\u0301vole-avec-Globalong-au-Se\u0301negal-300x225.jpg 300w, https:\/\/www.globalong.com\/blog\/wp-content\/uploads\/2016\/05\/Be\u0301ne\u0301vole-avec-Globalong-au-Se\u0301negal-768x576.jpg 768w, https:\/\/www.globalong.com\/blog\/wp-content\/uploads\/2016\/05\/Be\u0301ne\u0301vole-avec-Globalong-au-Se\u0301negal-1024x768.jpg 1024w, https:\/\/www.globalong.com\/blog\/wp-content\/uploads\/2016\/05\/Be\u0301ne\u0301vole-avec-Globalong-au-Se\u0301negal-150x113.jpg 150w\" sizes=\"(max-width: 300px) 100vw, 300px\" \/>J&rsquo;ai alors aper\u00e7u en photo une petite fille et j&rsquo;ai eu comme un coup de c\u0153ur pour elle \u00e0 distance &#8230; J&rsquo;esp\u00e9rais la retrouver \u00e0 l&rsquo;\u00e9cole ! Inconsciemment (car je ne l&rsquo;avais pas reconnu, elle avait grandit) nous avons li\u00e9 un lien tr\u00e8s fort elle et moi. Elle a une histoire de vie tr\u00e8s difficile qui m&rsquo;a beaucoup touch\u00e9 et elle \u00e9tait tout le temps coll\u00e9e \u00e0 moi.\u00a0Elle m&rsquo;a fait un magnifique cadeau d&rsquo;anniversaire (le lendemain de mon d\u00e9part) en m&rsquo;envoyant une vid\u00e9o d&rsquo;elle me chantant \u00ab\u00a0Joyeux Anniversaire\u00a0\u00bb en fran\u00e7ais, anglais et Wolof.<\/p>\n<p style=\"text-align: justify;\"><a href=\"https:\/\/www.globalong.com\/blog\/wp-content\/uploads\/2016\/05\/coloriages.jpg\" rel=\"attachment wp-att-4235\"><img loading=\"lazy\" decoding=\"async\" class=\"size-medium wp-image-4235 aligncenter\" src=\"https:\/\/www.globalong.com\/blog\/wp-content\/uploads\/2016\/05\/coloriages-300x225.jpg\" alt=\"globalong enfants \u00e9coles Globalong Senegal\" width=\"300\" height=\"225\" srcset=\"https:\/\/www.globalong.com\/blog\/wp-content\/uploads\/2016\/05\/coloriages-300x225.jpg 300w, https:\/\/www.globalong.com\/blog\/wp-content\/uploads\/2016\/05\/coloriages-768x576.jpg 768w, https:\/\/www.globalong.com\/blog\/wp-content\/uploads\/2016\/05\/coloriages-150x113.jpg 150w, https:\/\/www.globalong.com\/blog\/wp-content\/uploads\/2016\/05\/coloriages.jpg 960w\" sizes=\"(max-width: 300px) 100vw, 300px\" \/><\/a>Je pense parrainer ma Diouma pour son ann\u00e9e scolaire 2017 et retourner la voir prochainement ! N\u00b02 : Au S\u00e9n\u00e9gal et en Afrique plus g\u00e9n\u00e9ralement les plus jeunes de la famille ont une place d&rsquo;ex\u00e9cutant dans les t\u00e2ches domestiques. J&rsquo;ai rencontr\u00e9 Mariama, la petite ni\u00e8ce de Djibril qui est une enfant pleine de ressources et d&rsquo;intelligence. J&rsquo;\u00e9tais la premi\u00e8re b\u00e9n\u00e9vole \u00e0 faire avec elle ses devoirs tous les soirs ainsi qu&rsquo;avec une petite cousine Kin\u00e9. Cette enfant est remarquable et exceptionnelle.<\/p>\n<p style=\"text-align: justify;\"><a href=\"https:\/\/www.globalong.com\/blog\/wp-content\/uploads\/2016\/05\/je-mapplique.jpg\" rel=\"attachment wp-att-4237\"><img loading=\"lazy\" decoding=\"async\" class=\"size-medium wp-image-4237 aligncenter\" src=\"https:\/\/www.globalong.com\/blog\/wp-content\/uploads\/2016\/05\/je-mapplique-300x225.jpg\" alt=\"Globalong enfants qui vont apprendre Globalong Afrique\" width=\"300\" height=\"225\" srcset=\"https:\/\/www.globalong.com\/blog\/wp-content\/uploads\/2016\/05\/je-mapplique-300x225.jpg 300w, https:\/\/www.globalong.com\/blog\/wp-content\/uploads\/2016\/05\/je-mapplique-768x576.jpg 768w, https:\/\/www.globalong.com\/blog\/wp-content\/uploads\/2016\/05\/je-mapplique-150x113.jpg 150w, https:\/\/www.globalong.com\/blog\/wp-content\/uploads\/2016\/05\/je-mapplique.jpg 960w\" sizes=\"(max-width: 300px) 100vw, 300px\" \/><\/a>En plus, elle est dr\u00f4le et je pense \u00e0 r\u00e9ellement un don pour le th\u00e9\u00e2tre \ud83d\ude42<\/p>\n<p style=\"text-align: justify;\">N\u00b0 3 : J&rsquo;ai d\u00e9cid\u00e9 d&rsquo;inviter des amis S\u00e9n\u00e9galais au restaurant pour manger un bon hamburger. Je les vois un peu g\u00ean\u00e9e au restaurant mais 3 d&rsquo;entre eux sont un peu plus \u00e0 l&rsquo;aise. En fait le 4\u00e8me allait au restaurant pour la 2\u00e8me fois ou 3\u00e8me fois de sa vie et n&rsquo;avait jamais mang\u00e9 et ne savait pas manger un hamburger ! Je lui ai alors expliqu\u00e9.Ce f\u00fbt pour lui une journ\u00e9e inoubliable et il \u00e9tait tr\u00e8s \u00e9mu de sortir dans Dakar et de se balader entre amis &#8230; \u00e7a m&rsquo;a marqu\u00e9<\/p>\n<p style=\"text-align: justify;\"><a href=\"https:\/\/www.globalong.com\/blog\/wp-content\/uploads\/2016\/05\/Repas-au-parc.jpg\" rel=\"attachment wp-att-4240\"><img loading=\"lazy\" decoding=\"async\" class=\"size-medium wp-image-4240 aligncenter\" src=\"https:\/\/www.globalong.com\/blog\/wp-content\/uploads\/2016\/05\/Repas-au-parc-300x189.jpg\" alt=\"Enfants en sortie scolaire avec Globalong en Afrique S\u00e9n\u00e9gal\" width=\"300\" height=\"189\" srcset=\"https:\/\/www.globalong.com\/blog\/wp-content\/uploads\/2016\/05\/Repas-au-parc-300x189.jpg 300w, https:\/\/www.globalong.com\/blog\/wp-content\/uploads\/2016\/05\/Repas-au-parc-150x94.jpg 150w, https:\/\/www.globalong.com\/blog\/wp-content\/uploads\/2016\/05\/Repas-au-parc.jpg 720w\" sizes=\"(max-width: 300px) 100vw, 300px\" \/><\/a>N\u00b0 4 : Premier \u00ab\u00a0car-rapide\u00a0\u00bb \u00e0 Thiaroye pour me faire faire une robe chez le tailleur ! Et c&rsquo;est quelque chose &#8230; Ahaha !!<\/p>\n<p style=\"text-align: justify;\">On est serr\u00e9 comme des sardines et il fait tr\u00e8s chaud mais c&rsquo;est marrant. J&rsquo;ai aussi pris dans le th\u00e8me transport un taxi clando pour aller \u00e0 Mbour (7\u20ac \u00e0 trois pour 1h30 de route) &#8230;<\/p>\n<p style=\"text-align: justify;\">Le chauffeur \u00e9tait adorable mais je vous laisse d\u00e9couvrir le v\u00f4tre ;).<\/p>\n<p style=\"text-align: justify;\">GO TO SENEGAL !<\/p>\n<p style=\"text-align: justify;\">Aliz\u00e9e.<\/p>\n<p style=\"text-align: justify;\">Vous partez aussi au S\u00e9n\u00e9gal pour une mission de b\u00e9n\u00e9volat international. <span style=\"text-decoration: underline;\"><span style=\"color: #b81657;\"><a style=\"color: #b81657; text-decoration: underline;\" href=\"https:\/\/www.globalong.com\/sejour-benevolat\/senegal-benevolat-humanitaire-mission.html\" target=\"_blank\" rel=\"noopener\">D\u00e9couvrez les programmes ici !<\/a><\/span><\/span><\/p>\n<p style=\"text-align: justify;\">Plus de renseignements, Veuillez nous contacter \u00e0 <span style=\"text-decoration: underline; color: #b81657;\"><a style=\"color: #b81657; text-decoration: underline;\" href=\"mailto:info@globalong.com\">info@globalong.com<\/a><\/span><\/p>\n<p style=\"text-align: justify;\">En attendant, visionnez les photos des b\u00e9n\u00e9voles d\u00e9j\u00e0 parties en mission humanitaire au S\u00e9n\u00e9gal <span style=\"text-decoration: underline; color: #b81657;\"><a style=\"color: #b81657; text-decoration: underline;\" href=\"https:\/\/www.flickr.com\/photos\/globalong\/albums\/72157656286530240\" target=\"_blank\" rel=\"noopener\">ici<\/a><\/span><\/p>\n","protected":false},"excerpt":{"rendered":"<p>T\u00e9moignage d&rsquo;Aliz\u00e9e, b\u00e9n\u00e9vole avec Globalong au S\u00e9n\u00e9gal.\u00a0 Bonjour, je m\u2019appelle Aliz\u00e9e, je suis partie au S\u00e9n\u00e9gal pendant 4 semaines. Je voulais partir pour d\u00e9couvrir les us et coutumes des S\u00e9n\u00e9galais et pouvoir apporter une aide p\u00e9dagogique aux enfants en difficult\u00e9s. J\u2019ai connu Globalong gr\u00e2ce \u00e0 Internet et je suis tr\u00e8s satisfaite des \u00e9changes que j\u2019ai [&hellip;]<\/p>\n","protected":false},"author":3,"featured_media":8946,"parent":883,"menu_order":0,"comment_status":"closed","ping_status":"closed","template":"","meta":{"footnotes":""},"yoast_head":"<!-- This site is optimized with the Yoast SEO Premium plugin v23.4 (Yoast SEO v23.4) - https:\/\/yoast.com\/wordpress\/plugins\/seo\/ -->\n<title>S\u00e9n\u00e9gal - Aliz\u00e9e - Association Globalong<\/title>\n<meta name=\"robots\" content=\"index, follow, max-snippet:-1, max-image-preview:large, max-video-preview:-1\" \/>\n<link rel=\"canonical\" href=\"https:\/\/www.globalong.com\/blog\/avis-temoignages-globalong\/humanitaire-temoignage-ecole-senegal-afrique-globalong-enfants-enseignement-professeurs-stage-mission-benevolat\/\" \/>\n<meta property=\"og:locale\" content=\"fr_FR\" \/>\n<meta property=\"og:type\" content=\"article\" \/>\n<meta property=\"og:title\" content=\"S\u00e9n\u00e9gal - Aliz\u00e9e\" \/>\n<meta property=\"og:description\" content=\"T\u00e9moignage d&rsquo;Aliz\u00e9e, b\u00e9n\u00e9vole avec Globalong au S\u00e9n\u00e9gal.\u00a0 Bonjour, je m\u2019appelle Aliz\u00e9e, je suis partie au S\u00e9n\u00e9gal pendant 4 semaines. Je voulais partir pour d\u00e9couvrir les us et coutumes des S\u00e9n\u00e9galais et pouvoir apporter une aide p\u00e9dagogique aux enfants en difficult\u00e9s. J\u2019ai connu Globalong gr\u00e2ce \u00e0 Internet et je suis tr\u00e8s satisfaite des \u00e9changes que j\u2019ai [&hellip;]\" \/>\n<meta property=\"og:url\" content=\"https:\/\/www.globalong.com\/blog\/avis-temoignages-globalong\/humanitaire-temoignage-ecole-senegal-afrique-globalong-enfants-enseignement-professeurs-stage-mission-benevolat\/\" \/>\n<meta property=\"og:site_name\" content=\"Association Globalong\" \/>\n<meta property=\"article:publisher\" content=\"https:\/\/www.facebook.com\/globalong\" \/>\n<meta property=\"article:modified_time\" content=\"2022-05-07T08:50:59+00:00\" \/>\n<meta property=\"og:image\" content=\"https:\/\/www.globalong.com\/blog\/wp-content\/uploads\/2018\/01\/Logo-et-Afrique-Globalong2.jpg\" \/>\n\t<meta property=\"og:image:width\" content=\"250\" \/>\n\t<meta property=\"og:image:height\" content=\"172\" \/>\n\t<meta property=\"og:image:type\" content=\"image\/jpeg\" \/>\n<meta name=\"twitter:card\" content=\"summary_large_image\" \/>\n<meta name=\"twitter:label1\" content=\"Dur\u00e9e de lecture estim\u00e9e\" \/>\n\t<meta name=\"twitter:data1\" content=\"6 minutes\" \/>\n<script type=\"application\/ld+json\" class=\"yoast-schema-graph\">{\"@context\":\"https:\/\/schema.org\",\"@graph\":[{\"@type\":\"WebPage\",\"@id\":\"https:\/\/www.globalong.com\/blog\/avis-temoignages-globalong\/humanitaire-temoignage-ecole-senegal-afrique-globalong-enfants-enseignement-professeurs-stage-mission-benevolat\/\",\"url\":\"https:\/\/www.globalong.com\/blog\/avis-temoignages-globalong\/humanitaire-temoignage-ecole-senegal-afrique-globalong-enfants-enseignement-professeurs-stage-mission-benevolat\/\",\"name\":\"S\u00e9n\u00e9gal - Aliz\u00e9e - Association Globalong\",\"isPartOf\":{\"@id\":\"https:\/\/www.globalong.com\/blog\/#website\"},\"primaryImageOfPage\":{\"@id\":\"https:\/\/www.globalong.com\/blog\/avis-temoignages-globalong\/humanitaire-temoignage-ecole-senegal-afrique-globalong-enfants-enseignement-professeurs-stage-mission-benevolat\/#primaryimage\"},\"image\":{\"@id\":\"https:\/\/www.globalong.com\/blog\/avis-temoignages-globalong\/humanitaire-temoignage-ecole-senegal-afrique-globalong-enfants-enseignement-professeurs-stage-mission-benevolat\/#primaryimage\"},\"thumbnailUrl\":\"https:\/\/www.globalong.com\/blog\/wp-content\/uploads\/2018\/01\/Logo-et-Afrique-Globalong2.jpg\",\"datePublished\":\"2016-05-20T08:49:55+00:00\",\"dateModified\":\"2022-05-07T08:50:59+00:00\",\"breadcrumb\":{\"@id\":\"https:\/\/www.globalong.com\/blog\/avis-temoignages-globalong\/humanitaire-temoignage-ecole-senegal-afrique-globalong-enfants-enseignement-professeurs-stage-mission-benevolat\/#breadcrumb\"},\"inLanguage\":\"fr-FR\",\"potentialAction\":[{\"@type\":\"ReadAction\",\"target\":[\"https:\/\/www.globalong.com\/blog\/avis-temoignages-globalong\/humanitaire-temoignage-ecole-senegal-afrique-globalong-enfants-enseignement-professeurs-stage-mission-benevolat\/\"]}]},{\"@type\":\"ImageObject\",\"inLanguage\":\"fr-FR\",\"@id\":\"https:\/\/www.globalong.com\/blog\/avis-temoignages-globalong\/humanitaire-temoignage-ecole-senegal-afrique-globalong-enfants-enseignement-professeurs-stage-mission-benevolat\/#primaryimage\",\"url\":\"https:\/\/www.globalong.com\/blog\/wp-content\/uploads\/2018\/01\/Logo-et-Afrique-Globalong2.jpg\",\"contentUrl\":\"https:\/\/www.globalong.com\/blog\/wp-content\/uploads\/2018\/01\/Logo-et-Afrique-Globalong2.jpg\",\"width\":250,\"height\":172},{\"@type\":\"BreadcrumbList\",\"@id\":\"https:\/\/www.globalong.com\/blog\/avis-temoignages-globalong\/humanitaire-temoignage-ecole-senegal-afrique-globalong-enfants-enseignement-professeurs-stage-mission-benevolat\/#breadcrumb\",\"itemListElement\":[{\"@type\":\"ListItem\",\"position\":1,\"name\":\"Accueil\",\"item\":\"https:\/\/www.globalong.com\/blog\/\"},{\"@type\":\"ListItem\",\"position\":2,\"name\":\"T\u00e9moignages et avis de volontaires Globalong\",\"item\":\"https:\/\/www.globalong.com\/blog\/avis-temoignages-globalong\/\"},{\"@type\":\"ListItem\",\"position\":3,\"name\":\"S\u00e9n\u00e9gal &#8211; Aliz\u00e9e\"}]},{\"@type\":\"WebSite\",\"@id\":\"https:\/\/www.globalong.com\/blog\/#website\",\"url\":\"https:\/\/www.globalong.com\/blog\/\",\"name\":\"https:\/\/www.globalong.com\/\",\"description\":\"Mission humanitaire, stage \u00e9tudiant et voyage linguistique\",\"publisher\":{\"@id\":\"https:\/\/www.globalong.com\/blog\/#organization\"},\"potentialAction\":[{\"@type\":\"SearchAction\",\"target\":{\"@type\":\"EntryPoint\",\"urlTemplate\":\"https:\/\/www.globalong.com\/blog\/?s={search_term_string}\"},\"query-input\":{\"@type\":\"PropertyValueSpecification\",\"valueRequired\":true,\"valueName\":\"search_term_string\"}}],\"inLanguage\":\"fr-FR\"},{\"@type\":\"Organization\",\"@id\":\"https:\/\/www.globalong.com\/blog\/#organization\",\"name\":\"Association Globalong\",\"url\":\"https:\/\/www.globalong.com\/blog\/\",\"logo\":{\"@type\":\"ImageObject\",\"inLanguage\":\"fr-FR\",\"@id\":\"https:\/\/www.globalong.com\/blog\/#\/schema\/logo\/image\/\",\"url\":\"https:\/\/www.globalong.com\/blog\/wp-content\/uploads\/2014\/11\/cropped-cropped-Logo-et-Afrique-Globalong-petite-taille-2.jpg\",\"contentUrl\":\"https:\/\/www.globalong.com\/blog\/wp-content\/uploads\/2014\/11\/cropped-cropped-Logo-et-Afrique-Globalong-petite-taille-2.jpg\",\"width\":512,\"height\":512,\"caption\":\"Association Globalong\"},\"image\":{\"@id\":\"https:\/\/www.globalong.com\/blog\/#\/schema\/logo\/image\/\"},\"sameAs\":[\"https:\/\/www.facebook.com\/globalong\"]}]}<\/script>\n<!-- \/ Yoast SEO Premium plugin. -->","yoast_head_json":{"title":"S\u00e9n\u00e9gal - Aliz\u00e9e - Association Globalong","robots":{"index":"index","follow":"follow","max-snippet":"max-snippet:-1","max-image-preview":"max-image-preview:large","max-video-preview":"max-video-preview:-1"},"canonical":"https:\/\/www.globalong.com\/blog\/avis-temoignages-globalong\/humanitaire-temoignage-ecole-senegal-afrique-globalong-enfants-enseignement-professeurs-stage-mission-benevolat\/","og_locale":"fr_FR","og_type":"article","og_title":"S\u00e9n\u00e9gal - Aliz\u00e9e","og_description":"T\u00e9moignage d&rsquo;Aliz\u00e9e, b\u00e9n\u00e9vole avec Globalong au S\u00e9n\u00e9gal.\u00a0 Bonjour, je m\u2019appelle Aliz\u00e9e, je suis partie au S\u00e9n\u00e9gal pendant 4 semaines. Je voulais partir pour d\u00e9couvrir les us et coutumes des S\u00e9n\u00e9galais et pouvoir apporter une aide p\u00e9dagogique aux enfants en difficult\u00e9s. J\u2019ai connu Globalong gr\u00e2ce \u00e0 Internet et je suis tr\u00e8s satisfaite des \u00e9changes que j\u2019ai [&hellip;]","og_url":"https:\/\/www.globalong.com\/blog\/avis-temoignages-globalong\/humanitaire-temoignage-ecole-senegal-afrique-globalong-enfants-enseignement-professeurs-stage-mission-benevolat\/","og_site_name":"Association Globalong","article_publisher":"https:\/\/www.facebook.com\/globalong","article_modified_time":"2022-05-07T08:50:59+00:00","og_image":[{"width":250,"height":172,"url":"https:\/\/www.globalong.com\/blog\/wp-content\/uploads\/2018\/01\/Logo-et-Afrique-Globalong2.jpg","type":"image\/jpeg"}],"twitter_card":"summary_large_image","twitter_misc":{"Dur\u00e9e de lecture estim\u00e9e":"6 minutes"},"schema":{"@context":"https:\/\/schema.org","@graph":[{"@type":"WebPage","@id":"https:\/\/www.globalong.com\/blog\/avis-temoignages-globalong\/humanitaire-temoignage-ecole-senegal-afrique-globalong-enfants-enseignement-professeurs-stage-mission-benevolat\/","url":"https:\/\/www.globalong.com\/blog\/avis-temoignages-globalong\/humanitaire-temoignage-ecole-senegal-afrique-globalong-enfants-enseignement-professeurs-stage-mission-benevolat\/","name":"S\u00e9n\u00e9gal - Aliz\u00e9e - Association Globalong","isPartOf":{"@id":"https:\/\/www.globalong.com\/blog\/#website"},"primaryImageOfPage":{"@id":"https:\/\/www.globalong.com\/blog\/avis-temoignages-globalong\/humanitaire-temoignage-ecole-senegal-afrique-globalong-enfants-enseignement-professeurs-stage-mission-benevolat\/#primaryimage"},"image":{"@id":"https:\/\/www.globalong.com\/blog\/avis-temoignages-globalong\/humanitaire-temoignage-ecole-senegal-afrique-globalong-enfants-enseignement-professeurs-stage-mission-benevolat\/#primaryimage"},"thumbnailUrl":"https:\/\/www.globalong.com\/blog\/wp-content\/uploads\/2018\/01\/Logo-et-Afrique-Globalong2.jpg","datePublished":"2016-05-20T08:49:55+00:00","dateModified":"2022-05-07T08:50:59+00:00","breadcrumb":{"@id":"https:\/\/www.globalong.com\/blog\/avis-temoignages-globalong\/humanitaire-temoignage-ecole-senegal-afrique-globalong-enfants-enseignement-professeurs-stage-mission-benevolat\/#breadcrumb"},"inLanguage":"fr-FR","potentialAction":[{"@type":"ReadAction","target":["https:\/\/www.globalong.com\/blog\/avis-temoignages-globalong\/humanitaire-temoignage-ecole-senegal-afrique-globalong-enfants-enseignement-professeurs-stage-mission-benevolat\/"]}]},{"@type":"ImageObject","inLanguage":"fr-FR","@id":"https:\/\/www.globalong.com\/blog\/avis-temoignages-globalong\/humanitaire-temoignage-ecole-senegal-afrique-globalong-enfants-enseignement-professeurs-stage-mission-benevolat\/#primaryimage","url":"https:\/\/www.globalong.com\/blog\/wp-content\/uploads\/2018\/01\/Logo-et-Afrique-Globalong2.jpg","contentUrl":"https:\/\/www.globalong.com\/blog\/wp-content\/uploads\/2018\/01\/Logo-et-Afrique-Globalong2.jpg","width":250,"height":172},{"@type":"BreadcrumbList","@id":"https:\/\/www.globalong.com\/blog\/avis-temoignages-globalong\/humanitaire-temoignage-ecole-senegal-afrique-globalong-enfants-enseignement-professeurs-stage-mission-benevolat\/#breadcrumb","itemListElement":[{"@type":"ListItem","position":1,"name":"Accueil","item":"https:\/\/www.globalong.com\/blog\/"},{"@type":"ListItem","position":2,"name":"T\u00e9moignages et avis de volontaires Globalong","item":"https:\/\/www.globalong.com\/blog\/avis-temoignages-globalong\/"},{"@type":"ListItem","position":3,"name":"S\u00e9n\u00e9gal &#8211; Aliz\u00e9e"}]},{"@type":"WebSite","@id":"https:\/\/www.globalong.com\/blog\/#website","url":"https:\/\/www.globalong.com\/blog\/","name":"https:\/\/www.globalong.com\/","description":"Mission humanitaire, stage \u00e9tudiant et voyage linguistique","publisher":{"@id":"https:\/\/www.globalong.com\/blog\/#organization"},"potentialAction":[{"@type":"SearchAction","target":{"@type":"EntryPoint","urlTemplate":"https:\/\/www.globalong.com\/blog\/?s={search_term_string}"},"query-input":{"@type":"PropertyValueSpecification","valueRequired":true,"valueName":"search_term_string"}}],"inLanguage":"fr-FR"},{"@type":"Organization","@id":"https:\/\/www.globalong.com\/blog\/#organization","name":"Association Globalong","url":"https:\/\/www.globalong.com\/blog\/","logo":{"@type":"ImageObject","inLanguage":"fr-FR","@id":"https:\/\/www.globalong.com\/blog\/#\/schema\/logo\/image\/","url":"https:\/\/www.globalong.com\/blog\/wp-content\/uploads\/2014\/11\/cropped-cropped-Logo-et-Afrique-Globalong-petite-taille-2.jpg","contentUrl":"https:\/\/www.globalong.com\/blog\/wp-content\/uploads\/2014\/11\/cropped-cropped-Logo-et-Afrique-Globalong-petite-taille-2.jpg","width":512,"height":512,"caption":"Association Globalong"},"image":{"@id":"https:\/\/www.globalong.com\/blog\/#\/schema\/logo\/image\/"},"sameAs":["https:\/\/www.facebook.com\/globalong"]}]}},"_links":{"self":[{"href":"https:\/\/www.globalong.com\/blog\/wp-json\/wp\/v2\/pages\/4210"}],"collection":[{"href":"https:\/\/www.globalong.com\/blog\/wp-json\/wp\/v2\/pages"}],"about":[{"href":"https:\/\/www.globalong.com\/blog\/wp-json\/wp\/v2\/types\/page"}],"author":[{"embeddable":true,"href":"https:\/\/www.globalong.com\/blog\/wp-json\/wp\/v2\/users\/3"}],"replies":[{"embeddable":true,"href":"https:\/\/www.globalong.com\/blog\/wp-json\/wp\/v2\/comments?post=4210"}],"version-history":[{"count":20,"href":"https:\/\/www.globalong.com\/blog\/wp-json\/wp\/v2\/pages\/4210\/revisions"}],"predecessor-version":[{"id":14552,"href":"https:\/\/www.globalong.com\/blog\/wp-json\/wp\/v2\/pages\/4210\/revisions\/14552"}],"up":[{"embeddable":true,"href":"https:\/\/www.globalong.com\/blog\/wp-json\/wp\/v2\/pages\/883"}],"wp:featuredmedia":[{"embeddable":true,"href":"https:\/\/www.globalong.com\/blog\/wp-json\/wp\/v2\/media\/8946"}],"wp:attachment":[{"href":"https:\/\/www.globalong.com\/blog\/wp-json\/wp\/v2\/media?parent=4210"}],"curies":[{"name":"wp","href":"https:\/\/api.w.org\/{rel}","templated":true}]}}