{"id":4778,"date":"2016-06-21T17:26:57","date_gmt":"2016-06-21T15:26:57","guid":{"rendered":"https:\/\/www.globalong.com\/blog\/?page_id=4778"},"modified":"2024-11-29T16:51:04","modified_gmt":"2024-11-29T15:51:04","slug":"testimonio-sandra-globalong-costa-rica-america-latine-voyage-benevolat-annee-sabbatique-gap-year","status":"publish","type":"page","link":"https:\/\/www.globalong.com\/blog\/avis-temoignages-globalong\/testimonio-sandra-globalong-costa-rica-america-latine-voyage-benevolat-annee-sabbatique-gap-year\/","title":{"rendered":"Costa rica &#8211; Sandra"},"content":{"rendered":"<h4 style=\"text-align: center;\"><span style=\"color: #b81657;\">Testimonio de Sandra, voluntaria in Costa Rica con Globalong<\/span><\/h4>\n<p style=\"text-align: justify;\"><a href=\"https:\/\/www.globalong.com\/blog\/wp-content\/uploads\/2016\/06\/benevolat-humanitaire-globalong.jpg\" rel=\"attachment wp-att-4779\"><img loading=\"lazy\" decoding=\"async\" class=\"wp-image-4779 aligncenter\" src=\"https:\/\/www.globalong.com\/blog\/wp-content\/uploads\/2016\/06\/benevolat-humanitaire-globalong-225x300.jpg\" alt=\"Costa rica t\u00e9moignage de Sandra\" width=\"300\" height=\"400\" srcset=\"https:\/\/www.globalong.com\/blog\/wp-content\/uploads\/2016\/06\/benevolat-humanitaire-globalong-225x300.jpg 225w, https:\/\/www.globalong.com\/blog\/wp-content\/uploads\/2016\/06\/benevolat-humanitaire-globalong-768x1024.jpg 768w, https:\/\/www.globalong.com\/blog\/wp-content\/uploads\/2016\/06\/benevolat-humanitaire-globalong-113x150.jpg 113w, https:\/\/www.globalong.com\/blog\/wp-content\/uploads\/2016\/06\/benevolat-humanitaire-globalong.jpg 1200w\" sizes=\"(max-width: 300px) 100vw, 300px\" \/><\/a>Me llamo Sandra y yo hice <span style=\"text-decoration: underline;\"><a href=\"https:\/\/www.globalong.com\/sejour-langues-et-benevolat\/benevolat-espagnol-costa-rica.html\" target=\"_blank\" rel=\"noopener\">un volontariodo en Costa Rica por 8 semanas.<\/a><\/span><br \/>\nDurante mi servicio, yo trabaj\u00e9 con la maestra de educacion pre-escuelar y las dos auxiliares.<\/p>\n<p style=\"text-align: justify;\">Yo trabaj\u00e9 de lunes a viernes, de las 8 de la ma\u00f1ana a las 3 de la tarde. Yo h\u00e9 conocido todos los ni\u00f1os, 43 en total.<\/p>\n<ul style=\"text-align: justify;\">\n<li>Yo hice diferente cosas, y poco a poco yo tenia mas en mas responsabilitades :<br \/>\nyo acompa\u00f1\u00e9 a los ni\u00f1os en las activitades educativas y deportivas<\/li>\n<li>yo ayud\u00e9 a los ni\u00f1os en la alimentacion y higiene<\/li>\n<li>yo hic\u00e9 activitades en pequeno grupo como pintura, lectura de cuentos, romp\u00e9cabezas, etc&#8230;<\/li>\n<li>yo h\u00e9 hecho decoraciones para la clase y pintura<\/li>\n<li>yo ayud\u00e9 a las auxiliares a limpiar el comedor despues el tiempo de la comida de los ni\u00f1os<\/li>\n<li>y yo conoci a las madres que vienen a almuersar todos los dias con sus hijos<\/li>\n<\/ul>\n<p style=\"text-align: justify;\"><a href=\"https:\/\/www.globalong.com\/blog\/wp-content\/uploads\/2016\/06\/costa-rica-volontariat-globalong.jpg\" rel=\"attachment wp-att-4781\"><img loading=\"lazy\" decoding=\"async\" class=\"size-medium wp-image-4781 aligncenter\" src=\"https:\/\/www.globalong.com\/blog\/wp-content\/uploads\/2016\/06\/costa-rica-volontariat-globalong-300x168.jpg\" alt=\"Globalong Costa Rica imagen\" width=\"300\" height=\"168\" srcset=\"https:\/\/www.globalong.com\/blog\/wp-content\/uploads\/2016\/06\/costa-rica-volontariat-globalong-300x168.jpg 300w, https:\/\/www.globalong.com\/blog\/wp-content\/uploads\/2016\/06\/costa-rica-volontariat-globalong-768x431.jpg 768w, https:\/\/www.globalong.com\/blog\/wp-content\/uploads\/2016\/06\/costa-rica-volontariat-globalong-150x84.jpg 150w, https:\/\/www.globalong.com\/blog\/wp-content\/uploads\/2016\/06\/costa-rica-volontariat-globalong.jpg 960w\" sizes=\"(max-width: 300px) 100vw, 300px\" \/><\/a>Durante estas semanas, yo pude aprender poco a poco a comunicar con los ninos, acompa\u00f1ar a ellos, y a relacionarme con ellos.La maestra me ha ayudado mucho. Yo observ\u00e9 su trabajo con mucho atencion para aprender. Despues, yo h\u00e9 hecho cosas en autonomia, con responsabilitades mas importante. Por ejemplo activitades de aprentisaje y educativas, juegos, lectura. ..<\/p>\n<p style=\"text-align: justify;\">A veces, la maestra me pude confiar la clase con los ni\u00f1os porque me obedien bien.<\/p>\n<p style=\"text-align: justify;\"><a href=\"https:\/\/www.globalong.com\/blog\/wp-content\/uploads\/2016\/06\/Sandra-au-costa-rica-avec-Globalong.jpg\" rel=\"attachment wp-att-4783\"><img loading=\"lazy\" decoding=\"async\" class=\"size-medium wp-image-4783 aligncenter\" src=\"https:\/\/www.globalong.com\/blog\/wp-content\/uploads\/2016\/06\/Sandra-au-costa-rica-avec-Globalong-300x225.jpg\" alt=\"Globalong b\u00e9n\u00e9voles au Costa rica \u00e9tudes espagnol\" width=\"300\" height=\"225\" srcset=\"https:\/\/www.globalong.com\/blog\/wp-content\/uploads\/2016\/06\/Sandra-au-costa-rica-avec-Globalong-300x225.jpg 300w, https:\/\/www.globalong.com\/blog\/wp-content\/uploads\/2016\/06\/Sandra-au-costa-rica-avec-Globalong-768x576.jpg 768w, https:\/\/www.globalong.com\/blog\/wp-content\/uploads\/2016\/06\/Sandra-au-costa-rica-avec-Globalong-150x113.jpg 150w, https:\/\/www.globalong.com\/blog\/wp-content\/uploads\/2016\/06\/Sandra-au-costa-rica-avec-Globalong.jpg 960w\" sizes=\"(max-width: 300px) 100vw, 300px\" \/><\/a>Gracias a mi volontariodo, yo aprend\u00ed a hablar mejor espa\u00f1ol. Yo practiqu\u00e9 mucho la lengua con mi compa\u00f1eras y con los ni\u00f1os.<\/p>\n<p style=\"text-align: justify;\">Un punto importante de mi volontariodo es que yo acompa\u00f1aba a los ni\u00f1os tambien de manera individual. Hay ni\u00f1os que tienen dificultas especial, o que tienen una vida familial dificile. Entonces yo querio ayudar a ellos.<\/p>\n<p style=\"text-align: justify;\">Yo tengo qualquier ejemplos de mis acompa\u00f1amentos :<\/p>\n<p style=\"text-align: justify;\">Kimberly : esta ni\u00f1a de 4 a\u00f1os no hablaba a nadie cuando yo llegu\u00e9, y tampoco a su familia.<\/p>\n<p style=\"text-align: justify;\"><a href=\"https:\/\/www.globalong.com\/blog\/wp-content\/uploads\/2016\/06\/globalong-s\u00e9jour-linguistique.jpg\" rel=\"attachment wp-att-4785\"><img loading=\"lazy\" decoding=\"async\" class=\"wp-image-4785 aligncenter\" src=\"https:\/\/www.globalong.com\/blog\/wp-content\/uploads\/2016\/06\/globalong-s\u00e9jour-linguistique-225x300.jpg\" alt=\"apprendre l'espagnol en amerique Latine avec Globalong\" width=\"300\" height=\"400\" srcset=\"https:\/\/www.globalong.com\/blog\/wp-content\/uploads\/2016\/06\/globalong-s\u00e9jour-linguistique-225x300.jpg 225w, https:\/\/www.globalong.com\/blog\/wp-content\/uploads\/2016\/06\/globalong-s\u00e9jour-linguistique-768x1024.jpg 768w, https:\/\/www.globalong.com\/blog\/wp-content\/uploads\/2016\/06\/globalong-s\u00e9jour-linguistique-113x150.jpg 113w, https:\/\/www.globalong.com\/blog\/wp-content\/uploads\/2016\/06\/globalong-s\u00e9jour-linguistique.jpg 1200w\" sizes=\"(max-width: 300px) 100vw, 300px\" \/><\/a>Yo le ayud\u00e9 a sentirse en confianza conmigo.<\/p>\n<p style=\"text-align: justify;\">Poco a poco, yo le motiv\u00e9 a hacer ruido con su boca, y despues la motiv\u00e9 para decir muchas palabras. Ella pudo decir \u00ab\u00a0hola \u00ab\u00a0, \u00ab\u00a0muy bien\u00a0\u00bb, \u00ab\u00a0ni\u00f1a\u00a0\u00bb, \u00ab\u00a0Sandra\u00a0\u00bb, \u00ab\u00a0mami\u00a0\u00bb, \u00ab\u00a0papi\u00a0\u00bb y al final de mi trabajo me dicia \u00ab\u00a0te amo\u00a0\u00bb! Todos los dias yo le hice hablar un poco. Ahora me alegra porque ella r\u00e9pite m\u00e1s palabras, y lo puede hacer con la maestra tambien.<\/p>\n<p style=\"text-align: justify;\">Yurgen: por el, el momento del almuerzo era dif\u00edcil porque se enojaba. Era siempre nervioso y no podia tomar su comida tranquilemente. Entonces, todos los dias, yo le acompa\u00f1aba por comer, hablando con el, a veces yo l\u00e9 ayud\u00e9 a comer porque el coma sin gritar o mueverse. Ahorra el se puede comer con mas paz, y es contento de este momento.<\/p>\n<p style=\"text-align: justify;\">Tamara : esta ni\u00f1a era muy reservada y a mi me parecia triste quando yo llegu\u00e9. Durante el recreo, yo le hablaba un poco todo los dias. Yo le puse atencion a ella.<\/p>\n<p style=\"text-align: justify;\">Poco a poco ella mi sonreia, y la relacion con ella <a href=\"https:\/\/www.globalong.com\/blog\/wp-content\/uploads\/2016\/06\/Sandra-costarica-globalong.jpeg\" rel=\"attachment wp-att-4787\"><img loading=\"lazy\" decoding=\"async\" class=\"wp-image-4787 aligncenter\" src=\"https:\/\/www.globalong.com\/blog\/wp-content\/uploads\/2016\/06\/Sandra-costarica-globalong-169x300.jpeg\" alt=\"Globalong volontaire et \u00e9tudiante en Am\u00e9rique Latine\" width=\"300\" height=\"533\" srcset=\"https:\/\/www.globalong.com\/blog\/wp-content\/uploads\/2016\/06\/Sandra-costarica-globalong-169x300.jpeg 169w, https:\/\/www.globalong.com\/blog\/wp-content\/uploads\/2016\/06\/Sandra-costarica-globalong-84x150.jpeg 84w, https:\/\/www.globalong.com\/blog\/wp-content\/uploads\/2016\/06\/Sandra-costarica-globalong.jpeg 540w\" sizes=\"(max-width: 300px) 100vw, 300px\" \/><\/a>era especial.<\/p>\n<p style=\"text-align: justify;\">En la clase, con ella yo hice romp\u00e9cabezas porque ella le gustaba mucho.<br \/>\nA mi me parece que hoy ella es mas en mas contenta, y ademas que se expresa mucho mas.<\/p>\n<p style=\"text-align: justify;\">Malkiel : esto ni\u00f1o necesita mucha atencion y carino. Con el, yo pas\u00e9 tiempo para tomarlo en mis brazos, darle atencion, y mucho cuidado. A veces le cortaba los u\u00f1as, o le limpiaba la nariz. El tiene condiciones de vida dificil, entonces mi parecia que el centro, tenia que recibir mucho cuidado. Yo pude estar prentente por el , e hoy, estoy feliz de ver que Malkiel es contento de venir al centro.<\/p>\n<p style=\"text-align: justify;\">Entonces, me alegra de haber conocido todos estes ni\u00f1as y ni\u00f1os, y trabajar por que ellos se sienten el mejor posible conmigo.<br \/>\nEn el centro hay muchas posibilitades y cosas que hacer por ajudar a las personas que trabajan y por los ni\u00f1os. Es mucho trabajo de ocuparse de tantos ni\u00f1os y una persona en mas es veramente util.<br \/>\nPara mi fue una experienza profesional unica, pero en mas un experienza humana muy enriquecedora.<br \/>\nMis compa\u00f1eras y los ni\u00f1os me han expresado mucho carino todos los dias, y Ahora no puedo olvidar a ellos tan el tiempo aqui fue especial.<\/p>\n<p style=\"text-align: justify;\">Esto volontariodo mi permit\u00e9 descubrir como se puede ajudar a ni\u00f1os que les faltan muchas cosas material y familial, gracias a mi atencion, mi motivacion, mi cuidado y cari\u00f1o.<br \/>\nYo recomiendo a otros estudiantes venir aqui para vivir un tal experienza profesional y m\u00e1s de vida.<br \/>\nMi viaje a <a href=\"https:\/\/www.globalong.com\/blog\/voyage-humanitaire-au-costa-rica\/\" target=\"_blank\" rel=\"noopener\">Costa rica<\/a> fue veramente bonito gracias a las richeza del trabajo de volontariodo.<\/p>\n<p style=\"text-align: justify;\">Sandra.<\/p>\n<p style=\"text-align: center;\">Pour plus d&rsquo;informations sur les s\u00e9jours de langue et b\u00e9n\u00e9volat, n&rsquo;h\u00e9sitez pas \u00e0 nous contacter \u00e0 <span style=\"text-decoration: underline; color: #b81657;\"><a style=\"color: #b81657; text-decoration: underline;\" href=\"mailto:info@globalong.com\">info@globalong.com<\/a><\/span><\/p>\n<p style=\"text-align: center;\">D\u00e9couvrez<span style=\"text-decoration: underline;\"><span style=\"color: #b81657;\"><a style=\"color: #b81657; text-decoration: underline;\" href=\"https:\/\/www.globalong.com\/sejour-langues-et-benevolat\/benevolat-espagnol-costa-rica.html\" target=\"_blank\" rel=\"noopener\"> tous les programmes au Costa Rica<\/a><\/span><\/span><\/p>\n<p style=\"text-align: center;\">D\u00e9couvrez <span style=\"text-decoration: underline;\"><span style=\"color: #b81657;\"><a style=\"color: #b81657; text-decoration: underline;\" href=\"https:\/\/www.flickr.com\/photos\/globalong\/albums\/72157639520607094\" target=\"_blank\" rel=\"noopener\">plus de photos des b\u00e9n\u00e9voles<\/a><\/span><\/span> d\u00e9j\u00e0 partis au Costa Rica<\/p>\n<p style=\"text-align: justify;\">\n","protected":false},"excerpt":{"rendered":"<p>Testimonio de Sandra, voluntaria in Costa Rica con Globalong Me llamo Sandra y yo hice un volontariodo en Costa Rica por 8 semanas. Durante mi servicio, yo trabaj\u00e9 con la maestra de educacion pre-escuelar y las dos auxiliares. Yo trabaj\u00e9 de lunes a viernes, de las 8 de la ma\u00f1ana a las 3 de la [&hellip;]<\/p>\n","protected":false},"author":3,"featured_media":5205,"parent":883,"menu_order":0,"comment_status":"open","ping_status":"closed","template":"","meta":{"footnotes":""},"yoast_head":"<!-- This site is optimized with the Yoast SEO Premium plugin v23.4 (Yoast SEO v23.4) - https:\/\/yoast.com\/wordpress\/plugins\/seo\/ -->\n<title>Costa rica - Sandra - Association Globalong<\/title>\n<meta name=\"robots\" content=\"index, follow, max-snippet:-1, max-image-preview:large, max-video-preview:-1\" \/>\n<link rel=\"canonical\" href=\"https:\/\/www.globalong.com\/blog\/avis-temoignages-globalong\/testimonio-sandra-globalong-costa-rica-america-latine-voyage-benevolat-annee-sabbatique-gap-year\/\" \/>\n<meta property=\"og:locale\" content=\"fr_FR\" \/>\n<meta property=\"og:type\" content=\"article\" \/>\n<meta property=\"og:title\" content=\"Costa rica - Sandra\" \/>\n<meta property=\"og:description\" content=\"Testimonio de Sandra, voluntaria in Costa Rica con Globalong Me llamo Sandra y yo hice un volontariodo en Costa Rica por 8 semanas. Durante mi servicio, yo trabaj\u00e9 con la maestra de educacion pre-escuelar y las dos auxiliares. Yo trabaj\u00e9 de lunes a viernes, de las 8 de la ma\u00f1ana a las 3 de la [&hellip;]\" \/>\n<meta property=\"og:url\" content=\"https:\/\/www.globalong.com\/blog\/avis-temoignages-globalong\/testimonio-sandra-globalong-costa-rica-america-latine-voyage-benevolat-annee-sabbatique-gap-year\/\" \/>\n<meta property=\"og:site_name\" content=\"Association Globalong\" \/>\n<meta property=\"article:publisher\" content=\"https:\/\/www.facebook.com\/globalong\" \/>\n<meta property=\"article:modified_time\" content=\"2024-11-29T15:51:04+00:00\" \/>\n<meta property=\"og:image\" content=\"https:\/\/www.globalong.com\/blog\/wp-content\/uploads\/2016\/01\/SAndra-Costa-Rica.jpeg\" \/>\n\t<meta property=\"og:image:width\" content=\"426\" \/>\n\t<meta property=\"og:image:height\" content=\"425\" \/>\n\t<meta property=\"og:image:type\" content=\"image\/jpeg\" \/>\n<meta name=\"twitter:card\" content=\"summary_large_image\" \/>\n<meta name=\"twitter:label1\" content=\"Dur\u00e9e de lecture estim\u00e9e\" \/>\n\t<meta name=\"twitter:data1\" content=\"6 minutes\" \/>\n<script type=\"application\/ld+json\" class=\"yoast-schema-graph\">{\"@context\":\"https:\/\/schema.org\",\"@graph\":[{\"@type\":\"WebPage\",\"@id\":\"https:\/\/www.globalong.com\/blog\/avis-temoignages-globalong\/testimonio-sandra-globalong-costa-rica-america-latine-voyage-benevolat-annee-sabbatique-gap-year\/\",\"url\":\"https:\/\/www.globalong.com\/blog\/avis-temoignages-globalong\/testimonio-sandra-globalong-costa-rica-america-latine-voyage-benevolat-annee-sabbatique-gap-year\/\",\"name\":\"Costa rica - Sandra - Association Globalong\",\"isPartOf\":{\"@id\":\"https:\/\/www.globalong.com\/blog\/#website\"},\"primaryImageOfPage\":{\"@id\":\"https:\/\/www.globalong.com\/blog\/avis-temoignages-globalong\/testimonio-sandra-globalong-costa-rica-america-latine-voyage-benevolat-annee-sabbatique-gap-year\/#primaryimage\"},\"image\":{\"@id\":\"https:\/\/www.globalong.com\/blog\/avis-temoignages-globalong\/testimonio-sandra-globalong-costa-rica-america-latine-voyage-benevolat-annee-sabbatique-gap-year\/#primaryimage\"},\"thumbnailUrl\":\"https:\/\/www.globalong.com\/blog\/wp-content\/uploads\/2016\/01\/SAndra-Costa-Rica.jpeg\",\"datePublished\":\"2016-06-21T15:26:57+00:00\",\"dateModified\":\"2024-11-29T15:51:04+00:00\",\"breadcrumb\":{\"@id\":\"https:\/\/www.globalong.com\/blog\/avis-temoignages-globalong\/testimonio-sandra-globalong-costa-rica-america-latine-voyage-benevolat-annee-sabbatique-gap-year\/#breadcrumb\"},\"inLanguage\":\"fr-FR\",\"potentialAction\":[{\"@type\":\"ReadAction\",\"target\":[\"https:\/\/www.globalong.com\/blog\/avis-temoignages-globalong\/testimonio-sandra-globalong-costa-rica-america-latine-voyage-benevolat-annee-sabbatique-gap-year\/\"]}]},{\"@type\":\"ImageObject\",\"inLanguage\":\"fr-FR\",\"@id\":\"https:\/\/www.globalong.com\/blog\/avis-temoignages-globalong\/testimonio-sandra-globalong-costa-rica-america-latine-voyage-benevolat-annee-sabbatique-gap-year\/#primaryimage\",\"url\":\"https:\/\/www.globalong.com\/blog\/wp-content\/uploads\/2016\/01\/SAndra-Costa-Rica.jpeg\",\"contentUrl\":\"https:\/\/www.globalong.com\/blog\/wp-content\/uploads\/2016\/01\/SAndra-Costa-Rica.jpeg\",\"width\":426,\"height\":425,\"caption\":\"Volontaire en mission au Costa Rica\"},{\"@type\":\"BreadcrumbList\",\"@id\":\"https:\/\/www.globalong.com\/blog\/avis-temoignages-globalong\/testimonio-sandra-globalong-costa-rica-america-latine-voyage-benevolat-annee-sabbatique-gap-year\/#breadcrumb\",\"itemListElement\":[{\"@type\":\"ListItem\",\"position\":1,\"name\":\"Accueil\",\"item\":\"https:\/\/www.globalong.com\/blog\/\"},{\"@type\":\"ListItem\",\"position\":2,\"name\":\"T\u00e9moignages et avis de volontaires Globalong\",\"item\":\"https:\/\/www.globalong.com\/blog\/avis-temoignages-globalong\/\"},{\"@type\":\"ListItem\",\"position\":3,\"name\":\"Costa rica &#8211; Sandra\"}]},{\"@type\":\"WebSite\",\"@id\":\"https:\/\/www.globalong.com\/blog\/#website\",\"url\":\"https:\/\/www.globalong.com\/blog\/\",\"name\":\"https:\/\/www.globalong.com\/\",\"description\":\"Mission humanitaire, stage \u00e9tudiant et voyage linguistique\",\"publisher\":{\"@id\":\"https:\/\/www.globalong.com\/blog\/#organization\"},\"potentialAction\":[{\"@type\":\"SearchAction\",\"target\":{\"@type\":\"EntryPoint\",\"urlTemplate\":\"https:\/\/www.globalong.com\/blog\/?s={search_term_string}\"},\"query-input\":{\"@type\":\"PropertyValueSpecification\",\"valueRequired\":true,\"valueName\":\"search_term_string\"}}],\"inLanguage\":\"fr-FR\"},{\"@type\":\"Organization\",\"@id\":\"https:\/\/www.globalong.com\/blog\/#organization\",\"name\":\"Association Globalong\",\"url\":\"https:\/\/www.globalong.com\/blog\/\",\"logo\":{\"@type\":\"ImageObject\",\"inLanguage\":\"fr-FR\",\"@id\":\"https:\/\/www.globalong.com\/blog\/#\/schema\/logo\/image\/\",\"url\":\"https:\/\/www.globalong.com\/blog\/wp-content\/uploads\/2014\/11\/cropped-cropped-Logo-et-Afrique-Globalong-petite-taille-2.jpg\",\"contentUrl\":\"https:\/\/www.globalong.com\/blog\/wp-content\/uploads\/2014\/11\/cropped-cropped-Logo-et-Afrique-Globalong-petite-taille-2.jpg\",\"width\":512,\"height\":512,\"caption\":\"Association Globalong\"},\"image\":{\"@id\":\"https:\/\/www.globalong.com\/blog\/#\/schema\/logo\/image\/\"},\"sameAs\":[\"https:\/\/www.facebook.com\/globalong\"]}]}<\/script>\n<!-- \/ Yoast SEO Premium plugin. -->","yoast_head_json":{"title":"Costa rica - Sandra - Association Globalong","robots":{"index":"index","follow":"follow","max-snippet":"max-snippet:-1","max-image-preview":"max-image-preview:large","max-video-preview":"max-video-preview:-1"},"canonical":"https:\/\/www.globalong.com\/blog\/avis-temoignages-globalong\/testimonio-sandra-globalong-costa-rica-america-latine-voyage-benevolat-annee-sabbatique-gap-year\/","og_locale":"fr_FR","og_type":"article","og_title":"Costa rica - Sandra","og_description":"Testimonio de Sandra, voluntaria in Costa Rica con Globalong Me llamo Sandra y yo hice un volontariodo en Costa Rica por 8 semanas. Durante mi servicio, yo trabaj\u00e9 con la maestra de educacion pre-escuelar y las dos auxiliares. Yo trabaj\u00e9 de lunes a viernes, de las 8 de la ma\u00f1ana a las 3 de la [&hellip;]","og_url":"https:\/\/www.globalong.com\/blog\/avis-temoignages-globalong\/testimonio-sandra-globalong-costa-rica-america-latine-voyage-benevolat-annee-sabbatique-gap-year\/","og_site_name":"Association Globalong","article_publisher":"https:\/\/www.facebook.com\/globalong","article_modified_time":"2024-11-29T15:51:04+00:00","og_image":[{"width":426,"height":425,"url":"https:\/\/www.globalong.com\/blog\/wp-content\/uploads\/2016\/01\/SAndra-Costa-Rica.jpeg","type":"image\/jpeg"}],"twitter_card":"summary_large_image","twitter_misc":{"Dur\u00e9e de lecture estim\u00e9e":"6 minutes"},"schema":{"@context":"https:\/\/schema.org","@graph":[{"@type":"WebPage","@id":"https:\/\/www.globalong.com\/blog\/avis-temoignages-globalong\/testimonio-sandra-globalong-costa-rica-america-latine-voyage-benevolat-annee-sabbatique-gap-year\/","url":"https:\/\/www.globalong.com\/blog\/avis-temoignages-globalong\/testimonio-sandra-globalong-costa-rica-america-latine-voyage-benevolat-annee-sabbatique-gap-year\/","name":"Costa rica - Sandra - Association Globalong","isPartOf":{"@id":"https:\/\/www.globalong.com\/blog\/#website"},"primaryImageOfPage":{"@id":"https:\/\/www.globalong.com\/blog\/avis-temoignages-globalong\/testimonio-sandra-globalong-costa-rica-america-latine-voyage-benevolat-annee-sabbatique-gap-year\/#primaryimage"},"image":{"@id":"https:\/\/www.globalong.com\/blog\/avis-temoignages-globalong\/testimonio-sandra-globalong-costa-rica-america-latine-voyage-benevolat-annee-sabbatique-gap-year\/#primaryimage"},"thumbnailUrl":"https:\/\/www.globalong.com\/blog\/wp-content\/uploads\/2016\/01\/SAndra-Costa-Rica.jpeg","datePublished":"2016-06-21T15:26:57+00:00","dateModified":"2024-11-29T15:51:04+00:00","breadcrumb":{"@id":"https:\/\/www.globalong.com\/blog\/avis-temoignages-globalong\/testimonio-sandra-globalong-costa-rica-america-latine-voyage-benevolat-annee-sabbatique-gap-year\/#breadcrumb"},"inLanguage":"fr-FR","potentialAction":[{"@type":"ReadAction","target":["https:\/\/www.globalong.com\/blog\/avis-temoignages-globalong\/testimonio-sandra-globalong-costa-rica-america-latine-voyage-benevolat-annee-sabbatique-gap-year\/"]}]},{"@type":"ImageObject","inLanguage":"fr-FR","@id":"https:\/\/www.globalong.com\/blog\/avis-temoignages-globalong\/testimonio-sandra-globalong-costa-rica-america-latine-voyage-benevolat-annee-sabbatique-gap-year\/#primaryimage","url":"https:\/\/www.globalong.com\/blog\/wp-content\/uploads\/2016\/01\/SAndra-Costa-Rica.jpeg","contentUrl":"https:\/\/www.globalong.com\/blog\/wp-content\/uploads\/2016\/01\/SAndra-Costa-Rica.jpeg","width":426,"height":425,"caption":"Volontaire en mission au Costa Rica"},{"@type":"BreadcrumbList","@id":"https:\/\/www.globalong.com\/blog\/avis-temoignages-globalong\/testimonio-sandra-globalong-costa-rica-america-latine-voyage-benevolat-annee-sabbatique-gap-year\/#breadcrumb","itemListElement":[{"@type":"ListItem","position":1,"name":"Accueil","item":"https:\/\/www.globalong.com\/blog\/"},{"@type":"ListItem","position":2,"name":"T\u00e9moignages et avis de volontaires Globalong","item":"https:\/\/www.globalong.com\/blog\/avis-temoignages-globalong\/"},{"@type":"ListItem","position":3,"name":"Costa rica &#8211; Sandra"}]},{"@type":"WebSite","@id":"https:\/\/www.globalong.com\/blog\/#website","url":"https:\/\/www.globalong.com\/blog\/","name":"https:\/\/www.globalong.com\/","description":"Mission humanitaire, stage \u00e9tudiant et voyage linguistique","publisher":{"@id":"https:\/\/www.globalong.com\/blog\/#organization"},"potentialAction":[{"@type":"SearchAction","target":{"@type":"EntryPoint","urlTemplate":"https:\/\/www.globalong.com\/blog\/?s={search_term_string}"},"query-input":{"@type":"PropertyValueSpecification","valueRequired":true,"valueName":"search_term_string"}}],"inLanguage":"fr-FR"},{"@type":"Organization","@id":"https:\/\/www.globalong.com\/blog\/#organization","name":"Association Globalong","url":"https:\/\/www.globalong.com\/blog\/","logo":{"@type":"ImageObject","inLanguage":"fr-FR","@id":"https:\/\/www.globalong.com\/blog\/#\/schema\/logo\/image\/","url":"https:\/\/www.globalong.com\/blog\/wp-content\/uploads\/2014\/11\/cropped-cropped-Logo-et-Afrique-Globalong-petite-taille-2.jpg","contentUrl":"https:\/\/www.globalong.com\/blog\/wp-content\/uploads\/2014\/11\/cropped-cropped-Logo-et-Afrique-Globalong-petite-taille-2.jpg","width":512,"height":512,"caption":"Association Globalong"},"image":{"@id":"https:\/\/www.globalong.com\/blog\/#\/schema\/logo\/image\/"},"sameAs":["https:\/\/www.facebook.com\/globalong"]}]}},"_links":{"self":[{"href":"https:\/\/www.globalong.com\/blog\/wp-json\/wp\/v2\/pages\/4778"}],"collection":[{"href":"https:\/\/www.globalong.com\/blog\/wp-json\/wp\/v2\/pages"}],"about":[{"href":"https:\/\/www.globalong.com\/blog\/wp-json\/wp\/v2\/types\/page"}],"author":[{"embeddable":true,"href":"https:\/\/www.globalong.com\/blog\/wp-json\/wp\/v2\/users\/3"}],"replies":[{"embeddable":true,"href":"https:\/\/www.globalong.com\/blog\/wp-json\/wp\/v2\/comments?post=4778"}],"version-history":[{"count":23,"href":"https:\/\/www.globalong.com\/blog\/wp-json\/wp\/v2\/pages\/4778\/revisions"}],"predecessor-version":[{"id":19420,"href":"https:\/\/www.globalong.com\/blog\/wp-json\/wp\/v2\/pages\/4778\/revisions\/19420"}],"up":[{"embeddable":true,"href":"https:\/\/www.globalong.com\/blog\/wp-json\/wp\/v2\/pages\/883"}],"wp:featuredmedia":[{"embeddable":true,"href":"https:\/\/www.globalong.com\/blog\/wp-json\/wp\/v2\/media\/5205"}],"wp:attachment":[{"href":"https:\/\/www.globalong.com\/blog\/wp-json\/wp\/v2\/media?parent=4778"}],"curies":[{"name":"wp","href":"https:\/\/api.w.org\/{rel}","templated":true}]}}