{"id":5490,"date":"2016-09-13T14:13:49","date_gmt":"2016-09-13T12:13:49","guid":{"rendered":"https:\/\/www.globalong.com\/blog\/?page_id=5490"},"modified":"2022-05-07T10:56:34","modified_gmt":"2022-05-07T08:56:34","slug":"senegal-mission-benevolat-enfants-ecoles-communautaire-afrique-globalong-stage","status":"publish","type":"page","link":"https:\/\/www.globalong.com\/blog\/avis-temoignages-globalong\/senegal-mission-benevolat-enfants-ecoles-communautaire-afrique-globalong-stage\/","title":{"rendered":"S\u00e9n\u00e9gal &#8211; Ingrid"},"content":{"rendered":"<h4 style=\"text-align: center;\"><span style=\"color: #b81657;\">T\u00e9moignage d&rsquo;Ingrid, b\u00e9n\u00e9vole au S\u00e9n\u00e9gal avec Globalong.\u00a0<\/span><\/h4>\n<p style=\"text-align: justify;\"><a href=\"https:\/\/www.globalong.com\/blog\/wp-content\/uploads\/2016\/09\/coloriages.jpg\" rel=\"attachment wp-att-5491\"><img loading=\"lazy\" decoding=\"async\" class=\"wp-image-5491 size-medium aligncenter\" src=\"https:\/\/www.globalong.com\/blog\/wp-content\/uploads\/2016\/09\/coloriages-300x225.jpg\" alt=\"Mission de b\u00e9n\u00e9volat au S\u00e9n\u00e9gal Globalong\" width=\"300\" height=\"225\" srcset=\"https:\/\/www.globalong.com\/blog\/wp-content\/uploads\/2016\/09\/coloriages-300x225.jpg 300w, https:\/\/www.globalong.com\/blog\/wp-content\/uploads\/2016\/09\/coloriages-768x576.jpg 768w, https:\/\/www.globalong.com\/blog\/wp-content\/uploads\/2016\/09\/coloriages-150x113.jpg 150w, https:\/\/www.globalong.com\/blog\/wp-content\/uploads\/2016\/09\/coloriages.jpg 960w\" sizes=\"(max-width: 300px) 100vw, 300px\" \/><\/a>Bonjour, je m\u2019appelle Ingrid, je suis <strong>partie au <span style=\"text-decoration: underline;\"><a href=\"https:\/\/www.globalong.com\/sejour-benevolat\/senegal-benevolat-humanitaire-mission.html\" target=\"_blank\" rel=\"noopener\">S\u00e9n\u00e9gal<\/a><\/span><\/strong> pendant plus de <strong>5 semaines<\/strong>. J&rsquo;\u00e9tais partie au S\u00e9n\u00e9gal dans <strong>le but d&rsquo;avoir une exp\u00e9rience \u00e0 l&rsquo;\u00e9tranger<\/strong>, avoir une immersion compl\u00e8te dans une culture diff\u00e9rente de la mienne. Globalong est tr\u00e8s r\u00e9actif en cas de probl\u00e8me et surtout tr\u00e8s bien organis\u00e9. La p\u00e9riode d&rsquo;introduction fut assez rapide, ce n&rsquo;\u00e9tait que de l&rsquo;observation pr\u00e9c\u00e9d\u00e9e d&rsquo;une br\u00e8ve pr\u00e9sentation de l&rsquo;\u00e9cole. J&rsquo;ai facilement compris le fonctionnement assez particulier de l&rsquo;\u00e9cole.<\/p>\n<p style=\"text-align: justify;\"><a href=\"https:\/\/www.globalong.com\/blog\/wp-content\/uploads\/2016\/09\/en-groupe.jpg\" rel=\"attachment wp-att-5493\"><img loading=\"lazy\" decoding=\"async\" class=\"size-medium wp-image-5493 aligncenter\" src=\"https:\/\/www.globalong.com\/blog\/wp-content\/uploads\/2016\/09\/en-groupe-300x225.jpg\" alt=\"Mission de b\u00e9n\u00e9volat au S\u00e9n\u00e9gal avec Globalong\" width=\"300\" height=\"225\" srcset=\"https:\/\/www.globalong.com\/blog\/wp-content\/uploads\/2016\/09\/en-groupe-300x225.jpg 300w, https:\/\/www.globalong.com\/blog\/wp-content\/uploads\/2016\/09\/en-groupe-768x576.jpg 768w, https:\/\/www.globalong.com\/blog\/wp-content\/uploads\/2016\/09\/en-groupe-150x113.jpg 150w, https:\/\/www.globalong.com\/blog\/wp-content\/uploads\/2016\/09\/en-groupe.jpg 960w\" sizes=\"(max-width: 300px) 100vw, 300px\" \/><\/a>Ma p\u00e9riode de b\u00e9n\u00e9volat s&rsquo;est d\u00e9roul\u00e9 de deux mani\u00e8res diff\u00e9rentes : le premier en total autonomie pour la recherche de financement et le deuxi\u00e8me mois \u00e9tait plus guid\u00e9 avec l&rsquo;enseignement. J\u2019ai eu le temps de visiter un peu et de partir en excursion : L&rsquo;ile de Gor\u00e9e est une magnifique \u00eele, riche d&rsquo;histoire. Le lac rose (qui n&rsquo;\u00e9tait pas rose) est tr\u00e8s apaisant (il est rose selon la m\u00e9t\u00e9o). Le march\u00e9 de Sandaga, on y trouve de tout particuli\u00e8rement de beaux tissus M&rsquo;bour et la tr\u00e8s superbe ville \u00ab Sally \u00bb, ville \u00e0 c\u00f4t\u00e9 de M&rsquo;bour, tr\u00e8s touristique parfaite pour un d\u00e9paysement de Thiaroye.<\/p>\n<p style=\"text-align: justify;\"><a href=\"https:\/\/www.globalong.com\/blog\/wp-content\/uploads\/2016\/09\/en-grande-section.jpg\" rel=\"attachment wp-att-5495\"><img loading=\"lazy\" decoding=\"async\" class=\"size-medium wp-image-5495 aligncenter\" src=\"https:\/\/www.globalong.com\/blog\/wp-content\/uploads\/2016\/09\/en-grande-section-300x225.jpg\" alt=\"globalong intervient dans des \u00e9coles communautaires africaine\" width=\"300\" height=\"225\" srcset=\"https:\/\/www.globalong.com\/blog\/wp-content\/uploads\/2016\/09\/en-grande-section-300x225.jpg 300w, https:\/\/www.globalong.com\/blog\/wp-content\/uploads\/2016\/09\/en-grande-section-150x113.jpg 150w, https:\/\/www.globalong.com\/blog\/wp-content\/uploads\/2016\/09\/en-grande-section.jpg 640w\" sizes=\"(max-width: 300px) 100vw, 300px\" \/><\/a>Les gens du quartier de Thiaroye sont tr\u00e8s agr\u00e9ables et accueillants. Moussa le voisin d&rsquo;en face, une famille en or avec un vrai sens de l&rsquo;hospitalit\u00e9 s\u00e9n\u00e9galaise. Tallo, le papa des b\u00e9n\u00e9voles est tr\u00e8s pr\u00e9venant et protecteur, et Tour\u00e9, le professeur au grand c\u0153ur. A l&rsquo;avenir, je verrai le b\u00e9n\u00e9volat d&rsquo;une tout autre mani\u00e8re. Etant donn\u00e9 que mon exp\u00e9rience s&rsquo;est mal pass\u00e9e au d\u00e9but, je pense que j&rsquo;en ai appris beaucoup. L&rsquo;adaptabilit\u00e9, le sang-froid, le respect de la culture des autres mais surtout le regard critique.<\/p>\n<p style=\"text-align: justify;\"><a href=\"https:\/\/www.globalong.com\/blog\/wp-content\/uploads\/2016\/09\/je-mapplique.jpg\" rel=\"attachment wp-att-5498\"><img loading=\"lazy\" decoding=\"async\" class=\"size-medium wp-image-5498 aligncenter\" src=\"https:\/\/www.globalong.com\/blog\/wp-content\/uploads\/2016\/09\/je-mapplique-300x225.jpg\" alt=\"B\u00e9n\u00e9volat international dans une \u00e9cole communautaire -Globalong\" width=\"300\" height=\"225\" srcset=\"https:\/\/www.globalong.com\/blog\/wp-content\/uploads\/2016\/09\/je-mapplique-300x225.jpg 300w, https:\/\/www.globalong.com\/blog\/wp-content\/uploads\/2016\/09\/je-mapplique-768x576.jpg 768w, https:\/\/www.globalong.com\/blog\/wp-content\/uploads\/2016\/09\/je-mapplique-150x113.jpg 150w, https:\/\/www.globalong.com\/blog\/wp-content\/uploads\/2016\/09\/je-mapplique.jpg 960w\" sizes=\"(max-width: 300px) 100vw, 300px\" \/><\/a>Le b\u00e9n\u00e9volat, c&rsquo;est un \u00e9change de culture, de mentalit\u00e9s. Mon exp\u00e9rience au S\u00e9n\u00e9gal m&rsquo;a montr\u00e9 \u00e0 quel point certaines personnes peuvent \u00eatre braqu\u00e9s sur une mani\u00e8re de penser sans pouvoir la remettre en question et c&rsquo;est dommage. Mais, cela a \u00e9t\u00e9 tr\u00e8s formateur. Je n\u2019ai eu aucun mal \u00e0 reprendre mon quotidien une fois rentr\u00e9e. Je conseille aux futurs b\u00e9n\u00e9voles de ne partir sans aucune attente.<\/p>\n<p style=\"text-align: center;\">Pour plus d&rsquo;informations, n&rsquo;h\u00e9sitez pas \u00e0 nous contacter \u00e0 <span style=\"text-decoration: underline;\"><span style=\"color: #b81657; text-decoration: underline;\"><a style=\"color: #b81657; text-decoration: underline;\" href=\"mailto:info@globalong.com\">info@globalong.com<\/a><\/span><\/span><\/p>\n<p style=\"text-align: center;\">D\u00e9couvrez <span style=\"text-decoration: underline;\"><span style=\"color: #b81657;\"><a style=\"color: #b81657; text-decoration: underline;\" href=\"https:\/\/www.globalong.com\/sejour-benevolat\/senegal-benevolat-humanitaire-mission.html\" target=\"_blank\" rel=\"noopener\">toutes les missions de b\u00e9n\u00e9volat au S\u00e9n\u00e9gal<\/a><\/span><\/span> ici !<\/p>\n<p style=\"text-align: center;\">Plus de photos ? <span style=\"text-decoration: underline; color: #b81657;\"><a style=\"color: #b81657; text-decoration: underline;\" href=\"https:\/\/www.flickr.com\/photos\/globalong\/albums\/72157656286530240\" target=\"_blank\" rel=\"noopener\">C&rsquo;est par l\u00e0 !<\/a><\/span><\/p>\n","protected":false},"excerpt":{"rendered":"<p>T\u00e9moignage d&rsquo;Ingrid, b\u00e9n\u00e9vole au S\u00e9n\u00e9gal avec Globalong.\u00a0 Bonjour, je m\u2019appelle Ingrid, je suis partie au S\u00e9n\u00e9gal pendant plus de 5 semaines. J&rsquo;\u00e9tais partie au S\u00e9n\u00e9gal dans le but d&rsquo;avoir une exp\u00e9rience \u00e0 l&rsquo;\u00e9tranger, avoir une immersion compl\u00e8te dans une culture diff\u00e9rente de la mienne. Globalong est tr\u00e8s r\u00e9actif en cas de probl\u00e8me et surtout tr\u00e8s [&hellip;]<\/p>\n","protected":false},"author":3,"featured_media":8946,"parent":883,"menu_order":0,"comment_status":"closed","ping_status":"closed","template":"","meta":{"footnotes":""},"yoast_head":"<!-- This site is optimized with the Yoast SEO Premium plugin v23.4 (Yoast SEO v23.4) - https:\/\/yoast.com\/wordpress\/plugins\/seo\/ -->\n<title>S\u00e9n\u00e9gal - Ingrid - Association Globalong<\/title>\n<meta name=\"robots\" content=\"index, follow, max-snippet:-1, max-image-preview:large, max-video-preview:-1\" \/>\n<link rel=\"canonical\" href=\"https:\/\/www.globalong.com\/blog\/avis-temoignages-globalong\/senegal-mission-benevolat-enfants-ecoles-communautaire-afrique-globalong-stage\/\" \/>\n<meta property=\"og:locale\" content=\"fr_FR\" \/>\n<meta property=\"og:type\" content=\"article\" \/>\n<meta property=\"og:title\" content=\"S\u00e9n\u00e9gal - Ingrid\" \/>\n<meta property=\"og:description\" content=\"T\u00e9moignage d&rsquo;Ingrid, b\u00e9n\u00e9vole au S\u00e9n\u00e9gal avec Globalong.\u00a0 Bonjour, je m\u2019appelle Ingrid, je suis partie au S\u00e9n\u00e9gal pendant plus de 5 semaines. J&rsquo;\u00e9tais partie au S\u00e9n\u00e9gal dans le but d&rsquo;avoir une exp\u00e9rience \u00e0 l&rsquo;\u00e9tranger, avoir une immersion compl\u00e8te dans une culture diff\u00e9rente de la mienne. Globalong est tr\u00e8s r\u00e9actif en cas de probl\u00e8me et surtout tr\u00e8s [&hellip;]\" \/>\n<meta property=\"og:url\" content=\"https:\/\/www.globalong.com\/blog\/avis-temoignages-globalong\/senegal-mission-benevolat-enfants-ecoles-communautaire-afrique-globalong-stage\/\" \/>\n<meta property=\"og:site_name\" content=\"Association Globalong\" \/>\n<meta property=\"article:publisher\" content=\"https:\/\/www.facebook.com\/globalong\" \/>\n<meta property=\"article:modified_time\" content=\"2022-05-07T08:56:34+00:00\" \/>\n<meta property=\"og:image\" content=\"https:\/\/www.globalong.com\/blog\/wp-content\/uploads\/2018\/01\/Logo-et-Afrique-Globalong2.jpg\" \/>\n\t<meta property=\"og:image:width\" content=\"250\" \/>\n\t<meta property=\"og:image:height\" content=\"172\" \/>\n\t<meta property=\"og:image:type\" content=\"image\/jpeg\" \/>\n<meta name=\"twitter:card\" content=\"summary_large_image\" \/>\n<meta name=\"twitter:label1\" content=\"Dur\u00e9e de lecture estim\u00e9e\" \/>\n\t<meta name=\"twitter:data1\" content=\"2 minutes\" \/>\n<script type=\"application\/ld+json\" class=\"yoast-schema-graph\">{\"@context\":\"https:\/\/schema.org\",\"@graph\":[{\"@type\":\"WebPage\",\"@id\":\"https:\/\/www.globalong.com\/blog\/avis-temoignages-globalong\/senegal-mission-benevolat-enfants-ecoles-communautaire-afrique-globalong-stage\/\",\"url\":\"https:\/\/www.globalong.com\/blog\/avis-temoignages-globalong\/senegal-mission-benevolat-enfants-ecoles-communautaire-afrique-globalong-stage\/\",\"name\":\"S\u00e9n\u00e9gal - Ingrid - Association Globalong\",\"isPartOf\":{\"@id\":\"https:\/\/www.globalong.com\/blog\/#website\"},\"primaryImageOfPage\":{\"@id\":\"https:\/\/www.globalong.com\/blog\/avis-temoignages-globalong\/senegal-mission-benevolat-enfants-ecoles-communautaire-afrique-globalong-stage\/#primaryimage\"},\"image\":{\"@id\":\"https:\/\/www.globalong.com\/blog\/avis-temoignages-globalong\/senegal-mission-benevolat-enfants-ecoles-communautaire-afrique-globalong-stage\/#primaryimage\"},\"thumbnailUrl\":\"https:\/\/www.globalong.com\/blog\/wp-content\/uploads\/2018\/01\/Logo-et-Afrique-Globalong2.jpg\",\"datePublished\":\"2016-09-13T12:13:49+00:00\",\"dateModified\":\"2022-05-07T08:56:34+00:00\",\"breadcrumb\":{\"@id\":\"https:\/\/www.globalong.com\/blog\/avis-temoignages-globalong\/senegal-mission-benevolat-enfants-ecoles-communautaire-afrique-globalong-stage\/#breadcrumb\"},\"inLanguage\":\"fr-FR\",\"potentialAction\":[{\"@type\":\"ReadAction\",\"target\":[\"https:\/\/www.globalong.com\/blog\/avis-temoignages-globalong\/senegal-mission-benevolat-enfants-ecoles-communautaire-afrique-globalong-stage\/\"]}]},{\"@type\":\"ImageObject\",\"inLanguage\":\"fr-FR\",\"@id\":\"https:\/\/www.globalong.com\/blog\/avis-temoignages-globalong\/senegal-mission-benevolat-enfants-ecoles-communautaire-afrique-globalong-stage\/#primaryimage\",\"url\":\"https:\/\/www.globalong.com\/blog\/wp-content\/uploads\/2018\/01\/Logo-et-Afrique-Globalong2.jpg\",\"contentUrl\":\"https:\/\/www.globalong.com\/blog\/wp-content\/uploads\/2018\/01\/Logo-et-Afrique-Globalong2.jpg\",\"width\":250,\"height\":172},{\"@type\":\"BreadcrumbList\",\"@id\":\"https:\/\/www.globalong.com\/blog\/avis-temoignages-globalong\/senegal-mission-benevolat-enfants-ecoles-communautaire-afrique-globalong-stage\/#breadcrumb\",\"itemListElement\":[{\"@type\":\"ListItem\",\"position\":1,\"name\":\"Accueil\",\"item\":\"https:\/\/www.globalong.com\/blog\/\"},{\"@type\":\"ListItem\",\"position\":2,\"name\":\"T\u00e9moignages et avis de volontaires Globalong\",\"item\":\"https:\/\/www.globalong.com\/blog\/avis-temoignages-globalong\/\"},{\"@type\":\"ListItem\",\"position\":3,\"name\":\"S\u00e9n\u00e9gal &#8211; Ingrid\"}]},{\"@type\":\"WebSite\",\"@id\":\"https:\/\/www.globalong.com\/blog\/#website\",\"url\":\"https:\/\/www.globalong.com\/blog\/\",\"name\":\"https:\/\/www.globalong.com\/\",\"description\":\"Mission humanitaire, stage \u00e9tudiant et voyage linguistique\",\"publisher\":{\"@id\":\"https:\/\/www.globalong.com\/blog\/#organization\"},\"potentialAction\":[{\"@type\":\"SearchAction\",\"target\":{\"@type\":\"EntryPoint\",\"urlTemplate\":\"https:\/\/www.globalong.com\/blog\/?s={search_term_string}\"},\"query-input\":{\"@type\":\"PropertyValueSpecification\",\"valueRequired\":true,\"valueName\":\"search_term_string\"}}],\"inLanguage\":\"fr-FR\"},{\"@type\":\"Organization\",\"@id\":\"https:\/\/www.globalong.com\/blog\/#organization\",\"name\":\"Association Globalong\",\"url\":\"https:\/\/www.globalong.com\/blog\/\",\"logo\":{\"@type\":\"ImageObject\",\"inLanguage\":\"fr-FR\",\"@id\":\"https:\/\/www.globalong.com\/blog\/#\/schema\/logo\/image\/\",\"url\":\"https:\/\/www.globalong.com\/blog\/wp-content\/uploads\/2014\/11\/cropped-cropped-Logo-et-Afrique-Globalong-petite-taille-2.jpg\",\"contentUrl\":\"https:\/\/www.globalong.com\/blog\/wp-content\/uploads\/2014\/11\/cropped-cropped-Logo-et-Afrique-Globalong-petite-taille-2.jpg\",\"width\":512,\"height\":512,\"caption\":\"Association Globalong\"},\"image\":{\"@id\":\"https:\/\/www.globalong.com\/blog\/#\/schema\/logo\/image\/\"},\"sameAs\":[\"https:\/\/www.facebook.com\/globalong\"]}]}<\/script>\n<!-- \/ Yoast SEO Premium plugin. -->","yoast_head_json":{"title":"S\u00e9n\u00e9gal - Ingrid - Association Globalong","robots":{"index":"index","follow":"follow","max-snippet":"max-snippet:-1","max-image-preview":"max-image-preview:large","max-video-preview":"max-video-preview:-1"},"canonical":"https:\/\/www.globalong.com\/blog\/avis-temoignages-globalong\/senegal-mission-benevolat-enfants-ecoles-communautaire-afrique-globalong-stage\/","og_locale":"fr_FR","og_type":"article","og_title":"S\u00e9n\u00e9gal - Ingrid","og_description":"T\u00e9moignage d&rsquo;Ingrid, b\u00e9n\u00e9vole au S\u00e9n\u00e9gal avec Globalong.\u00a0 Bonjour, je m\u2019appelle Ingrid, je suis partie au S\u00e9n\u00e9gal pendant plus de 5 semaines. J&rsquo;\u00e9tais partie au S\u00e9n\u00e9gal dans le but d&rsquo;avoir une exp\u00e9rience \u00e0 l&rsquo;\u00e9tranger, avoir une immersion compl\u00e8te dans une culture diff\u00e9rente de la mienne. Globalong est tr\u00e8s r\u00e9actif en cas de probl\u00e8me et surtout tr\u00e8s [&hellip;]","og_url":"https:\/\/www.globalong.com\/blog\/avis-temoignages-globalong\/senegal-mission-benevolat-enfants-ecoles-communautaire-afrique-globalong-stage\/","og_site_name":"Association Globalong","article_publisher":"https:\/\/www.facebook.com\/globalong","article_modified_time":"2022-05-07T08:56:34+00:00","og_image":[{"width":250,"height":172,"url":"https:\/\/www.globalong.com\/blog\/wp-content\/uploads\/2018\/01\/Logo-et-Afrique-Globalong2.jpg","type":"image\/jpeg"}],"twitter_card":"summary_large_image","twitter_misc":{"Dur\u00e9e de lecture estim\u00e9e":"2 minutes"},"schema":{"@context":"https:\/\/schema.org","@graph":[{"@type":"WebPage","@id":"https:\/\/www.globalong.com\/blog\/avis-temoignages-globalong\/senegal-mission-benevolat-enfants-ecoles-communautaire-afrique-globalong-stage\/","url":"https:\/\/www.globalong.com\/blog\/avis-temoignages-globalong\/senegal-mission-benevolat-enfants-ecoles-communautaire-afrique-globalong-stage\/","name":"S\u00e9n\u00e9gal - Ingrid - Association Globalong","isPartOf":{"@id":"https:\/\/www.globalong.com\/blog\/#website"},"primaryImageOfPage":{"@id":"https:\/\/www.globalong.com\/blog\/avis-temoignages-globalong\/senegal-mission-benevolat-enfants-ecoles-communautaire-afrique-globalong-stage\/#primaryimage"},"image":{"@id":"https:\/\/www.globalong.com\/blog\/avis-temoignages-globalong\/senegal-mission-benevolat-enfants-ecoles-communautaire-afrique-globalong-stage\/#primaryimage"},"thumbnailUrl":"https:\/\/www.globalong.com\/blog\/wp-content\/uploads\/2018\/01\/Logo-et-Afrique-Globalong2.jpg","datePublished":"2016-09-13T12:13:49+00:00","dateModified":"2022-05-07T08:56:34+00:00","breadcrumb":{"@id":"https:\/\/www.globalong.com\/blog\/avis-temoignages-globalong\/senegal-mission-benevolat-enfants-ecoles-communautaire-afrique-globalong-stage\/#breadcrumb"},"inLanguage":"fr-FR","potentialAction":[{"@type":"ReadAction","target":["https:\/\/www.globalong.com\/blog\/avis-temoignages-globalong\/senegal-mission-benevolat-enfants-ecoles-communautaire-afrique-globalong-stage\/"]}]},{"@type":"ImageObject","inLanguage":"fr-FR","@id":"https:\/\/www.globalong.com\/blog\/avis-temoignages-globalong\/senegal-mission-benevolat-enfants-ecoles-communautaire-afrique-globalong-stage\/#primaryimage","url":"https:\/\/www.globalong.com\/blog\/wp-content\/uploads\/2018\/01\/Logo-et-Afrique-Globalong2.jpg","contentUrl":"https:\/\/www.globalong.com\/blog\/wp-content\/uploads\/2018\/01\/Logo-et-Afrique-Globalong2.jpg","width":250,"height":172},{"@type":"BreadcrumbList","@id":"https:\/\/www.globalong.com\/blog\/avis-temoignages-globalong\/senegal-mission-benevolat-enfants-ecoles-communautaire-afrique-globalong-stage\/#breadcrumb","itemListElement":[{"@type":"ListItem","position":1,"name":"Accueil","item":"https:\/\/www.globalong.com\/blog\/"},{"@type":"ListItem","position":2,"name":"T\u00e9moignages et avis de volontaires Globalong","item":"https:\/\/www.globalong.com\/blog\/avis-temoignages-globalong\/"},{"@type":"ListItem","position":3,"name":"S\u00e9n\u00e9gal &#8211; Ingrid"}]},{"@type":"WebSite","@id":"https:\/\/www.globalong.com\/blog\/#website","url":"https:\/\/www.globalong.com\/blog\/","name":"https:\/\/www.globalong.com\/","description":"Mission humanitaire, stage \u00e9tudiant et voyage linguistique","publisher":{"@id":"https:\/\/www.globalong.com\/blog\/#organization"},"potentialAction":[{"@type":"SearchAction","target":{"@type":"EntryPoint","urlTemplate":"https:\/\/www.globalong.com\/blog\/?s={search_term_string}"},"query-input":{"@type":"PropertyValueSpecification","valueRequired":true,"valueName":"search_term_string"}}],"inLanguage":"fr-FR"},{"@type":"Organization","@id":"https:\/\/www.globalong.com\/blog\/#organization","name":"Association Globalong","url":"https:\/\/www.globalong.com\/blog\/","logo":{"@type":"ImageObject","inLanguage":"fr-FR","@id":"https:\/\/www.globalong.com\/blog\/#\/schema\/logo\/image\/","url":"https:\/\/www.globalong.com\/blog\/wp-content\/uploads\/2014\/11\/cropped-cropped-Logo-et-Afrique-Globalong-petite-taille-2.jpg","contentUrl":"https:\/\/www.globalong.com\/blog\/wp-content\/uploads\/2014\/11\/cropped-cropped-Logo-et-Afrique-Globalong-petite-taille-2.jpg","width":512,"height":512,"caption":"Association Globalong"},"image":{"@id":"https:\/\/www.globalong.com\/blog\/#\/schema\/logo\/image\/"},"sameAs":["https:\/\/www.facebook.com\/globalong"]}]}},"_links":{"self":[{"href":"https:\/\/www.globalong.com\/blog\/wp-json\/wp\/v2\/pages\/5490"}],"collection":[{"href":"https:\/\/www.globalong.com\/blog\/wp-json\/wp\/v2\/pages"}],"about":[{"href":"https:\/\/www.globalong.com\/blog\/wp-json\/wp\/v2\/types\/page"}],"author":[{"embeddable":true,"href":"https:\/\/www.globalong.com\/blog\/wp-json\/wp\/v2\/users\/3"}],"replies":[{"embeddable":true,"href":"https:\/\/www.globalong.com\/blog\/wp-json\/wp\/v2\/comments?post=5490"}],"version-history":[{"count":9,"href":"https:\/\/www.globalong.com\/blog\/wp-json\/wp\/v2\/pages\/5490\/revisions"}],"predecessor-version":[{"id":14555,"href":"https:\/\/www.globalong.com\/blog\/wp-json\/wp\/v2\/pages\/5490\/revisions\/14555"}],"up":[{"embeddable":true,"href":"https:\/\/www.globalong.com\/blog\/wp-json\/wp\/v2\/pages\/883"}],"wp:featuredmedia":[{"embeddable":true,"href":"https:\/\/www.globalong.com\/blog\/wp-json\/wp\/v2\/media\/8946"}],"wp:attachment":[{"href":"https:\/\/www.globalong.com\/blog\/wp-json\/wp\/v2\/media?parent=5490"}],"curies":[{"name":"wp","href":"https:\/\/api.w.org\/{rel}","templated":true}]}}