{"id":5938,"date":"2016-12-09T16:37:55","date_gmt":"2016-12-09T15:37:55","guid":{"rendered":"https:\/\/www.globalong.com\/blog\/?page_id=5938"},"modified":"2025-11-12T16:18:34","modified_gmt":"2025-11-12T15:18:34","slug":"action-sociale-equateur-service-civique-benevolat-cours-espagnol-programme-humanitaire-medical","status":"publish","type":"page","link":"https:\/\/www.globalong.com\/blog\/avis-temoignages-globalong\/action-sociale-equateur-service-civique-benevolat-cours-espagnol-programme-humanitaire-medical\/","title":{"rendered":"Equateur &#8211; Sandy"},"content":{"rendered":"<h4 style=\"text-align: center;\"><span style=\"color: #b81657;\">T\u00e9moignage de Sandy, b\u00e9n\u00e9vole en Equateur\u00a0avec GlobAlong<\/span><\/h4>\n<p style=\"text-align: justify;\"><a href=\"https:\/\/www.globalong.com\/blog\/wp-content\/uploads\/2016\/12\/Sandy-et-Globalong-en-Equateur.jpg\" rel=\"attachment wp-att-5939\"><img loading=\"lazy\" decoding=\"async\" class=\"wp-image-5939 size-medium aligncenter\" src=\"https:\/\/www.globalong.com\/blog\/wp-content\/uploads\/2016\/12\/Sandy-et-Globalong-en-Equateur-300x169.jpg\" alt=\"Programme de b\u00e9n\u00e9volat en Equateur - GlobAlong \" width=\"300\" height=\"169\" srcset=\"https:\/\/www.globalong.com\/blog\/wp-content\/uploads\/2016\/12\/Sandy-et-Globalong-en-Equateur-300x169.jpg 300w, https:\/\/www.globalong.com\/blog\/wp-content\/uploads\/2016\/12\/Sandy-et-Globalong-en-Equateur-768x432.jpg 768w, https:\/\/www.globalong.com\/blog\/wp-content\/uploads\/2016\/12\/Sandy-et-Globalong-en-Equateur-1024x576.jpg 1024w, https:\/\/www.globalong.com\/blog\/wp-content\/uploads\/2016\/12\/Sandy-et-Globalong-en-Equateur-150x84.jpg 150w, https:\/\/www.globalong.com\/blog\/wp-content\/uploads\/2016\/12\/Sandy-et-Globalong-en-Equateur.jpg 1632w\" sizes=\"(max-width: 300px) 100vw, 300px\" \/><\/a>Bonjour, je m\u2019appelle Sandy, je suis partie en <span style=\"text-decoration: underline;\"><a href=\"https:\/\/www.globalong.com\/sejour-langues-et-benevolat\/espagnol-benevolat-equateur.html\" target=\"_blank\" rel=\"noopener\">Equateur pendant 5 semaines.<\/a><\/span><\/p>\n<p style=\"text-align: justify;\">Je voulais partir pour d\u00e9couvrir une autre culture, \u00e9changer, partager et vivre mon m\u00e9tier de sage-femme diff\u00e9remment.<\/p>\n<p style=\"text-align: justify;\">Je pense que on a tous \u00e0 apprendre des autres et que ce que on nous apprend \u00e0 l&rsquo;\u00e9cole, n\u2019est pas forc\u00e9ment le meilleur!<\/p>\n<p style=\"text-align: justify;\"><a href=\"https:\/\/www.globalong.com\/blog\/wp-content\/uploads\/2016\/12\/Sandy-be\u0301ne\u0301vole-de-Globalong-en-Equateur.jpg\" rel=\"attachment wp-att-5941\"><img loading=\"lazy\" decoding=\"async\" class=\"wp-image-5941 aligncenter\" src=\"https:\/\/www.globalong.com\/blog\/wp-content\/uploads\/2016\/12\/Sandy-be\u0301ne\u0301vole-de-Globalong-en-Equateur-225x300.jpg\" alt=\"B\u00e9n\u00e9volat m\u00e9dical en Equateur - GlobAlong \" width=\"300\" height=\"400\" srcset=\"https:\/\/www.globalong.com\/blog\/wp-content\/uploads\/2016\/12\/Sandy-be\u0301ne\u0301vole-de-Globalong-en-Equateur.jpg 225w, https:\/\/www.globalong.com\/blog\/wp-content\/uploads\/2016\/12\/Sandy-be\u0301ne\u0301vole-de-Globalong-en-Equateur-113x150.jpg 113w\" sizes=\"(max-width: 300px) 100vw, 300px\" \/><\/a>La p\u00e9riode de cours de langue est tr\u00e8s bien !! Nous sommes par groupe de niveau entre 1 et 5 \u00e9tudiants par classe donc on progresse tr\u00e8s vite. Les professeurs nous font faire des activit\u00e9s (film en espagnol, \u00e9crire une recette, passer un entretien d&#8217;embauche, voir m\u00eame cours d&rsquo;espagnol dans un caf\u00e9 autour d&rsquo;un chocolat chaud) ce qui rend les cours beaucoup plus vivants, interactifs&#8230; Les professeurs sont \u00e0 l&rsquo;\u00e9coute et changent volontiers leurs programmes pour s&rsquo;adapter \u00e0 nous. Chaque semaine nous avons un professeur diff\u00e9rent ce qui permet d&rsquo;apprendre d&rsquo;une autre fa\u00e7on, parce que chacun \u00e0 sa fa\u00e7on d&rsquo;enseigner et c&rsquo;est d\u2019autant plus enrichissant pour nous !<\/p>\n<p style=\"text-align: justify;\">En ce qui concerne le b\u00e9n\u00e9volat, c\u2019\u00e9tait tr\u00e8s bien aussi. J&rsquo;ai \u00e9t\u00e9 tr\u00e8s bien accueillie \u00e0 l\u2019h\u00f4pital. J&rsquo;ai eu du mal \u00e0 faire comprendre ce que je savais faire, et en quoi je pouvais les aider. J&rsquo;ai finalement pu trouver ma place. Il y a beaucoup d&rsquo;\u00e9tudiants, donc parfois pas forc\u00e9ment du travail pour tous, et les \u00e9tudiants sont prioritaires (ce qui est totalement normal).<\/p>\n<p style=\"text-align: justify;\"><a href=\"https:\/\/www.globalong.com\/blog\/wp-content\/uploads\/2016\/12\/globalong.jpg\" rel=\"attachment wp-att-5943\"><img loading=\"lazy\" decoding=\"async\" class=\"wp-image-5943 aligncenter\" src=\"https:\/\/www.globalong.com\/blog\/wp-content\/uploads\/2016\/12\/globalong-225x300.jpg\" alt=\"Volontariat m\u00e9dical et excursions - GlobAlong \" width=\"300\" height=\"400\" srcset=\"https:\/\/www.globalong.com\/blog\/wp-content\/uploads\/2016\/12\/globalong-225x300.jpg 225w, https:\/\/www.globalong.com\/blog\/wp-content\/uploads\/2016\/12\/globalong-768x1024.jpg 768w, https:\/\/www.globalong.com\/blog\/wp-content\/uploads\/2016\/12\/globalong-113x150.jpg 113w, https:\/\/www.globalong.com\/blog\/wp-content\/uploads\/2016\/12\/globalong.jpg 1200w\" sizes=\"(max-width: 300px) 100vw, 300px\" \/><\/a>C&rsquo;est totalement diff\u00e9rent de la France (mais c&rsquo;est pour \u00e7a que j\u2019\u00e9tais parti aussi), donc parfois c&rsquo;est un peu d\u00e9routant. Je m&rsquo;\u00e9tais pr\u00e9par\u00e9e \u00e0 ce que niveau technique qu&rsquo;il n&rsquo;y ai pas de monitoring par exemple, (10 min\/4h), pas de p\u00e9ridural (bien s\u00fbr). Mais ce qui m&rsquo;a le plus \u00ab\u00a0perturb\u00e9\u00a0\u00bb c&rsquo;est qu&rsquo;il n&rsquo;y avait aucun accompagnement des femmes pendant le travail. Alors que je pensais que justement du fait qu&rsquo;il n&rsquo;y ait\u00a0pas de p\u00e9ridural, elles \u00e9taient beaucoup plus accompagn\u00e9es que nous. Aucun accompagnant \u00e9tait accept\u00e9 pendant le travail, juste pendant la naissance \u00e0 proprement parl\u00e9. J&rsquo;ai trouv\u00e9 \u00e7a un peu dur au d\u00e9part, mais ensuite, j&rsquo;ai trouv\u00e9 ma place aupr\u00e8s des femmes et un accouchement sans monitoring on s&rsquo;y fait, et c&rsquo;est beaucoup moins stressant !! Otavalo fait partie des rares maternit\u00e9s o\u00f9 on pratique l&rsquo;accouchement vertical. Les femmes choisissent dans quelle position elles veulent accoucher. C\u2019\u00e9tait tr\u00e8s int\u00e9rr\u00e9ssant pour moi, malheureusement je n&rsquo;ai pas pu faire d&rsquo;accouchement vertical, je n&rsquo;en ai pas eu l&rsquo;occasion mais j&rsquo;ai pu observer et je suis maintenant capable d&rsquo;en faire.<\/p>\n<p style=\"text-align: justify;\"><a href=\"https:\/\/www.globalong.com\/blog\/wp-content\/uploads\/2016\/12\/Sage-femme-infirmiere-globalong.jpg\" rel=\"attachment wp-att-5945\"><img loading=\"lazy\" decoding=\"async\" class=\"wp-image-5945 size-medium aligncenter\" src=\"https:\/\/www.globalong.com\/blog\/wp-content\/uploads\/2016\/12\/Sage-femme-infirmiere-globalong-300x169.jpg\" alt=\"B\u00e9n\u00e9volat humanitaire en Am\u00e9rique Latine - GlobAlong \" width=\"300\" height=\"169\" srcset=\"https:\/\/www.globalong.com\/blog\/wp-content\/uploads\/2016\/12\/Sage-femme-infirmiere-globalong-300x169.jpg 300w, https:\/\/www.globalong.com\/blog\/wp-content\/uploads\/2016\/12\/Sage-femme-infirmiere-globalong-768x432.jpg 768w, https:\/\/www.globalong.com\/blog\/wp-content\/uploads\/2016\/12\/Sage-femme-infirmiere-globalong-1024x576.jpg 1024w, https:\/\/www.globalong.com\/blog\/wp-content\/uploads\/2016\/12\/Sage-femme-infirmiere-globalong-150x84.jpg 150w, https:\/\/www.globalong.com\/blog\/wp-content\/uploads\/2016\/12\/Sage-femme-infirmiere-globalong.jpg 1632w\" sizes=\"(max-width: 300px) 100vw, 300px\" \/><\/a>Je pense que cette <a href=\"https:\/\/www.globalong.com\/blog\/mission-humanitaire-equateur\/\" target=\"_blank\" rel=\"noopener\">mission humanitaire en \u00c9quateur<\/a> va pouvoir changer mes pratiques professionnelles et je vais pouvoir accoucher les femmes \u00e0 quatre pattes, \u00e0 genoux &#8230;.quand elles le souhaiteront. C\u2019\u00e9tait une tr\u00e8s belle exp\u00e9rience. Et on accouche tr\u00e8s bien en France !!!<\/p>\n<p style=\"text-align: justify;\">Je n\u2019ai pas beaucoup voyag\u00e9 en dehors de mon programme malheureusement. 5 weekends \u00e7a passe trop vite !! Mon plus beau souvenir est le teleferico de Quito o\u00f9 on monte en t\u00e9l\u00e9ph\u00e9rique jusqu&rsquo;\u00e0 4000m d&rsquo;altitude puis en prenant <a href=\"https:\/\/www.globalong.com\/blog\/wp-content\/uploads\/2016\/12\/En-equateur-avec-globalong.jpg\" rel=\"attachment wp-att-5947\"><img loading=\"lazy\" decoding=\"async\" class=\"wp-image-5947 size-medium aligncenter\" src=\"https:\/\/www.globalong.com\/blog\/wp-content\/uploads\/2016\/12\/En-equateur-avec-globalong-300x225.jpg\" alt=\"Mission m\u00e9dicale en Equateur - GlobAlong \" width=\"300\" height=\"225\" srcset=\"https:\/\/www.globalong.com\/blog\/wp-content\/uploads\/2016\/12\/En-equateur-avec-globalong-300x225.jpg 300w, https:\/\/www.globalong.com\/blog\/wp-content\/uploads\/2016\/12\/En-equateur-avec-globalong-768x576.jpg 768w, https:\/\/www.globalong.com\/blog\/wp-content\/uploads\/2016\/12\/En-equateur-avec-globalong-1024x768.jpg 1024w, https:\/\/www.globalong.com\/blog\/wp-content\/uploads\/2016\/12\/En-equateur-avec-globalong-150x113.jpg 150w\" sizes=\"(max-width: 300px) 100vw, 300px\" \/><\/a>des chevaux on monte jusqu&rsquo;\u00e0 4690m !! Dans un paysage MAGNIFIQUE, en voyant l&rsquo;immensit\u00e9 de <a href=\"https:\/\/www.globalong.com\/blog\/voyage-eco-responsable\/\" target=\"_blank\" rel=\"noopener\">Quito<\/a> en contrebas !! Ensuite bien s\u00fbr les Galapagos !!! A faire une fois dans sa vie je pense !! Une faune et une flore magnifique !!<\/p>\n<p style=\"text-align: justify;\">J\u2019ai fait des rencontres int\u00e9ressantes : Tout d&rsquo;abord mes familles !!! Ma deuxi\u00e8me famille est une famille indig\u00e8ne. Et ils ont leur propre culture, c&rsquo;\u00e9tait g\u00e9nial de pouvoir partager \u00e7a tous les jours. Ils m&rsquo;ont emmen\u00e9 avec eux pour un bapt\u00eame, ou encore le 02\/11 le jour de la f\u00eate des morts, o\u00f9 ils vont au cimeti\u00e8re et mangent sur les tombes des morts, et partagent leur nourriture entre eux.<\/p>\n<p style=\"text-align: justify;\"><a href=\"https:\/\/www.globalong.com\/blog\/wp-content\/uploads\/2016\/12\/Sevice-volontaire-globalong.jpg\" rel=\"attachment wp-att-5950\"><img loading=\"lazy\" decoding=\"async\" class=\"wp-image-5950 aligncenter\" src=\"https:\/\/www.globalong.com\/blog\/wp-content\/uploads\/2016\/12\/Sevice-volontaire-globalong-169x300.jpg\" alt=\"Volontaire en Equateur - GlobAlong \" width=\"300\" height=\"533\" srcset=\"https:\/\/www.globalong.com\/blog\/wp-content\/uploads\/2016\/12\/Sevice-volontaire-globalong-169x300.jpg 169w, https:\/\/www.globalong.com\/blog\/wp-content\/uploads\/2016\/12\/Sevice-volontaire-globalong-768x1365.jpg 768w, https:\/\/www.globalong.com\/blog\/wp-content\/uploads\/2016\/12\/Sevice-volontaire-globalong-576x1024.jpg 576w, https:\/\/www.globalong.com\/blog\/wp-content\/uploads\/2016\/12\/Sevice-volontaire-globalong-84x150.jpg 84w, https:\/\/www.globalong.com\/blog\/wp-content\/uploads\/2016\/12\/Sevice-volontaire-globalong.jpg 918w\" sizes=\"(max-width: 300px) 100vw, 300px\" \/><\/a>Et le meilleur, ils m&rsquo;ont emmen\u00e9 faire une marche (difficile pour moi, parce que j&rsquo;\u00e9tais malade et aucune \u00e9nergie, donc les 1000m de d\u00e9nivel\u00e9 je les ai bien senti pass\u00e9&#8230; ) o\u00f9 nous faisions des pauses de culture botanique, ce qui m&rsquo;aidait \u00e0 reprendre mon souffle aussi, et avec une vue magnifique au sommet !! Parmi les \u00e9tudiants de l&rsquo;\u00e9cole et d&rsquo;autres que j&rsquo;ai rencontr\u00e9 \u00e0 l&rsquo;h\u00f4pital j&rsquo;ai fait de belles rencontres !! Rosita, la seule sage-femme de l&rsquo;h\u00f4pital, c&rsquo;est une femme indig\u00e8ne et elle m&rsquo;a fait partager sa connaissance obst\u00e9tricale associ\u00e9e \u00e0 sa culture indig\u00e8ne. Malheureusement j&rsquo;aurai aim\u00e9 pass\u00e9 plus de temps avec elle pour qu&rsquo;elle m\u2019en apprenne encore plus!<\/p>\n<p style=\"text-align: justify;\">Le coordinateur local a aussi \u00e9t\u00e9 l\u00e0 quand j\u2019ai eu besoin de r\u00e9server un taxi pour retourner \u00e0 l\u2019a\u00e9roport.<\/p>\n<p style=\"text-align: justify;\">Niveau personnel, ce voyage est une grande ouverture d&rsquo;esprit, on apprend \u00e0 vivre dans d&rsquo;autres conditions (la douche froide \u00e0 Otavalo, un peu dur mais on sy fait), avec une culture nouvelle, sans notre petit confort habituel et \u00e7a nous rapproche de l&rsquo;essentiel. En Equateur ils vivent simplement et sont aussi heureux (voir plus) que nous et notre stress !! Professionnellement une vision diff\u00e9rente de l&rsquo;accouchement qui n&rsquo;est pas meilleure mais pas moins bonne non plus !! J&rsquo;ai ramen\u00e9 beaucoup de choses d&rsquo;Equateur dans ma pratique.<\/p>\n<p style=\"text-align: justify;\"><a href=\"https:\/\/www.globalong.com\/blog\/wp-content\/uploads\/2016\/12\/Paysage-equateur-globalong.jpg\" rel=\"attachment wp-att-5952\"><img loading=\"lazy\" decoding=\"async\" class=\"size-medium wp-image-5952 aligncenter\" src=\"https:\/\/www.globalong.com\/blog\/wp-content\/uploads\/2016\/12\/Paysage-equateur-globalong-300x225.jpg\" alt=\"Paysages equatorien - Globalong\" width=\"300\" height=\"225\" srcset=\"https:\/\/www.globalong.com\/blog\/wp-content\/uploads\/2016\/12\/Paysage-equateur-globalong-300x225.jpg 300w, https:\/\/www.globalong.com\/blog\/wp-content\/uploads\/2016\/12\/Paysage-equateur-globalong-768x576.jpg 768w, https:\/\/www.globalong.com\/blog\/wp-content\/uploads\/2016\/12\/Paysage-equateur-globalong-1024x768.jpg 1024w, https:\/\/www.globalong.com\/blog\/wp-content\/uploads\/2016\/12\/Paysage-equateur-globalong-150x113.jpg 150w, https:\/\/www.globalong.com\/blog\/wp-content\/uploads\/2016\/12\/Paysage-equateur-globalong.jpg 1600w\" sizes=\"(max-width: 300px) 100vw, 300px\" \/><\/a>On reprend bien vite ses anciennes habitudes quand on rentre chez soi et on est content de revoir sa famille et ses amis. J&rsquo;ai v\u00e9cu quelques temps \u00e0 moiti\u00e9 en Equateur et en France dans ma t\u00eate. Je suis rentr\u00e9e le mercredi soir et le lundi j&rsquo;avais une formation donc \u00e7a m&rsquo;a vite remis dans le bain, pas le choix !<\/p>\n<p style=\"text-align: justify;\">C&rsquo;est une tr\u00e8s chouette exp\u00e9rience, ce n\u2019est pas toujours facile d&rsquo;\u00eatre loin de sa famille et de ses amis, le d\u00e9calage horaire ne facilite pas les choses mais je le referai sans aucun doute !!<\/p>\n<p style=\"text-align: justify;\">Apr\u00e8s 2 semaines dans ma famille \u00e0 Otavalo, je leur ai fait des cr\u00eapes !! Petits repas fran\u00e7ais !! <a href=\"https:\/\/www.globalong.com\/blog\/wp-content\/uploads\/2016\/12\/Be\u0301ne\u0301volat-en-equateur-avec-globalong.jpg\" rel=\"attachment wp-att-5954\"><img loading=\"lazy\" decoding=\"async\" class=\"wp-image-5954 aligncenter\" src=\"https:\/\/www.globalong.com\/blog\/wp-content\/uploads\/2016\/12\/Be\u0301ne\u0301volat-en-equateur-avec-globalong-225x300.jpg\" alt=\"Volontariat en Am\u00e9rique Latin\" width=\"300\" height=\"400\" srcset=\"https:\/\/www.globalong.com\/blog\/wp-content\/uploads\/2016\/12\/Be\u0301ne\u0301volat-en-equateur-avec-globalong-225x300.jpg 225w, https:\/\/www.globalong.com\/blog\/wp-content\/uploads\/2016\/12\/Be\u0301ne\u0301volat-en-equateur-avec-globalong-768x1024.jpg 768w, https:\/\/www.globalong.com\/blog\/wp-content\/uploads\/2016\/12\/Be\u0301ne\u0301volat-en-equateur-avec-globalong-113x150.jpg 113w, https:\/\/www.globalong.com\/blog\/wp-content\/uploads\/2016\/12\/Be\u0301ne\u0301volat-en-equateur-avec-globalong.jpg 1200w\" sizes=\"(max-width: 300px) 100vw, 300px\" \/><\/a>Donc on a commenc\u00e9 par les cr\u00eapes sal\u00e9es (jambon\/fromage sauce b\u00e9chamel) que je leur ai servi directement dans une assiette. Et ensuite on est pass\u00e9 au sucr\u00e9. Donc ils attendaient tous avec leurs cr\u00eapes devant eux parce qu&rsquo;ils ne savaient pas comment la manger. Je leur ai donc expliqu\u00e9 qu&rsquo;ils mettaient ce qu&rsquo;ils voulaient, Nutella (oui j&rsquo;en ai trouv\u00e9 en Equateur), confiture, copeaux de noix de coco, sucre &#8230;. Et du coup je les ai vu papillonner tout autour de la table pour aller chercher le sucre, le Nutella ou la confiture &#8230;<\/p>\n<p style=\"text-align: justify;\">Et j&rsquo;ai vu Tamia (la fille de ma famille) mettre dans sa cr\u00eape, du Nutella, avec du jambon du fromage et de la confiture qu&rsquo;elle a commenc\u00e9 \u00e0 manger. Il restait un peu de sauce b\u00e9chamel et l\u00e0 je la vois mettre de la sauce b\u00e9chamel en plus sur sa cr\u00eape (nous on rajouterait de la cr\u00e8me chantilly, je n&rsquo;en avais pas trouv\u00e9). En voyant \u00e7a, j&rsquo;ai pris un fou rire, en leur disant que l&rsquo;on ne m\u00e9langeait pas le sucr\u00e9 sal\u00e9 comme \u00e7a en France, mais que s&rsquo;ils aimaient comme \u00e7a c&rsquo;\u00e9tait le principal !!! Cette soir\u00e9e \u00e9tait tr\u00e8s chouette !!<\/p>\n<p style=\"text-align: justify;\">Ils ont ador\u00e9 les cr\u00eapes, ils ne connaissaient pas !! Donc avant de repartir je leur ai laiss\u00e9 la recette !! \ud83d\ude09<\/p>\n<p style=\"text-align: center;\">Pour plus d&rsquo;informations, n&rsquo;h\u00e9sitez pas \u00e0 nous contacter \u00e0 l&rsquo;adresse <span style=\"text-decoration: underline;\"><span style=\"color: #b81657;\"><a style=\"color: #b81657; text-decoration: underline;\" href=\"https:\/\/www.globalong.com\/sejour-langues-et-benevolat\/espagnol-benevolat-equateur.html\" target=\"_blank\" rel=\"noopener\">info@globalong.com<\/a><\/span><\/span><\/p>\n<p style=\"text-align: center;\"><span style=\"text-decoration: underline;\"><span style=\"color: #b81657;\"><a style=\"color: #b81657; text-decoration: underline;\" href=\"https:\/\/www.globalong.com\/sejour-langues-et-benevolat\/espagnol-benevolat-equateur.html\" target=\"_blank\" rel=\"noopener\">D\u00e9couvrez les missions de b\u00e9n\u00e9volat en Equateur\u00a0<\/a><\/span><\/span><\/p>\n<p style=\"text-align: center;\">Plus de photos sur l&rsquo;Equateur ? <span style=\"text-decoration: underline; color: #b81657;\"><a style=\"color: #b81657; text-decoration: underline;\" href=\"https:\/\/www.flickr.com\/photos\/globalong\/albums\/72157645329107728\" target=\"_blank\" rel=\"noopener\">C&rsquo;est par l\u00e0 !<\/a><\/span><\/p>\n","protected":false},"excerpt":{"rendered":"<p>T\u00e9moignage de Sandy, b\u00e9n\u00e9vole en Equateur\u00a0avec GlobAlong Bonjour, je m\u2019appelle Sandy, je suis partie en Equateur pendant 5 semaines. Je voulais partir pour d\u00e9couvrir une autre culture, \u00e9changer, partager et vivre mon m\u00e9tier de sage-femme diff\u00e9remment. Je pense que on a tous \u00e0 apprendre des autres et que ce que on nous apprend \u00e0 l&rsquo;\u00e9cole, [&hellip;]<\/p>\n","protected":false},"author":3,"featured_media":5941,"parent":883,"menu_order":0,"comment_status":"open","ping_status":"closed","template":"","meta":{"footnotes":""},"yoast_head":"<!-- This site is optimized with the Yoast SEO Premium plugin v23.4 (Yoast SEO v23.4) - https:\/\/yoast.com\/wordpress\/plugins\/seo\/ -->\n<title>\u00c9quateur : Cinq Semaines d&#039;Immersion Totale - Association Globalong<\/title>\n<meta name=\"description\" content=\"D\u00e9couvrez l&#039;Equateur \u00e0 travers mon exp\u00e9rience de 5 semaines d&#039;immersion culturelle et d&#039;apprentissage linguistique.\" \/>\n<meta name=\"robots\" content=\"index, follow, max-snippet:-1, max-image-preview:large, max-video-preview:-1\" \/>\n<link rel=\"canonical\" href=\"https:\/\/www.globalong.com\/blog\/avis-temoignages-globalong\/action-sociale-equateur-service-civique-benevolat-cours-espagnol-programme-humanitaire-medical\/\" \/>\n<meta property=\"og:locale\" content=\"fr_FR\" \/>\n<meta property=\"og:type\" content=\"article\" \/>\n<meta property=\"og:title\" content=\"Equateur - Sandy\" \/>\n<meta property=\"og:description\" content=\"D\u00e9couvrez l&#039;Equateur \u00e0 travers mon exp\u00e9rience de 5 semaines d&#039;immersion culturelle et d&#039;apprentissage linguistique.\" \/>\n<meta property=\"og:url\" content=\"https:\/\/www.globalong.com\/blog\/avis-temoignages-globalong\/action-sociale-equateur-service-civique-benevolat-cours-espagnol-programme-humanitaire-medical\/\" \/>\n<meta property=\"og:site_name\" content=\"Association Globalong\" \/>\n<meta property=\"article:publisher\" content=\"https:\/\/www.facebook.com\/globalong\" \/>\n<meta property=\"article:modified_time\" content=\"2025-11-12T15:18:34+00:00\" \/>\n<meta property=\"og:image\" content=\"https:\/\/www.globalong.com\/blog\/wp-content\/uploads\/2016\/12\/Sandy-be\u0301ne\u0301vole-de-Globalong-en-Equateur.jpg\" \/>\n\t<meta property=\"og:image:width\" content=\"225\" \/>\n\t<meta property=\"og:image:height\" content=\"300\" \/>\n\t<meta property=\"og:image:type\" content=\"image\/jpeg\" \/>\n<meta name=\"twitter:card\" content=\"summary_large_image\" \/>\n<meta name=\"twitter:label1\" content=\"Dur\u00e9e de lecture estim\u00e9e\" \/>\n\t<meta name=\"twitter:data1\" content=\"8 minutes\" \/>\n<script type=\"application\/ld+json\" class=\"yoast-schema-graph\">{\"@context\":\"https:\/\/schema.org\",\"@graph\":[{\"@type\":\"WebPage\",\"@id\":\"https:\/\/www.globalong.com\/blog\/avis-temoignages-globalong\/action-sociale-equateur-service-civique-benevolat-cours-espagnol-programme-humanitaire-medical\/\",\"url\":\"https:\/\/www.globalong.com\/blog\/avis-temoignages-globalong\/action-sociale-equateur-service-civique-benevolat-cours-espagnol-programme-humanitaire-medical\/\",\"name\":\"\u00c9quateur : Cinq Semaines d'Immersion Totale - Association Globalong\",\"isPartOf\":{\"@id\":\"https:\/\/www.globalong.com\/blog\/#website\"},\"primaryImageOfPage\":{\"@id\":\"https:\/\/www.globalong.com\/blog\/avis-temoignages-globalong\/action-sociale-equateur-service-civique-benevolat-cours-espagnol-programme-humanitaire-medical\/#primaryimage\"},\"image\":{\"@id\":\"https:\/\/www.globalong.com\/blog\/avis-temoignages-globalong\/action-sociale-equateur-service-civique-benevolat-cours-espagnol-programme-humanitaire-medical\/#primaryimage\"},\"thumbnailUrl\":\"https:\/\/www.globalong.com\/blog\/wp-content\/uploads\/2016\/12\/Sandy-be\u0301ne\u0301vole-de-Globalong-en-Equateur.jpg\",\"datePublished\":\"2016-12-09T15:37:55+00:00\",\"dateModified\":\"2025-11-12T15:18:34+00:00\",\"description\":\"D\u00e9couvrez l'Equateur \u00e0 travers mon exp\u00e9rience de 5 semaines d'immersion culturelle et d'apprentissage linguistique.\",\"breadcrumb\":{\"@id\":\"https:\/\/www.globalong.com\/blog\/avis-temoignages-globalong\/action-sociale-equateur-service-civique-benevolat-cours-espagnol-programme-humanitaire-medical\/#breadcrumb\"},\"inLanguage\":\"fr-FR\",\"potentialAction\":[{\"@type\":\"ReadAction\",\"target\":[\"https:\/\/www.globalong.com\/blog\/avis-temoignages-globalong\/action-sociale-equateur-service-civique-benevolat-cours-espagnol-programme-humanitaire-medical\/\"]}]},{\"@type\":\"ImageObject\",\"inLanguage\":\"fr-FR\",\"@id\":\"https:\/\/www.globalong.com\/blog\/avis-temoignages-globalong\/action-sociale-equateur-service-civique-benevolat-cours-espagnol-programme-humanitaire-medical\/#primaryimage\",\"url\":\"https:\/\/www.globalong.com\/blog\/wp-content\/uploads\/2016\/12\/Sandy-be\u0301ne\u0301vole-de-Globalong-en-Equateur.jpg\",\"contentUrl\":\"https:\/\/www.globalong.com\/blog\/wp-content\/uploads\/2016\/12\/Sandy-be\u0301ne\u0301vole-de-Globalong-en-Equateur.jpg\",\"width\":225,\"height\":300,\"caption\":\"B\u00e9n\u00e9vole en Equateur - GlobAlong\"},{\"@type\":\"BreadcrumbList\",\"@id\":\"https:\/\/www.globalong.com\/blog\/avis-temoignages-globalong\/action-sociale-equateur-service-civique-benevolat-cours-espagnol-programme-humanitaire-medical\/#breadcrumb\",\"itemListElement\":[{\"@type\":\"ListItem\",\"position\":1,\"name\":\"Accueil\",\"item\":\"https:\/\/www.globalong.com\/blog\/\"},{\"@type\":\"ListItem\",\"position\":2,\"name\":\"T\u00e9moignages et avis de volontaires Globalong\",\"item\":\"https:\/\/www.globalong.com\/blog\/avis-temoignages-globalong\/\"},{\"@type\":\"ListItem\",\"position\":3,\"name\":\"Equateur &#8211; Sandy\"}]},{\"@type\":\"WebSite\",\"@id\":\"https:\/\/www.globalong.com\/blog\/#website\",\"url\":\"https:\/\/www.globalong.com\/blog\/\",\"name\":\"https:\/\/www.globalong.com\/\",\"description\":\"Mission humanitaire, stage \u00e9tudiant et voyage linguistique\",\"publisher\":{\"@id\":\"https:\/\/www.globalong.com\/blog\/#organization\"},\"potentialAction\":[{\"@type\":\"SearchAction\",\"target\":{\"@type\":\"EntryPoint\",\"urlTemplate\":\"https:\/\/www.globalong.com\/blog\/?s={search_term_string}\"},\"query-input\":{\"@type\":\"PropertyValueSpecification\",\"valueRequired\":true,\"valueName\":\"search_term_string\"}}],\"inLanguage\":\"fr-FR\"},{\"@type\":\"Organization\",\"@id\":\"https:\/\/www.globalong.com\/blog\/#organization\",\"name\":\"Association Globalong\",\"url\":\"https:\/\/www.globalong.com\/blog\/\",\"logo\":{\"@type\":\"ImageObject\",\"inLanguage\":\"fr-FR\",\"@id\":\"https:\/\/www.globalong.com\/blog\/#\/schema\/logo\/image\/\",\"url\":\"https:\/\/www.globalong.com\/blog\/wp-content\/uploads\/2014\/11\/cropped-cropped-Logo-et-Afrique-Globalong-petite-taille-2.jpg\",\"contentUrl\":\"https:\/\/www.globalong.com\/blog\/wp-content\/uploads\/2014\/11\/cropped-cropped-Logo-et-Afrique-Globalong-petite-taille-2.jpg\",\"width\":512,\"height\":512,\"caption\":\"Association Globalong\"},\"image\":{\"@id\":\"https:\/\/www.globalong.com\/blog\/#\/schema\/logo\/image\/\"},\"sameAs\":[\"https:\/\/www.facebook.com\/globalong\"]}]}<\/script>\n<!-- \/ Yoast SEO Premium plugin. -->","yoast_head_json":{"title":"\u00c9quateur : Cinq Semaines d'Immersion Totale - Association Globalong","description":"D\u00e9couvrez l'Equateur \u00e0 travers mon exp\u00e9rience de 5 semaines d'immersion culturelle et d'apprentissage linguistique.","robots":{"index":"index","follow":"follow","max-snippet":"max-snippet:-1","max-image-preview":"max-image-preview:large","max-video-preview":"max-video-preview:-1"},"canonical":"https:\/\/www.globalong.com\/blog\/avis-temoignages-globalong\/action-sociale-equateur-service-civique-benevolat-cours-espagnol-programme-humanitaire-medical\/","og_locale":"fr_FR","og_type":"article","og_title":"Equateur - Sandy","og_description":"D\u00e9couvrez l'Equateur \u00e0 travers mon exp\u00e9rience de 5 semaines d'immersion culturelle et d'apprentissage linguistique.","og_url":"https:\/\/www.globalong.com\/blog\/avis-temoignages-globalong\/action-sociale-equateur-service-civique-benevolat-cours-espagnol-programme-humanitaire-medical\/","og_site_name":"Association Globalong","article_publisher":"https:\/\/www.facebook.com\/globalong","article_modified_time":"2025-11-12T15:18:34+00:00","og_image":[{"width":225,"height":300,"url":"https:\/\/www.globalong.com\/blog\/wp-content\/uploads\/2016\/12\/Sandy-be\u0301ne\u0301vole-de-Globalong-en-Equateur.jpg","type":"image\/jpeg"}],"twitter_card":"summary_large_image","twitter_misc":{"Dur\u00e9e de lecture estim\u00e9e":"8 minutes"},"schema":{"@context":"https:\/\/schema.org","@graph":[{"@type":"WebPage","@id":"https:\/\/www.globalong.com\/blog\/avis-temoignages-globalong\/action-sociale-equateur-service-civique-benevolat-cours-espagnol-programme-humanitaire-medical\/","url":"https:\/\/www.globalong.com\/blog\/avis-temoignages-globalong\/action-sociale-equateur-service-civique-benevolat-cours-espagnol-programme-humanitaire-medical\/","name":"\u00c9quateur : Cinq Semaines d'Immersion Totale - Association Globalong","isPartOf":{"@id":"https:\/\/www.globalong.com\/blog\/#website"},"primaryImageOfPage":{"@id":"https:\/\/www.globalong.com\/blog\/avis-temoignages-globalong\/action-sociale-equateur-service-civique-benevolat-cours-espagnol-programme-humanitaire-medical\/#primaryimage"},"image":{"@id":"https:\/\/www.globalong.com\/blog\/avis-temoignages-globalong\/action-sociale-equateur-service-civique-benevolat-cours-espagnol-programme-humanitaire-medical\/#primaryimage"},"thumbnailUrl":"https:\/\/www.globalong.com\/blog\/wp-content\/uploads\/2016\/12\/Sandy-be\u0301ne\u0301vole-de-Globalong-en-Equateur.jpg","datePublished":"2016-12-09T15:37:55+00:00","dateModified":"2025-11-12T15:18:34+00:00","description":"D\u00e9couvrez l'Equateur \u00e0 travers mon exp\u00e9rience de 5 semaines d'immersion culturelle et d'apprentissage linguistique.","breadcrumb":{"@id":"https:\/\/www.globalong.com\/blog\/avis-temoignages-globalong\/action-sociale-equateur-service-civique-benevolat-cours-espagnol-programme-humanitaire-medical\/#breadcrumb"},"inLanguage":"fr-FR","potentialAction":[{"@type":"ReadAction","target":["https:\/\/www.globalong.com\/blog\/avis-temoignages-globalong\/action-sociale-equateur-service-civique-benevolat-cours-espagnol-programme-humanitaire-medical\/"]}]},{"@type":"ImageObject","inLanguage":"fr-FR","@id":"https:\/\/www.globalong.com\/blog\/avis-temoignages-globalong\/action-sociale-equateur-service-civique-benevolat-cours-espagnol-programme-humanitaire-medical\/#primaryimage","url":"https:\/\/www.globalong.com\/blog\/wp-content\/uploads\/2016\/12\/Sandy-be\u0301ne\u0301vole-de-Globalong-en-Equateur.jpg","contentUrl":"https:\/\/www.globalong.com\/blog\/wp-content\/uploads\/2016\/12\/Sandy-be\u0301ne\u0301vole-de-Globalong-en-Equateur.jpg","width":225,"height":300,"caption":"B\u00e9n\u00e9vole en Equateur - GlobAlong"},{"@type":"BreadcrumbList","@id":"https:\/\/www.globalong.com\/blog\/avis-temoignages-globalong\/action-sociale-equateur-service-civique-benevolat-cours-espagnol-programme-humanitaire-medical\/#breadcrumb","itemListElement":[{"@type":"ListItem","position":1,"name":"Accueil","item":"https:\/\/www.globalong.com\/blog\/"},{"@type":"ListItem","position":2,"name":"T\u00e9moignages et avis de volontaires Globalong","item":"https:\/\/www.globalong.com\/blog\/avis-temoignages-globalong\/"},{"@type":"ListItem","position":3,"name":"Equateur &#8211; Sandy"}]},{"@type":"WebSite","@id":"https:\/\/www.globalong.com\/blog\/#website","url":"https:\/\/www.globalong.com\/blog\/","name":"https:\/\/www.globalong.com\/","description":"Mission humanitaire, stage \u00e9tudiant et voyage linguistique","publisher":{"@id":"https:\/\/www.globalong.com\/blog\/#organization"},"potentialAction":[{"@type":"SearchAction","target":{"@type":"EntryPoint","urlTemplate":"https:\/\/www.globalong.com\/blog\/?s={search_term_string}"},"query-input":{"@type":"PropertyValueSpecification","valueRequired":true,"valueName":"search_term_string"}}],"inLanguage":"fr-FR"},{"@type":"Organization","@id":"https:\/\/www.globalong.com\/blog\/#organization","name":"Association Globalong","url":"https:\/\/www.globalong.com\/blog\/","logo":{"@type":"ImageObject","inLanguage":"fr-FR","@id":"https:\/\/www.globalong.com\/blog\/#\/schema\/logo\/image\/","url":"https:\/\/www.globalong.com\/blog\/wp-content\/uploads\/2014\/11\/cropped-cropped-Logo-et-Afrique-Globalong-petite-taille-2.jpg","contentUrl":"https:\/\/www.globalong.com\/blog\/wp-content\/uploads\/2014\/11\/cropped-cropped-Logo-et-Afrique-Globalong-petite-taille-2.jpg","width":512,"height":512,"caption":"Association Globalong"},"image":{"@id":"https:\/\/www.globalong.com\/blog\/#\/schema\/logo\/image\/"},"sameAs":["https:\/\/www.facebook.com\/globalong"]}]}},"_links":{"self":[{"href":"https:\/\/www.globalong.com\/blog\/wp-json\/wp\/v2\/pages\/5938"}],"collection":[{"href":"https:\/\/www.globalong.com\/blog\/wp-json\/wp\/v2\/pages"}],"about":[{"href":"https:\/\/www.globalong.com\/blog\/wp-json\/wp\/v2\/types\/page"}],"author":[{"embeddable":true,"href":"https:\/\/www.globalong.com\/blog\/wp-json\/wp\/v2\/users\/3"}],"replies":[{"embeddable":true,"href":"https:\/\/www.globalong.com\/blog\/wp-json\/wp\/v2\/comments?post=5938"}],"version-history":[{"count":14,"href":"https:\/\/www.globalong.com\/blog\/wp-json\/wp\/v2\/pages\/5938\/revisions"}],"predecessor-version":[{"id":22500,"href":"https:\/\/www.globalong.com\/blog\/wp-json\/wp\/v2\/pages\/5938\/revisions\/22500"}],"up":[{"embeddable":true,"href":"https:\/\/www.globalong.com\/blog\/wp-json\/wp\/v2\/pages\/883"}],"wp:featuredmedia":[{"embeddable":true,"href":"https:\/\/www.globalong.com\/blog\/wp-json\/wp\/v2\/media\/5941"}],"wp:attachment":[{"href":"https:\/\/www.globalong.com\/blog\/wp-json\/wp\/v2\/media?parent=5938"}],"curies":[{"name":"wp","href":"https:\/\/api.w.org\/{rel}","templated":true}]}}