{"id":6706,"date":"2017-08-07T15:23:49","date_gmt":"2017-08-07T13:23:49","guid":{"rendered":"https:\/\/www.globalong.com\/blog\/?page_id=6706"},"modified":"2022-05-07T11:03:47","modified_gmt":"2022-05-07T09:03:47","slug":"benevolat-famille-asie-sri-lanka-globalong-stage-orphelinat-volontaires-international-rencontres","status":"publish","type":"page","link":"https:\/\/www.globalong.com\/blog\/avis-temoignages-globalong\/benevolat-famille-asie-sri-lanka-globalong-stage-orphelinat-volontaires-international-rencontres\/","title":{"rendered":"Sri Lanka &#8211; Alyz\u00e9e &#038; Lana"},"content":{"rendered":"<p style=\"text-align: center;\"><strong><span style=\"color: #b81657;\">T\u00e9moignage d&rsquo;Alyz\u00e9e, b\u00e9n\u00e9vole avec GlobAlong \u00e0 Madagascar.<\/span><\/strong><\/p>\n<p style=\"text-align: justify;\"><img loading=\"lazy\" decoding=\"async\" class=\"size-medium wp-image-6707 aligncenter\" src=\"https:\/\/www.globalong.com\/blog\/wp-content\/uploads\/2017\/08\/IMG-20170618-WA0017-300x225.jpg\" alt=\"Programme humanitaire au Sri Lanka\" width=\"300\" height=\"225\" srcset=\"https:\/\/www.globalong.com\/blog\/wp-content\/uploads\/2017\/08\/IMG-20170618-WA0017-300x225.jpg 300w, https:\/\/www.globalong.com\/blog\/wp-content\/uploads\/2017\/08\/IMG-20170618-WA0017-768x576.jpg 768w, https:\/\/www.globalong.com\/blog\/wp-content\/uploads\/2017\/08\/IMG-20170618-WA0017-1024x768.jpg 1024w, https:\/\/www.globalong.com\/blog\/wp-content\/uploads\/2017\/08\/IMG-20170618-WA0017-150x113.jpg 150w, https:\/\/www.globalong.com\/blog\/wp-content\/uploads\/2017\/08\/IMG-20170618-WA0017.jpg 1280w\" sizes=\"(max-width: 300px) 100vw, 300px\" \/>Bonjour, je m&rsquo;appelle Alyz\u00e9e, je suis partie au <span style=\"text-decoration: underline;\"><a href=\"https:\/\/www.globalong.com\/sejour-benevolat\/sri-lanka.html\" target=\"_blank\" rel=\"noopener\">Sri Lanka<\/a><\/span> avec ma fille Lana. Je voulais donner de mon temps, apprendre des autres, faire quelque chose de gratifiant. Je n&rsquo;ai pas eu le sentiment que quelque chose devrait \u00eatre am\u00e9lior\u00e9 au sein de GlobAlong.Je me suis sentie soutenue, bien conseill\u00e9 et contrairement \u00e0 d&rsquo;autres grosses associations qui proposent des missions, je n&rsquo;ai pas eu le sentiment d&rsquo;avoir \u00e0 faire \u00e0 une agence de voyage humanitaire qui se fait de l&rsquo;argent sur la mis\u00e8re du monde. Je recommande GlobAlong !<\/p>\n<p style=\"text-align: justify;\"><img loading=\"lazy\" decoding=\"async\" class=\"wp-image-6709 aligncenter\" src=\"https:\/\/www.globalong.com\/blog\/wp-content\/uploads\/2017\/08\/Photo-de-groupe-avec-les-autres-volontaires-GlobAlong--225x300.jpg\" alt=\"Programme de volontariat international - GlobAlong \" width=\"300\" height=\"400\" srcset=\"https:\/\/www.globalong.com\/blog\/wp-content\/uploads\/2017\/08\/Photo-de-groupe-avec-les-autres-volontaires-GlobAlong--225x300.jpg 225w, https:\/\/www.globalong.com\/blog\/wp-content\/uploads\/2017\/08\/Photo-de-groupe-avec-les-autres-volontaires-GlobAlong--768x1024.jpg 768w, https:\/\/www.globalong.com\/blog\/wp-content\/uploads\/2017\/08\/Photo-de-groupe-avec-les-autres-volontaires-GlobAlong--113x150.jpg 113w, https:\/\/www.globalong.com\/blog\/wp-content\/uploads\/2017\/08\/Photo-de-groupe-avec-les-autres-volontaires-GlobAlong-.jpg 960w\" sizes=\"(max-width: 300px) 100vw, 300px\" \/>Je suis partie avec ma petite fille de 2 ans, du coup j&rsquo;ai vu avec le coordinateur sur place pour ne pas faire cette semaine, car Lana ne pouvait rester sagement en classe. Mais la famille de Mickael et lui ont su m&rsquo;apporter tout ce dont j&rsquo;avais besoin pour effectuer ma mission. Il a toujours \u00e9t\u00e9 tr\u00e8s \u00e0 l&rsquo;\u00e9coute de mes attentes et des besoins de ma fille. Au d\u00e9but, l&rsquo;adaptation fut difficile pour la petite&#8230; Mais si non, ce fut vraiment une exp\u00e9rience bouleversante, dans laquelle ma fille tout comme moi, avons r\u00e9ellement appris et grandis. Les rencontres que j&rsquo;ai faites \u00e9taient plus qu&rsquo;int\u00e9ressantes. J&rsquo;ai r\u00e9ellement trouv\u00e9 des amis que je compte revoir par la suite. Les b\u00e9n\u00e9voles \u00e9taient tous tr\u00e8s engag\u00e9s et on a d\u00e9couvert des personnes fabuleuses. Puis il y a la famille o\u00f9 l&rsquo;on a log\u00e9, que je consid\u00e8re comme une seconde famille. Ils ont tous \u00e9t\u00e9 parfaits..Je veux \u00e9voluer dans l&rsquo;humanitaire. J&rsquo;ai fais beaucoup de b\u00e9n\u00e9volat dans mon pays, mais je n&rsquo;\u00e9tais jamais partie en mission.<\/p>\n<p><img loading=\"lazy\" decoding=\"async\" class=\"size-medium wp-image-6711 aligncenter\" src=\"https:\/\/www.globalong.com\/blog\/wp-content\/uploads\/2017\/08\/Lana-2-ans-et-be\u0301ne\u0301vole-avec-GlobAlong--300x225.jpg\" alt=\"Volontariat international en Asie - GlobAlong \" width=\"300\" height=\"225\" srcset=\"https:\/\/www.globalong.com\/blog\/wp-content\/uploads\/2017\/08\/Lana-2-ans-et-be\u0301ne\u0301vole-avec-GlobAlong--300x225.jpg 300w, https:\/\/www.globalong.com\/blog\/wp-content\/uploads\/2017\/08\/Lana-2-ans-et-be\u0301ne\u0301vole-avec-GlobAlong--768x576.jpg 768w, https:\/\/www.globalong.com\/blog\/wp-content\/uploads\/2017\/08\/Lana-2-ans-et-be\u0301ne\u0301vole-avec-GlobAlong--1024x768.jpg 1024w, https:\/\/www.globalong.com\/blog\/wp-content\/uploads\/2017\/08\/Lana-2-ans-et-be\u0301ne\u0301vole-avec-GlobAlong--150x113.jpg 150w, https:\/\/www.globalong.com\/blog\/wp-content\/uploads\/2017\/08\/Lana-2-ans-et-be\u0301ne\u0301vole-avec-GlobAlong-.jpg 1280w\" sizes=\"(max-width: 300px) 100vw, 300px\" \/><\/p>\n<p style=\"text-align: justify;\">J&rsquo;ai plusieurs projets en t\u00eate gr\u00e2ce \u00e0 cette exp\u00e9rience. Et cela ne peut que nous servir, cela nous a enrichit, cela permet de voir la r\u00e9alit\u00e9 diff\u00e9remment. Et de minimiser certains probl\u00e8mes qui n&rsquo;en sont finalement pas quand on sait comment d&rsquo;autres vivent quelque part ailleurs..Je ne suis pas encore rentr\u00e9e. Je suis partie voyager pour quelques mois..Apr\u00e8s 5 semaines pass\u00e9es au Sri Lanka il y aurait un million de choses \u00e0 raconter. Chaque nouvelle journ\u00e9e \u00e9tait plus surprenante.. Je suis tomb\u00e9e amoureuse de ce pays.<\/p>\n<p style=\"text-align: justify;\"><img loading=\"lazy\" decoding=\"async\" class=\"size-medium wp-image-6713 aligncenter\" src=\"https:\/\/www.globalong.com\/blog\/wp-content\/uploads\/2017\/08\/Coucher-de-soleil-au-Sri-Lanka-GlobAlong--300x225.jpg\" alt=\"paysages et tourisme Tha\u00eflande\" width=\"300\" height=\"225\" srcset=\"https:\/\/www.globalong.com\/blog\/wp-content\/uploads\/2017\/08\/Coucher-de-soleil-au-Sri-Lanka-GlobAlong--300x225.jpg 300w, https:\/\/www.globalong.com\/blog\/wp-content\/uploads\/2017\/08\/Coucher-de-soleil-au-Sri-Lanka-GlobAlong--768x576.jpg 768w, https:\/\/www.globalong.com\/blog\/wp-content\/uploads\/2017\/08\/Coucher-de-soleil-au-Sri-Lanka-GlobAlong--1024x768.jpg 1024w, https:\/\/www.globalong.com\/blog\/wp-content\/uploads\/2017\/08\/Coucher-de-soleil-au-Sri-Lanka-GlobAlong--150x113.jpg 150w, https:\/\/www.globalong.com\/blog\/wp-content\/uploads\/2017\/08\/Coucher-de-soleil-au-Sri-Lanka-GlobAlong-.jpg 1280w\" sizes=\"(max-width: 300px) 100vw, 300px\" \/>Les gens sont bienveillants, accueillants, et humbles. Contrairement aux id\u00e9es re\u00e7ues, les femmes sont respect\u00e9es, les enfants sont int\u00e9gr\u00e9s comme les leurs.. Et \u00e0 aucun moment je ne me suis sentie en danger ou autres.. C&rsquo;est un pays qui a une magnifique culture, et les gens vivent simplement et sereinement. Foncez ! Lancez vous c&rsquo;est magique !<\/p>\n<p style=\"text-align: center;\"><span style=\"text-decoration: underline;\"><a href=\"https:\/\/www.flickr.com\/photos\/globalong\/albums\/72157641528910795\" target=\"_blank\" rel=\"noopener\">Pour d\u00e9couvrir plus de photos du Sri Lanka.<\/a><\/span><\/p>\n<p style=\"text-align: center;\"><span style=\"text-decoration: underline;\"><a href=\"https:\/\/www.globalong.com\/sejour-benevolat\/sri-lanka.html\" target=\"_blank\" rel=\"noopener\">Pour d\u00e9couvrir les programmes de b\u00e9n\u00e9volat au Sri Lanka<\/a><\/span><\/p>\n<p style=\"text-align: center;\">N\u2019h\u00e9sitez pas \u00e0 nous contacter pour plus d\u2019informations \u00e0 <span style=\"text-decoration: underline;\"><a href=\"mailto:info@globalong.com\">info@globalong.com<\/a><\/span><\/p>\n","protected":false},"excerpt":{"rendered":"<p>T\u00e9moignage d&rsquo;Alyz\u00e9e, b\u00e9n\u00e9vole avec GlobAlong \u00e0 Madagascar. Bonjour, je m&rsquo;appelle Alyz\u00e9e, je suis partie au Sri Lanka avec ma fille Lana. Je voulais donner de mon temps, apprendre des autres, faire quelque chose de gratifiant. Je n&rsquo;ai pas eu le sentiment que quelque chose devrait \u00eatre am\u00e9lior\u00e9 au sein de GlobAlong.Je me suis sentie soutenue, [&hellip;]<\/p>\n","protected":false},"author":3,"featured_media":6711,"parent":883,"menu_order":0,"comment_status":"closed","ping_status":"closed","template":"","meta":{"footnotes":""},"yoast_head":"<!-- This site is optimized with the Yoast SEO Premium plugin v23.4 (Yoast SEO v23.4) - https:\/\/yoast.com\/wordpress\/plugins\/seo\/ -->\n<title>Sri Lanka - Alyz\u00e9e &amp; Lana - Association Globalong<\/title>\n<meta name=\"robots\" content=\"index, follow, max-snippet:-1, max-image-preview:large, max-video-preview:-1\" \/>\n<link rel=\"canonical\" href=\"https:\/\/www.globalong.com\/blog\/avis-temoignages-globalong\/benevolat-famille-asie-sri-lanka-globalong-stage-orphelinat-volontaires-international-rencontres\/\" \/>\n<meta property=\"og:locale\" content=\"fr_FR\" \/>\n<meta property=\"og:type\" content=\"article\" \/>\n<meta property=\"og:title\" content=\"Sri Lanka - Alyz\u00e9e &amp; Lana\" \/>\n<meta property=\"og:description\" content=\"T\u00e9moignage d&rsquo;Alyz\u00e9e, b\u00e9n\u00e9vole avec GlobAlong \u00e0 Madagascar. Bonjour, je m&rsquo;appelle Alyz\u00e9e, je suis partie au Sri Lanka avec ma fille Lana. Je voulais donner de mon temps, apprendre des autres, faire quelque chose de gratifiant. Je n&rsquo;ai pas eu le sentiment que quelque chose devrait \u00eatre am\u00e9lior\u00e9 au sein de GlobAlong.Je me suis sentie soutenue, [&hellip;]\" \/>\n<meta property=\"og:url\" content=\"https:\/\/www.globalong.com\/blog\/avis-temoignages-globalong\/benevolat-famille-asie-sri-lanka-globalong-stage-orphelinat-volontaires-international-rencontres\/\" \/>\n<meta property=\"og:site_name\" content=\"Association Globalong\" \/>\n<meta property=\"article:publisher\" content=\"https:\/\/www.facebook.com\/globalong\" \/>\n<meta property=\"article:modified_time\" content=\"2022-05-07T09:03:47+00:00\" \/>\n<meta property=\"og:image\" content=\"https:\/\/www.globalong.com\/blog\/wp-content\/uploads\/2017\/08\/Lana-2-ans-et-be\u0301ne\u0301vole-avec-GlobAlong-.jpg\" \/>\n\t<meta property=\"og:image:width\" content=\"1280\" \/>\n\t<meta property=\"og:image:height\" content=\"960\" \/>\n\t<meta property=\"og:image:type\" content=\"image\/jpeg\" \/>\n<meta name=\"twitter:card\" content=\"summary_large_image\" \/>\n<meta name=\"twitter:label1\" content=\"Dur\u00e9e de lecture estim\u00e9e\" \/>\n\t<meta name=\"twitter:data1\" content=\"2 minutes\" \/>\n<script type=\"application\/ld+json\" class=\"yoast-schema-graph\">{\"@context\":\"https:\/\/schema.org\",\"@graph\":[{\"@type\":\"WebPage\",\"@id\":\"https:\/\/www.globalong.com\/blog\/avis-temoignages-globalong\/benevolat-famille-asie-sri-lanka-globalong-stage-orphelinat-volontaires-international-rencontres\/\",\"url\":\"https:\/\/www.globalong.com\/blog\/avis-temoignages-globalong\/benevolat-famille-asie-sri-lanka-globalong-stage-orphelinat-volontaires-international-rencontres\/\",\"name\":\"Sri Lanka - Alyz\u00e9e & Lana - Association Globalong\",\"isPartOf\":{\"@id\":\"https:\/\/www.globalong.com\/blog\/#website\"},\"primaryImageOfPage\":{\"@id\":\"https:\/\/www.globalong.com\/blog\/avis-temoignages-globalong\/benevolat-famille-asie-sri-lanka-globalong-stage-orphelinat-volontaires-international-rencontres\/#primaryimage\"},\"image\":{\"@id\":\"https:\/\/www.globalong.com\/blog\/avis-temoignages-globalong\/benevolat-famille-asie-sri-lanka-globalong-stage-orphelinat-volontaires-international-rencontres\/#primaryimage\"},\"thumbnailUrl\":\"https:\/\/www.globalong.com\/blog\/wp-content\/uploads\/2017\/08\/Lana-2-ans-et-be\u0301ne\u0301vole-avec-GlobAlong-.jpg\",\"datePublished\":\"2017-08-07T13:23:49+00:00\",\"dateModified\":\"2022-05-07T09:03:47+00:00\",\"breadcrumb\":{\"@id\":\"https:\/\/www.globalong.com\/blog\/avis-temoignages-globalong\/benevolat-famille-asie-sri-lanka-globalong-stage-orphelinat-volontaires-international-rencontres\/#breadcrumb\"},\"inLanguage\":\"fr-FR\",\"potentialAction\":[{\"@type\":\"ReadAction\",\"target\":[\"https:\/\/www.globalong.com\/blog\/avis-temoignages-globalong\/benevolat-famille-asie-sri-lanka-globalong-stage-orphelinat-volontaires-international-rencontres\/\"]}]},{\"@type\":\"ImageObject\",\"inLanguage\":\"fr-FR\",\"@id\":\"https:\/\/www.globalong.com\/blog\/avis-temoignages-globalong\/benevolat-famille-asie-sri-lanka-globalong-stage-orphelinat-volontaires-international-rencontres\/#primaryimage\",\"url\":\"https:\/\/www.globalong.com\/blog\/wp-content\/uploads\/2017\/08\/Lana-2-ans-et-be\u0301ne\u0301vole-avec-GlobAlong-.jpg\",\"contentUrl\":\"https:\/\/www.globalong.com\/blog\/wp-content\/uploads\/2017\/08\/Lana-2-ans-et-be\u0301ne\u0301vole-avec-GlobAlong-.jpg\",\"width\":1280,\"height\":960,\"caption\":\"Volontariat international en Asie - GlobAlong\"},{\"@type\":\"BreadcrumbList\",\"@id\":\"https:\/\/www.globalong.com\/blog\/avis-temoignages-globalong\/benevolat-famille-asie-sri-lanka-globalong-stage-orphelinat-volontaires-international-rencontres\/#breadcrumb\",\"itemListElement\":[{\"@type\":\"ListItem\",\"position\":1,\"name\":\"Accueil\",\"item\":\"https:\/\/www.globalong.com\/blog\/\"},{\"@type\":\"ListItem\",\"position\":2,\"name\":\"T\u00e9moignages et avis de volontaires Globalong\",\"item\":\"https:\/\/www.globalong.com\/blog\/avis-temoignages-globalong\/\"},{\"@type\":\"ListItem\",\"position\":3,\"name\":\"Sri Lanka &#8211; Alyz\u00e9e &#038; Lana\"}]},{\"@type\":\"WebSite\",\"@id\":\"https:\/\/www.globalong.com\/blog\/#website\",\"url\":\"https:\/\/www.globalong.com\/blog\/\",\"name\":\"https:\/\/www.globalong.com\/\",\"description\":\"Mission humanitaire, stage \u00e9tudiant et voyage linguistique\",\"publisher\":{\"@id\":\"https:\/\/www.globalong.com\/blog\/#organization\"},\"potentialAction\":[{\"@type\":\"SearchAction\",\"target\":{\"@type\":\"EntryPoint\",\"urlTemplate\":\"https:\/\/www.globalong.com\/blog\/?s={search_term_string}\"},\"query-input\":{\"@type\":\"PropertyValueSpecification\",\"valueRequired\":true,\"valueName\":\"search_term_string\"}}],\"inLanguage\":\"fr-FR\"},{\"@type\":\"Organization\",\"@id\":\"https:\/\/www.globalong.com\/blog\/#organization\",\"name\":\"Association Globalong\",\"url\":\"https:\/\/www.globalong.com\/blog\/\",\"logo\":{\"@type\":\"ImageObject\",\"inLanguage\":\"fr-FR\",\"@id\":\"https:\/\/www.globalong.com\/blog\/#\/schema\/logo\/image\/\",\"url\":\"https:\/\/www.globalong.com\/blog\/wp-content\/uploads\/2014\/11\/cropped-cropped-Logo-et-Afrique-Globalong-petite-taille-2.jpg\",\"contentUrl\":\"https:\/\/www.globalong.com\/blog\/wp-content\/uploads\/2014\/11\/cropped-cropped-Logo-et-Afrique-Globalong-petite-taille-2.jpg\",\"width\":512,\"height\":512,\"caption\":\"Association Globalong\"},\"image\":{\"@id\":\"https:\/\/www.globalong.com\/blog\/#\/schema\/logo\/image\/\"},\"sameAs\":[\"https:\/\/www.facebook.com\/globalong\"]}]}<\/script>\n<!-- \/ Yoast SEO Premium plugin. -->","yoast_head_json":{"title":"Sri Lanka - Alyz\u00e9e & Lana - Association Globalong","robots":{"index":"index","follow":"follow","max-snippet":"max-snippet:-1","max-image-preview":"max-image-preview:large","max-video-preview":"max-video-preview:-1"},"canonical":"https:\/\/www.globalong.com\/blog\/avis-temoignages-globalong\/benevolat-famille-asie-sri-lanka-globalong-stage-orphelinat-volontaires-international-rencontres\/","og_locale":"fr_FR","og_type":"article","og_title":"Sri Lanka - Alyz\u00e9e & Lana","og_description":"T\u00e9moignage d&rsquo;Alyz\u00e9e, b\u00e9n\u00e9vole avec GlobAlong \u00e0 Madagascar. Bonjour, je m&rsquo;appelle Alyz\u00e9e, je suis partie au Sri Lanka avec ma fille Lana. Je voulais donner de mon temps, apprendre des autres, faire quelque chose de gratifiant. Je n&rsquo;ai pas eu le sentiment que quelque chose devrait \u00eatre am\u00e9lior\u00e9 au sein de GlobAlong.Je me suis sentie soutenue, [&hellip;]","og_url":"https:\/\/www.globalong.com\/blog\/avis-temoignages-globalong\/benevolat-famille-asie-sri-lanka-globalong-stage-orphelinat-volontaires-international-rencontres\/","og_site_name":"Association Globalong","article_publisher":"https:\/\/www.facebook.com\/globalong","article_modified_time":"2022-05-07T09:03:47+00:00","og_image":[{"width":1280,"height":960,"url":"https:\/\/www.globalong.com\/blog\/wp-content\/uploads\/2017\/08\/Lana-2-ans-et-be\u0301ne\u0301vole-avec-GlobAlong-.jpg","type":"image\/jpeg"}],"twitter_card":"summary_large_image","twitter_misc":{"Dur\u00e9e de lecture estim\u00e9e":"2 minutes"},"schema":{"@context":"https:\/\/schema.org","@graph":[{"@type":"WebPage","@id":"https:\/\/www.globalong.com\/blog\/avis-temoignages-globalong\/benevolat-famille-asie-sri-lanka-globalong-stage-orphelinat-volontaires-international-rencontres\/","url":"https:\/\/www.globalong.com\/blog\/avis-temoignages-globalong\/benevolat-famille-asie-sri-lanka-globalong-stage-orphelinat-volontaires-international-rencontres\/","name":"Sri Lanka - Alyz\u00e9e & Lana - Association Globalong","isPartOf":{"@id":"https:\/\/www.globalong.com\/blog\/#website"},"primaryImageOfPage":{"@id":"https:\/\/www.globalong.com\/blog\/avis-temoignages-globalong\/benevolat-famille-asie-sri-lanka-globalong-stage-orphelinat-volontaires-international-rencontres\/#primaryimage"},"image":{"@id":"https:\/\/www.globalong.com\/blog\/avis-temoignages-globalong\/benevolat-famille-asie-sri-lanka-globalong-stage-orphelinat-volontaires-international-rencontres\/#primaryimage"},"thumbnailUrl":"https:\/\/www.globalong.com\/blog\/wp-content\/uploads\/2017\/08\/Lana-2-ans-et-be\u0301ne\u0301vole-avec-GlobAlong-.jpg","datePublished":"2017-08-07T13:23:49+00:00","dateModified":"2022-05-07T09:03:47+00:00","breadcrumb":{"@id":"https:\/\/www.globalong.com\/blog\/avis-temoignages-globalong\/benevolat-famille-asie-sri-lanka-globalong-stage-orphelinat-volontaires-international-rencontres\/#breadcrumb"},"inLanguage":"fr-FR","potentialAction":[{"@type":"ReadAction","target":["https:\/\/www.globalong.com\/blog\/avis-temoignages-globalong\/benevolat-famille-asie-sri-lanka-globalong-stage-orphelinat-volontaires-international-rencontres\/"]}]},{"@type":"ImageObject","inLanguage":"fr-FR","@id":"https:\/\/www.globalong.com\/blog\/avis-temoignages-globalong\/benevolat-famille-asie-sri-lanka-globalong-stage-orphelinat-volontaires-international-rencontres\/#primaryimage","url":"https:\/\/www.globalong.com\/blog\/wp-content\/uploads\/2017\/08\/Lana-2-ans-et-be\u0301ne\u0301vole-avec-GlobAlong-.jpg","contentUrl":"https:\/\/www.globalong.com\/blog\/wp-content\/uploads\/2017\/08\/Lana-2-ans-et-be\u0301ne\u0301vole-avec-GlobAlong-.jpg","width":1280,"height":960,"caption":"Volontariat international en Asie - GlobAlong"},{"@type":"BreadcrumbList","@id":"https:\/\/www.globalong.com\/blog\/avis-temoignages-globalong\/benevolat-famille-asie-sri-lanka-globalong-stage-orphelinat-volontaires-international-rencontres\/#breadcrumb","itemListElement":[{"@type":"ListItem","position":1,"name":"Accueil","item":"https:\/\/www.globalong.com\/blog\/"},{"@type":"ListItem","position":2,"name":"T\u00e9moignages et avis de volontaires Globalong","item":"https:\/\/www.globalong.com\/blog\/avis-temoignages-globalong\/"},{"@type":"ListItem","position":3,"name":"Sri Lanka &#8211; Alyz\u00e9e &#038; Lana"}]},{"@type":"WebSite","@id":"https:\/\/www.globalong.com\/blog\/#website","url":"https:\/\/www.globalong.com\/blog\/","name":"https:\/\/www.globalong.com\/","description":"Mission humanitaire, stage \u00e9tudiant et voyage linguistique","publisher":{"@id":"https:\/\/www.globalong.com\/blog\/#organization"},"potentialAction":[{"@type":"SearchAction","target":{"@type":"EntryPoint","urlTemplate":"https:\/\/www.globalong.com\/blog\/?s={search_term_string}"},"query-input":{"@type":"PropertyValueSpecification","valueRequired":true,"valueName":"search_term_string"}}],"inLanguage":"fr-FR"},{"@type":"Organization","@id":"https:\/\/www.globalong.com\/blog\/#organization","name":"Association Globalong","url":"https:\/\/www.globalong.com\/blog\/","logo":{"@type":"ImageObject","inLanguage":"fr-FR","@id":"https:\/\/www.globalong.com\/blog\/#\/schema\/logo\/image\/","url":"https:\/\/www.globalong.com\/blog\/wp-content\/uploads\/2014\/11\/cropped-cropped-Logo-et-Afrique-Globalong-petite-taille-2.jpg","contentUrl":"https:\/\/www.globalong.com\/blog\/wp-content\/uploads\/2014\/11\/cropped-cropped-Logo-et-Afrique-Globalong-petite-taille-2.jpg","width":512,"height":512,"caption":"Association Globalong"},"image":{"@id":"https:\/\/www.globalong.com\/blog\/#\/schema\/logo\/image\/"},"sameAs":["https:\/\/www.facebook.com\/globalong"]}]}},"_links":{"self":[{"href":"https:\/\/www.globalong.com\/blog\/wp-json\/wp\/v2\/pages\/6706"}],"collection":[{"href":"https:\/\/www.globalong.com\/blog\/wp-json\/wp\/v2\/pages"}],"about":[{"href":"https:\/\/www.globalong.com\/blog\/wp-json\/wp\/v2\/types\/page"}],"author":[{"embeddable":true,"href":"https:\/\/www.globalong.com\/blog\/wp-json\/wp\/v2\/users\/3"}],"replies":[{"embeddable":true,"href":"https:\/\/www.globalong.com\/blog\/wp-json\/wp\/v2\/comments?post=6706"}],"version-history":[{"count":17,"href":"https:\/\/www.globalong.com\/blog\/wp-json\/wp\/v2\/pages\/6706\/revisions"}],"predecessor-version":[{"id":14041,"href":"https:\/\/www.globalong.com\/blog\/wp-json\/wp\/v2\/pages\/6706\/revisions\/14041"}],"up":[{"embeddable":true,"href":"https:\/\/www.globalong.com\/blog\/wp-json\/wp\/v2\/pages\/883"}],"wp:featuredmedia":[{"embeddable":true,"href":"https:\/\/www.globalong.com\/blog\/wp-json\/wp\/v2\/media\/6711"}],"wp:attachment":[{"href":"https:\/\/www.globalong.com\/blog\/wp-json\/wp\/v2\/media?parent=6706"}],"curies":[{"name":"wp","href":"https:\/\/api.w.org\/{rel}","templated":true}]}}