{"id":6862,"date":"2017-09-26T11:28:21","date_gmt":"2017-09-26T09:28:21","guid":{"rendered":"https:\/\/www.globalong.com\/blog\/?page_id=6862"},"modified":"2022-05-06T10:41:40","modified_gmt":"2022-05-06T08:41:40","slug":"humanitaire-benevolat-stage-international-maroc-berbere-afrique","status":"publish","type":"page","link":"https:\/\/www.globalong.com\/blog\/avis-temoignages-globalong\/humanitaire-benevolat-stage-international-maroc-berbere-afrique\/","title":{"rendered":"Maroc &#8211; Romane"},"content":{"rendered":"<p style=\"text-align: center;\"><strong><span style=\"color: #b81657;\">T\u00e9moignage de Romane, b\u00e9n\u00e9vole au Maroc avec GlobAlong.<\/span><\/strong><\/p>\n<p style=\"text-align: justify;\"><img loading=\"lazy\" decoding=\"async\" class=\"size-medium wp-image-6878 aligncenter\" src=\"https:\/\/www.globalong.com\/blog\/wp-content\/uploads\/2017\/09\/Programme-de-volontariat-en-Afrique-GlobAlong-min-300x225.jpg\" alt=\"volontariat dans un village berb\u00e8re - GlobAlong \" width=\"300\" height=\"225\" srcset=\"https:\/\/www.globalong.com\/blog\/wp-content\/uploads\/2017\/09\/Programme-de-volontariat-en-Afrique-GlobAlong-min-300x225.jpg 300w, https:\/\/www.globalong.com\/blog\/wp-content\/uploads\/2017\/09\/Programme-de-volontariat-en-Afrique-GlobAlong-min-768x576.jpg 768w, https:\/\/www.globalong.com\/blog\/wp-content\/uploads\/2017\/09\/Programme-de-volontariat-en-Afrique-GlobAlong-min-1024x768.jpg 1024w, https:\/\/www.globalong.com\/blog\/wp-content\/uploads\/2017\/09\/Programme-de-volontariat-en-Afrique-GlobAlong-min-150x113.jpg 150w\" sizes=\"(max-width: 300px) 100vw, 300px\" \/>Je suis arriv\u00e9e avec le directeur de l&rsquo;association tr\u00e8s sympathique. La route dans les montagnes \u00e9tait splendide. Je me suis install\u00e9e chez ma famille d&rsquo;accueil qui m&rsquo;a tout de suite mise \u00e0 l&rsquo;aise. Les conditions de vie \u00e9taient tr\u00e8s correctes, deux vrais toilettes et des douches normales ainsi qu&rsquo;une chambre rien que pour moi ! J&rsquo;ai beaucoup mang\u00e9, plusieurs fois dans la journ\u00e9e m\u00eame, mais d\u00e9licieux. Nous avons au d\u00e9but de mon s\u00e9jour organis\u00e9 une f\u00eate \u00e0 l&rsquo;\u00e9cole, moment magique.<\/p>\n<p style=\"text-align: justify;\"><img loading=\"lazy\" decoding=\"async\" class=\"size-medium wp-image-6875 aligncenter\" src=\"https:\/\/www.globalong.com\/blog\/wp-content\/uploads\/2017\/09\/Mission-de-be\u0301ne\u0301volat-au-Maroc-GlobAlong-min-300x225.jpg\" alt=\"gouter des enfants au Maroc - GlobAlong \" width=\"300\" height=\"225\" srcset=\"https:\/\/www.globalong.com\/blog\/wp-content\/uploads\/2017\/09\/Mission-de-be\u0301ne\u0301volat-au-Maroc-GlobAlong-min-300x225.jpg 300w, https:\/\/www.globalong.com\/blog\/wp-content\/uploads\/2017\/09\/Mission-de-be\u0301ne\u0301volat-au-Maroc-GlobAlong-min-768x576.jpg 768w, https:\/\/www.globalong.com\/blog\/wp-content\/uploads\/2017\/09\/Mission-de-be\u0301ne\u0301volat-au-Maroc-GlobAlong-min-1024x768.jpg 1024w, https:\/\/www.globalong.com\/blog\/wp-content\/uploads\/2017\/09\/Mission-de-be\u0301ne\u0301volat-au-Maroc-GlobAlong-min-150x113.jpg 150w\" sizes=\"(max-width: 300px) 100vw, 300px\" \/>Les autres jours je travaillais sur un chantier, dans les champs et je fabriquais des savons. Le dimanche je me rendais au souk, super moment. Toutes les personnes que j&rsquo;ai rencontr\u00e9es \u00e9taient d&rsquo;une gentillesse et d&rsquo;une sympathie incroyable. Une fois ma place trouv\u00e9e dans la famille ainsi que dans le village, j&rsquo;avais la sensation de faire partie de la famille. A travers ce voyage je souhaitais apprendre sur les autres, d\u00e9couvrir et c&rsquo;est exactement ce qui s&rsquo;est pass\u00e9.<\/p>\n<p style=\"text-align: justify;\"><img loading=\"lazy\" decoding=\"async\" class=\"size-medium wp-image-6877 aligncenter\" src=\"https:\/\/www.globalong.com\/blog\/wp-content\/uploads\/2017\/09\/Pause-pour-la-be\u0301ne\u0301vole-GlobAlong-min-300x225.jpg\" alt=\"volontaire en action sur le terrain - GlobAlong \" width=\"300\" height=\"225\" srcset=\"https:\/\/www.globalong.com\/blog\/wp-content\/uploads\/2017\/09\/Pause-pour-la-be\u0301ne\u0301vole-GlobAlong-min-300x225.jpg 300w, https:\/\/www.globalong.com\/blog\/wp-content\/uploads\/2017\/09\/Pause-pour-la-be\u0301ne\u0301vole-GlobAlong-min-768x576.jpg 768w, https:\/\/www.globalong.com\/blog\/wp-content\/uploads\/2017\/09\/Pause-pour-la-be\u0301ne\u0301vole-GlobAlong-min-1024x768.jpg 1024w, https:\/\/www.globalong.com\/blog\/wp-content\/uploads\/2017\/09\/Pause-pour-la-be\u0301ne\u0301vole-GlobAlong-min-150x113.jpg 150w\" sizes=\"(max-width: 300px) 100vw, 300px\" \/>J&rsquo;ai rarement rencontr\u00e9 des personnes aussi accueillantes et bienveillantes, car m\u00eame quand j&rsquo;avais des coups de mou (ce qui arrive forc\u00e9ment c&rsquo;est normal), ils \u00e9taient toujours l\u00e0 pour moi. Ils m&rsquo;ont aussi appris \u00e0 vivre de peu, une mani\u00e8re de vivre simple. Ce qui ne leur emp\u00eache pas d&rsquo;\u00eatre tr\u00e8s heureux, et d&rsquo;avoir toujours le sourire. Je pense que ce genre d&rsquo;exp\u00e9rience permet de nous confronter \u00e0 d&rsquo;autres cultures, et de nous faire prendre conscience de la chance que l&rsquo;on a nous occidentaux.<\/p>\n<p style=\"text-align: justify;\"><img loading=\"lazy\" decoding=\"async\" class=\"size-medium wp-image-6866 aligncenter\" src=\"https:\/\/www.globalong.com\/blog\/wp-content\/uploads\/2017\/09\/Be\u0301ne\u0301voles-regroupe\u0301s-GlobAlong-min-300x225.jpg\" alt=\"b\u00e9n\u00e9volat avec des volontaires internationaux - GlobAlong \" width=\"300\" height=\"225\" srcset=\"https:\/\/www.globalong.com\/blog\/wp-content\/uploads\/2017\/09\/Be\u0301ne\u0301voles-regroupe\u0301s-GlobAlong-min-300x225.jpg 300w, https:\/\/www.globalong.com\/blog\/wp-content\/uploads\/2017\/09\/Be\u0301ne\u0301voles-regroupe\u0301s-GlobAlong-min-768x576.jpg 768w, https:\/\/www.globalong.com\/blog\/wp-content\/uploads\/2017\/09\/Be\u0301ne\u0301voles-regroupe\u0301s-GlobAlong-min-1024x768.jpg 1024w, https:\/\/www.globalong.com\/blog\/wp-content\/uploads\/2017\/09\/Be\u0301ne\u0301voles-regroupe\u0301s-GlobAlong-min-150x113.jpg 150w\" sizes=\"(max-width: 300px) 100vw, 300px\" \/>Elle permet aussi d&rsquo;apprendre sur soi car \u00e7a reste aussi une exp\u00e9rience forte et personnelle qui marque et apporte \u00e9norm\u00e9ment.<\/p>\n<p style=\"text-align: center;\">Pour plus de renseignements, n&rsquo;h\u00e9sitez pas \u00e0 nous contacter \u00e0 l&rsquo;adresse <span style=\"text-decoration: underline; color: #b81657;\"><a href=\"mailto:info@globalong.com\">info@globalong.com<\/a><\/span><\/p>\n<p style=\"text-align: center;\">D\u00e9couvrez le programme de <span style=\"text-decoration: underline;\"><span style=\"color: #b81657;\"><a href=\"https:\/\/www.globalong.com\/sejour-benevolat\/maroc-mission-humanitaire-stage-etranger-afrique.html\">b\u00e9n\u00e9volat au Maroc ici !<\/a><\/span><\/span><\/p>\n<p style=\"text-align: center;\">Pour voir plus de photos du Maroc, <span style=\"text-decoration: underline;\"><span style=\"color: #b81657;\"><a href=\"https:\/\/www.flickr.com\/photos\/globalong\/albums\/72157671283279754\">c&rsquo;est par l\u00e0 !<\/a><\/span><\/span><\/p>\n<p>&nbsp;<\/p>\n","protected":false},"excerpt":{"rendered":"<p>T\u00e9moignage de Romane, b\u00e9n\u00e9vole au Maroc avec GlobAlong. Je suis arriv\u00e9e avec le directeur de l&rsquo;association tr\u00e8s sympathique. La route dans les montagnes \u00e9tait splendide. Je me suis install\u00e9e chez ma famille d&rsquo;accueil qui m&rsquo;a tout de suite mise \u00e0 l&rsquo;aise. Les conditions de vie \u00e9taient tr\u00e8s correctes, deux vrais toilettes et des douches normales [&hellip;]<\/p>\n","protected":false},"author":3,"featured_media":6872,"parent":883,"menu_order":0,"comment_status":"open","ping_status":"closed","template":"","meta":{"footnotes":""},"yoast_head":"<!-- This site is optimized with the Yoast SEO Premium plugin v23.4 (Yoast SEO v23.4) - https:\/\/yoast.com\/wordpress\/plugins\/seo\/ -->\n<title>Maroc - Romane - Association Globalong<\/title>\n<meta name=\"robots\" content=\"index, follow, max-snippet:-1, max-image-preview:large, max-video-preview:-1\" \/>\n<link rel=\"canonical\" href=\"https:\/\/www.globalong.com\/blog\/avis-temoignages-globalong\/humanitaire-benevolat-stage-international-maroc-berbere-afrique\/\" \/>\n<meta property=\"og:locale\" content=\"fr_FR\" \/>\n<meta property=\"og:type\" content=\"article\" \/>\n<meta property=\"og:title\" content=\"Maroc - Romane\" \/>\n<meta property=\"og:description\" content=\"T\u00e9moignage de Romane, b\u00e9n\u00e9vole au Maroc avec GlobAlong. Je suis arriv\u00e9e avec le directeur de l&rsquo;association tr\u00e8s sympathique. La route dans les montagnes \u00e9tait splendide. Je me suis install\u00e9e chez ma famille d&rsquo;accueil qui m&rsquo;a tout de suite mise \u00e0 l&rsquo;aise. Les conditions de vie \u00e9taient tr\u00e8s correctes, deux vrais toilettes et des douches normales [&hellip;]\" \/>\n<meta property=\"og:url\" content=\"https:\/\/www.globalong.com\/blog\/avis-temoignages-globalong\/humanitaire-benevolat-stage-international-maroc-berbere-afrique\/\" \/>\n<meta property=\"og:site_name\" content=\"Association Globalong\" \/>\n<meta property=\"article:publisher\" content=\"https:\/\/www.facebook.com\/globalong\" \/>\n<meta property=\"article:modified_time\" content=\"2022-05-06T08:41:40+00:00\" \/>\n<meta property=\"og:image\" content=\"https:\/\/www.globalong.com\/blog\/wp-content\/uploads\/2017\/09\/Heure-du-gou\u0302ter-GlobAlong-min.jpg\" \/>\n\t<meta property=\"og:image:width\" content=\"3024\" \/>\n\t<meta property=\"og:image:height\" content=\"4032\" \/>\n\t<meta property=\"og:image:type\" content=\"image\/jpeg\" \/>\n<meta name=\"twitter:card\" content=\"summary_large_image\" \/>\n<meta name=\"twitter:label1\" content=\"Dur\u00e9e de lecture estim\u00e9e\" \/>\n\t<meta name=\"twitter:data1\" content=\"2 minutes\" \/>\n<script type=\"application\/ld+json\" class=\"yoast-schema-graph\">{\"@context\":\"https:\/\/schema.org\",\"@graph\":[{\"@type\":\"WebPage\",\"@id\":\"https:\/\/www.globalong.com\/blog\/avis-temoignages-globalong\/humanitaire-benevolat-stage-international-maroc-berbere-afrique\/\",\"url\":\"https:\/\/www.globalong.com\/blog\/avis-temoignages-globalong\/humanitaire-benevolat-stage-international-maroc-berbere-afrique\/\",\"name\":\"Maroc - Romane - Association Globalong\",\"isPartOf\":{\"@id\":\"https:\/\/www.globalong.com\/blog\/#website\"},\"primaryImageOfPage\":{\"@id\":\"https:\/\/www.globalong.com\/blog\/avis-temoignages-globalong\/humanitaire-benevolat-stage-international-maroc-berbere-afrique\/#primaryimage\"},\"image\":{\"@id\":\"https:\/\/www.globalong.com\/blog\/avis-temoignages-globalong\/humanitaire-benevolat-stage-international-maroc-berbere-afrique\/#primaryimage\"},\"thumbnailUrl\":\"https:\/\/www.globalong.com\/blog\/wp-content\/uploads\/2017\/09\/Heure-du-gou\u0302ter-GlobAlong-min.jpg\",\"datePublished\":\"2017-09-26T09:28:21+00:00\",\"dateModified\":\"2022-05-06T08:41:40+00:00\",\"breadcrumb\":{\"@id\":\"https:\/\/www.globalong.com\/blog\/avis-temoignages-globalong\/humanitaire-benevolat-stage-international-maroc-berbere-afrique\/#breadcrumb\"},\"inLanguage\":\"fr-FR\",\"potentialAction\":[{\"@type\":\"ReadAction\",\"target\":[\"https:\/\/www.globalong.com\/blog\/avis-temoignages-globalong\/humanitaire-benevolat-stage-international-maroc-berbere-afrique\/\"]}]},{\"@type\":\"ImageObject\",\"inLanguage\":\"fr-FR\",\"@id\":\"https:\/\/www.globalong.com\/blog\/avis-temoignages-globalong\/humanitaire-benevolat-stage-international-maroc-berbere-afrique\/#primaryimage\",\"url\":\"https:\/\/www.globalong.com\/blog\/wp-content\/uploads\/2017\/09\/Heure-du-gou\u0302ter-GlobAlong-min.jpg\",\"contentUrl\":\"https:\/\/www.globalong.com\/blog\/wp-content\/uploads\/2017\/09\/Heure-du-gou\u0302ter-GlobAlong-min.jpg\",\"width\":3024,\"height\":4032},{\"@type\":\"BreadcrumbList\",\"@id\":\"https:\/\/www.globalong.com\/blog\/avis-temoignages-globalong\/humanitaire-benevolat-stage-international-maroc-berbere-afrique\/#breadcrumb\",\"itemListElement\":[{\"@type\":\"ListItem\",\"position\":1,\"name\":\"Accueil\",\"item\":\"https:\/\/www.globalong.com\/blog\/\"},{\"@type\":\"ListItem\",\"position\":2,\"name\":\"T\u00e9moignages et avis de volontaires Globalong\",\"item\":\"https:\/\/www.globalong.com\/blog\/avis-temoignages-globalong\/\"},{\"@type\":\"ListItem\",\"position\":3,\"name\":\"Maroc &#8211; Romane\"}]},{\"@type\":\"WebSite\",\"@id\":\"https:\/\/www.globalong.com\/blog\/#website\",\"url\":\"https:\/\/www.globalong.com\/blog\/\",\"name\":\"https:\/\/www.globalong.com\/\",\"description\":\"Mission humanitaire, stage \u00e9tudiant et voyage linguistique\",\"publisher\":{\"@id\":\"https:\/\/www.globalong.com\/blog\/#organization\"},\"potentialAction\":[{\"@type\":\"SearchAction\",\"target\":{\"@type\":\"EntryPoint\",\"urlTemplate\":\"https:\/\/www.globalong.com\/blog\/?s={search_term_string}\"},\"query-input\":{\"@type\":\"PropertyValueSpecification\",\"valueRequired\":true,\"valueName\":\"search_term_string\"}}],\"inLanguage\":\"fr-FR\"},{\"@type\":\"Organization\",\"@id\":\"https:\/\/www.globalong.com\/blog\/#organization\",\"name\":\"Association Globalong\",\"url\":\"https:\/\/www.globalong.com\/blog\/\",\"logo\":{\"@type\":\"ImageObject\",\"inLanguage\":\"fr-FR\",\"@id\":\"https:\/\/www.globalong.com\/blog\/#\/schema\/logo\/image\/\",\"url\":\"https:\/\/www.globalong.com\/blog\/wp-content\/uploads\/2014\/11\/cropped-cropped-Logo-et-Afrique-Globalong-petite-taille-2.jpg\",\"contentUrl\":\"https:\/\/www.globalong.com\/blog\/wp-content\/uploads\/2014\/11\/cropped-cropped-Logo-et-Afrique-Globalong-petite-taille-2.jpg\",\"width\":512,\"height\":512,\"caption\":\"Association Globalong\"},\"image\":{\"@id\":\"https:\/\/www.globalong.com\/blog\/#\/schema\/logo\/image\/\"},\"sameAs\":[\"https:\/\/www.facebook.com\/globalong\"]}]}<\/script>\n<!-- \/ Yoast SEO Premium plugin. -->","yoast_head_json":{"title":"Maroc - Romane - Association Globalong","robots":{"index":"index","follow":"follow","max-snippet":"max-snippet:-1","max-image-preview":"max-image-preview:large","max-video-preview":"max-video-preview:-1"},"canonical":"https:\/\/www.globalong.com\/blog\/avis-temoignages-globalong\/humanitaire-benevolat-stage-international-maroc-berbere-afrique\/","og_locale":"fr_FR","og_type":"article","og_title":"Maroc - Romane","og_description":"T\u00e9moignage de Romane, b\u00e9n\u00e9vole au Maroc avec GlobAlong. Je suis arriv\u00e9e avec le directeur de l&rsquo;association tr\u00e8s sympathique. La route dans les montagnes \u00e9tait splendide. Je me suis install\u00e9e chez ma famille d&rsquo;accueil qui m&rsquo;a tout de suite mise \u00e0 l&rsquo;aise. Les conditions de vie \u00e9taient tr\u00e8s correctes, deux vrais toilettes et des douches normales [&hellip;]","og_url":"https:\/\/www.globalong.com\/blog\/avis-temoignages-globalong\/humanitaire-benevolat-stage-international-maroc-berbere-afrique\/","og_site_name":"Association Globalong","article_publisher":"https:\/\/www.facebook.com\/globalong","article_modified_time":"2022-05-06T08:41:40+00:00","og_image":[{"width":3024,"height":4032,"url":"https:\/\/www.globalong.com\/blog\/wp-content\/uploads\/2017\/09\/Heure-du-gou\u0302ter-GlobAlong-min.jpg","type":"image\/jpeg"}],"twitter_card":"summary_large_image","twitter_misc":{"Dur\u00e9e de lecture estim\u00e9e":"2 minutes"},"schema":{"@context":"https:\/\/schema.org","@graph":[{"@type":"WebPage","@id":"https:\/\/www.globalong.com\/blog\/avis-temoignages-globalong\/humanitaire-benevolat-stage-international-maroc-berbere-afrique\/","url":"https:\/\/www.globalong.com\/blog\/avis-temoignages-globalong\/humanitaire-benevolat-stage-international-maroc-berbere-afrique\/","name":"Maroc - Romane - Association Globalong","isPartOf":{"@id":"https:\/\/www.globalong.com\/blog\/#website"},"primaryImageOfPage":{"@id":"https:\/\/www.globalong.com\/blog\/avis-temoignages-globalong\/humanitaire-benevolat-stage-international-maroc-berbere-afrique\/#primaryimage"},"image":{"@id":"https:\/\/www.globalong.com\/blog\/avis-temoignages-globalong\/humanitaire-benevolat-stage-international-maroc-berbere-afrique\/#primaryimage"},"thumbnailUrl":"https:\/\/www.globalong.com\/blog\/wp-content\/uploads\/2017\/09\/Heure-du-gou\u0302ter-GlobAlong-min.jpg","datePublished":"2017-09-26T09:28:21+00:00","dateModified":"2022-05-06T08:41:40+00:00","breadcrumb":{"@id":"https:\/\/www.globalong.com\/blog\/avis-temoignages-globalong\/humanitaire-benevolat-stage-international-maroc-berbere-afrique\/#breadcrumb"},"inLanguage":"fr-FR","potentialAction":[{"@type":"ReadAction","target":["https:\/\/www.globalong.com\/blog\/avis-temoignages-globalong\/humanitaire-benevolat-stage-international-maroc-berbere-afrique\/"]}]},{"@type":"ImageObject","inLanguage":"fr-FR","@id":"https:\/\/www.globalong.com\/blog\/avis-temoignages-globalong\/humanitaire-benevolat-stage-international-maroc-berbere-afrique\/#primaryimage","url":"https:\/\/www.globalong.com\/blog\/wp-content\/uploads\/2017\/09\/Heure-du-gou\u0302ter-GlobAlong-min.jpg","contentUrl":"https:\/\/www.globalong.com\/blog\/wp-content\/uploads\/2017\/09\/Heure-du-gou\u0302ter-GlobAlong-min.jpg","width":3024,"height":4032},{"@type":"BreadcrumbList","@id":"https:\/\/www.globalong.com\/blog\/avis-temoignages-globalong\/humanitaire-benevolat-stage-international-maroc-berbere-afrique\/#breadcrumb","itemListElement":[{"@type":"ListItem","position":1,"name":"Accueil","item":"https:\/\/www.globalong.com\/blog\/"},{"@type":"ListItem","position":2,"name":"T\u00e9moignages et avis de volontaires Globalong","item":"https:\/\/www.globalong.com\/blog\/avis-temoignages-globalong\/"},{"@type":"ListItem","position":3,"name":"Maroc &#8211; Romane"}]},{"@type":"WebSite","@id":"https:\/\/www.globalong.com\/blog\/#website","url":"https:\/\/www.globalong.com\/blog\/","name":"https:\/\/www.globalong.com\/","description":"Mission humanitaire, stage \u00e9tudiant et voyage linguistique","publisher":{"@id":"https:\/\/www.globalong.com\/blog\/#organization"},"potentialAction":[{"@type":"SearchAction","target":{"@type":"EntryPoint","urlTemplate":"https:\/\/www.globalong.com\/blog\/?s={search_term_string}"},"query-input":{"@type":"PropertyValueSpecification","valueRequired":true,"valueName":"search_term_string"}}],"inLanguage":"fr-FR"},{"@type":"Organization","@id":"https:\/\/www.globalong.com\/blog\/#organization","name":"Association Globalong","url":"https:\/\/www.globalong.com\/blog\/","logo":{"@type":"ImageObject","inLanguage":"fr-FR","@id":"https:\/\/www.globalong.com\/blog\/#\/schema\/logo\/image\/","url":"https:\/\/www.globalong.com\/blog\/wp-content\/uploads\/2014\/11\/cropped-cropped-Logo-et-Afrique-Globalong-petite-taille-2.jpg","contentUrl":"https:\/\/www.globalong.com\/blog\/wp-content\/uploads\/2014\/11\/cropped-cropped-Logo-et-Afrique-Globalong-petite-taille-2.jpg","width":512,"height":512,"caption":"Association Globalong"},"image":{"@id":"https:\/\/www.globalong.com\/blog\/#\/schema\/logo\/image\/"},"sameAs":["https:\/\/www.facebook.com\/globalong"]}]}},"_links":{"self":[{"href":"https:\/\/www.globalong.com\/blog\/wp-json\/wp\/v2\/pages\/6862"}],"collection":[{"href":"https:\/\/www.globalong.com\/blog\/wp-json\/wp\/v2\/pages"}],"about":[{"href":"https:\/\/www.globalong.com\/blog\/wp-json\/wp\/v2\/types\/page"}],"author":[{"embeddable":true,"href":"https:\/\/www.globalong.com\/blog\/wp-json\/wp\/v2\/users\/3"}],"replies":[{"embeddable":true,"href":"https:\/\/www.globalong.com\/blog\/wp-json\/wp\/v2\/comments?post=6862"}],"version-history":[{"count":11,"href":"https:\/\/www.globalong.com\/blog\/wp-json\/wp\/v2\/pages\/6862\/revisions"}],"predecessor-version":[{"id":14529,"href":"https:\/\/www.globalong.com\/blog\/wp-json\/wp\/v2\/pages\/6862\/revisions\/14529"}],"up":[{"embeddable":true,"href":"https:\/\/www.globalong.com\/blog\/wp-json\/wp\/v2\/pages\/883"}],"wp:featuredmedia":[{"embeddable":true,"href":"https:\/\/www.globalong.com\/blog\/wp-json\/wp\/v2\/media\/6872"}],"wp:attachment":[{"href":"https:\/\/www.globalong.com\/blog\/wp-json\/wp\/v2\/media?parent=6862"}],"curies":[{"name":"wp","href":"https:\/\/api.w.org\/{rel}","templated":true}]}}