{"id":9379,"date":"2018-04-05T13:58:40","date_gmt":"2018-04-05T11:58:40","guid":{"rendered":"https:\/\/www.globalong.com\/blog\/?page_id=9379"},"modified":"2022-05-06T10:37:22","modified_gmt":"2022-05-06T08:37:22","slug":"forum-globalong-maroc-elisabeth-programme-humanitaire-soutien-femmes-berberes","status":"publish","type":"page","link":"https:\/\/www.globalong.com\/blog\/avis-temoignages-globalong\/forum-globalong-maroc-elisabeth-programme-humanitaire-soutien-femmes-berberes\/","title":{"rendered":"Maroc &#8211; Elisabeth"},"content":{"rendered":"<p style=\"text-align: center;\"><span style=\"color: #b81657;\"><strong>T\u00e9moignage d&rsquo;Elisabeth, b\u00e9n\u00e9vole avec Globalong au <a href=\"https:\/\/www.globalong.com\/sejour-benevolat\/maroc-mission-humanitaire-stage-etranger-afrique.html\" target=\"_blank\" rel=\"noopener\"><span style=\"text-decoration: underline;\">Maroc<\/span><\/a><\/strong><\/span><\/p>\n<p style=\"text-align: justify;\"><a href=\"https:\/\/www.globalong.com\/blog\/wp-content\/uploads\/2018\/04\/P_20171225_204412-min.jpg\"><img loading=\"lazy\" decoding=\"async\" class=\"wp-image-9380 aligncenter\" src=\"https:\/\/www.globalong.com\/blog\/wp-content\/uploads\/2018\/04\/P_20171225_204412-min-300x169.jpg\" alt=\"\" width=\"300\" height=\"169\" srcset=\"https:\/\/www.globalong.com\/blog\/wp-content\/uploads\/2018\/04\/P_20171225_204412-min-300x169.jpg 300w, https:\/\/www.globalong.com\/blog\/wp-content\/uploads\/2018\/04\/P_20171225_204412-min-768x432.jpg 768w, https:\/\/www.globalong.com\/blog\/wp-content\/uploads\/2018\/04\/P_20171225_204412-min-1024x576.jpg 1024w, https:\/\/www.globalong.com\/blog\/wp-content\/uploads\/2018\/04\/P_20171225_204412-min-150x84.jpg 150w\" sizes=\"(max-width: 300px) 100vw, 300px\" \/><\/a>Je suis partie 2 semaines \u00e0 R&rsquo;bat en d\u00e9cembre 2017, pour vivre <strong>en immersion compl\u00e8te<\/strong> dans un <a href=\"https:\/\/www.globalong.com\/sejour-benevolat\/maroc-mission-humanitaire-stage-etranger-afrique\/programme-humanitaire-benevolat-international-maroc-afrique.html\" target=\"_blank\" rel=\"noopener\"><span style=\"text-decoration: underline; color: #b81657;\"><strong>village berb\u00e8re<\/strong><\/span><\/a>. <strong>Quelle belle le\u00e7on d&rsquo;humilit\u00e9, de pouvoir <span style=\"text-decoration: underline; color: #b81657;\">partager la vie des <a href=\"https:\/\/www.globalong.com\/blog\/voyager-solo-en-mission-humanitaire-quand-on-est-une-femme-que-penser-de-globalong-avis\/\" target=\"_blank\" rel=\"noopener\">femmes berb\u00e8res<\/a><\/span><\/strong>, malgr\u00e9 le peu de moyens qu&rsquo;elles poss\u00e8dent ! <strong>Tous les jours sont diff\u00e9rents<\/strong>, la vie coule paisiblement et c&rsquo;est \u00e7a qui est bien, car je pense que ce sont elles qui ont raison de<strong> prendre le temps de vivre<\/strong>.<\/p>\n<p><img loading=\"lazy\" decoding=\"async\" class=\"wp-image-9382 aligncenter\" src=\"https:\/\/www.globalong.com\/blog\/wp-content\/uploads\/2018\/04\/P_20171224_202443-min-169x300.jpg\" alt=\"\" width=\"300\" height=\"533\" srcset=\"https:\/\/www.globalong.com\/blog\/wp-content\/uploads\/2018\/04\/P_20171224_202443-min-169x300.jpg 169w, https:\/\/www.globalong.com\/blog\/wp-content\/uploads\/2018\/04\/P_20171224_202443-min-768x1365.jpg 768w, https:\/\/www.globalong.com\/blog\/wp-content\/uploads\/2018\/04\/P_20171224_202443-min-576x1024.jpg 576w, https:\/\/www.globalong.com\/blog\/wp-content\/uploads\/2018\/04\/P_20171224_202443-min-84x150.jpg 84w\" sizes=\"(max-width: 300px) 100vw, 300px\" \/><\/p>\n<p style=\"text-align: justify;\">Certes, <a href=\"https:\/\/www.globalong.com\/blog\/association-globalong-8-mars-journee-internationale-droits-des-femmes-filles-education-volontariat-ong\/\" target=\"_blank\" rel=\"noopener\"><span style=\"text-decoration: underline; color: #b81657;\"><strong>leur quotidien est difficile<\/strong><\/span><\/a> car elles doivent tout faire : la cuisine \u00e0 m\u00eame le sol (tr\u00e8s difficile pour la fabrication du pain car p\u00e9trir assise par terre, ce n&rsquo;est pas simple ! Je l&rsquo;ai fait plusieurs fois &#8211; elles, elles le font tous les\u00a0 jours !), le m\u00e9nage, chercher le bois dans la montagne, etc.<\/p>\n<p>Pour moi, <a href=\"https:\/\/www.globalong.com\/blog\/pourquoi-participer-a-une-periode-de-benevolat-international\/\" target=\"_blank\" rel=\"noopener\"><span style=\"text-decoration: underline; color: #b81657;\"><strong>cette exp\u00e9dition a \u00e9t\u00e9 un grand moment<\/strong><\/span><\/a> o\u00f9 j&rsquo;ai \u00e9t\u00e9 d&rsquo;une aide tr\u00e8s faible car j&rsquo;\u00e9tais <strong>en admiration devant Malika<\/strong> pour la ma\u00eetrise de ce travail. Moi, Europ\u00e9enne pas tr\u00e8s fi\u00e8re d&rsquo;\u00eatre incapable de faire \u00e7a, je me suis dit quel courage, quelle force ! <a href=\"https:\/\/www.globalong.com\/blog\/benevolat-associatif-bienfaits-psychologie-humanitaire-avis-etranger\/\" target=\"_blank\" rel=\"noopener\"><span style=\"text-decoration: underline; color: #b81657;\"><strong>Ce fut un moment tr\u00e8s \u00e9mouvant pour moi<\/strong><\/span><\/a>&#8230;<\/p>\n<p style=\"text-align: justify;\">J&rsquo;ai particip\u00e9 \u00e0 diverses t\u00e2ches comme le cardage de la laine, etc.<\/p>\n<p style=\"text-align: justify;\"><strong>J&rsquo;ai appr\u00e9ci\u00e9 le partage de la vie de famille<\/strong> le soir &#8211; avec la confection d&rsquo;un tapis &#8211; l&rsquo;<a href=\"https:\/\/www.globalong.com\/blog\/journee-internationale-de-lalphabetisation\/\" target=\"_blank\" rel=\"noopener\"><span style=\"text-decoration: underline; color: #b81657;\"><strong>aide aux devoirs<\/strong><\/span><\/a> en fran\u00e7ais aux enfants de la maison, <strong>le partage du repas<\/strong>, etc.<\/p>\n<p style=\"text-align: justify;\"><strong>La gentillesse et le sourire de ce peuple font que l&rsquo;on se sent bien !<\/strong><\/p>\n<p style=\"text-align: justify;\"><strong>Tr\u00e8s belle exp\u00e9rience&#8230; \u00e0 refaire !<\/strong><\/p>\n<p style=\"text-align: justify;\">Elisabeth<\/p>\n<p>&nbsp;<\/p>\n<p>&nbsp;<\/p>\n<p style=\"text-align: center;\"><a href=\"https:\/\/www.globalong.com\/sejour-benevolat\/maroc-mission-humanitaire-stage-etranger-afrique\/programme-humanitaire-benevolat-international-maroc-afrique.html\" target=\"_blank\" rel=\"noopener\"><span style=\"text-decoration: underline; color: #b81657;\"><strong>D\u00e9couvrez le programme humanitaire au Maroc !<\/strong><\/span><\/a><\/p>\n<p style=\"text-align: center;\"><a href=\"https:\/\/www.flickr.com\/photos\/globalong\/albums\/72157671283279754\" target=\"_blank\" rel=\"noopener\"><span style=\"text-decoration: underline; color: #b81657;\"><strong>Visitez notre galerie de photos du Maroc !<\/strong><\/span><\/a><\/p>\n<p style=\"text-align: center;\"><a href=\"https:\/\/www.globalong.com\/blog\/videos-de-nos-destinations-humanitaire-benevolat-international-volunteer-humanitarian-programme\/\" target=\"_blank\" rel=\"noopener\"><span style=\"text-decoration: underline; color: #b81657;\"><strong>Globalong en vid\u00e9os !<\/strong><\/span><\/a><\/p>\n<p style=\"text-align: center;\"><a href=\"https:\/\/www.globalong.com\/blog\/association-globalong-adherent-cotisation-deduction-fiscale-volontariat-benevolat-local-international-humanitaire-avis\/\" target=\"_blank\" rel=\"noopener\"><span style=\"text-decoration: underline; color: #b81657;\"><strong>Devenez adh\u00e9rent(e) de l&rsquo;Association Globalong<\/strong><\/span><\/a><\/p>\n<p style=\"text-align: center;\"><a href=\"https:\/\/www.globalong.com\/charte-volontaire-benevolat-international-humanitaire.html\" target=\"_blank\" rel=\"noopener\"><span style=\"text-decoration: underline; color: #b81657;\"><strong>Suivez la Charte du volontaire international<\/strong><\/span><\/a><\/p>\n<p style=\"text-align: center;\"><a href=\"https:\/\/www.globalong.com\/blog\/voyage-humanitaire-etudiant\/\" target=\"_blank\" rel=\"noopener\"><span style=\"text-decoration: underline; color: #b81657;\"><strong>En savoir plus sur les stages humanitaires pour les \u00e9tudiants !<\/strong><\/span><\/a><\/p>\n","protected":false},"excerpt":{"rendered":"<p>T\u00e9moignage d&rsquo;Elisabeth, b\u00e9n\u00e9vole avec Globalong au Maroc Je suis partie 2 semaines \u00e0 R&rsquo;bat en d\u00e9cembre 2017, pour vivre en immersion compl\u00e8te dans un village berb\u00e8re. Quelle belle le\u00e7on d&rsquo;humilit\u00e9, de pouvoir partager la vie des femmes berb\u00e8res, malgr\u00e9 le peu de moyens qu&rsquo;elles poss\u00e8dent ! Tous les jours sont diff\u00e9rents, la vie coule paisiblement [&hellip;]<\/p>\n","protected":false},"author":5,"featured_media":9381,"parent":883,"menu_order":0,"comment_status":"closed","ping_status":"closed","template":"","meta":{"footnotes":""},"yoast_head":"<!-- This site is optimized with the Yoast SEO Premium plugin v23.4 (Yoast SEO v23.4) - https:\/\/yoast.com\/wordpress\/plugins\/seo\/ -->\n<title>Maroc - Elisabeth - Association Globalong<\/title>\n<meta name=\"robots\" content=\"index, follow, max-snippet:-1, max-image-preview:large, max-video-preview:-1\" \/>\n<link rel=\"canonical\" href=\"https:\/\/www.globalong.com\/blog\/avis-temoignages-globalong\/forum-globalong-maroc-elisabeth-programme-humanitaire-soutien-femmes-berberes\/\" \/>\n<meta property=\"og:locale\" content=\"fr_FR\" \/>\n<meta property=\"og:type\" content=\"article\" \/>\n<meta property=\"og:title\" content=\"Maroc - Elisabeth\" \/>\n<meta property=\"og:description\" content=\"T\u00e9moignage d&rsquo;Elisabeth, b\u00e9n\u00e9vole avec Globalong au Maroc Je suis partie 2 semaines \u00e0 R&rsquo;bat en d\u00e9cembre 2017, pour vivre en immersion compl\u00e8te dans un village berb\u00e8re. Quelle belle le\u00e7on d&rsquo;humilit\u00e9, de pouvoir partager la vie des femmes berb\u00e8res, malgr\u00e9 le peu de moyens qu&rsquo;elles poss\u00e8dent ! Tous les jours sont diff\u00e9rents, la vie coule paisiblement [&hellip;]\" \/>\n<meta property=\"og:url\" content=\"https:\/\/www.globalong.com\/blog\/avis-temoignages-globalong\/forum-globalong-maroc-elisabeth-programme-humanitaire-soutien-femmes-berberes\/\" \/>\n<meta property=\"og:site_name\" content=\"Association Globalong\" \/>\n<meta property=\"article:publisher\" content=\"https:\/\/www.facebook.com\/globalong\" \/>\n<meta property=\"article:modified_time\" content=\"2022-05-06T08:37:22+00:00\" \/>\n<meta property=\"og:image\" content=\"https:\/\/www.globalong.com\/blog\/wp-content\/uploads\/2018\/04\/P_20171223_093907-min.jpg\" \/>\n\t<meta property=\"og:image:width\" content=\"2304\" \/>\n\t<meta property=\"og:image:height\" content=\"4096\" \/>\n\t<meta property=\"og:image:type\" content=\"image\/jpeg\" \/>\n<meta name=\"twitter:card\" content=\"summary_large_image\" \/>\n<meta name=\"twitter:label1\" content=\"Dur\u00e9e de lecture estim\u00e9e\" \/>\n\t<meta name=\"twitter:data1\" content=\"2 minutes\" \/>\n<script type=\"application\/ld+json\" class=\"yoast-schema-graph\">{\"@context\":\"https:\/\/schema.org\",\"@graph\":[{\"@type\":\"WebPage\",\"@id\":\"https:\/\/www.globalong.com\/blog\/avis-temoignages-globalong\/forum-globalong-maroc-elisabeth-programme-humanitaire-soutien-femmes-berberes\/\",\"url\":\"https:\/\/www.globalong.com\/blog\/avis-temoignages-globalong\/forum-globalong-maroc-elisabeth-programme-humanitaire-soutien-femmes-berberes\/\",\"name\":\"Maroc - Elisabeth - Association Globalong\",\"isPartOf\":{\"@id\":\"https:\/\/www.globalong.com\/blog\/#website\"},\"primaryImageOfPage\":{\"@id\":\"https:\/\/www.globalong.com\/blog\/avis-temoignages-globalong\/forum-globalong-maroc-elisabeth-programme-humanitaire-soutien-femmes-berberes\/#primaryimage\"},\"image\":{\"@id\":\"https:\/\/www.globalong.com\/blog\/avis-temoignages-globalong\/forum-globalong-maroc-elisabeth-programme-humanitaire-soutien-femmes-berberes\/#primaryimage\"},\"thumbnailUrl\":\"https:\/\/www.globalong.com\/blog\/wp-content\/uploads\/2018\/04\/P_20171223_093907-min.jpg\",\"datePublished\":\"2018-04-05T11:58:40+00:00\",\"dateModified\":\"2022-05-06T08:37:22+00:00\",\"breadcrumb\":{\"@id\":\"https:\/\/www.globalong.com\/blog\/avis-temoignages-globalong\/forum-globalong-maroc-elisabeth-programme-humanitaire-soutien-femmes-berberes\/#breadcrumb\"},\"inLanguage\":\"fr-FR\",\"potentialAction\":[{\"@type\":\"ReadAction\",\"target\":[\"https:\/\/www.globalong.com\/blog\/avis-temoignages-globalong\/forum-globalong-maroc-elisabeth-programme-humanitaire-soutien-femmes-berberes\/\"]}]},{\"@type\":\"ImageObject\",\"inLanguage\":\"fr-FR\",\"@id\":\"https:\/\/www.globalong.com\/blog\/avis-temoignages-globalong\/forum-globalong-maroc-elisabeth-programme-humanitaire-soutien-femmes-berberes\/#primaryimage\",\"url\":\"https:\/\/www.globalong.com\/blog\/wp-content\/uploads\/2018\/04\/P_20171223_093907-min.jpg\",\"contentUrl\":\"https:\/\/www.globalong.com\/blog\/wp-content\/uploads\/2018\/04\/P_20171223_093907-min.jpg\",\"width\":2304,\"height\":4096},{\"@type\":\"BreadcrumbList\",\"@id\":\"https:\/\/www.globalong.com\/blog\/avis-temoignages-globalong\/forum-globalong-maroc-elisabeth-programme-humanitaire-soutien-femmes-berberes\/#breadcrumb\",\"itemListElement\":[{\"@type\":\"ListItem\",\"position\":1,\"name\":\"Accueil\",\"item\":\"https:\/\/www.globalong.com\/blog\/\"},{\"@type\":\"ListItem\",\"position\":2,\"name\":\"T\u00e9moignages et avis de volontaires Globalong\",\"item\":\"https:\/\/www.globalong.com\/blog\/avis-temoignages-globalong\/\"},{\"@type\":\"ListItem\",\"position\":3,\"name\":\"Maroc &#8211; Elisabeth\"}]},{\"@type\":\"WebSite\",\"@id\":\"https:\/\/www.globalong.com\/blog\/#website\",\"url\":\"https:\/\/www.globalong.com\/blog\/\",\"name\":\"https:\/\/www.globalong.com\/\",\"description\":\"Mission humanitaire, stage \u00e9tudiant et voyage linguistique\",\"publisher\":{\"@id\":\"https:\/\/www.globalong.com\/blog\/#organization\"},\"potentialAction\":[{\"@type\":\"SearchAction\",\"target\":{\"@type\":\"EntryPoint\",\"urlTemplate\":\"https:\/\/www.globalong.com\/blog\/?s={search_term_string}\"},\"query-input\":{\"@type\":\"PropertyValueSpecification\",\"valueRequired\":true,\"valueName\":\"search_term_string\"}}],\"inLanguage\":\"fr-FR\"},{\"@type\":\"Organization\",\"@id\":\"https:\/\/www.globalong.com\/blog\/#organization\",\"name\":\"Association Globalong\",\"url\":\"https:\/\/www.globalong.com\/blog\/\",\"logo\":{\"@type\":\"ImageObject\",\"inLanguage\":\"fr-FR\",\"@id\":\"https:\/\/www.globalong.com\/blog\/#\/schema\/logo\/image\/\",\"url\":\"https:\/\/www.globalong.com\/blog\/wp-content\/uploads\/2014\/11\/cropped-cropped-Logo-et-Afrique-Globalong-petite-taille-2.jpg\",\"contentUrl\":\"https:\/\/www.globalong.com\/blog\/wp-content\/uploads\/2014\/11\/cropped-cropped-Logo-et-Afrique-Globalong-petite-taille-2.jpg\",\"width\":512,\"height\":512,\"caption\":\"Association Globalong\"},\"image\":{\"@id\":\"https:\/\/www.globalong.com\/blog\/#\/schema\/logo\/image\/\"},\"sameAs\":[\"https:\/\/www.facebook.com\/globalong\"]}]}<\/script>\n<!-- \/ Yoast SEO Premium plugin. -->","yoast_head_json":{"title":"Maroc - Elisabeth - Association Globalong","robots":{"index":"index","follow":"follow","max-snippet":"max-snippet:-1","max-image-preview":"max-image-preview:large","max-video-preview":"max-video-preview:-1"},"canonical":"https:\/\/www.globalong.com\/blog\/avis-temoignages-globalong\/forum-globalong-maroc-elisabeth-programme-humanitaire-soutien-femmes-berberes\/","og_locale":"fr_FR","og_type":"article","og_title":"Maroc - Elisabeth","og_description":"T\u00e9moignage d&rsquo;Elisabeth, b\u00e9n\u00e9vole avec Globalong au Maroc Je suis partie 2 semaines \u00e0 R&rsquo;bat en d\u00e9cembre 2017, pour vivre en immersion compl\u00e8te dans un village berb\u00e8re. Quelle belle le\u00e7on d&rsquo;humilit\u00e9, de pouvoir partager la vie des femmes berb\u00e8res, malgr\u00e9 le peu de moyens qu&rsquo;elles poss\u00e8dent ! Tous les jours sont diff\u00e9rents, la vie coule paisiblement [&hellip;]","og_url":"https:\/\/www.globalong.com\/blog\/avis-temoignages-globalong\/forum-globalong-maroc-elisabeth-programme-humanitaire-soutien-femmes-berberes\/","og_site_name":"Association Globalong","article_publisher":"https:\/\/www.facebook.com\/globalong","article_modified_time":"2022-05-06T08:37:22+00:00","og_image":[{"width":2304,"height":4096,"url":"https:\/\/www.globalong.com\/blog\/wp-content\/uploads\/2018\/04\/P_20171223_093907-min.jpg","type":"image\/jpeg"}],"twitter_card":"summary_large_image","twitter_misc":{"Dur\u00e9e de lecture estim\u00e9e":"2 minutes"},"schema":{"@context":"https:\/\/schema.org","@graph":[{"@type":"WebPage","@id":"https:\/\/www.globalong.com\/blog\/avis-temoignages-globalong\/forum-globalong-maroc-elisabeth-programme-humanitaire-soutien-femmes-berberes\/","url":"https:\/\/www.globalong.com\/blog\/avis-temoignages-globalong\/forum-globalong-maroc-elisabeth-programme-humanitaire-soutien-femmes-berberes\/","name":"Maroc - Elisabeth - Association Globalong","isPartOf":{"@id":"https:\/\/www.globalong.com\/blog\/#website"},"primaryImageOfPage":{"@id":"https:\/\/www.globalong.com\/blog\/avis-temoignages-globalong\/forum-globalong-maroc-elisabeth-programme-humanitaire-soutien-femmes-berberes\/#primaryimage"},"image":{"@id":"https:\/\/www.globalong.com\/blog\/avis-temoignages-globalong\/forum-globalong-maroc-elisabeth-programme-humanitaire-soutien-femmes-berberes\/#primaryimage"},"thumbnailUrl":"https:\/\/www.globalong.com\/blog\/wp-content\/uploads\/2018\/04\/P_20171223_093907-min.jpg","datePublished":"2018-04-05T11:58:40+00:00","dateModified":"2022-05-06T08:37:22+00:00","breadcrumb":{"@id":"https:\/\/www.globalong.com\/blog\/avis-temoignages-globalong\/forum-globalong-maroc-elisabeth-programme-humanitaire-soutien-femmes-berberes\/#breadcrumb"},"inLanguage":"fr-FR","potentialAction":[{"@type":"ReadAction","target":["https:\/\/www.globalong.com\/blog\/avis-temoignages-globalong\/forum-globalong-maroc-elisabeth-programme-humanitaire-soutien-femmes-berberes\/"]}]},{"@type":"ImageObject","inLanguage":"fr-FR","@id":"https:\/\/www.globalong.com\/blog\/avis-temoignages-globalong\/forum-globalong-maroc-elisabeth-programme-humanitaire-soutien-femmes-berberes\/#primaryimage","url":"https:\/\/www.globalong.com\/blog\/wp-content\/uploads\/2018\/04\/P_20171223_093907-min.jpg","contentUrl":"https:\/\/www.globalong.com\/blog\/wp-content\/uploads\/2018\/04\/P_20171223_093907-min.jpg","width":2304,"height":4096},{"@type":"BreadcrumbList","@id":"https:\/\/www.globalong.com\/blog\/avis-temoignages-globalong\/forum-globalong-maroc-elisabeth-programme-humanitaire-soutien-femmes-berberes\/#breadcrumb","itemListElement":[{"@type":"ListItem","position":1,"name":"Accueil","item":"https:\/\/www.globalong.com\/blog\/"},{"@type":"ListItem","position":2,"name":"T\u00e9moignages et avis de volontaires Globalong","item":"https:\/\/www.globalong.com\/blog\/avis-temoignages-globalong\/"},{"@type":"ListItem","position":3,"name":"Maroc &#8211; Elisabeth"}]},{"@type":"WebSite","@id":"https:\/\/www.globalong.com\/blog\/#website","url":"https:\/\/www.globalong.com\/blog\/","name":"https:\/\/www.globalong.com\/","description":"Mission humanitaire, stage \u00e9tudiant et voyage linguistique","publisher":{"@id":"https:\/\/www.globalong.com\/blog\/#organization"},"potentialAction":[{"@type":"SearchAction","target":{"@type":"EntryPoint","urlTemplate":"https:\/\/www.globalong.com\/blog\/?s={search_term_string}"},"query-input":{"@type":"PropertyValueSpecification","valueRequired":true,"valueName":"search_term_string"}}],"inLanguage":"fr-FR"},{"@type":"Organization","@id":"https:\/\/www.globalong.com\/blog\/#organization","name":"Association Globalong","url":"https:\/\/www.globalong.com\/blog\/","logo":{"@type":"ImageObject","inLanguage":"fr-FR","@id":"https:\/\/www.globalong.com\/blog\/#\/schema\/logo\/image\/","url":"https:\/\/www.globalong.com\/blog\/wp-content\/uploads\/2014\/11\/cropped-cropped-Logo-et-Afrique-Globalong-petite-taille-2.jpg","contentUrl":"https:\/\/www.globalong.com\/blog\/wp-content\/uploads\/2014\/11\/cropped-cropped-Logo-et-Afrique-Globalong-petite-taille-2.jpg","width":512,"height":512,"caption":"Association Globalong"},"image":{"@id":"https:\/\/www.globalong.com\/blog\/#\/schema\/logo\/image\/"},"sameAs":["https:\/\/www.facebook.com\/globalong"]}]}},"_links":{"self":[{"href":"https:\/\/www.globalong.com\/blog\/wp-json\/wp\/v2\/pages\/9379"}],"collection":[{"href":"https:\/\/www.globalong.com\/blog\/wp-json\/wp\/v2\/pages"}],"about":[{"href":"https:\/\/www.globalong.com\/blog\/wp-json\/wp\/v2\/types\/page"}],"author":[{"embeddable":true,"href":"https:\/\/www.globalong.com\/blog\/wp-json\/wp\/v2\/users\/5"}],"replies":[{"embeddable":true,"href":"https:\/\/www.globalong.com\/blog\/wp-json\/wp\/v2\/comments?post=9379"}],"version-history":[{"count":14,"href":"https:\/\/www.globalong.com\/blog\/wp-json\/wp\/v2\/pages\/9379\/revisions"}],"predecessor-version":[{"id":14524,"href":"https:\/\/www.globalong.com\/blog\/wp-json\/wp\/v2\/pages\/9379\/revisions\/14524"}],"up":[{"embeddable":true,"href":"https:\/\/www.globalong.com\/blog\/wp-json\/wp\/v2\/pages\/883"}],"wp:featuredmedia":[{"embeddable":true,"href":"https:\/\/www.globalong.com\/blog\/wp-json\/wp\/v2\/media\/9381"}],"wp:attachment":[{"href":"https:\/\/www.globalong.com\/blog\/wp-json\/wp\/v2\/media?parent=9379"}],"curies":[{"name":"wp","href":"https:\/\/api.w.org\/{rel}","templated":true}]}}